{"id":5022,"date":"2018-07-11T09:18:25","date_gmt":"2018-07-11T15:18:25","guid":{"rendered":"https:\/\/www.comonfort.gob.mx\/sitio\/?page_id=5022"},"modified":"2026-04-23T10:14:48","modified_gmt":"2026-04-23T16:14:48","slug":"inicio","status":"publish","type":"page","link":"https:\/\/www.comonfort.gob.mx\/sitio\/","title":{"rendered":"Presidencia Municipal Comonfort"},"content":{"rendered":"<div id=\"fb-root\"><\/div>\n\t\t<div data-elementor-type=\"wp-post\" data-elementor-id=\"5022\" class=\"elementor elementor-5022\">\n\t\t\t\t\t\t<section class=\"elementor-section elementor-top-section elementor-element elementor-element-30af059 elementor-section-stretched elementor-section-boxed elementor-section-height-default elementor-section-height-default\" data-id=\"30af059\" data-element_type=\"section\" data-settings=\"{&quot;stretch_section&quot;:&quot;section-stretched&quot;}\">\n\t\t\t\t\t\t<div class=\"elementor-container elementor-column-gap-default\">\n\t\t\t\t\t<div class=\"elementor-column elementor-col-100 elementor-top-column elementor-element elementor-element-61f1db8 premium-wrapper-link-yes\" data-id=\"61f1db8\" data-element_type=\"column\">\n\t\t\t<div class=\"elementor-widget-wrap elementor-element-populated\">\n\t\t\t\t\t\t<div class=\"elementor-element elementor-element-97bf753 elementor-widget-divider--view-line elementor-widget elementor-widget-divider\" data-id=\"97bf753\" data-element_type=\"widget\" data-widget_type=\"divider.default\">\n\t\t\t\t<div class=\"elementor-widget-container\">\n\t\t\t\t\t\t\t<div class=\"elementor-divider\">\n\t\t\t<span class=\"elementor-divider-separator\">\n\t\t\t\t\t\t<\/span>\n\t\t<\/div>\n\t\t\t\t\t\t<\/div>\n\t\t\t\t<\/div>\n\t\t\t\t<div class=\"elementor-element elementor-element-239250b elementor-widget elementor-widget-video\" data-id=\"239250b\" data-element_type=\"widget\" data-settings=\"{&quot;youtube_url&quot;:&quot;https:\\\/\\\/youtu.be\\\/qapkCQfgMBM&quot;,&quot;autoplay&quot;:&quot;yes&quot;,&quot;play_on_mobile&quot;:&quot;yes&quot;,&quot;loop&quot;:&quot;yes&quot;,&quot;video_type&quot;:&quot;youtube&quot;,&quot;controls&quot;:&quot;yes&quot;}\" data-widget_type=\"video.default\">\n\t\t\t\t<div class=\"elementor-widget-container\">\n\t\t\t\t\t\t\t<div class=\"elementor-wrapper elementor-open-inline\">\n\t\t\t<div class=\"elementor-video\"><\/div>\t\t<\/div>\n\t\t\t\t\t\t<\/div>\n\t\t\t\t<\/div>\n\t\t\t\t<div class=\"elementor-element elementor-element-3b0338d elementor-widget-divider--view-line elementor-widget elementor-widget-divider\" data-id=\"3b0338d\" data-element_type=\"widget\" data-widget_type=\"divider.default\">\n\t\t\t\t<div class=\"elementor-widget-container\">\n\t\t\t\t\t\t\t<div class=\"elementor-divider\">\n\t\t\t<span class=\"elementor-divider-separator\">\n\t\t\t\t\t\t<\/span>\n\t\t<\/div>\n\t\t\t\t\t\t<\/div>\n\t\t\t\t<\/div>\n\t\t\t\t\t<\/div>\n\t\t<\/div>\n\t\t\t\t\t<\/div>\n\t\t<\/section>\n\t\t\t\t<section class=\"elementor-section elementor-top-section elementor-element elementor-element-9fb0d3d animated-slow elementor-section-stretched elementor-section-boxed elementor-section-height-default elementor-section-height-default elementor-invisible\" data-id=\"9fb0d3d\" data-element_type=\"section\" data-settings=\"{&quot;animation&quot;:&quot;fadeIn&quot;,&quot;animation_delay&quot;:10,&quot;stretch_section&quot;:&quot;section-stretched&quot;}\">\n\t\t\t\t\t\t<div class=\"elementor-container elementor-column-gap-default\">\n\t\t\t\t\t<div class=\"elementor-column elementor-col-16 elementor-top-column elementor-element elementor-element-3e54916\" data-id=\"3e54916\" data-element_type=\"column\">\n\t\t\t<div class=\"elementor-widget-wrap elementor-element-populated\">\n\t\t\t\t\t\t<div class=\"elementor-element elementor-element-26f9e1e elementor-widget-divider--view-line elementor-widget elementor-widget-divider\" data-id=\"26f9e1e\" data-element_type=\"widget\" data-widget_type=\"divider.default\">\n\t\t\t\t<div class=\"elementor-widget-container\">\n\t\t\t\t\t\t\t<div class=\"elementor-divider\">\n\t\t\t<span class=\"elementor-divider-separator\">\n\t\t\t\t\t\t<\/span>\n\t\t<\/div>\n\t\t\t\t\t\t<\/div>\n\t\t\t\t<\/div>\n\t\t\t\t<div class=\"elementor-element elementor-element-f7ada2c elementor-widget elementor-widget-image\" data-id=\"f7ada2c\" data-element_type=\"widget\" data-widget_type=\"image.default\">\n\t\t\t\t<div class=\"elementor-widget-container\">\n\t\t\t\t\t\t\t\t\t\t\t\t<figure class=\"wp-caption\">\n\t\t\t\t\t\t\t\t\t\t\t<a href=\"https:\/\/www.comonfort.gob.mx\/sitio\/mejora-regulatoria\/\">\n\t\t\t\t\t\t\t<img decoding=\"async\" src=\"https:\/\/www.comonfort.gob.mx\/sitio\/img\/mejora.png\" title=\"\" alt=\"\" class=\"elementor-animation-grow\" loading=\"lazy\" \/>\t\t\t\t\t\t\t\t<\/a>\n\t\t\t\t\t\t\t\t\t\t\t<figcaption class=\"widget-image-caption wp-caption-text\"><\/figcaption>\n\t\t\t\t\t\t\t\t\t\t<\/figure>\n\t\t\t\t\t\t\t\t\t<\/div>\n\t\t\t\t<\/div>\n\t\t\t\t<div class=\"elementor-element elementor-element-fc6fbc1 elementor-widget-divider--view-line elementor-widget elementor-widget-divider\" data-id=\"fc6fbc1\" data-element_type=\"widget\" data-widget_type=\"divider.default\">\n\t\t\t\t<div class=\"elementor-widget-container\">\n\t\t\t\t\t\t\t<div class=\"elementor-divider\">\n\t\t\t<span class=\"elementor-divider-separator\">\n\t\t\t\t\t\t<\/span>\n\t\t<\/div>\n\t\t\t\t\t\t<\/div>\n\t\t\t\t<\/div>\n\t\t\t\t<div class=\"elementor-element elementor-element-cef625e elementor-widget elementor-widget-image\" data-id=\"cef625e\" data-element_type=\"widget\" data-widget_type=\"image.default\">\n\t\t\t\t<div class=\"elementor-widget-container\">\n\t\t\t\t\t\t\t\t\t\t\t\t<figure class=\"wp-caption\">\n\t\t\t\t\t\t\t\t\t\t\t<a href=\"https:\/\/www.comonfort.gob.mx\/sitio\/organigrama\/\">\n\t\t\t\t\t\t\t<img decoding=\"async\" width=\"129\" height=\"129\" src=\"https:\/\/www.comonfort.gob.mx\/sitio\/wp-content\/uploads\/2020\/12\/Fracc2.png\" class=\"elementor-animation-grow attachment-full size-full wp-image-12353\" alt=\"\" srcset=\"https:\/\/www.comonfort.gob.mx\/sitio\/wp-content\/uploads\/2020\/12\/Fracc2.png 129w, https:\/\/www.comonfort.gob.mx\/sitio\/wp-content\/uploads\/2020\/12\/elementor\/thumbs\/Fracc2-ozylepql3ilc9iuqm0iqgjd47umu97y0nck78jvu88.png 20w\" sizes=\"(max-width: 129px) 100vw, 129px\" \/>\t\t\t\t\t\t\t\t<\/a>\n\t\t\t\t\t\t\t\t\t\t\t<figcaption class=\"widget-image-caption wp-caption-text\">Organigrama <\/figcaption>\n\t\t\t\t\t\t\t\t\t\t<\/figure>\n\t\t\t\t\t\t\t\t\t<\/div>\n\t\t\t\t<\/div>\n\t\t\t\t<div class=\"elementor-element elementor-element-805335c elementor-widget-divider--view-line elementor-widget elementor-widget-divider\" data-id=\"805335c\" data-element_type=\"widget\" data-widget_type=\"divider.default\">\n\t\t\t\t<div class=\"elementor-widget-container\">\n\t\t\t\t\t\t\t<div class=\"elementor-divider\">\n\t\t\t<span class=\"elementor-divider-separator\">\n\t\t\t\t\t\t<\/span>\n\t\t<\/div>\n\t\t\t\t\t\t<\/div>\n\t\t\t\t<\/div>\n\t\t\t\t<div class=\"elementor-element elementor-element-54cd8f7 elementor-widget elementor-widget-image\" data-id=\"54cd8f7\" data-element_type=\"widget\" data-widget_type=\"image.default\">\n\t\t\t\t<div class=\"elementor-widget-container\">\n\t\t\t\t\t\t\t\t\t\t\t\t<figure class=\"wp-caption\">\n\t\t\t\t\t\t\t\t\t\t\t<a href=\"https:\/\/www.comonfort.gob.mx\/sitio\/Denuncia%20ciudadana\/\">\n\t\t\t\t\t\t\t<img decoding=\"async\" width=\"150\" height=\"150\" src=\"https:\/\/www.comonfort.gob.mx\/sitio\/wp-content\/uploads\/2025\/08\/denuncia-2-1-150x150.png\" class=\"elementor-animation-pulse attachment-thumbnail size-thumbnail wp-image-20303\" alt=\"\" srcset=\"https:\/\/www.comonfort.gob.mx\/sitio\/wp-content\/uploads\/2025\/08\/denuncia-2-1-150x150.png 150w, https:\/\/www.comonfort.gob.mx\/sitio\/wp-content\/uploads\/2025\/08\/denuncia-2-1.png 188w\" sizes=\"(max-width: 150px) 100vw, 150px\" \/>\t\t\t\t\t\t\t\t<\/a>\n\t\t\t\t\t\t\t\t\t\t\t<figcaption class=\"widget-image-caption wp-caption-text\"><\/figcaption>\n\t\t\t\t\t\t\t\t\t\t<\/figure>\n\t\t\t\t\t\t\t\t\t<\/div>\n\t\t\t\t<\/div>\n\t\t\t\t<div class=\"elementor-element elementor-element-a7a7583 elementor-widget-divider--view-line elementor-widget elementor-widget-divider\" data-id=\"a7a7583\" data-element_type=\"widget\" data-widget_type=\"divider.default\">\n\t\t\t\t<div class=\"elementor-widget-container\">\n\t\t\t\t\t\t\t<div class=\"elementor-divider\">\n\t\t\t<span class=\"elementor-divider-separator\">\n\t\t\t\t\t\t<\/span>\n\t\t<\/div>\n\t\t\t\t\t\t<\/div>\n\t\t\t\t<\/div>\n\t\t\t\t\t<\/div>\n\t\t<\/div>\n\t\t\t\t<div class=\"elementor-column elementor-col-66 elementor-top-column elementor-element elementor-element-99d3153\" data-id=\"99d3153\" data-element_type=\"column\">\n\t\t\t<div class=\"elementor-widget-wrap elementor-element-populated\">\n\t\t\t\t\t\t<div class=\"elementor-element elementor-element-e7cedfb elementor-widget-divider--view-line elementor-widget elementor-widget-divider\" data-id=\"e7cedfb\" data-element_type=\"widget\" data-widget_type=\"divider.default\">\n\t\t\t\t<div class=\"elementor-widget-container\">\n\t\t\t\t\t\t\t<div class=\"elementor-divider\">\n\t\t\t<span class=\"elementor-divider-separator\">\n\t\t\t\t\t\t<\/span>\n\t\t<\/div>\n\t\t\t\t\t\t<\/div>\n\t\t\t\t<\/div>\n\t\t\t\t<div class=\"elementor-element elementor-element-0de17fc elementor-widget elementor-widget-smartslider3\" data-id=\"0de17fc\" data-element_type=\"widget\" data-widget_type=\"smartslider3.default\">\n\t\t\t\t<div class=\"elementor-widget-container\">\n\t\t\t\t\t<div class=\"elementor-smartslider\"><\/div>\t\t\t\t<\/div>\n\t\t\t\t<\/div>\n\t\t\t\t\t<\/div>\n\t\t<\/div>\n\t\t\t\t<div class=\"elementor-column elementor-col-16 elementor-top-column elementor-element elementor-element-ba04f9c\" data-id=\"ba04f9c\" data-element_type=\"column\">\n\t\t\t<div class=\"elementor-widget-wrap elementor-element-populated\">\n\t\t\t\t\t\t<div class=\"elementor-element elementor-element-0a9969e elementor-widget-divider--view-line elementor-widget elementor-widget-divider\" data-id=\"0a9969e\" data-element_type=\"widget\" data-widget_type=\"divider.default\">\n\t\t\t\t<div class=\"elementor-widget-container\">\n\t\t\t\t\t\t\t<div class=\"elementor-divider\">\n\t\t\t<span class=\"elementor-divider-separator\">\n\t\t\t\t\t\t<\/span>\n\t\t<\/div>\n\t\t\t\t\t\t<\/div>\n\t\t\t\t<\/div>\n\t\t\t\t<div class=\"elementor-element elementor-element-9c976f2 elementor-widget elementor-widget-image\" data-id=\"9c976f2\" data-element_type=\"widget\" data-widget_type=\"image.default\">\n\t\t\t\t<div class=\"elementor-widget-container\">\n\t\t\t\t\t\t\t\t\t\t\t\t<figure class=\"wp-caption\">\n\t\t\t\t\t\t\t\t\t\t\t<a href=\"https:\/\/www.comonfort.gob.mx\/sitio\/AtencionMujer\/Atencion\">\n\t\t\t\t\t\t\t<img decoding=\"async\" src=\"https:\/\/www.comonfort.gob.mx\/sitio\/img\/imagenes\/mujer.jpg\" title=\"\" alt=\"\" class=\"elementor-animation-grow\" loading=\"lazy\" \/>\t\t\t\t\t\t\t\t<\/a>\n\t\t\t\t\t\t\t\t\t\t\t<figcaption class=\"widget-image-caption wp-caption-text\">Bolsa Trabajo Mujeres<\/figcaption>\n\t\t\t\t\t\t\t\t\t\t<\/figure>\n\t\t\t\t\t\t\t\t\t<\/div>\n\t\t\t\t<\/div>\n\t\t\t\t<div class=\"elementor-element elementor-element-ef8f587 elementor-widget-divider--view-line elementor-widget elementor-widget-divider\" data-id=\"ef8f587\" data-element_type=\"widget\" data-widget_type=\"divider.default\">\n\t\t\t\t<div class=\"elementor-widget-container\">\n\t\t\t\t\t\t\t<div class=\"elementor-divider\">\n\t\t\t<span class=\"elementor-divider-separator\">\n\t\t\t\t\t\t<\/span>\n\t\t<\/div>\n\t\t\t\t\t\t<\/div>\n\t\t\t\t<\/div>\n\t\t\t\t<div class=\"elementor-element elementor-element-877bdb8 elementor-widget__width-initial elementor-widget elementor-widget-image\" data-id=\"877bdb8\" data-element_type=\"widget\" data-widget_type=\"image.default\">\n\t\t\t\t<div class=\"elementor-widget-container\">\n\t\t\t\t\t\t\t\t\t\t\t\t<figure class=\"wp-caption\">\n\t\t\t\t\t\t\t\t\t\t\t<a href=\"https:\/\/www.comonfort.gob.mx\/sitio\/tramites-y-servicios-comonfort\/\">\n\t\t\t\t\t\t\t<img fetchpriority=\"high\" decoding=\"async\" width=\"259\" height=\"259\" src=\"https:\/\/www.comonfort.gob.mx\/sitio\/wp-content\/uploads\/2019\/07\/contraloria-tys-amarillo.png\" class=\"elementor-animation-grow attachment-large size-large wp-image-8640\" alt=\"\" srcset=\"https:\/\/www.comonfort.gob.mx\/sitio\/wp-content\/uploads\/2019\/07\/contraloria-tys-amarillo.png 259w, https:\/\/www.comonfort.gob.mx\/sitio\/wp-content\/uploads\/2019\/07\/contraloria-tys-amarillo-150x150.png 150w, https:\/\/www.comonfort.gob.mx\/sitio\/wp-content\/uploads\/2019\/07\/contraloria-tys-amarillo-230x230.png 230w, https:\/\/www.comonfort.gob.mx\/sitio\/wp-content\/uploads\/2019\/07\/elementor\/thumbs\/contraloria-tys-amarillo-ob0ke3c7ry2r5empawjbdjcotk09hs1gwqp7coafhk.png 100w\" sizes=\"(max-width: 259px) 100vw, 259px\" \/>\t\t\t\t\t\t\t\t<\/a>\n\t\t\t\t\t\t\t\t\t\t\t<figcaption class=\"widget-image-caption wp-caption-text\">Tr\u00e1mites y Servicios<\/figcaption>\n\t\t\t\t\t\t\t\t\t\t<\/figure>\n\t\t\t\t\t\t\t\t\t<\/div>\n\t\t\t\t<\/div>\n\t\t\t\t<div class=\"elementor-element elementor-element-827d52e elementor-widget-divider--view-line elementor-widget elementor-widget-divider\" data-id=\"827d52e\" data-element_type=\"widget\" data-widget_type=\"divider.default\">\n\t\t\t\t<div class=\"elementor-widget-container\">\n\t\t\t\t\t\t\t<div class=\"elementor-divider\">\n\t\t\t<span class=\"elementor-divider-separator\">\n\t\t\t\t\t\t<\/span>\n\t\t<\/div>\n\t\t\t\t\t\t<\/div>\n\t\t\t\t<\/div>\n\t\t\t\t<div class=\"elementor-element elementor-element-ff34e35 elementor-widget elementor-widget-image\" data-id=\"ff34e35\" data-element_type=\"widget\" data-widget_type=\"image.default\">\n\t\t\t\t<div class=\"elementor-widget-container\">\n\t\t\t\t\t\t\t\t\t\t\t\t<figure class=\"wp-caption\">\n\t\t\t\t\t\t\t\t\t\t\t<a href=\"https:\/\/www.comonfort.gob.mx\/sitio\/avisos-de-privacidad\/\">\n\t\t\t\t\t\t\t<img loading=\"lazy\" decoding=\"async\" width=\"150\" height=\"150\" src=\"https:\/\/www.comonfort.gob.mx\/sitio\/wp-content\/uploads\/2025\/08\/avisos-150x150.png\" class=\"elementor-animation-pulse attachment-thumbnail size-thumbnail wp-image-20300\" alt=\"\" srcset=\"https:\/\/www.comonfort.gob.mx\/sitio\/wp-content\/uploads\/2025\/08\/avisos-150x150.png 150w, https:\/\/www.comonfort.gob.mx\/sitio\/wp-content\/uploads\/2025\/08\/avisos-300x300.png 300w, https:\/\/www.comonfort.gob.mx\/sitio\/wp-content\/uploads\/2025\/08\/avisos-270x270.png 270w, https:\/\/www.comonfort.gob.mx\/sitio\/wp-content\/uploads\/2025\/08\/avisos-230x230.png 230w, https:\/\/www.comonfort.gob.mx\/sitio\/wp-content\/uploads\/2025\/08\/avisos.png 1024w\" sizes=\"(max-width: 150px) 100vw, 150px\" \/>\t\t\t\t\t\t\t\t<\/a>\n\t\t\t\t\t\t\t\t\t\t\t<figcaption class=\"widget-image-caption wp-caption-text\"><\/figcaption>\n\t\t\t\t\t\t\t\t\t\t<\/figure>\n\t\t\t\t\t\t\t\t\t<\/div>\n\t\t\t\t<\/div>\n\t\t\t\t<div class=\"elementor-element elementor-element-771b7e7 elementor-widget-divider--view-line elementor-widget elementor-widget-divider\" data-id=\"771b7e7\" data-element_type=\"widget\" data-widget_type=\"divider.default\">\n\t\t\t\t<div class=\"elementor-widget-container\">\n\t\t\t\t\t\t\t<div class=\"elementor-divider\">\n\t\t\t<span class=\"elementor-divider-separator\">\n\t\t\t\t\t\t<\/span>\n\t\t<\/div>\n\t\t\t\t\t\t<\/div>\n\t\t\t\t<\/div>\n\t\t\t\t\t<\/div>\n\t\t<\/div>\n\t\t\t\t\t<\/div>\n\t\t<\/section>\n\t\t\t\t<section class=\"elementor-section elementor-top-section elementor-element elementor-element-175f138 animated-slow elementor-section-stretched elementor-section-boxed elementor-section-height-default elementor-section-height-default elementor-invisible\" data-id=\"175f138\" data-element_type=\"section\" data-settings=\"{&quot;animation&quot;:&quot;fadeIn&quot;,&quot;stretch_section&quot;:&quot;section-stretched&quot;}\">\n\t\t\t\t\t\t<div class=\"elementor-container elementor-column-gap-default\">\n\t\t\t\t\t<div class=\"elementor-column elementor-col-100 elementor-top-column elementor-element elementor-element-680ff10\" data-id=\"680ff10\" data-element_type=\"column\">\n\t\t\t<div class=\"elementor-widget-wrap elementor-element-populated\">\n\t\t\t\t\t\t<div class=\"elementor-element elementor-element-d284054 elementor-widget-divider--view-line elementor-widget elementor-widget-divider\" data-id=\"d284054\" data-element_type=\"widget\" data-widget_type=\"divider.default\">\n\t\t\t\t<div class=\"elementor-widget-container\">\n\t\t\t\t\t\t\t<div class=\"elementor-divider\">\n\t\t\t<span class=\"elementor-divider-separator\">\n\t\t\t\t\t\t<\/span>\n\t\t<\/div>\n\t\t\t\t\t\t<\/div>\n\t\t\t\t<\/div>\n\t\t\t\t<section class=\"elementor-section elementor-inner-section elementor-element elementor-element-2005a1e elementor-section-boxed elementor-section-height-default elementor-section-height-default\" data-id=\"2005a1e\" data-element_type=\"section\">\n\t\t\t\t\t\t<div class=\"elementor-container elementor-column-gap-default\">\n\t\t\t\t\t<div class=\"elementor-column elementor-col-50 elementor-inner-column elementor-element elementor-element-31c2dd4\" data-id=\"31c2dd4\" data-element_type=\"column\">\n\t\t\t<div class=\"elementor-widget-wrap elementor-element-populated\">\n\t\t\t\t\t\t<div class=\"elementor-element elementor-element-bc11cb8 elementor-widget elementor-widget-heading\" data-id=\"bc11cb8\" data-element_type=\"widget\" data-widget_type=\"heading.default\">\n\t\t\t\t<div class=\"elementor-widget-container\">\n\t\t\t\t\t<h5 class=\"elementor-heading-title elementor-size-default\"><a href=\"https:\/\/www.comonfort.gob.mx\/sitio\/wp-content\/uploads\/2025\/08\/PGM-2024-2027-Comonfort_V1.1.pdf\" target=\"_blank\">Programa de Gobierno Municipal de Comonfort, Gto. 2024-2027<\/a><\/h5>\t\t\t\t<\/div>\n\t\t\t\t<\/div>\n\t\t\t\t<div class=\"elementor-element elementor-element-ddd4f29 elementor-button-warning elementor-align-center elementor-widget elementor-widget-button\" data-id=\"ddd4f29\" data-element_type=\"widget\" data-widget_type=\"button.default\">\n\t\t\t\t<div class=\"elementor-widget-container\">\n\t\t\t\t\t\t\t\t\t<div class=\"elementor-button-wrapper\">\n\t\t\t\t\t<a class=\"elementor-button elementor-button-link elementor-size-sm\" href=\"https:\/\/www.comonfort.gob.mx\/sitio\/wp-content\/uploads\/2025\/08\/Programa-de-Gobierno-Municipal-2024-2027-Publicado.pdf\" target=\"_blank\">\n\t\t\t\t\t\t<span class=\"elementor-button-content-wrapper\">\n\t\t\t\t\t\t<span class=\"elementor-button-icon\">\n\t\t\t\t<i aria-hidden=\"true\" class=\"fas fa-user\"><\/i>\t\t\t<\/span>\n\t\t\t\t\t\t\t\t\t<span class=\"elementor-button-text\">Ver Peri\u00f3dico Oficial<\/span>\n\t\t\t\t\t<\/span>\n\t\t\t\t\t<\/a>\n\t\t\t\t<\/div>\n\t\t\t\t\t\t\t\t<\/div>\n\t\t\t\t<\/div>\n\t\t\t\t\t<\/div>\n\t\t<\/div>\n\t\t\t\t<div class=\"elementor-column elementor-col-50 elementor-inner-column elementor-element elementor-element-2941b49\" data-id=\"2941b49\" data-element_type=\"column\">\n\t\t\t<div class=\"elementor-widget-wrap elementor-element-populated\">\n\t\t\t\t\t\t<div class=\"elementor-element elementor-element-6e51f86 elementor-widget elementor-widget-heading\" data-id=\"6e51f86\" data-element_type=\"widget\" data-widget_type=\"heading.default\">\n\t\t\t\t<div class=\"elementor-widget-container\">\n\t\t\t\t\t<h5 class=\"elementor-heading-title elementor-size-default\"><a href=\"https:\/\/www.comonfort.gob.mx\/sitio\/wp-content\/uploads\/2025\/08\/PMD-2050-Comonfort_V1.2.1.pdf\" target=\"_blank\">Plan Municipal de Desarrollo (PMD) Comonfort 2050<\/a><\/h5>\t\t\t\t<\/div>\n\t\t\t\t<\/div>\n\t\t\t\t<div class=\"elementor-element elementor-element-f9f9e98 elementor-button-warning elementor-align-center elementor-widget elementor-widget-button\" data-id=\"f9f9e98\" data-element_type=\"widget\" data-widget_type=\"button.default\">\n\t\t\t\t<div class=\"elementor-widget-container\">\n\t\t\t\t\t\t\t\t\t<div class=\"elementor-button-wrapper\">\n\t\t\t\t\t<a class=\"elementor-button elementor-button-link elementor-size-sm\" href=\"https:\/\/www.comonfort.gob.mx\/sitio\/wp-content\/uploads\/2025\/08\/Plan-Municipal-de-Desarrollo-2050-de-Comonfort-publicado.pdf\" target=\"_blank\">\n\t\t\t\t\t\t<span class=\"elementor-button-content-wrapper\">\n\t\t\t\t\t\t<span class=\"elementor-button-icon\">\n\t\t\t\t<i aria-hidden=\"true\" class=\"fas fa-user\"><\/i>\t\t\t<\/span>\n\t\t\t\t\t\t\t\t\t<span class=\"elementor-button-text\">Ver Peri\u00f3dico Oficial<\/span>\n\t\t\t\t\t<\/span>\n\t\t\t\t\t<\/a>\n\t\t\t\t<\/div>\n\t\t\t\t\t\t\t\t<\/div>\n\t\t\t\t<\/div>\n\t\t\t\t\t<\/div>\n\t\t<\/div>\n\t\t\t\t\t<\/div>\n\t\t<\/section>\n\t\t\t\t\t<\/div>\n\t\t<\/div>\n\t\t\t\t\t<\/div>\n\t\t<\/section>\n\t\t\t\t<section class=\"elementor-section elementor-top-section elementor-element elementor-element-0512826 elementor-section-stretched elementor-section-boxed elementor-section-height-default elementor-section-height-default\" data-id=\"0512826\" data-element_type=\"section\" data-settings=\"{&quot;stretch_section&quot;:&quot;section-stretched&quot;}\">\n\t\t\t\t\t\t<div class=\"elementor-container elementor-column-gap-default\">\n\t\t\t\t\t<div class=\"elementor-column elementor-col-16 elementor-top-column elementor-element elementor-element-bcf2add\" data-id=\"bcf2add\" data-element_type=\"column\">\n\t\t\t<div class=\"elementor-widget-wrap\">\n\t\t\t\t\t\t\t<\/div>\n\t\t<\/div>\n\t\t\t\t<div class=\"elementor-column elementor-col-66 elementor-top-column elementor-element elementor-element-fd037ef\" data-id=\"fd037ef\" data-element_type=\"column\">\n\t\t\t<div class=\"elementor-widget-wrap elementor-element-populated\">\n\t\t\t\t\t\t<div class=\"elementor-element elementor-element-614bf5b elementor-widget__width-initial elementor-widget elementor-widget-html\" data-id=\"614bf5b\" data-element_type=\"widget\" data-widget_type=\"html.default\">\n\t\t\t\t<div class=\"elementor-widget-container\">\n\t\t\t\t\t<style>\r\n    :root {\r\n        --guinda-gob: #631123;\r\n        --guinda-claro: #8e1c3a;\r\n        --dorado-gob: #b8860b;\r\n        --crema-fondo: #f9f6f2;\r\n    }\r\n\r\n    .card-horizontal {\r\n        display: flex; \/* Alinea imagen y texto de lado a lado *\/\r\n        max-width: 850px; \/* M\u00e1s ancho *\/\r\n        height: 300px;    \/* Altura controlada, menos alto *\/\r\n        background: white;\r\n        border-radius: 12px;\r\n        overflow: hidden;\r\n        box-shadow: 0 8px 20px rgba(0,0,0,0.1);\r\n        font-family: 'Georgia', serif;\r\n        border: 1px solid #ddd;\r\n        margin: 20px auto;\r\n    }\r\n\r\n    \/* Secci\u00f3n de Imagen *\/\r\n    .card-horizontal-img {\r\n        flex: 0 0 40%; \/* La imagen toma el 40% del ancho *\/\r\n        position: relative;\r\n    }\r\n\r\n    .card-horizontal-img img {\r\n        width: 100%;\r\n        height: 100%;\r\n        object-fit: cover;\r\n    }\r\n\r\n    \/* Secci\u00f3n de Contenido *\/\r\n    .card-horizontal-content {\r\n        flex: 1;\r\n        padding: 25px;\r\n        display: flex;\r\n        flex-direction: column;\r\n        justify-content: center; \/* Centra el texto verticalmente *\/\r\n        background-color: white;\r\n    }\r\n\r\n    .categoria-tag {\r\n        color: var(--guinda-claro);\r\n        font-family: sans-serif;\r\n        font-size: 0.75rem;\r\n        font-weight: bold;\r\n        text-transform: uppercase;\r\n        letter-spacing: 1px;\r\n        margin-bottom: 8px;\r\n    }\r\n\r\n    .titulo-blog {\r\n        color: #333;\r\n        font-size: 1.6rem;\r\n        margin: 0 0 10px 0;\r\n        line-height: 1.2;\r\n        border-bottom: 2px solid var(--dorado-gob);\r\n        padding-bottom: 5px;\r\n        display: inline-block;\r\n    }\r\n\r\n    .extracto-blog {\r\n        color: #555;\r\n        font-size: 1rem;\r\n        line-height: 1.5;\r\n        margin-bottom: 20px;\r\n        \/* Limita a 3 l\u00edneas para mantener la altura *\/\r\n        display: -webkit-box;\r\n        -webkit-line-clamp: 3;\r\n        -webkit-box-orient: vertical;\r\n        overflow: hidden;\r\n    }\r\n\r\n    .btn-leer-articulo {\r\n        align-self: flex-start;\r\n        padding: 10px 25px;\r\n        background-color: var(--guinda-gob);\r\n        color: white;\r\n        text-decoration: none;\r\n        font-family: sans-serif;\r\n        font-size: 0.85rem;\r\n        font-weight: bold;\r\n        border-radius: 4px;\r\n        transition: 0.3s;\r\n    }\r\n\r\n    .btn-leer-articulo:hover {\r\n        background-color: var(--guinda-claro);\r\n        box-shadow: 0 4px 10px rgba(99, 17, 35, 0.3);\r\n    }\r\n\r\n    \/* Responsivo: Se vuelve vertical en m\u00f3viles *\/\r\n    @media (max-width: 768px) {\r\n        .card-horizontal {\r\n            flex-direction: column;\r\n            height: auto;\r\n            max-width: 100%;\r\n        }\r\n        .card-horizontal-img { height: 200px; }\r\n    }\r\n<\/style>\r\n\r\n<div class=\"card-horizontal\">\r\n    <div class=\"card-horizontal-img\">\r\n        <img decoding=\"async\" src=\"https:\/\/www.comonfort.gob.mx\/sitio\/wp-content\/uploads\/2026\/02\/1000230960.jpg\" alt=\"Nota del Blog\">\r\n    <\/div>\r\n\r\n    <div class=\"card-horizontal-content\">\r\n        <span class=\"categoria-tag\">CULTURA \u2022 TRADICI\u00d3N<\/span>\r\n        <h2 class=\"titulo-blog\">Cr\u00f3nicas de Comonfort: Identidad Viva<\/h2>\r\n        <p class=\"extracto-blog\">\r\n            Explora las historias que dan forma a nuestro Pueblo M\u00e1gico. Desde la creaci\u00f3n de los molcajetes m\u00e1s finos del mundo hasta las festividades que iluminan nuestras calles con fe y tradici\u00f3n.\r\n        <\/p>\r\n        <a href=\"https:\/\/www.comonfort.gob.mx\/sitio\/fitur\/\" class=\"btn-leer-articulo\">LEER ART\u00cdCULO COMPLETO<\/a>\r\n    <\/div>\r\n<\/div>\t\t\t\t<\/div>\n\t\t\t\t<\/div>\n\t\t\t\t\t<\/div>\n\t\t<\/div>\n\t\t\t\t<div class=\"elementor-column elementor-col-16 elementor-top-column elementor-element elementor-element-a4f00a1\" data-id=\"a4f00a1\" data-element_type=\"column\">\n\t\t\t<div class=\"elementor-widget-wrap\">\n\t\t\t\t\t\t\t<\/div>\n\t\t<\/div>\n\t\t\t\t\t<\/div>\n\t\t<\/section>\n\t\t\t\t<section class=\"elementor-section elementor-top-section elementor-element elementor-element-01743d7 elementor-section-stretched elementor-section-boxed elementor-section-height-default elementor-section-height-default\" data-id=\"01743d7\" data-element_type=\"section\" data-settings=\"{&quot;stretch_section&quot;:&quot;section-stretched&quot;}\">\n\t\t\t\t\t\t<div class=\"elementor-container elementor-column-gap-default\">\n\t\t\t\t\t<div class=\"elementor-column elementor-col-100 elementor-top-column elementor-element elementor-element-cfca15d\" data-id=\"cfca15d\" data-element_type=\"column\">\n\t\t\t<div class=\"elementor-widget-wrap elementor-element-populated\">\n\t\t\t\t\t\t<div class=\"elementor-element elementor-element-73e6358 elementor-widget elementor-widget-html\" data-id=\"73e6358\" data-element_type=\"widget\" data-widget_type=\"html.default\">\n\t\t\t\t<div class=\"elementor-widget-container\">\n\t\t\t\t\t<div id=\"contenedor-convocatoria-pro\">\r\n    <div class=\"card-documento\">\r\n        <div class=\"header-premium\">\r\n            <div class=\"header-content\">\r\n                <div class=\"accent-line\"><\/div>\r\n                <div class=\"text-group\">\r\n                    <span class=\"subtitle\">GOBIERNO de comonfort<\/span>\r\n                    <h2 class=\"title\">CONVOCATORIA OFICIAL<\/h2>\r\n                <\/div>\r\n            <\/div>\r\n            <a href=\"https:\/\/www.comonfort.gob.mx\/sitio\/wp-content\/uploads\/2026\/04\/ConvocatoriaCNTC2026-1.pdf\" target=\"_blank\" class=\"btn-download\">\r\n                DESCARGAR PDF\r\n            <\/a>\r\n        <\/div>\r\n\r\n        <div class=\"viewer-wrapper\">\r\n            <div class=\"pdf-hider\">\r\n                <embed \r\n                    src=\"https:\/\/www.comonfort.gob.mx\/sitio\/wp-content\/uploads\/2026\/04\/ConvocatoriaCNTC2026-1.pdf#toolbar=0&navpanes=0&scrollbar=0\" \r\n                    type=\"application\/pdf\" \r\n                \/>\r\n            <\/div>\r\n        <\/div>\r\n        \r\n        <div class=\"footer-bar\">\r\n            <p>Municipio de Comonfort, Gto. 2024-2027<\/p>\r\n        <\/div>\r\n    <\/div>\r\n<\/div>\r\n\r\n<style>\r\n    #contenedor-convocatoria-pro {\r\n        display: flex;\r\n        justify-content: center;\r\n        align-items: center;\r\n        width: 100%;\r\n        padding: 40px 0;\r\n        font-family: 'Montserrat', sans-serif;\r\n    }\r\n\r\n    .card-documento {\r\n        display: flex;\r\n        flex-direction: column;\r\n        height: 850px; \r\n        width: 95%;\r\n        max-width: 1100px;\r\n        background-color: #ffffff;\r\n        border-radius: 12px;\r\n        overflow: hidden;\r\n        box-shadow: 0 20px 40px rgba(0,0,0,0.1);\r\n        border: 1px solid rgba(0,0,0,0.05);\r\n    }\r\n\r\n    .header-premium {\r\n        background: linear-gradient(135deg, #621132 0%, #4a0d26 100%);\r\n        padding: 15px 30px;\r\n        color: white;\r\n        display: flex;\r\n        justify-content: space-between;\r\n        align-items: center;\r\n        border-bottom: 4px solid #BC955C;\r\n        z-index: 10;\r\n    }\r\n\r\n    \/* --- TRUCO PARA ESCONDER LA BARRA NEGRA --- *\/\r\n    .viewer-wrapper {\r\n        flex-grow: 1;\r\n        overflow: hidden; \/* Corta lo que se salga de aqu\u00ed *\/\r\n        position: relative;\r\n        background-color: #525659;\r\n    }\r\n\r\n    .pdf-hider {\r\n        position: absolute;\r\n        top: -48px; \/* Este valor empuja la barra negra hacia arriba, fuera de la vista *\/\r\n        left: 0;\r\n        width: 100%;\r\n        height: calc(100% + 48px); \/* Compensamos el tama\u00f1o para que no quede corto abajo *\/\r\n    }\r\n\r\n    .pdf-hider embed {\r\n        width: 100%;\r\n        height: 100%;\r\n    }\r\n    \/* ----------------------------------------- *\/\r\n\r\n    .header-content { display: flex; align-items: center; gap: 15px; }\r\n    .accent-line { width: 4px; height: 35px; background-color: #BC955C; border-radius: 10px; }\r\n    .text-group { display: flex; flex-direction: column; }\r\n    .subtitle { font-size: 0.65rem; font-weight: 700; color: #BC955C; text-transform: uppercase; }\r\n    .title { margin: 0 !important; font-size: 1.1rem !important; font-weight: 500 !important; color: #ffffff !important; text-transform: uppercase; }\r\n\r\n    .btn-download {\r\n        background-color: #BC955C;\r\n        color: #621132 !important;\r\n        padding: 8px 15px;\r\n        border-radius: 5px;\r\n        text-decoration: none !important;\r\n        font-size: 0.75rem;\r\n        font-weight: 800;\r\n        transition: all 0.3s ease;\r\n    }\r\n\r\n    .footer-bar { background-color: #f8f9fa; padding: 10px 30px; text-align: right; }\r\n    .footer-bar p { margin: 0 !important; font-size: 0.7rem !important; color: #777 !important; }\r\n\r\n    @media (max-width: 768px) {\r\n        .card-documento { height: 600px; }\r\n        .header-premium { flex-direction: column; gap: 10px; text-align: center; }\r\n        .pdf-hider { top: -56px; height: calc(100% + 56px); } \/* Ajuste para m\u00f3vil si la barra es m\u00e1s alta *\/\r\n    }\r\n<\/style>\t\t\t\t<\/div>\n\t\t\t\t<\/div>\n\t\t\t\t\t<\/div>\n\t\t<\/div>\n\t\t\t\t\t<\/div>\n\t\t<\/section>\n\t\t\t\t<section class=\"elementor-section elementor-top-section elementor-element elementor-element-f03d2e5 animated-slow elementor-section-stretched elementor-section-boxed elementor-section-height-default elementor-section-height-default elementor-invisible\" data-id=\"f03d2e5\" data-element_type=\"section\" data-settings=\"{&quot;animation&quot;:&quot;fadeIn&quot;,&quot;stretch_section&quot;:&quot;section-stretched&quot;}\">\n\t\t\t\t\t\t<div class=\"elementor-container elementor-column-gap-default\">\n\t\t\t\t\t<div class=\"elementor-column elementor-col-100 elementor-top-column elementor-element elementor-element-c9211c6\" data-id=\"c9211c6\" data-element_type=\"column\">\n\t\t\t<div class=\"elementor-widget-wrap elementor-element-populated\">\n\t\t\t\t\t\t<div class=\"elementor-element elementor-element-310eeef elementor-widget elementor-widget-html\" data-id=\"310eeef\" data-element_type=\"widget\" data-widget_type=\"html.default\">\n\t\t\t\t<div class=\"elementor-widget-container\">\n\t\t\t\t\t<!DOCTYPE html>\r\n<html lang=\"es\">\r\n<head>\r\n    <meta charset=\"UTF-8\">\r\n    <meta name=\"viewport\" content=\"width=device-width, initial-scale=1.0\">\r\n    <title>Gabinete Municipal Comonfort<\/title>\r\n    \r\n    <script src=\"https:\/\/cdn.tailwindcss.com\"><\/script>\r\n    <link rel=\"stylesheet\" href=\"https:\/\/unpkg.com\/swiper\/swiper-bundle.min.css\" \/>\r\n\r\n    <style>\r\n        :root {\r\n            --guinda: #611232; \r\n            --verde: #1D603A;\r\n            --dorado: #BC955C;\r\n            --fondo: #ffffff;\r\n        }\r\n\r\n        body { background-color: var(--fondo); font-family: 'Inter', sans-serif; }\r\n\r\n        \/* Contenedor del Rombo Estilizado *\/\r\n        .rombo-wrapper {\r\n            width: 280px;  \/* Ancho *\/\r\n            height: 380px; \/* Alto para que quepa la cara y el torso mejor *\/\r\n            margin: 40px auto;\r\n            position: relative;\r\n            transition: all 0.4s ease;\r\n        }\r\n\r\n        \/* Forma de Rombo (Vertical) *\/\r\n        .rombo-shape {\r\n            width: 100%;\r\n            height: 100%;\r\n            background: #fff;\r\n            \/* Pol\u00edgono estirado verticalmente *\/\r\n            clip-path: polygon(50% 0%, 100% 50%, 50% 100%, 0% 50%);\r\n            position: relative;\r\n            overflow: hidden;\r\n            z-index: 2;\r\n        }\r\n\r\n        .rombo-border {\r\n            position: absolute;\r\n            top: -5px; left: -5px; right: -5px; bottom: -5px;\r\n            background: var(--guinda);\r\n            clip-path: polygon(50% 0%, 100% 50%, 50% 100%, 0% 50%);\r\n            z-index: 1;\r\n        }\r\n\r\n        .verde .rombo-border { background: var(--verde); }\r\n\r\n        \/* Ajuste de la Imagen *\/\r\n        .rombo-shape img {\r\n            width: 100%;\r\n            height: 100%;\r\n            object-fit: cover;\r\n            \/* Bajamos un poco el foco para que la frente no se corte con la punta superior *\/\r\n            object-position: center 15%; \r\n            transform: scale(1.1);\r\n            transition: transform 0.5s ease;\r\n        }\r\n\r\n        .rombo-wrapper:hover { transform: translateY(-10px); }\r\n        .rombo-wrapper:hover .rombo-border { background: var(--dorado); }\r\n        .rombo-wrapper:hover img { transform: scale(1.2); }\r\n\r\n        .info-container { margin-top: 15px; }\r\n        .cargo-tag {\r\n            font-size: 0.75rem;\r\n            text-transform: uppercase;\r\n            letter-spacing: 1.5px;\r\n            color: var(--dorado);\r\n            font-weight: 800;\r\n            display: block;\r\n        }\r\n        .nombre-admin {\r\n            color: #333;\r\n            font-size: 1.2rem;\r\n            font-weight: 700;\r\n            margin-top: 5px;\r\n        }\r\n\r\n        \/* Swiper *\/\r\n        .swiper { padding-bottom: 50px !important; }\r\n        .swiper-pagination-bullet-active { background: var(--guinda) !important; }\r\n    <\/style>\r\n<\/head>\r\n<body>\r\n\r\n<div class=\"max-w-7xl mx-auto px-4 py-10\">\r\n    <div class=\"text-center mb-10\">\r\n        <h2 class=\"text-3xl font-bold text-gray-800\">H. Ayuntamiento Comonfort<\/h2>\r\n        <p class=\"text-gray-500 uppercase tracking-widest text-xs\">Administraci\u00f3n 2024-2027<\/p>\r\n    <\/div>\r\n\r\n    <div class=\"swiper mySwiper\">\r\n        <div class=\"swiper-wrapper\">\r\n            \r\n            <div class=\"swiper-slide text-center\">\r\n                <div class=\"rombo-wrapper\">\r\n                    <div class=\"rombo-border\"><\/div>\r\n                    <div class=\"rombo-shape\">\r\n                        <img decoding=\"async\" src=\"https:\/\/www.comonfort.gob.mx\/sitio\/wp-content\/uploads\/2025\/09\/ALACALDE.jpg\" onerror=\"this.src='https:\/\/ui-avatars.com\/api\/?name=G+Z&background=611232&color=fff'\">\r\n                    <\/div>\r\n                <\/div>\r\n                <div class=\"info-container\">\r\n                    <span class=\"cargo-tag\">Presidente Municipal<\/span>\r\n                    <h3 class=\"nombre-admin\">Lic. Gilberto Zarate Nieves<\/h3>\r\n                <\/div>\r\n            <\/div>\r\n\r\n            <div class=\"swiper-slide text-center\">\r\n                <div class=\"rombo-wrapper\">\r\n                    <div class=\"rombo-border\"><\/div>\r\n                    <div class=\"rombo-shape\">\r\n                        <img decoding=\"async\" src=\"https:\/\/www.comonfort.gob.mx\/sitio\/wp-content\/uploads\/2025\/09\/GERARDO.jpg\" onerror=\"this.src='https:\/\/ui-avatars.com\/api\/?name=G+G&background=611232&color=fff'\">\r\n                    <\/div>\r\n                <\/div>\r\n                <div class=\"info-container\">\r\n                    <span class=\"cargo-tag\">Secretario<\/span>\r\n                    <h3 class=\"nombre-admin\">Lic. Gerardo G\u00e1lvan Guti\u00e9rrez<\/h3>\r\n                <\/div>\r\n            <\/div>\r\n\r\n            <div class=\"swiper-slide text-center verde\">\r\n                <div class=\"rombo-wrapper\">\r\n                    <div class=\"rombo-border\"><\/div>\r\n                    <div class=\"rombo-shape\">\r\n                        <img decoding=\"async\" src=\"https:\/\/www.comonfort.gob.mx\/sitio\/wp-content\/uploads\/2025\/09\/DIANA.jpg\" onerror=\"this.src='https:\/\/ui-avatars.com\/api\/?name=D+A&background=1D603A&color=fff'\">\r\n                    <\/div>\r\n                <\/div>\r\n                <div class=\"info-container\">\r\n                    <span class=\"cargo-tag\">S\u00edndica<\/span>\r\n                    <h3 class=\"nombre-admin\">Lic. Diana Arellano D\u00edaz<\/h3>\r\n                <\/div>\r\n            <\/div>\r\n\r\n            <div class=\"swiper-slide text-center verde\">\r\n                <div class=\"rombo-wrapper\">\r\n                    <div class=\"rombo-border\"><\/div>\r\n                    <div class=\"rombo-shape\">\r\n                        <img decoding=\"async\" src=\"https:\/\/www.comonfort.gob.mx\/sitio\/wp-content\/uploads\/2025\/09\/LILIA.jpg\" onerror=\"this.src='https:\/\/ui-avatars.com\/api\/?name=L+C&background=1D603A&color=fff'\">\r\n                    <\/div>\r\n                <\/div>\r\n                <div class=\"info-container\">\r\n                    <span class=\"cargo-tag\">Regidora<\/span>\r\n                    <h3 class=\"nombre-admin\">Mtra. Lilia Carrillo Morales<\/h3>\r\n                <\/div>\r\n            <\/div>\r\n\r\n            <div class=\"swiper-slide text-center verde\">\r\n                <div class=\"rombo-wrapper\">\r\n                    <div class=\"rombo-border\"><\/div>\r\n                    <div class=\"rombo-shape\">\r\n                        <img decoding=\"async\" src=\"https:\/\/www.comonfort.gob.mx\/sitio\/wp-content\/uploads\/2025\/09\/RUBY.jpg\" onerror=\"this.src='https:\/\/ui-avatars.com\/api\/?name=R+G&background=1D603A&color=fff'\">\r\n                    <\/div>\r\n                <\/div>\r\n                <div class=\"info-container\">\r\n                    <span class=\"cargo-tag\">Regidora<\/span>\r\n                    <h3 class=\"nombre-admin\">T.S.U. Andaruby Guerrero Nieto<\/h3>\r\n                <\/div>\r\n            <\/div>\r\n\r\n            <div class=\"swiper-slide text-center verde\">\r\n                <div class=\"rombo-wrapper\">\r\n                    <div class=\"rombo-border\"><\/div>\r\n                    <div class=\"rombo-shape\">\r\n                        <img decoding=\"async\" src=\"https:\/\/www.comonfort.gob.mx\/sitio\/wp-content\/uploads\/2025\/09\/CLAUDIA.jpg\" onerror=\"this.src='https:\/\/ui-avatars.com\/api\/?name=C+R&background=1D603A&color=fff'\">\r\n                    <\/div>\r\n                <\/div>\r\n                <div class=\"info-container\">\r\n                    <span class=\"cargo-tag\">Regidora<\/span>\r\n                    <h3 class=\"nombre-admin\">Lic. Claudia Elisa Rodr\u00edguez Moreno<\/h3>\r\n                <\/div>\r\n            <\/div>\r\n\r\n            <div class=\"swiper-slide text-center verde\">\r\n                <div class=\"rombo-wrapper\">\r\n                    <div class=\"rombo-border\"><\/div>\r\n                    <div class=\"rombo-shape\">\r\n                        <img decoding=\"async\" src=\"https:\/\/www.comonfort.gob.mx\/sitio\/wp-content\/uploads\/2025\/09\/NO RECUERDO.jpg\" onerror=\"this.src='https:\/\/ui-avatars.com\/api\/?name=D+R&background=1D603A&color=fff'\">\r\n                    <\/div>\r\n                <\/div>\r\n                <div class=\"info-container\">\r\n                    <span class=\"cargo-tag\">Regidora<\/span>\r\n                    <h3 class=\"nombre-admin\">Lic. Ma. Dolores Rodr\u00edguez Almeida<\/h3>\r\n                <\/div>\r\n            <\/div>\r\n\r\n            <div class=\"swiper-slide text-center verde\">\r\n                <div class=\"rombo-wrapper\">\r\n                    <div class=\"rombo-border\"><\/div>\r\n                    <div class=\"rombo-shape\">\r\n                        <img decoding=\"async\" src=\"https:\/\/www.comonfort.gob.mx\/sitio\/wp-content\/uploads\/2025\/09\/ROJAS.jpg\" onerror=\"this.src='https:\/\/ui-avatars.com\/api\/?name=A+S&background=1D603A&color=fff'\">\r\n                    <\/div>\r\n                <\/div>\r\n                <div class=\"info-container\">\r\n                    <span class=\"cargo-tag\">Regidor<\/span>\r\n                    <h3 class=\"nombre-admin\">Lic. Jos\u00e9 Antonio S\u00e1nchez Rojas<\/h3>\r\n                <\/div>\r\n            <\/div>\r\n\r\n            <div class=\"swiper-slide text-center verde\">\r\n                <div class=\"rombo-wrapper\">\r\n                    <div class=\"rombo-border\"><\/div>\r\n                    <div class=\"rombo-shape\">\r\n                        <img decoding=\"async\" src=\"https:\/\/www.comonfort.gob.mx\/sitio\/wp-content\/uploads\/2025\/09\/LUIS.jpg\" onerror=\"this.src='https:\/\/ui-avatars.com\/api\/?name=L+M&background=1D603A&color=fff'\">\r\n                    <\/div>\r\n                <\/div>\r\n                <div class=\"info-container\">\r\n                    <span class=\"cargo-tag\">Regidor<\/span>\r\n                    <h3 class=\"nombre-admin\">Lic. Jos\u00e9 Luis Mexicano Jim\u00e9nez<\/h3>\r\n                <\/div>\r\n            <\/div>\r\n\r\n            <div class=\"swiper-slide text-center verde\">\r\n                <div class=\"rombo-wrapper\">\r\n                    <div class=\"rombo-border\"><\/div>\r\n                    <div class=\"rombo-shape\">\r\n                        <img decoding=\"async\" src=\"https:\/\/www.comonfort.gob.mx\/sitio\/wp-content\/uploads\/2025\/09\/ISAIAS.jpg\" onerror=\"this.src='https:\/\/ui-avatars.com\/api\/?name=I+H&background=1D603A&color=fff'\">\r\n                    <\/div>\r\n                <\/div>\r\n                <div class=\"info-container\">\r\n                    <span class=\"cargo-tag\">Regidor<\/span>\r\n                    <h3 class=\"nombre-admin\">C. J. Isa\u00edas Hurtado Morales<\/h3>\r\n                <\/div>\r\n            <\/div>\r\n\r\n            <div class=\"swiper-slide text-center verde\">\r\n                <div class=\"rombo-wrapper\">\r\n                    <div class=\"rombo-border\"><\/div>\r\n                    <div class=\"rombo-shape\">\r\n                        <img decoding=\"async\" src=\"https:\/\/www.comonfort.gob.mx\/sitio\/wp-content\/uploads\/2025\/09\/GUILLEN.jpg\" onerror=\"this.src='https:\/\/ui-avatars.com\/api\/?name=F+G&background=1D603A&color=fff'\">\r\n                    <\/div>\r\n                <\/div>\r\n                <div class=\"info-container\">\r\n                    <span class=\"cargo-tag\">Regidor<\/span>\r\n                    <h3 class=\"nombre-admin\">Lic. Fernando Guill\u00e9n Rodr\u00edguez<\/h3>\r\n                <\/div>\r\n            <\/div>\r\n\r\n        <\/div>\r\n        <div class=\"swiper-pagination\"><\/div>\r\n    <\/div>\r\n<\/div>\r\n\r\n<script src=\"https:\/\/unpkg.com\/swiper\/swiper-bundle.min.js\"><\/script>\r\n<script>\r\n    new Swiper('.mySwiper', {\r\n        slidesPerView: 1,\r\n        spaceBetween: 20,\r\n        loop: true,\r\n        autoplay: { delay: 4000 },\r\n        pagination: { el: \".swiper-pagination\", clickable: true },\r\n        breakpoints: {\r\n            768: { slidesPerView: 2 },\r\n            1024: { slidesPerView: 3 },\r\n            1280: { slidesPerView: 4 }\r\n        }\r\n    });\r\n<\/script>\r\n\r\n<\/body>\r\n<\/html>\t\t\t\t<\/div>\n\t\t\t\t<\/div>\n\t\t\t\t<div class=\"elementor-element elementor-element-35a0f97 elementor-widget-divider--view-line elementor-widget elementor-widget-divider\" data-id=\"35a0f97\" data-element_type=\"widget\" data-widget_type=\"divider.default\">\n\t\t\t\t<div class=\"elementor-widget-container\">\n\t\t\t\t\t\t\t<div class=\"elementor-divider\">\n\t\t\t<span class=\"elementor-divider-separator\">\n\t\t\t\t\t\t<\/span>\n\t\t<\/div>\n\t\t\t\t\t\t<\/div>\n\t\t\t\t<\/div>\n\t\t\t\t\t<\/div>\n\t\t<\/div>\n\t\t\t\t\t<\/div>\n\t\t<\/section>\n\t\t\t\t<section class=\"elementor-section elementor-top-section elementor-element elementor-element-aec7411 animated-slow elementor-section-stretched elementor-section-boxed elementor-section-height-default elementor-section-height-default elementor-invisible\" data-id=\"aec7411\" data-element_type=\"section\" data-settings=\"{&quot;animation&quot;:&quot;fadeIn&quot;,&quot;stretch_section&quot;:&quot;section-stretched&quot;}\">\n\t\t\t\t\t\t<div class=\"elementor-container elementor-column-gap-default\">\n\t\t\t\t\t<div class=\"elementor-column elementor-col-100 elementor-top-column elementor-element elementor-element-48d4414\" data-id=\"48d4414\" data-element_type=\"column\">\n\t\t\t<div class=\"elementor-widget-wrap elementor-element-populated\">\n\t\t\t\t\t\t<div class=\"elementor-element elementor-element-1acfcb7 elementor-widget-divider--view-line elementor-widget elementor-widget-divider\" data-id=\"1acfcb7\" data-element_type=\"widget\" data-widget_type=\"divider.default\">\n\t\t\t\t<div class=\"elementor-widget-container\">\n\t\t\t\t\t\t\t<div class=\"elementor-divider\">\n\t\t\t<span class=\"elementor-divider-separator\">\n\t\t\t\t\t\t<\/span>\n\t\t<\/div>\n\t\t\t\t\t\t<\/div>\n\t\t\t\t<\/div>\n\t\t\t\t\t<\/div>\n\t\t<\/div>\n\t\t\t\t\t<\/div>\n\t\t<\/section>\n\t\t\t\t<section class=\"elementor-section elementor-top-section elementor-element elementor-element-af36887 animated-slow elementor-section-stretched elementor-section-boxed elementor-section-height-default elementor-section-height-default elementor-invisible\" data-id=\"af36887\" data-element_type=\"section\" data-settings=\"{&quot;animation&quot;:&quot;fadeIn&quot;,&quot;stretch_section&quot;:&quot;section-stretched&quot;}\">\n\t\t\t\t\t\t<div class=\"elementor-container elementor-column-gap-no\">\n\t\t\t\t\t<div class=\"elementor-column elementor-col-33 elementor-top-column elementor-element elementor-element-9f9d058\" data-id=\"9f9d058\" data-element_type=\"column\">\n\t\t\t<div class=\"elementor-widget-wrap elementor-element-populated\">\n\t\t\t\t\t\t<div class=\"elementor-element elementor-element-b87c9ba elementor-widget elementor-widget-image\" data-id=\"b87c9ba\" data-element_type=\"widget\" data-widget_type=\"image.default\">\n\t\t\t\t<div class=\"elementor-widget-container\">\n\t\t\t\t\t\t\t\t\t\t\t\t\t\t\t\t<a href=\"https:\/\/www.facebook.com\/photo\/?fbid=1245553784278819&#038;set=a.362057839295089\" target=\"_blank\">\n\t\t\t\t\t\t\t<img loading=\"lazy\" decoding=\"async\" width=\"1280\" height=\"1280\" src=\"https:\/\/www.comonfort.gob.mx\/sitio\/wp-content\/uploads\/2025\/12\/588756315_1288908873276643_8728681682870885054_n.jpg\" class=\"elementor-animation-grow attachment-full size-full wp-image-24023\" alt=\"\" srcset=\"https:\/\/www.comonfort.gob.mx\/sitio\/wp-content\/uploads\/2025\/12\/588756315_1288908873276643_8728681682870885054_n.jpg 1280w, https:\/\/www.comonfort.gob.mx\/sitio\/wp-content\/uploads\/2025\/12\/588756315_1288908873276643_8728681682870885054_n-300x300.jpg 300w, https:\/\/www.comonfort.gob.mx\/sitio\/wp-content\/uploads\/2025\/12\/588756315_1288908873276643_8728681682870885054_n-1024x1024.jpg 1024w, https:\/\/www.comonfort.gob.mx\/sitio\/wp-content\/uploads\/2025\/12\/588756315_1288908873276643_8728681682870885054_n-150x150.jpg 150w, https:\/\/www.comonfort.gob.mx\/sitio\/wp-content\/uploads\/2025\/12\/588756315_1288908873276643_8728681682870885054_n-1080x1080.jpg 1080w\" sizes=\"(max-width: 1280px) 100vw, 1280px\" \/>\t\t\t\t\t\t\t\t<\/a>\n\t\t\t\t\t\t\t\t\t\t\t\t\t\t\t<\/div>\n\t\t\t\t<\/div>\n\t\t\t\t\t<\/div>\n\t\t<\/div>\n\t\t\t\t<div class=\"elementor-column elementor-col-33 elementor-top-column elementor-element elementor-element-084dd05\" data-id=\"084dd05\" data-element_type=\"column\">\n\t\t\t<div class=\"elementor-widget-wrap elementor-element-populated\">\n\t\t\t\t\t\t<div class=\"elementor-element elementor-element-0641539 elementor-widget elementor-widget-image\" data-id=\"0641539\" data-element_type=\"widget\" data-widget_type=\"image.default\">\n\t\t\t\t<div class=\"elementor-widget-container\">\n\t\t\t\t\t\t\t\t\t\t\t\t<figure class=\"wp-caption\">\n\t\t\t\t\t\t\t\t\t\t\t<a href=\"https:\/\/ine.mx\/actores-politicos\/registro-nacional-de-personas-sancionadas\/\" target=\"_blank\">\n\t\t\t\t\t\t\t<img decoding=\"async\" src=\"https:\/\/www.comonfort.gob.mx\/sitio\/wp-content\/uploads\/2025\/09\/Info-UTCE-RNPSVPcMG_2.jpeg\" title=\"\" alt=\"\" class=\"elementor-animation-grow\" loading=\"lazy\" \/>\t\t\t\t\t\t\t\t<\/a>\n\t\t\t\t\t\t\t\t\t\t\t<figcaption class=\"widget-image-caption wp-caption-text\">Registro Nacional de Personas Sancionadas en Materia de Violencia Pol\u00edtica contra las Mujeres en Raz\u00f3n de G\u00e9nero<\/figcaption>\n\t\t\t\t\t\t\t\t\t\t<\/figure>\n\t\t\t\t\t\t\t\t\t<\/div>\n\t\t\t\t<\/div>\n\t\t\t\t\t<\/div>\n\t\t<\/div>\n\t\t\t\t<div class=\"elementor-column elementor-col-33 elementor-top-column elementor-element elementor-element-57b8584\" data-id=\"57b8584\" data-element_type=\"column\">\n\t\t\t<div class=\"elementor-widget-wrap elementor-element-populated\">\n\t\t\t\t\t\t<div class=\"elementor-element elementor-element-74e3916 elementor-widget elementor-widget-shortcode\" data-id=\"74e3916\" data-element_type=\"widget\" data-widget_type=\"shortcode.default\">\n\t\t\t\t<div class=\"elementor-widget-container\">\n\t\t\t\t\t\t\t<div class=\"elementor-shortcode\"><div class=\"_df_book df-lite\" id=\"df_20693\"  _slug=\"prueba\" data-title=\"prueba\" wpoptions=\"true\" thumbtype=\"\" ><\/div><script class=\"df-shortcode-script\" nowprocket type=\"application\/javascript\">window.option_df_20693 = {\"webgl\":\"true\",\"outline\":[],\"backgroundColor\":\"#6e0e00\",\"autoEnableOutline\":\"false\",\"autoEnableThumbnail\":\"false\",\"overwritePDFOutline\":\"false\",\"backgroundImage\":\"https:\\\/\\\/www.comonfort.gob.mx\\\/sitio\\\/wp-content\\\/uploads\\\/2025\\\/03\\\/Plumaje-Dorado.png\",\"direction\":\"1\",\"pageSize\":\"0\",\"source\":\"https:\\\/\\\/www.comonfort.gob.mx\\\/sitio\\\/wp-content\\\/uploads\\\/2025\\\/09\\\/1er-Informe-de-Gobierno-Administracion-2024-2027_compressed.pdf\",\"wpOptions\":\"true\"}; if(window.DFLIP && window.DFLIP.parseBooks){window.DFLIP.parseBooks();}<\/script><\/div>\n\t\t\t\t\t\t<\/div>\n\t\t\t\t<\/div>\n\t\t\t\t\t<\/div>\n\t\t<\/div>\n\t\t\t\t\t<\/div>\n\t\t<\/section>\n\t\t\t\t<section class=\"elementor-section elementor-top-section elementor-element elementor-element-dabf7a6 animated-slow elementor-section-stretched elementor-section-boxed elementor-section-height-default elementor-section-height-default elementor-invisible\" data-id=\"dabf7a6\" data-element_type=\"section\" data-settings=\"{&quot;animation&quot;:&quot;fadeIn&quot;,&quot;stretch_section&quot;:&quot;section-stretched&quot;}\">\n\t\t\t\t\t\t<div class=\"elementor-container elementor-column-gap-default\">\n\t\t\t\t\t<div class=\"elementor-column elementor-col-33 elementor-top-column elementor-element elementor-element-f121969\" data-id=\"f121969\" data-element_type=\"column\">\n\t\t\t<div class=\"elementor-widget-wrap elementor-element-populated\">\n\t\t\t\t\t\t<div class=\"elementor-element elementor-element-874e354 e-transform elementor-widget elementor-widget-image\" data-id=\"874e354\" data-element_type=\"widget\" data-settings=\"{&quot;_animation&quot;:&quot;none&quot;,&quot;_transform_translateX_effect_hover&quot;:{&quot;unit&quot;:&quot;px&quot;,&quot;size&quot;:&quot;&quot;,&quot;sizes&quot;:[]},&quot;_transform_translateX_effect_hover_tablet&quot;:{&quot;unit&quot;:&quot;px&quot;,&quot;size&quot;:&quot;&quot;,&quot;sizes&quot;:[]},&quot;_transform_translateX_effect_hover_mobile&quot;:{&quot;unit&quot;:&quot;px&quot;,&quot;size&quot;:&quot;&quot;,&quot;sizes&quot;:[]},&quot;_transform_translateY_effect_hover&quot;:{&quot;unit&quot;:&quot;px&quot;,&quot;size&quot;:&quot;&quot;,&quot;sizes&quot;:[]},&quot;_transform_translateY_effect_hover_tablet&quot;:{&quot;unit&quot;:&quot;px&quot;,&quot;size&quot;:&quot;&quot;,&quot;sizes&quot;:[]},&quot;_transform_translateY_effect_hover_mobile&quot;:{&quot;unit&quot;:&quot;px&quot;,&quot;size&quot;:&quot;&quot;,&quot;sizes&quot;:[]}}\" data-widget_type=\"image.default\">\n\t\t\t\t<div class=\"elementor-widget-container\">\n\t\t\t\t\t\t\t\t\t\t\t\t\t\t\t\t<a href=\"https:\/\/www.facebook.com\/photo\/?fbid=1059218489579017&#038;set=pb.100064726266963.-2207520000\">\n\t\t\t\t\t\t\t<img loading=\"lazy\" decoding=\"async\" width=\"1582\" height=\"2048\" src=\"https:\/\/www.comonfort.gob.mx\/sitio\/wp-content\/uploads\/2026\/01\/danza.jpg\" class=\"elementor-animation-grow attachment-full size-full wp-image-24097\" alt=\"\" srcset=\"https:\/\/www.comonfort.gob.mx\/sitio\/wp-content\/uploads\/2026\/01\/danza.jpg 1582w, https:\/\/www.comonfort.gob.mx\/sitio\/wp-content\/uploads\/2026\/01\/danza-232x300.jpg 232w, https:\/\/www.comonfort.gob.mx\/sitio\/wp-content\/uploads\/2026\/01\/danza-791x1024.jpg 791w, https:\/\/www.comonfort.gob.mx\/sitio\/wp-content\/uploads\/2026\/01\/danza-1187x1536.jpg 1187w, https:\/\/www.comonfort.gob.mx\/sitio\/wp-content\/uploads\/2026\/01\/danza-834x1080.jpg 834w\" sizes=\"(max-width: 1582px) 100vw, 1582px\" \/>\t\t\t\t\t\t\t\t<\/a>\n\t\t\t\t\t\t\t\t\t\t\t\t\t\t\t<\/div>\n\t\t\t\t<\/div>\n\t\t\t\t\t<\/div>\n\t\t<\/div>\n\t\t\t\t<div class=\"elementor-column elementor-col-33 elementor-top-column elementor-element elementor-element-0a75bbd\" data-id=\"0a75bbd\" data-element_type=\"column\">\n\t\t\t<div class=\"elementor-widget-wrap elementor-element-populated\">\n\t\t\t\t\t\t<div class=\"elementor-element elementor-element-30ef847 elementor-widget elementor-widget-image\" data-id=\"30ef847\" data-element_type=\"widget\" data-widget_type=\"image.default\">\n\t\t\t\t<div class=\"elementor-widget-container\">\n\t\t\t\t\t\t\t\t\t\t\t\t\t\t\t\t<a href=\"https:\/\/www.comonfort.gob.mx\/ciberseguridad\/\">\n\t\t\t\t\t\t\t<img loading=\"lazy\" decoding=\"async\" width=\"1024\" height=\"1024\" src=\"https:\/\/www.comonfort.gob.mx\/sitio\/wp-content\/uploads\/2026\/02\/Crea-un-logo-de-seguridad-digital-con-un-escudo-3D-circuitos-de-neon-y-el-texto-Comonfort-en-la-b.jpeg\" class=\"elementor-animation-grow attachment-large size-large wp-image-24296\" alt=\"\" srcset=\"https:\/\/www.comonfort.gob.mx\/sitio\/wp-content\/uploads\/2026\/02\/Crea-un-logo-de-seguridad-digital-con-un-escudo-3D-circuitos-de-neon-y-el-texto-Comonfort-en-la-b.jpeg 1024w, https:\/\/www.comonfort.gob.mx\/sitio\/wp-content\/uploads\/2026\/02\/Crea-un-logo-de-seguridad-digital-con-un-escudo-3D-circuitos-de-neon-y-el-texto-Comonfort-en-la-b-300x300.jpeg 300w, https:\/\/www.comonfort.gob.mx\/sitio\/wp-content\/uploads\/2026\/02\/Crea-un-logo-de-seguridad-digital-con-un-escudo-3D-circuitos-de-neon-y-el-texto-Comonfort-en-la-b-150x150.jpeg 150w\" sizes=\"(max-width: 1024px) 100vw, 1024px\" \/>\t\t\t\t\t\t\t\t<\/a>\n\t\t\t\t\t\t\t\t\t\t\t\t\t\t\t<\/div>\n\t\t\t\t<\/div>\n\t\t\t\t\t<\/div>\n\t\t<\/div>\n\t\t\t\t<div class=\"elementor-column elementor-col-33 elementor-top-column elementor-element elementor-element-2b66d45\" data-id=\"2b66d45\" data-element_type=\"column\">\n\t\t\t<div class=\"elementor-widget-wrap elementor-element-populated\">\n\t\t\t\t\t\t<div class=\"elementor-element elementor-element-b3a08fd elementor-widget elementor-widget-image\" data-id=\"b3a08fd\" data-element_type=\"widget\" data-widget_type=\"image.default\">\n\t\t\t\t<div class=\"elementor-widget-container\">\n\t\t\t\t\t\t\t\t\t\t\t\t\t\t\t\t<a href=\"https:\/\/www.comonfort.gob.mx\/sitio\/boletines-del-archivo-historico\/#quadmenu\">\n\t\t\t\t\t\t\t<img loading=\"lazy\" decoding=\"async\" width=\"226\" height=\"350\" src=\"https:\/\/www.comonfort.gob.mx\/sitio\/wp-content\/uploads\/2023\/04\/shot-1.jpg\" class=\"elementor-animation-grow attachment-large size-large wp-image-15436\" alt=\"\" srcset=\"https:\/\/www.comonfort.gob.mx\/sitio\/wp-content\/uploads\/2023\/04\/shot-1.jpg 226w, https:\/\/www.comonfort.gob.mx\/sitio\/wp-content\/uploads\/2023\/04\/shot-1-194x300.jpg 194w\" sizes=\"(max-width: 226px) 100vw, 226px\" \/>\t\t\t\t\t\t\t\t<\/a>\n\t\t\t\t\t\t\t\t\t\t\t\t\t\t\t<\/div>\n\t\t\t\t<\/div>\n\t\t\t\t\t<\/div>\n\t\t<\/div>\n\t\t\t\t\t<\/div>\n\t\t<\/section>\n\t\t\t\t<section class=\"elementor-section elementor-top-section elementor-element elementor-element-5312dc6 animated-slow elementor-section-stretched elementor-section-boxed elementor-section-height-default elementor-section-height-default elementor-invisible\" data-id=\"5312dc6\" data-element_type=\"section\" data-settings=\"{&quot;animation&quot;:&quot;fadeIn&quot;,&quot;stretch_section&quot;:&quot;section-stretched&quot;}\">\n\t\t\t\t\t\t<div class=\"elementor-container elementor-column-gap-default\">\n\t\t\t\t\t<div class=\"elementor-column elementor-col-100 elementor-top-column elementor-element elementor-element-f989b2a\" data-id=\"f989b2a\" data-element_type=\"column\">\n\t\t\t<div class=\"elementor-widget-wrap elementor-element-populated\">\n\t\t\t\t\t\t<div class=\"elementor-element elementor-element-8fa45ec elementor-widget-divider--view-line elementor-widget elementor-widget-divider\" data-id=\"8fa45ec\" data-element_type=\"widget\" data-widget_type=\"divider.default\">\n\t\t\t\t<div class=\"elementor-widget-container\">\n\t\t\t\t\t\t\t<div class=\"elementor-divider\">\n\t\t\t<span class=\"elementor-divider-separator\">\n\t\t\t\t\t\t<\/span>\n\t\t<\/div>\n\t\t\t\t\t\t<\/div>\n\t\t\t\t<\/div>\n\t\t\t\t\t<\/div>\n\t\t<\/div>\n\t\t\t\t\t<\/div>\n\t\t<\/section>\n\t\t\t\t<section class=\"elementor-section elementor-top-section elementor-element elementor-element-2a4a9f5 animated-slow elementor-section-stretched elementor-section-full_width elementor-section-height-default elementor-section-height-default elementor-invisible\" data-id=\"2a4a9f5\" data-element_type=\"section\" data-settings=\"{&quot;animation&quot;:&quot;fadeIn&quot;,&quot;stretch_section&quot;:&quot;section-stretched&quot;}\">\n\t\t\t\t\t\t<div class=\"elementor-container elementor-column-gap-default\">\n\t\t\t\t\t<div class=\"elementor-column elementor-col-100 elementor-top-column elementor-element elementor-element-4839be5\" data-id=\"4839be5\" data-element_type=\"column\">\n\t\t\t<div class=\"elementor-widget-wrap elementor-element-populated\">\n\t\t\t\t\t\t<div class=\"elementor-element elementor-element-ef74cad elementor-widget__width-initial elementor-widget elementor-widget-html\" data-id=\"ef74cad\" data-element_type=\"widget\" data-widget_type=\"html.default\">\n\t\t\t\t<div class=\"elementor-widget-container\">\n\t\t\t\t\t<!DOCTYPE html>\r\n<html lang=\"es\">\r\n<head>\r\n  <meta charset=\"utf-8\" \/>\r\n  <meta name=\"viewport\" content=\"width=device-width, initial-scale=1.0\" \/>\r\n  <meta name=\"description\" content=\"Inauguraci\u00f3n de la calle Cocoyotl en Comonfort, Guanajuato por la Gobernadora Libia Dennise.\" \/>\r\n  <title>Comunicados | Inauguraci\u00f3n de Calle Cocoyotl<\/title>\r\n  <script src=\"https:\/\/cdn.tailwindcss.com\"><\/script>\r\n  <link href=\"https:\/\/cdnjs.cloudflare.com\/ajax\/libs\/font-awesome\/5.15.3\/css\/all.min.css\" rel=\"stylesheet\" \/>\r\n  <style>\r\n    \/* Estilo para que la lista se vea limpia con Tailwind *\/\r\n    ul { list-style-type: disc; margin-left: 1.5rem; margin-top: 1rem; margin-bottom: 1rem; }\r\n    li { margin-bottom: 0.5rem; }\r\n  <\/style>\r\n<\/head>\r\n<body class=\"bg-gray-100\">\r\n\r\n  <main class=\"container mx-auto px-4 py-8\">\r\n    <article class=\"bg-white p-6 md:p-10 rounded-lg shadow-lg border-t-8 border-red-800 w-full md:w-4\/5 mx-auto\">\r\n      \r\n      <header class=\"mb-6\">\r\n        <div class=\"flex items-center justify-center space-x-2 text-red-800 mb-2\">\r\n          <i class=\"fas fa-road\"><\/i>\r\n          <span class=\"text-sm font-bold uppercase tracking-widest\">Obra P\u00fablica<\/span>\r\n        <\/div>\r\n        <h1 class=\"text-3xl md:text-4xl font-extrabold text-gray-900 text-center leading-tight\">\r\n          Inauguraci\u00f3n de la Calle Cocoyotl en Comonfort\r\n        <\/h1>\r\n        <div class=\"w-24 h-1 bg-red-800 mx-auto mt-4\"><\/div>\r\n      <\/header>\r\n\r\n      <div class=\"text-gray-700 mt-6 text-lg leading-relaxed text-justify\">\r\n        <p class=\"mb-4\">\r\n          El Gobierno Municipal de Comonfort, en conjunto con el <strong>Gobierno de la Gente<\/strong> y la Direcci\u00f3n de Obras P\u00fablicas, llev\u00f3 a cabo la inauguraci\u00f3n de la <strong>calle Cocoyotl<\/strong>, una obra que representa un importante beneficio para la comunidad y estudiantes.\r\n        <\/p>\r\n\r\n        <p class=\"mb-4\">\r\n          Esta vialidad impactar\u00e1 de manera directa a m\u00e1s de <strong>1,000 personas<\/strong> que transitan diariamente por la zona, as\u00ed como a alrededor de <strong>750 alumnas y alumnos<\/strong> del <strong>Cecyteg Plantel Comonfort II Empalme Escobedo<\/strong>, adem\u00e1s de docentes, padres de familia y vecinos.\r\n        <\/p>\r\n\r\n        <p class=\"mb-4\">\r\n          Durante su mensaje, el Presidente Municipal de Comonfort, <strong>Lic. Gilberto Z\u00e1rate Nieves<\/strong>, agradeci\u00f3 el trabajo coordinado y, de manera especial, el respaldo de la Gobernadora del Estado, <strong>Mtra. Libia Dennise Garc\u00eda Mu\u00f1oz Ledo<\/strong>, destacando el crecimiento de Comonfort en materia de desarrollo.\r\n        <\/p>\r\n\r\n        <div class=\"bg-gray-50 p-6 rounded-lg border-l-4 border-red-800 my-6\">\r\n          <p class=\"font-semibold mb-2 text-gray-800\">En su intervenci\u00f3n, la Gobernadora Libia Dennise agradeci\u00f3 la presencia de:<\/p>\r\n          <ul>\r\n            <li><strong>Lic. Gilberto Z\u00e1rate Nieves<\/strong>, Presidente Municipal de Comonfort.<\/li>\r\n            <li><strong>Jorge Jim\u00e9nez Lona<\/strong>, Secretario de Gobierno.<\/li>\r\n            <li><strong>Sra. Yolanda Lomas Gonz\u00e1lez<\/strong>, Presidenta del Sistema DIF Comonfort.<\/li>\r\n            <li><strong>Lic. Fidel Armando Ruiz Ram\u00edrez<\/strong>, Presidente Municipal de Juventino Rosas.<\/li>\r\n            <li><strong>H. Ayuntamiento de Comonfort<\/strong> y Gabinete Estatal.<\/li>\r\n            <li><strong>Lucero Higareda<\/strong> (Diputada Federal) e <strong>Itzel Mendoza<\/strong> (Diputada Local).<\/li>\r\n            <li>Secretarios de Obra P\u00fablica y Educaci\u00f3n.<\/li>\r\n          <\/ul>\r\n        <\/div>\r\n      <\/div>\r\n\r\n      <h2 class=\"text-2xl font-bold text-gray-800 mt-10 mb-6 border-b pb-2\">Galer\u00eda del Evento<\/h2>\r\n      <div class=\"grid grid-cols-1 md:grid-cols-2 gap-6\">\r\n        <div class=\"group overflow-hidden rounded-xl shadow-md border border-gray-200\">\r\n          <img decoding=\"async\" src=\"https:\/\/www.comonfort.gob.mx\/sitio\/wp-content\/uploads\/2026\/02\/coco1.jpg\" alt=\"Inauguraci\u00f3n calle Cocoyotl\" class=\"w-full h-64 object-cover transition-transform duration-500 group-hover:scale-110\">\r\n        <\/div>\r\n        <div class=\"group overflow-hidden rounded-xl shadow-md border border-gray-200\">\r\n          <img decoding=\"async\" src=\"https:\/\/www.comonfort.gob.mx\/sitio\/wp-content\/uploads\/2026\/02\/coco2.jpg\" alt=\"Supervisi\u00f3n de obra\" class=\"w-full h-64 object-cover transition-transform duration-500 group-hover:scale-110\">\r\n        <\/div>\r\n        <div class=\"group overflow-hidden rounded-xl shadow-md border border-gray-200\">\r\n          <img decoding=\"async\" src=\"https:\/\/www.comonfort.gob.mx\/sitio\/wp-content\/uploads\/2026\/02\/coco3.jpg\" alt=\"Vista de la nueva calle\" class=\"w-full h-64 object-cover transition-transform duration-500 group-hover:scale-110\">\r\n        <\/div>\r\n        <div class=\"group overflow-hidden rounded-xl shadow-md border border-gray-200\">\r\n          <img decoding=\"async\" src=\"https:\/\/www.comonfort.gob.mx\/sitio\/wp-content\/uploads\/2026\/02\/coco4.jpg\" alt=\"Evento protocolario\" class=\"w-full h-64 object-cover transition-transform duration-500 group-hover:scale-110\">\r\n        <\/div>\r\n      <\/div>\r\n\r\n      <footer class=\"mt-12 pt-6 border-t border-gray-200 flex justify-between items-center\">\r\n        <p class=\"text-sm text-gray-500\"> Gobierno Municipal de Comonfort<\/p>\r\n        <div class=\"flex space-x-4\">\r\n          \r\n          <\/a>\r\n        <\/div>\r\n      <\/footer>\r\n\r\n    <\/article>\r\n  <\/main>\r\n\r\n<\/body>\r\n<\/html>\t\t\t\t<\/div>\n\t\t\t\t<\/div>\n\t\t\t\t<div class=\"elementor-element elementor-element-36db9ab elementor-widget elementor-widget-html\" data-id=\"36db9ab\" data-element_type=\"widget\" data-widget_type=\"html.default\">\n\t\t\t\t<div class=\"elementor-widget-container\">\n\t\t\t\t\t<!DOCTYPE html>\r\n<html lang=\"es\">\r\n<head>\r\n  <meta charset=\"utf-8\" \/>\r\n  <meta name=\"viewport\" content=\"width=device-width, initial-scale=1.0\" \/>\r\n  <meta name=\"description\" content=\"Entrega de escrituras Papelito Habla y techado escolar en la Secundaria Mariano Escobedo, Comonfort.\" \/>\r\n  <title>Comunicados | Entrega de Apoyos Sociales<\/title>\r\n  <script src=\"https:\/\/cdn.tailwindcss.com\"><\/script>\r\n  <link href=\"https:\/\/cdnjs.cloudflare.com\/ajax\/libs\/font-awesome\/5.15.3\/css\/all.min.css\" rel=\"stylesheet\" \/>\r\n  <style>\r\n    \/* Color Guinda Institucional *\/\r\n    .bg-guinda { background-color: #611232; }\r\n    .text-guinda { color: #611232; }\r\n    .border-guinda { border-color: #611232; }\r\n    ul { list-style-type: disc; margin-left: 1.5rem; margin-top: 1rem; margin-bottom: 1rem; }\r\n    li { margin-bottom: 0.5rem; }\r\n  <\/style>\r\n<\/head>\r\n<body class=\"bg-gray-100\">\r\n\r\n  <main class=\"container mx-auto px-4 py-8\">\r\n    <article class=\"bg-white p-6 md:p-10 rounded-lg shadow-lg border-t-8 border-guinda w-full md:w-4\/5 mx-auto\">\r\n      \r\n      <header class=\"mb-8\">\r\n        <div class=\"flex items-center justify-center space-x-2 text-guinda mb-2\">\r\n          <i class=\"fas fa-hand-holding-heart\"><\/i>\r\n          <span class=\"text-sm font-bold uppercase tracking-widest\">Compromiso Social y Educaci\u00f3n<\/span>\r\n        <\/div>\r\n        <h1 class=\"text-3xl md:text-4xl font-extrabold text-gray-900 text-center leading-tight\">\r\n          Certeza Jur\u00eddica y Mejores Escuelas: Entrega de Apoyos en Comonfort\r\n        <\/h1>\r\n        <p class=\"text-center text-gray-500 mt-2 italic text-sm\">Jueves 29 de enero de 2026<\/p>\r\n        <div class=\"w-24 h-1 bg-guinda mx-auto mt-4\"><\/div>\r\n      <\/header>\r\n\r\n      <div class=\"text-gray-700 text-lg leading-relaxed text-justify\">\r\n        <p class=\"mb-4\">\r\n          El pasado jueves 29 de enero, el Gobierno Municipal de Comonfort, encabezado por el <strong>Lic. Gilberto Zarate Nieves<\/strong> junto con su esposa, la presidenta del DIF Comonfort, <strong>Sra. Yolanda Lomas Gonz\u00e1lez<\/strong>, en colaboraci\u00f3n con la Gobernadora del Estado, <strong>Mtra. Libia Dennise Garc\u00eda Mu\u00f1oz Ledo<\/strong>, realizaron una visita a la Escuela Secundaria General Mariano Escobedo.\r\n        <\/p>\r\n\r\n        <div class=\"grid grid-cols-1 md:grid-cols-2 gap-4 mb-8\">\r\n          <div class=\"bg-red-50 p-6 rounded-xl border-l-4 border-guinda\">\r\n            <h3 class=\"text-guinda font-bold flex items-center mb-2\">\r\n              <i class=\"fas fa-file-invoice mr-2\"><\/i> Papelito Habla\r\n            <\/h3>\r\n            <p class=\"text-sm text-gray-600\">Se entregaron <strong>36 escrituras<\/strong>, garantizando que m\u00e1s familias tengan legalmente la propiedad de sus hogares.<\/p>\r\n          <\/div>\r\n          <div class=\"bg-red-50 p-6 rounded-xl border-l-4 border-guinda\">\r\n            <h3 class=\"text-guinda font-bold flex items-center mb-2\">\r\n              <i class=\"fas fa-tools mr-2\"><\/i> Techado Escolar\r\n            <\/h3>\r\n            <p class=\"text-sm text-gray-600\">Inversi\u00f3n de <strong>2.5 millones de pesos<\/strong> para beneficiar a <strong>432 estudiantes<\/strong> de la Secundaria Mariano Escobedo.<\/p>\r\n          <\/div>\r\n        <\/div>\r\n\r\n        <p class=\"mb-4\">\r\n          Acompa\u00f1ados por el Gabinete Estatal y el Presidente Municipal de Juventino Rosas, <strong>Lic. Fidel Armando Ruiz Ram\u00edrez<\/strong>, se reafirm\u00f3 el compromiso de trabajar en equipo por la ni\u00f1ez y el patrimonio de los comonforenses.\r\n        <\/p>\r\n      <\/div>\r\n\r\n      <h2 class=\"text-2xl font-bold text-gray-800 mt-10 mb-6 border-b-2 border-guinda pb-2 inline-block\">Galer\u00eda del Evento<\/h2>\r\n      <div class=\"grid grid-cols-1 md:grid-cols-2 gap-6 mt-4\">\r\n        <div class=\"group overflow-hidden rounded-xl shadow-md bg-gray-200\">\r\n          <img decoding=\"async\" src=\"https:\/\/www.comonfort.gob.mx\/sitio\/wp-content\/uploads\/2026\/02\/pap1.jpg\" alt=\"Entrega de apoyos\" class=\"w-full h-64 object-cover transition duration-500 group-hover:scale-110\">\r\n        <\/div>\r\n        <div class=\"group overflow-hidden rounded-xl shadow-md bg-gray-200\">\r\n          <img decoding=\"async\" src=\"https:\/\/www.comonfort.gob.mx\/sitio\/wp-content\/uploads\/2026\/02\/pap2.jpg\" alt=\"Entrega de escrituras\" class=\"w-full h-64 object-cover transition duration-500 group-hover:scale-110\">\r\n        <\/div>\r\n        <div class=\"group overflow-hidden rounded-xl shadow-md bg-gray-200\">\r\n          <img decoding=\"async\" src=\"https:\/\/www.comonfort.gob.mx\/sitio\/wp-content\/uploads\/2026\/02\/pap4.jpg\" alt=\"Inauguraci\u00f3n del techado\" class=\"w-full h-64 object-cover transition duration-500 group-hover:scale-110\">\r\n        <\/div>\r\n        <div class=\"group overflow-hidden rounded-xl shadow-md bg-gray-200\">\r\n          <img decoding=\"async\" src=\"https:\/\/www.comonfort.gob.mx\/sitio\/wp-content\/uploads\/2026\/02\/pap3.jpg\" alt=\"Autoridades presentes\" class=\"w-full h-64 object-cover transition duration-500 group-hover:scale-110\">\r\n        <\/div>\r\n      <\/div>\r\n\r\n      <footer class=\"mt-12 pt-6 border-t border-gray-200 flex flex-col md:flex-row justify-between items-center gap-4\">\r\n        <p class=\"text-sm text-gray-500 font-semibold\"> Gobierno Municipal de Comonfort<\/p>\r\n        <div class=\"flex space-x-4 text-guinda\">\r\n         \r\n        <\/div>\r\n      <\/footer>\r\n\r\n    <\/article>\r\n  <\/main>\r\n\r\n<\/body>\r\n<\/html>\t\t\t\t<\/div>\n\t\t\t\t<\/div>\n\t\t\t\t<div class=\"elementor-element elementor-element-aa0a133 elementor-widget elementor-widget-spacer\" data-id=\"aa0a133\" data-element_type=\"widget\" data-widget_type=\"spacer.default\">\n\t\t\t\t<div class=\"elementor-widget-container\">\n\t\t\t\t\t\t\t<div class=\"elementor-spacer\">\n\t\t\t<div class=\"elementor-spacer-inner\"><\/div>\n\t\t<\/div>\n\t\t\t\t\t\t<\/div>\n\t\t\t\t<\/div>\n\t\t\t\t<div class=\"elementor-element elementor-element-e69012c elementor-widget-divider--view-line elementor-widget elementor-widget-divider\" data-id=\"e69012c\" data-element_type=\"widget\" data-widget_type=\"divider.default\">\n\t\t\t\t<div class=\"elementor-widget-container\">\n\t\t\t\t\t\t\t<div class=\"elementor-divider\">\n\t\t\t<span class=\"elementor-divider-separator\">\n\t\t\t\t\t\t<\/span>\n\t\t<\/div>\n\t\t\t\t\t\t<\/div>\n\t\t\t\t<\/div>\n\t\t\t\t\t<\/div>\n\t\t<\/div>\n\t\t\t\t\t<\/div>\n\t\t<\/section>\n\t\t\t\t<section class=\"elementor-section elementor-top-section elementor-element elementor-element-45d78ff animated-slow elementor-section-stretched elementor-section-boxed elementor-section-height-default elementor-section-height-default elementor-invisible\" data-id=\"45d78ff\" data-element_type=\"section\" data-settings=\"{&quot;animation&quot;:&quot;fadeIn&quot;,&quot;stretch_section&quot;:&quot;section-stretched&quot;}\">\n\t\t\t\t\t\t<div class=\"elementor-container elementor-column-gap-default\">\n\t\t\t\t\t<div class=\"elementor-column elementor-col-100 elementor-top-column elementor-element elementor-element-9a4e64d\" data-id=\"9a4e64d\" data-element_type=\"column\">\n\t\t\t<div class=\"elementor-widget-wrap elementor-element-populated\">\n\t\t\t\t\t\t<div class=\"elementor-element elementor-element-3097ea7 elementor-widget elementor-widget-html\" data-id=\"3097ea7\" data-element_type=\"widget\" data-widget_type=\"html.default\">\n\t\t\t\t<div class=\"elementor-widget-container\">\n\t\t\t\t\t<!DOCTYPE html>\r\n<html lang=\"es\">\r\n<head>\r\n  <meta charset=\"utf-8\" \/>\r\n  <meta name=\"viewport\" content=\"width=device-width, initial-scale=1.0\" \/>\r\n  <meta name=\"description\" content=\"Celebraci\u00f3n del 464 Aniversario de la Fundaci\u00f3n de Comonfort, Guanajuato.\" \/>\r\n  <title>Comunicados | 464 Aniversario Comonfort<\/title>\r\n  <script src=\"https:\/\/cdn.tailwindcss.com\"><\/script>\r\n  <link href=\"https:\/\/cdnjs.cloudflare.com\/ajax\/libs\/font-awesome\/5.15.3\/css\/all.min.css\" rel=\"stylesheet\" \/>\r\n  <style>\r\n    .bg-guinda { background-color: #611232; }\r\n    .text-guinda { color: #611232; }\r\n    .border-guinda { border-color: #611232; }\r\n    .text-oro { color: #b8860b; } \/* Color dorado para el aniversario *\/\r\n  <\/style>\r\n<\/head>\r\n<body class=\"bg-gray-100\">\r\n\r\n  <main class=\"container mx-auto px-4 py-8\">\r\n    <article class=\"bg-white p-6 md:p-10 rounded-lg shadow-2xl border-t-8 border-guinda w-full md:w-4\/5 mx-auto\">\r\n      \r\n      <header class=\"mb-8 text-center\">\r\n        <div class=\"flex items-center justify-center space-x-2 text-oro mb-2\">\r\n          <i class=\"fas fa-crown text-2xl\"><\/i>\r\n          <span class=\"text-sm font-bold uppercase tracking-widest\">Aniversario de Fundaci\u00f3n<\/span>\r\n        <\/div>\r\n        <h1 class=\"text-4xl md:text-5xl font-black text-gray-900 leading-tight\">\r\n          \u00a1Comonfort celebra 464 a\u00f1os de historia!\r\n        <\/h1>\r\n        <p class=\"text-xl text-guinda font-semibold mt-2\">Un desfile lleno de tradici\u00f3n, cultura y orgullo<\/p>\r\n        <div class=\"w-32 h-1 bg-guinda mx-auto mt-6\"><\/div>\r\n      <\/header>\r\n\r\n      <div class=\"text-gray-700 text-lg leading-relaxed text-justify\">\r\n        <p class=\"mb-6 first-letter:text-5xl first-letter:font-bold first-letter:text-guinda first-letter:mr-3 first-letter:float-left\">\r\n          Comonfort se llen\u00f3 de emoci\u00f3n y orgullo con la realizaci\u00f3n del desfile conmemorativo a su <strong>464 Aniversario de fundaci\u00f3n<\/strong>. Las principales calles del municipio se transformaron en un escenario de celebraci\u00f3n, donde la historia y el amor por nuestra tierra natal se hicieron presentes en cada paso.\r\n        <\/p>\r\n\r\n        <p class=\"mb-4\">\r\n          Adem\u00e1s, grupos provenientes de otros municipios se unieron a la festividad, mostrando su admiraci\u00f3n por la cultura, las tradiciones y la identidad que hacen de Comonfort un lugar especial. Su participaci\u00f3n reflej\u00f3 la <strong>solidaridad y el reconocimiento<\/strong> hacia el legado del municipio.\r\n        <\/p>\r\n\r\n        <div class=\"bg-red-50 border-l-4 border-guinda p-6 my-8 italic shadow-sm\">\r\n          <p class=\"text-xl text-gray-800\">\r\n            \"Este desfile no solo fue un recorrido, sino un homenaje al pasado, una celebraci\u00f3n del presente y una promesa de futuro.\"\r\n          <\/p>\r\n        <\/div>\r\n\r\n        <p class=\"mb-6\">\r\n          Hoy damos las gracias a todos los asistentes que hicieron de este desfile un momento emotivo. Con cada paso, Comonfort reafirm\u00f3 el orgullo de su gente, dejando claro que la grandeza de nuestro municipio vive en el coraz\u00f3n de quienes lo llaman hogar.\r\n        <\/p>\r\n      <\/div>\r\n\r\n      <div class=\"mt-10\">\r\n        <h2 class=\"text-2xl font-bold text-gray-800 mb-6 flex items-center\">\r\n          <i class=\"fas fa-camera-retro mr-2 text-guinda\"><\/i> Galer\u00eda de la Celebraci\u00f3n\r\n        <\/h2>\r\n        <div class=\"grid grid-cols-1 md:grid-cols-2 gap-4\">\r\n          <div class=\"relative group overflow-hidden rounded-lg shadow-lg\">\r\n            <img decoding=\"async\" src=\"https:\/\/www.comonfort.gob.mx\/sitio\/wp-content\/uploads\/2026\/02\/des1.jpg\" alt=\"Desfile 464 Aniversario\" class=\"w-full h-64 object-cover transition duration-500 group-hover:scale-110\">\r\n            <div class=\"absolute bottom-0 left-0 right-0 bg-black bg-opacity-50 text-white text-xs p-2 opacity-0 group-hover:opacity-100 transition\">Cultura y tradici\u00f3n en las calles<\/div>\r\n          <\/div>\r\n          <div class=\"relative group overflow-hidden rounded-lg shadow-lg\">\r\n            <img decoding=\"async\" src=\"https:\/\/www.comonfort.gob.mx\/sitio\/wp-content\/uploads\/2026\/02\/des2.jpg\" alt=\"Grupos visitantes\" class=\"w-full h-64 object-cover transition duration-500 group-hover:scale-110\">\r\n            <div class=\"absolute bottom-0 left-0 right-0 bg-black bg-opacity-50 text-white text-xs p-2 opacity-0 group-hover:opacity-100 transition\">Municipios hermanos presentes<\/div>\r\n          <\/div>\r\n          <div class=\"relative group overflow-hidden rounded-lg shadow-lg\">\r\n            <img decoding=\"async\" src=\"https:\/\/www.comonfort.gob.mx\/sitio\/wp-content\/uploads\/2026\/02\/des3.jpg\" alt=\"P\u00fablico asistente\" class=\"w-full h-64 object-cover transition duration-500 group-hover:scale-110\">\r\n            <div class=\"absolute bottom-0 left-0 right-0 bg-black bg-opacity-50 text-white text-xs p-2 opacity-0 group-hover:opacity-100 transition\">Orgullo de nuestra gente<\/div>\r\n          <\/div>\r\n          <div class=\"relative group overflow-hidden rounded-lg shadow-lg\">\r\n            <img decoding=\"async\" src=\"https:\/\/www.comonfort.gob.mx\/sitio\/wp-content\/uploads\/2026\/02\/des4.jpg\" alt=\"Cierre del desfile\" class=\"w-full h-64 object-cover transition duration-500 group-hover:scale-110\">\r\n            <div class=\"absolute bottom-0 left-0 right-0 bg-black bg-opacity-50 text-white text-xs p-2 opacity-0 group-hover:opacity-100 transition\">Homenaje a nuestro legado<\/div>\r\n          <\/div>\r\n        <\/div>\r\n      <\/div>\r\n\r\n      <footer class=\"mt-12 pt-8 border-t border-gray-200 text-center\">\r\n        <p class=\"text-guinda font-bold text-lg mb-2\">Comonfort: Grandeza de Nuestra Historia<\/p>\r\n        <div class=\"flex justify-center space-x-6 mb-4\">\r\n        \r\n        <\/div>\r\n        <p class=\"text-xs text-gray-400 uppercase tracking-tighter\">Gobierno Municipal de Comonfort 2024-2027<\/p>\r\n      <\/footer>\r\n\r\n    <\/article>\r\n  <\/main>\r\n\r\n<\/body>\r\n<\/html>\t\t\t\t<\/div>\n\t\t\t\t<\/div>\n\t\t\t\t\t<\/div>\n\t\t<\/div>\n\t\t\t\t\t<\/div>\n\t\t<\/section>\n\t\t\t\t<section class=\"elementor-section elementor-top-section elementor-element elementor-element-16e3375 animated-slow elementor-section-stretched elementor-section-boxed elementor-section-height-default elementor-section-height-default elementor-invisible\" data-id=\"16e3375\" data-element_type=\"section\" data-settings=\"{&quot;animation&quot;:&quot;fadeIn&quot;,&quot;stretch_section&quot;:&quot;section-stretched&quot;}\">\n\t\t\t\t\t\t<div class=\"elementor-container elementor-column-gap-default\">\n\t\t\t\t\t<div class=\"elementor-column elementor-col-100 elementor-top-column elementor-element elementor-element-916de7a\" data-id=\"916de7a\" data-element_type=\"column\">\n\t\t\t<div class=\"elementor-widget-wrap elementor-element-populated\">\n\t\t\t\t\t\t<div class=\"elementor-element elementor-element-9fb5fce elementor-widget elementor-widget-html\" data-id=\"9fb5fce\" data-element_type=\"widget\" data-widget_type=\"html.default\">\n\t\t\t\t<div class=\"elementor-widget-container\">\n\t\t\t\t\t<!DOCTYPE html>\r\n<html lang=\"es\">\r\n<head>\r\n  <meta charset=\"utf-8\" \/>\r\n  <meta name=\"viewport\" content=\"width=device-width, initial-scale=1.0\" \/>\r\n  <meta name=\"description\" content=\"Instalaci\u00f3n y Primera Sesi\u00f3n Ordinaria del Comit\u00e9 Municipal de \u00c9tica en Comonfort.\" \/>\r\n  <title>Comunicados | Comit\u00e9 de \u00c9tica<\/title>\r\n  <script src=\"https:\/\/cdn.tailwindcss.com\"><\/script>\r\n  <link href=\"https:\/\/cdnjs.cloudflare.com\/ajax\/libs\/font-awesome\/5.15.3\/css\/all.min.css\" rel=\"stylesheet\" \/>\r\n  <style>\r\n    .bg-guinda { background-color: #611232; }\r\n    .text-guinda { color: #611232; }\r\n    .border-guinda { border-color: #611232; }\r\n  <\/style>\r\n<\/head>\r\n<body class=\"bg-gray-100\">\r\n\r\n  <main class=\"container mx-auto px-4 py-8\">\r\n    <article class=\"bg-white p-6 md:p-10 rounded-lg shadow-lg border-t-8 border-guinda w-full md:w-4\/5 mx-auto\">\r\n      \r\n      <header class=\"mb-8\">\r\n        <div class=\"flex items-center justify-center space-x-2 text-guinda mb-2\">\r\n          <i class=\"fas fa-balance-scale\"><\/i>\r\n          <span class=\"text-sm font-bold uppercase tracking-widest\">Contralor\u00eda Municipal<\/span>\r\n        <\/div>\r\n        <h1 class=\"text-3xl md:text-4xl font-extrabold text-gray-900 text-center leading-tight\">\r\n          Instalaci\u00f3n del Comit\u00e9 Municipal de \u00c9tica\r\n        <\/h1>\r\n        <p class=\"text-sm text-gray-500 text-center mt-2 font-medium\">Cumplimiento a los lineamientos de la Contralor\u00eda Municipal<\/p>\r\n        <div class=\"w-24 h-1 bg-guinda mx-auto mt-4\"><\/div>\r\n      <\/header>\r\n\r\n      <div class=\"text-gray-700 text-lg leading-relaxed text-justify\">\r\n        <p class=\"mb-4\">\r\n          El Gobierno Municipal de Comonfort 2024\u20132027, encabezado por el <strong>Lic. Gilberto Z\u00e1rate Nieves<\/strong>, llev\u00f3 a cabo la <strong>Instalaci\u00f3n y Primera Sesi\u00f3n Ordinaria del Comit\u00e9 Municipal de \u00c9tica<\/strong>.\r\n        <\/p>\r\n        \r\n        <p class=\"mb-4\">\r\n          Durante la sesi\u00f3n, se destac\u00f3 la importancia de este Comit\u00e9 como un \u00f3rgano colegiado de vigilancia y participaci\u00f3n ciudadana. Su funci\u00f3n principal ser\u00e1 fomentar una <strong>cultura de integridad, transparencia y conducta \u00e9tica<\/strong> dentro del servicio p\u00fablico de nuestro municipio.\r\n        <\/p>\r\n\r\n        <p class=\"mb-6\">\r\n          El alcalde, junto con integrantes del Ayuntamiento, reafirm\u00f3 que la \u00e9tica es el eje rector que gu\u00eda la transformaci\u00f3n de Comonfort hacia un ejercicio p\u00fablico responsable, honesto y cercano a la gente, fortaleciendo as\u00ed la confianza mutua entre sociedad y gobierno.\r\n        <\/p>\r\n\r\n        <blockquote class=\"border-l-4 border-guinda bg-red-50 p-4 my-6 italic text-gray-700\">\r\n          \"La \u00e9tica es el eje que gu\u00eda la transformaci\u00f3n de Comonfort hacia un ejercicio p\u00fablico responsable y honesto.\"\r\n        <\/blockquote>\r\n      <\/div>\r\n\r\n      <h2 class=\"text-2xl font-bold text-gray-800 mt-10 mb-6 border-b pb-2\">Galer\u00eda de la Sesi\u00f3n<\/h2>\r\n      <div class=\"grid grid-cols-1 md:grid-cols-2 gap-6\">\r\n        <div class=\"group overflow-hidden rounded-xl shadow-md border border-gray-200\">\r\n          <img decoding=\"async\" src=\"https:\/\/www.comonfort.gob.mx\/sitio\/wp-content\/uploads\/2025\/11\/etica3.jpg\" \r\n               alt=\"Presidente Gilberto Z\u00e1rate Nieves en Sesi\u00f3n\" \r\n               class=\"w-full h-64 object-cover transition duration-500 group-hover:scale-110\">\r\n        <\/div>\r\n        <div class=\"group overflow-hidden rounded-xl shadow-md border border-gray-200\">\r\n          <img decoding=\"async\" src=\"https:\/\/www.comonfort.gob.mx\/sitio\/wp-content\/uploads\/2025\/11\/etica.jpg\" \r\n               alt=\"Instalaci\u00f3n del Comit\u00e9\" \r\n               class=\"w-full h-64 object-cover transition duration-500 group-hover:scale-110\">\r\n        <\/div>\r\n        <div class=\"group overflow-hidden rounded-xl shadow-md border border-gray-200\">\r\n          <img decoding=\"async\" src=\"https:\/\/www.comonfort.gob.mx\/sitio\/wp-content\/uploads\/2025\/11\/etica1.jpg\" \r\n               alt=\"Sesi\u00f3n Ordinaria\" \r\n               class=\"w-full h-64 object-cover transition duration-500 group-hover:scale-110\">\r\n        <\/div>\r\n        <div class=\"group overflow-hidden rounded-xl shadow-md border border-gray-200\">\r\n          <img decoding=\"async\" src=\"https:\/\/www.comonfort.gob.mx\/sitio\/wp-content\/uploads\/2025\/11\/etica2.jpg\" \r\n               alt=\"Integrantes del Ayuntamiento\" \r\n               class=\"w-full h-64 object-cover transition duration-500 group-hover:scale-110\">\r\n        <\/div>\r\n      <\/div>\r\n\r\n      <footer class=\"mt-12 pt-6 border-t border-gray-200 flex flex-col md:flex-row justify-between items-center gap-4\">\r\n        <p class=\"text-sm text-gray-500 font-semibold\"> Gobierno Municipal de Comonfort<\/p>\r\n        <div class=\"flex space-x-4\">\r\n          \r\n           \r\n          <\/a>\r\n        <\/div>\r\n      <\/footer>\r\n\r\n    <\/article>\r\n  <\/main>\r\n\r\n<\/body>\r\n<\/html>\t\t\t\t<\/div>\n\t\t\t\t<\/div>\n\t\t\t\t<div class=\"elementor-element elementor-element-efe3018 elementor-widget elementor-widget-html\" data-id=\"efe3018\" data-element_type=\"widget\" data-widget_type=\"html.default\">\n\t\t\t\t<div class=\"elementor-widget-container\">\n\t\t\t\t\t<!DOCTYPE html>\r\n<html lang=\"es\">\r\n<head>\r\n  <meta charset=\"utf-8\" \/>\r\n  <meta name=\"viewport\" content=\"width=device-width, initial-scale=1.0\" \/>\r\n  <meta name=\"description\" content=\"Entrega de patrullas y uniformes para fortalecer la Seguridad P\u00fablica en Comonfort, Guanajuato.\" \/>\r\n  <title>Comunicados | Seguridad P\u00fablica Comonfort<\/title>\r\n  <script src=\"https:\/\/cdn.tailwindcss.com\"><\/script>\r\n  <link href=\"https:\/\/cdnjs.cloudflare.com\/ajax\/libs\/font-awesome\/5.15.3\/css\/all.min.css\" rel=\"stylesheet\" \/>\r\n  <style>\r\n    .bg-guinda { background-color: #611232; }\r\n    .text-guinda { color: #611232; }\r\n    .border-guinda { border-color: #611232; }\r\n  <\/style>\r\n<\/head>\r\n<body class=\"bg-gray-100\">\r\n\r\n  <main class=\"container mx-auto px-4 py-8\">\r\n    <article class=\"bg-white p-6 md:p-10 rounded-lg shadow-lg border-t-8 border-guinda w-full md:w-4\/5 mx-auto\">\r\n      \r\n      <header class=\"mb-8\">\r\n        <div class=\"flex items-center justify-center space-x-2 text-guinda mb-2\">\r\n          <i class=\"fas fa-shield-alt text-2xl\"><\/i>\r\n          <span class=\"text-sm font-bold uppercase tracking-widest\">Seguridad P\u00fablica Municipal<\/span>\r\n        <\/div>\r\n        <h1 class=\"text-3xl md:text-4xl font-extrabold text-gray-900 text-center leading-tight\">\r\n          Fortalecimiento de la Seguridad P\u00fablica en Comonfort\r\n        <\/h1>\r\n        <div class=\"w-24 h-1 bg-guinda mx-auto mt-4\"><\/div>\r\n      <\/header>\r\n\r\n      <div class=\"text-gray-700 text-lg leading-relaxed text-justify\">\r\n        <p class=\"mb-4\">\r\n          El Gobierno Municipal encabezado por el <strong>Lic. Gilberto Zarate Nieves<\/strong>, en conjunto con la Direcci\u00f3n de Seguridad P\u00fablica, llev\u00f3 a cabo la entrega de <strong>unidades vehiculares especiales de vigilancia policial y uniformes<\/strong>.\r\n        <\/p>\r\n\r\n        <div class=\"bg-gray-50 border-l-4 border-guinda p-6 my-8 rounded-r-lg\">\r\n          <h3 class=\"text-guinda font-bold mb-3 uppercase text-sm tracking-wider\">Impacto de la entrega:<\/h3>\r\n          <div class=\"grid grid-cols-1 md:grid-cols-3 gap-4 text-center\">\r\n            <div class=\"p-2\">\r\n              <i class=\"fas fa-shipping-fast text-guinda text-xl mb-2\"><\/i>\r\n              <p class=\"text-xs font-semibold\">Mayor Movilidad<\/p>\r\n            <\/div>\r\n            <div class=\"p-2\">\r\n              <i class=\"fas fa-eye text-guinda text-xl mb-2\"><\/i>\r\n              <p class=\"text-xs font-semibold\">Presencia Preventiva<\/p>\r\n            <\/div>\r\n            <div class=\"p-2\">\r\n              <i class=\"fas fa-users text-guinda text-xl mb-2\"><\/i>\r\n              <p class=\"text-xs font-semibold\">Capacidad Operativa<\/p>\r\n            <\/div>\r\n          <\/div>\r\n        <\/div>\r\n\r\n        <p class=\"mb-4\">\r\n          Durante el evento contamos con la presencia del Secretario del Ayuntamiento, <strong>Lic. Gerardo Galv\u00e1n Guti\u00e9rrez<\/strong>; la Regidora <strong>Mtra. Lilia Carrillo Morales<\/strong>; el Regidor <strong>Lic. Jos\u00e9 Antonio S\u00e1nchez<\/strong>; la Tesorera Municipal y el encargado de la Direcci\u00f3n de Seguridad P\u00fablica.\r\n        <\/p>\r\n\r\n        <p class=\"mb-6\">\r\n          Este nuevo equipamiento se traduce en mayor tranquilidad para la ciudadan\u00eda y un entorno m\u00e1s seguro para el desarrollo de las actividades diarias de los comonforenses, brindando a nuestros elementos mejores herramientas para proteger a las familias de nuestro pueblo.\r\n        <\/p>\r\n      <\/div>\r\n\r\n      <h2 class=\"text-2xl font-bold text-gray-800 mt-10 mb-6 border-b pb-2\">Entrega de Equipamiento<\/h2>\r\n      <div class=\"grid grid-cols-1 md:grid-cols-2 gap-6\">\r\n        <div class=\"group overflow-hidden rounded-xl shadow-md border border-gray-200\">\r\n          <img decoding=\"async\" src=\"https:\/\/www.comonfort.gob.mx\/sitio\/wp-content\/uploads\/2026\/02\/seg1.jpg\" alt=\"Nuevas unidades vehiculares\" class=\"w-full h-64 object-cover transition duration-500 group-hover:scale-110\">\r\n        <\/div>\r\n        <div class=\"group overflow-hidden rounded-xl shadow-md border border-gray-200\">\r\n          <img decoding=\"async\" src=\"https:\/\/www.comonfort.gob.mx\/sitio\/wp-content\/uploads\/2026\/02\/seg2.jpg\" alt=\"Entrega de uniformes\" class=\"w-full h-64 object-cover transition duration-500 group-hover:scale-110\">\r\n        <\/div>\r\n        <div class=\"group overflow-hidden rounded-xl shadow-md border border-gray-200\">\r\n          <img decoding=\"async\" src=\"https:\/\/www.comonfort.gob.mx\/sitio\/wp-content\/uploads\/2026\/02\/seg3.jpg\" alt=\"Elementos de seguridad municipal\" class=\"w-full h-64 object-cover transition duration-500 group-hover:scale-110\">\r\n        <\/div>\r\n        <div class=\"group overflow-hidden rounded-xl shadow-md border border-gray-200\">\r\n          <img decoding=\"async\" src=\"https:\/\/www.comonfort.gob.mx\/sitio\/wp-content\/uploads\/2026\/02\/seg4.jpg\" alt=\"Autoridades presentes en la entrega\" class=\"w-full h-64 object-cover transition duration-500 group-hover:scale-110\">\r\n        <\/div>\r\n      <\/div>\r\n\r\n      <footer class=\"mt-12 pt-6 border-t border-gray-200 flex flex-col md:flex-row justify-between items-center gap-4\">\r\n        <p class=\"text-sm text-gray-500 font-semibold italic\">Seguridad y Confianza para Comonfort<\/p>\r\n        <div class=\"flex space-x-4\">\r\n         \r\n          <\/a>\r\n        <\/div>\r\n      <\/footer>\r\n\r\n    <\/article>\r\n  <\/main>\r\n\r\n<\/body>\r\n<\/html>\t\t\t\t<\/div>\n\t\t\t\t<\/div>\n\t\t\t\t\t<\/div>\n\t\t<\/div>\n\t\t\t\t\t<\/div>\n\t\t<\/section>\n\t\t\t\t<section class=\"elementor-section elementor-top-section elementor-element elementor-element-b86f764 animated-slow elementor-section-stretched elementor-section-boxed elementor-section-height-default elementor-section-height-default elementor-invisible\" data-id=\"b86f764\" data-element_type=\"section\" data-settings=\"{&quot;animation&quot;:&quot;fadeIn&quot;,&quot;stretch_section&quot;:&quot;section-stretched&quot;}\">\n\t\t\t\t\t\t<div class=\"elementor-container elementor-column-gap-default\">\n\t\t\t\t\t<div class=\"elementor-column elementor-col-100 elementor-top-column elementor-element elementor-element-11e59eb\" data-id=\"11e59eb\" data-element_type=\"column\">\n\t\t\t<div class=\"elementor-widget-wrap elementor-element-populated\">\n\t\t\t\t\t\t<div class=\"elementor-element elementor-element-8b28524 elementor-invisible elementor-widget elementor-widget-MEC\" data-id=\"8b28524\" data-element_type=\"widget\" data-settings=\"{&quot;_animation&quot;:&quot;bounce&quot;}\" data-widget_type=\"MEC.default\">\n\t\t\t\t<div class=\"elementor-widget-container\">\n\t\t\t\t\t<div id=\"mec_skin_6911\" class=\"mec-wrap colorskin-custom  \">\r\n    \r\n        \r\n    <div class=\"mec-calendar mec-box-calendar\">\r\n        <div class=\"mec-calendar-topsec\">        <div class=\"mec-calendar-side mec-clear\">\r\n                        <div class=\"mec-skin-monthly-view-month-navigator-container\">\r\n                <div class=\"mec-month-navigator\" id=\"mec_month_navigator_6911_202604\"><div class=\"mec-previous-month mec-load-month mec-previous-month\" data-mec-year=\"2026\" data-mec-month=\"03\"><i class=\"mec-sl-angle-left\"><\/i> marzo<\/div><div class=\"mec-calendar-header\"><h2>abril 2026<\/h2><\/div><div class=\"mec-next-month mec-load-month mec-next-month\" data-mec-year=\"2026\" data-mec-month=\"05\">mayo <i class=\"mec-sl-angle-right\"><\/i><\/div><\/div>\r\n            <\/div>\r\n            \r\n            <div class=\"mec-calendar-table\" id=\"mec_skin_events_6911\">\r\n                <div class=\"mec-month-container mec-month-container-selected\" id=\"mec_monthly_view_month_6911_202604\" data-month-id=\"202604\"><dl class=\"mec-calendar-table-head\"><dt class=\"mec-calendar-day-head\">DO<\/dt><dt class=\"mec-calendar-day-head\">LU<\/dt><dt class=\"mec-calendar-day-head\">MA<\/dt><dt class=\"mec-calendar-day-head\">MI<\/dt><dt class=\"mec-calendar-day-head\">JU<\/dt><dt class=\"mec-calendar-day-head\">VI<\/dt><dt class=\"mec-calendar-day-head\">SA<\/dt><\/dl><dl class=\"mec-calendar-row\">\r\n    <dt class=\"mec-table-nullday\">29<\/dt><dt class=\"mec-table-nullday\">30<\/dt><dt class=\"mec-table-nullday\">31<\/dt><dt class=\"mec-calendar-day\" data-mec-cell=\"20260401\" data-day=\"1\" data-month=\"202604\">1<\/dt><\/dt><dt class=\"mec-calendar-day\" data-mec-cell=\"20260402\" data-day=\"2\" data-month=\"202604\">2<\/dt><\/dt><dt class=\"mec-calendar-day\" data-mec-cell=\"20260403\" data-day=\"3\" data-month=\"202604\">3<\/dt><\/dt><dt class=\"mec-calendar-day\" data-mec-cell=\"20260404\" data-day=\"4\" data-month=\"202604\">4<\/dt><\/dt><\/dl><dl class=\"mec-calendar-row\"><dt class=\"mec-calendar-day\" data-mec-cell=\"20260405\" data-day=\"5\" data-month=\"202604\">5<\/dt><\/dt><dt class=\"mec-calendar-day\" data-mec-cell=\"20260406\" data-day=\"6\" data-month=\"202604\">6<\/dt><\/dt><dt class=\"mec-calendar-day\" data-mec-cell=\"20260407\" data-day=\"7\" data-month=\"202604\">7<\/dt><\/dt><dt class=\"mec-calendar-day\" data-mec-cell=\"20260408\" data-day=\"8\" data-month=\"202604\">8<\/dt><\/dt><dt class=\"mec-calendar-day\" data-mec-cell=\"20260409\" data-day=\"9\" data-month=\"202604\">9<\/dt><\/dt><dt class=\"mec-calendar-day\" data-mec-cell=\"20260410\" data-day=\"10\" data-month=\"202604\">10<\/dt><\/dt><dt class=\"mec-calendar-day\" data-mec-cell=\"20260411\" data-day=\"11\" data-month=\"202604\">11<\/dt><\/dt><\/dl><dl class=\"mec-calendar-row\"><dt class=\"mec-calendar-day\" data-mec-cell=\"20260412\" data-day=\"12\" data-month=\"202604\">12<\/dt><\/dt><dt class=\"mec-calendar-day\" data-mec-cell=\"20260413\" data-day=\"13\" data-month=\"202604\">13<\/dt><\/dt><dt class=\"mec-calendar-day\" data-mec-cell=\"20260414\" data-day=\"14\" data-month=\"202604\">14<\/dt><\/dt><dt class=\"mec-calendar-day\" data-mec-cell=\"20260415\" data-day=\"15\" data-month=\"202604\">15<\/dt><\/dt><dt class=\"mec-calendar-day\" data-mec-cell=\"20260416\" data-day=\"16\" data-month=\"202604\">16<\/dt><\/dt><dt class=\"mec-calendar-day\" data-mec-cell=\"20260417\" data-day=\"17\" data-month=\"202604\">17<\/dt><\/dt><dt class=\"mec-calendar-day\" data-mec-cell=\"20260418\" data-day=\"18\" data-month=\"202604\">18<\/dt><\/dt><\/dl><dl class=\"mec-calendar-row\"><dt class=\"mec-calendar-day\" data-mec-cell=\"20260419\" data-day=\"19\" data-month=\"202604\">19<\/dt><\/dt><dt class=\"mec-calendar-day\" data-mec-cell=\"20260420\" data-day=\"20\" data-month=\"202604\">20<\/dt><\/dt><dt class=\"mec-calendar-day\" data-mec-cell=\"20260421\" data-day=\"21\" data-month=\"202604\">21<\/dt><\/dt><dt class=\"mec-calendar-day\" data-mec-cell=\"20260422\" data-day=\"22\" data-month=\"202604\">22<\/dt><\/dt><dt class=\"mec-calendar-day\" data-mec-cell=\"20260423\" data-day=\"23\" data-month=\"202604\">23<\/dt><\/dt><dt class=\"mec-calendar-day\" data-mec-cell=\"20260424\" data-day=\"24\" data-month=\"202604\">24<\/dt><\/dt><dt class=\"mec-calendar-day\" data-mec-cell=\"20260425\" data-day=\"25\" data-month=\"202604\">25<\/dt><\/dt><\/dl><dl class=\"mec-calendar-row\"><dt class=\"mec-calendar-day\" data-mec-cell=\"20260426\" data-day=\"26\" data-month=\"202604\">26<\/dt><\/dt><dt class=\"mec-calendar-day mec-selected-day\" data-mec-cell=\"20260427\" data-day=\"27\" data-month=\"202604\">27<\/dt><\/dt><dt class=\"mec-calendar-day\" data-mec-cell=\"20260428\" data-day=\"28\" data-month=\"202604\">28<\/dt><\/dt><dt class=\"mec-calendar-day\" data-mec-cell=\"20260429\" data-day=\"29\" data-month=\"202604\">29<\/dt><\/dt><dt class=\"mec-calendar-day\" data-mec-cell=\"20260430\" data-day=\"30\" data-month=\"202604\">30<\/dt><\/dt><dt class=\"mec-table-nullday\">1<\/dt><dt class=\"mec-table-nullday\">2<\/dt><\/dl>\r\n<\/div>\r\n            <\/div>\r\n        <\/div>\r\n        <div class=\"mec-calendar-events-side mec-clear\"><div class=\"mec-month-side\" id=\"mec_month_side_6911_202604\"><div class=\"mec-calendar-events-sec\" data-mec-cell=\"20260401\" ><h6 class=\"mec-table-side-title\">Events for <span class=\"mec-color mec-table-side-day\"> 1<\/span> abril<\/h6><article class=\"mec-event-article\"><div class=\"mec-event-detail\">Sin eventos<\/div><\/article><\/div><div class=\"mec-calendar-events-sec\" data-mec-cell=\"20260402\" ><h6 class=\"mec-table-side-title\">Events for <span class=\"mec-color mec-table-side-day\"> 2<\/span> abril<\/h6><article class=\"mec-event-article\"><div class=\"mec-event-detail\">Sin eventos<\/div><\/article><\/div><div class=\"mec-calendar-events-sec\" data-mec-cell=\"20260403\" ><h6 class=\"mec-table-side-title\">Events for <span class=\"mec-color mec-table-side-day\"> 3<\/span> abril<\/h6><article class=\"mec-event-article\"><div class=\"mec-event-detail\">Sin eventos<\/div><\/article><\/div><div class=\"mec-calendar-events-sec\" data-mec-cell=\"20260404\" ><h6 class=\"mec-table-side-title\">Events for <span class=\"mec-color mec-table-side-day\"> 4<\/span> abril<\/h6><article class=\"mec-event-article\"><div class=\"mec-event-detail\">Sin eventos<\/div><\/article><\/div><div class=\"mec-calendar-events-sec\" data-mec-cell=\"20260405\" ><h6 class=\"mec-table-side-title\">Events for <span class=\"mec-color mec-table-side-day\"> 5<\/span> abril<\/h6><article class=\"mec-event-article\"><div class=\"mec-event-detail\">Sin eventos<\/div><\/article><\/div><div class=\"mec-calendar-events-sec\" data-mec-cell=\"20260406\" ><h6 class=\"mec-table-side-title\">Events for <span class=\"mec-color mec-table-side-day\"> 6<\/span> abril<\/h6><article class=\"mec-event-article\"><div class=\"mec-event-detail\">Sin eventos<\/div><\/article><\/div><div class=\"mec-calendar-events-sec\" data-mec-cell=\"20260407\" ><h6 class=\"mec-table-side-title\">Events for <span class=\"mec-color mec-table-side-day\"> 7<\/span> abril<\/h6><article class=\"mec-event-article\"><div class=\"mec-event-detail\">Sin eventos<\/div><\/article><\/div><div class=\"mec-calendar-events-sec\" data-mec-cell=\"20260408\" ><h6 class=\"mec-table-side-title\">Events for <span class=\"mec-color mec-table-side-day\"> 8<\/span> abril<\/h6><article class=\"mec-event-article\"><div class=\"mec-event-detail\">Sin eventos<\/div><\/article><\/div><div class=\"mec-calendar-events-sec\" data-mec-cell=\"20260409\" ><h6 class=\"mec-table-side-title\">Events for <span class=\"mec-color mec-table-side-day\"> 9<\/span> abril<\/h6><article class=\"mec-event-article\"><div class=\"mec-event-detail\">Sin eventos<\/div><\/article><\/div><div class=\"mec-calendar-events-sec\" data-mec-cell=\"20260410\" ><h6 class=\"mec-table-side-title\">Events for <span class=\"mec-color mec-table-side-day\"> 10<\/span> abril<\/h6><article class=\"mec-event-article\"><div class=\"mec-event-detail\">Sin eventos<\/div><\/article><\/div><div class=\"mec-calendar-events-sec\" data-mec-cell=\"20260411\" ><h6 class=\"mec-table-side-title\">Events for <span class=\"mec-color mec-table-side-day\"> 11<\/span> abril<\/h6><article class=\"mec-event-article\"><div class=\"mec-event-detail\">Sin eventos<\/div><\/article><\/div><div class=\"mec-calendar-events-sec\" data-mec-cell=\"20260412\" ><h6 class=\"mec-table-side-title\">Events for <span class=\"mec-color mec-table-side-day\"> 12<\/span> abril<\/h6><article class=\"mec-event-article\"><div class=\"mec-event-detail\">Sin eventos<\/div><\/article><\/div><div class=\"mec-calendar-events-sec\" data-mec-cell=\"20260413\" ><h6 class=\"mec-table-side-title\">Events for <span class=\"mec-color mec-table-side-day\"> 13<\/span> abril<\/h6><article class=\"mec-event-article\"><div class=\"mec-event-detail\">Sin eventos<\/div><\/article><\/div><div class=\"mec-calendar-events-sec\" data-mec-cell=\"20260414\" ><h6 class=\"mec-table-side-title\">Events for <span class=\"mec-color mec-table-side-day\"> 14<\/span> abril<\/h6><article class=\"mec-event-article\"><div class=\"mec-event-detail\">Sin eventos<\/div><\/article><\/div><div class=\"mec-calendar-events-sec\" data-mec-cell=\"20260415\" ><h6 class=\"mec-table-side-title\">Events for <span class=\"mec-color mec-table-side-day\"> 15<\/span> abril<\/h6><article class=\"mec-event-article\"><div class=\"mec-event-detail\">Sin eventos<\/div><\/article><\/div><div class=\"mec-calendar-events-sec\" data-mec-cell=\"20260416\" ><h6 class=\"mec-table-side-title\">Events for <span class=\"mec-color mec-table-side-day\"> 16<\/span> abril<\/h6><article class=\"mec-event-article\"><div class=\"mec-event-detail\">Sin eventos<\/div><\/article><\/div><div class=\"mec-calendar-events-sec\" data-mec-cell=\"20260417\" ><h6 class=\"mec-table-side-title\">Events for <span class=\"mec-color mec-table-side-day\"> 17<\/span> abril<\/h6><article class=\"mec-event-article\"><div class=\"mec-event-detail\">Sin eventos<\/div><\/article><\/div><div class=\"mec-calendar-events-sec\" data-mec-cell=\"20260418\" ><h6 class=\"mec-table-side-title\">Events for <span class=\"mec-color mec-table-side-day\"> 18<\/span> abril<\/h6><article class=\"mec-event-article\"><div class=\"mec-event-detail\">Sin eventos<\/div><\/article><\/div><div class=\"mec-calendar-events-sec\" data-mec-cell=\"20260419\" ><h6 class=\"mec-table-side-title\">Events for <span class=\"mec-color mec-table-side-day\"> 19<\/span> abril<\/h6><article class=\"mec-event-article\"><div class=\"mec-event-detail\">Sin eventos<\/div><\/article><\/div><div class=\"mec-calendar-events-sec\" data-mec-cell=\"20260420\" ><h6 class=\"mec-table-side-title\">Events for <span class=\"mec-color mec-table-side-day\"> 20<\/span> abril<\/h6><article class=\"mec-event-article\"><div class=\"mec-event-detail\">Sin eventos<\/div><\/article><\/div><div class=\"mec-calendar-events-sec\" data-mec-cell=\"20260421\" ><h6 class=\"mec-table-side-title\">Events for <span class=\"mec-color mec-table-side-day\"> 21<\/span> abril<\/h6><article class=\"mec-event-article\"><div class=\"mec-event-detail\">Sin eventos<\/div><\/article><\/div><div class=\"mec-calendar-events-sec\" data-mec-cell=\"20260422\" ><h6 class=\"mec-table-side-title\">Events for <span class=\"mec-color mec-table-side-day\"> 22<\/span> abril<\/h6><article class=\"mec-event-article\"><div class=\"mec-event-detail\">Sin eventos<\/div><\/article><\/div><div class=\"mec-calendar-events-sec\" data-mec-cell=\"20260423\" ><h6 class=\"mec-table-side-title\">Events for <span class=\"mec-color mec-table-side-day\"> 23<\/span> abril<\/h6><article class=\"mec-event-article\"><div class=\"mec-event-detail\">Sin eventos<\/div><\/article><\/div><div class=\"mec-calendar-events-sec\" data-mec-cell=\"20260424\" ><h6 class=\"mec-table-side-title\">Events for <span class=\"mec-color mec-table-side-day\"> 24<\/span> abril<\/h6><article class=\"mec-event-article\"><div class=\"mec-event-detail\">Sin eventos<\/div><\/article><\/div><div class=\"mec-calendar-events-sec\" data-mec-cell=\"20260425\" ><h6 class=\"mec-table-side-title\">Events for <span class=\"mec-color mec-table-side-day\"> 25<\/span> abril<\/h6><article class=\"mec-event-article\"><div class=\"mec-event-detail\">Sin eventos<\/div><\/article><\/div><div class=\"mec-calendar-events-sec\" data-mec-cell=\"20260426\" ><h6 class=\"mec-table-side-title\">Events for <span class=\"mec-color mec-table-side-day\"> 26<\/span> abril<\/h6><article class=\"mec-event-article\"><div class=\"mec-event-detail\">Sin eventos<\/div><\/article><\/div><div class=\"mec-calendar-events-sec\" data-mec-cell=\"20260427\"  style=\"display: block;\"><h6 class=\"mec-table-side-title\">Events for <span class=\"mec-color mec-table-side-day\"> 27<\/span> abril<\/h6><article class=\"mec-event-article\"><div class=\"mec-event-detail\">Sin eventos<\/div><\/article><\/div><div class=\"mec-calendar-events-sec\" data-mec-cell=\"20260428\" ><h6 class=\"mec-table-side-title\">Events for <span class=\"mec-color mec-table-side-day\"> 28<\/span> abril<\/h6><article class=\"mec-event-article\"><div class=\"mec-event-detail\">Sin eventos<\/div><\/article><\/div><div class=\"mec-calendar-events-sec\" data-mec-cell=\"20260429\" ><h6 class=\"mec-table-side-title\">Events for <span class=\"mec-color mec-table-side-day\"> 29<\/span> abril<\/h6><article class=\"mec-event-article\"><div class=\"mec-event-detail\">Sin eventos<\/div><\/article><\/div><div class=\"mec-calendar-events-sec\" data-mec-cell=\"20260430\" ><h6 class=\"mec-table-side-title\">Events for <span class=\"mec-color mec-table-side-day\"> 30<\/span> abril<\/h6><article class=\"mec-event-article\"><div class=\"mec-event-detail\">Sin eventos<\/div><\/article><\/div><\/div><\/div><\/div><div class=\"mec-event-footer\"><\/div>    <\/div>\r\n    \r\n<\/div>\t\t\t\t<\/div>\n\t\t\t\t<\/div>\n\t\t\t\t\t<\/div>\n\t\t<\/div>\n\t\t\t\t\t<\/div>\n\t\t<\/section>\n\t\t\t\t<\/div>\n\t\t","protected":false},"excerpt":{"rendered":"<p>Presidencia Municipal de Comonfort, Gto.<\/p>\n","protected":false},"author":1,"featured_media":0,"parent":0,"menu_order":0,"comment_status":"closed","ping_status":"closed","template":"","meta":{"saved_in_kubio":true,"_eb_attr":"","footnotes":""},"kubio_ai_page_context":{"short_desc":"","purpose":"general"},"yoast_head":"<!-- This site is optimized with the Yoast SEO plugin v24.3 - https:\/\/yoast.com\/wordpress\/plugins\/seo\/ -->\n<title>Presidencia Municipal Comonfort -<\/title>\n<meta name=\"robots\" content=\"index, follow, max-snippet:-1, max-image-preview:large, max-video-preview:-1\" \/>\n<link rel=\"canonical\" href=\"https:\/\/www.comonfort.gob.mx\/sitio\/\" \/>\n<meta property=\"og:locale\" content=\"es_ES\" \/>\n<meta property=\"og:type\" content=\"article\" \/>\n<meta property=\"og:title\" content=\"Presidencia Municipal Comonfort -\" \/>\n<meta property=\"og:description\" content=\"Presidencia Municipal de Comonfort, Gto.\" \/>\n<meta property=\"og:url\" content=\"https:\/\/www.comonfort.gob.mx\/sitio\/\" \/>\n<meta property=\"article:publisher\" content=\"https:\/\/www.facebook.com\/Gobierno-de-Comonfort-2018-2021-771384679654142\/\" \/>\n<meta property=\"article:modified_time\" content=\"2026-04-23T16:14:48+00:00\" \/>\n<meta property=\"og:image\" content=\"https:\/\/www.comonfort.gob.mx\/sitio\/img\/mejora.png\" \/>\n<meta name=\"twitter:card\" content=\"summary_large_image\" \/>\n<meta name=\"twitter:site\" content=\"@GobComonfort\" \/>\n<meta name=\"twitter:label1\" content=\"Tiempo de lectura\" \/>\n\t<meta name=\"twitter:data1\" content=\"15 minutos\" \/>\n<script type=\"application\/ld+json\" class=\"yoast-schema-graph\">{\"@context\":\"https:\/\/schema.org\",\"@graph\":[{\"@type\":\"WebPage\",\"@id\":\"https:\/\/www.comonfort.gob.mx\/sitio\/\",\"url\":\"https:\/\/www.comonfort.gob.mx\/sitio\/\",\"name\":\"Presidencia Municipal Comonfort -\",\"isPartOf\":{\"@id\":\"https:\/\/www.comonfort.gob.mx\/sitio\/#website\"},\"primaryImageOfPage\":{\"@id\":\"https:\/\/www.comonfort.gob.mx\/sitio\/#primaryimage\"},\"image\":{\"@id\":\"https:\/\/www.comonfort.gob.mx\/sitio\/#primaryimage\"},\"thumbnailUrl\":\"https:\/\/www.comonfort.gob.mx\/sitio\/img\/mejora.png\",\"datePublished\":\"2018-07-11T15:18:25+00:00\",\"dateModified\":\"2026-04-23T16:14:48+00:00\",\"breadcrumb\":{\"@id\":\"https:\/\/www.comonfort.gob.mx\/sitio\/#breadcrumb\"},\"inLanguage\":\"es\",\"potentialAction\":[{\"@type\":\"ReadAction\",\"target\":[\"https:\/\/www.comonfort.gob.mx\/sitio\/\"]}]},{\"@type\":\"ImageObject\",\"inLanguage\":\"es\",\"@id\":\"https:\/\/www.comonfort.gob.mx\/sitio\/#primaryimage\",\"url\":\"https:\/\/www.comonfort.gob.mx\/sitio\/img\/mejora.png\",\"contentUrl\":\"https:\/\/www.comonfort.gob.mx\/sitio\/img\/mejora.png\"},{\"@type\":\"BreadcrumbList\",\"@id\":\"https:\/\/www.comonfort.gob.mx\/sitio\/#breadcrumb\",\"itemListElement\":[{\"@type\":\"ListItem\",\"position\":1,\"name\":\"Portada\",\"item\":\"https:\/\/www.comonfort.gob.mx\/sitio\/\"},{\"@type\":\"ListItem\",\"position\":2,\"name\":\"Presidencia Municipal Comonfort\"}]},{\"@type\":\"WebSite\",\"@id\":\"https:\/\/www.comonfort.gob.mx\/sitio\/#website\",\"url\":\"https:\/\/www.comonfort.gob.mx\/sitio\/\",\"name\":\"Presidencia Municipal de Comonfort, Gto.\",\"description\":\"\",\"publisher\":{\"@id\":\"https:\/\/www.comonfort.gob.mx\/sitio\/#organization\"},\"potentialAction\":[{\"@type\":\"SearchAction\",\"target\":{\"@type\":\"EntryPoint\",\"urlTemplate\":\"https:\/\/www.comonfort.gob.mx\/sitio\/?s={search_term_string}\"},\"query-input\":{\"@type\":\"PropertyValueSpecification\",\"valueRequired\":true,\"valueName\":\"search_term_string\"}}],\"inLanguage\":\"es\"},{\"@type\":\"Organization\",\"@id\":\"https:\/\/www.comonfort.gob.mx\/sitio\/#organization\",\"name\":\"Presidencia Municipal de Comonfort, Gto.\",\"url\":\"https:\/\/www.comonfort.gob.mx\/sitio\/\",\"logo\":{\"@type\":\"ImageObject\",\"inLanguage\":\"es\",\"@id\":\"https:\/\/www.comonfort.gob.mx\/sitio\/#\/schema\/logo\/image\/\",\"url\":\"https:\/\/www.comonfort.gob.mx\/sitio\/wp-content\/uploads\/2020\/11\/logo-comonfort-c.png\",\"contentUrl\":\"https:\/\/www.comonfort.gob.mx\/sitio\/wp-content\/uploads\/2020\/11\/logo-comonfort-c.png\",\"width\":326,\"height\":348,\"caption\":\"Presidencia Municipal de Comonfort, Gto.\"},\"image\":{\"@id\":\"https:\/\/www.comonfort.gob.mx\/sitio\/#\/schema\/logo\/image\/\"},\"sameAs\":[\"https:\/\/www.facebook.com\/Gobierno-de-Comonfort-2018-2021-771384679654142\/\",\"https:\/\/x.com\/GobComonfort\",\"https:\/\/www.instagram.com\/gobiernocomonfort_oficial\/\",\"https:\/\/www.linkedin.com\/in\/gobierno-de-comonfort-380b251aa\"]}]}<\/script>\n<!-- \/ Yoast SEO plugin. -->","yoast_head_json":{"title":"Presidencia Municipal Comonfort -","robots":{"index":"index","follow":"follow","max-snippet":"max-snippet:-1","max-image-preview":"max-image-preview:large","max-video-preview":"max-video-preview:-1"},"canonical":"https:\/\/www.comonfort.gob.mx\/sitio\/","og_locale":"es_ES","og_type":"article","og_title":"Presidencia Municipal Comonfort -","og_description":"Presidencia Municipal de Comonfort, Gto.","og_url":"https:\/\/www.comonfort.gob.mx\/sitio\/","article_publisher":"https:\/\/www.facebook.com\/Gobierno-de-Comonfort-2018-2021-771384679654142\/","article_modified_time":"2026-04-23T16:14:48+00:00","og_image":[{"url":"https:\/\/www.comonfort.gob.mx\/sitio\/img\/mejora.png","type":"","width":"","height":""}],"twitter_card":"summary_large_image","twitter_site":"@GobComonfort","twitter_misc":{"Tiempo de lectura":"15 minutos"},"schema":{"@context":"https:\/\/schema.org","@graph":[{"@type":"WebPage","@id":"https:\/\/www.comonfort.gob.mx\/sitio\/","url":"https:\/\/www.comonfort.gob.mx\/sitio\/","name":"Presidencia Municipal Comonfort -","isPartOf":{"@id":"https:\/\/www.comonfort.gob.mx\/sitio\/#website"},"primaryImageOfPage":{"@id":"https:\/\/www.comonfort.gob.mx\/sitio\/#primaryimage"},"image":{"@id":"https:\/\/www.comonfort.gob.mx\/sitio\/#primaryimage"},"thumbnailUrl":"https:\/\/www.comonfort.gob.mx\/sitio\/img\/mejora.png","datePublished":"2018-07-11T15:18:25+00:00","dateModified":"2026-04-23T16:14:48+00:00","breadcrumb":{"@id":"https:\/\/www.comonfort.gob.mx\/sitio\/#breadcrumb"},"inLanguage":"es","potentialAction":[{"@type":"ReadAction","target":["https:\/\/www.comonfort.gob.mx\/sitio\/"]}]},{"@type":"ImageObject","inLanguage":"es","@id":"https:\/\/www.comonfort.gob.mx\/sitio\/#primaryimage","url":"https:\/\/www.comonfort.gob.mx\/sitio\/img\/mejora.png","contentUrl":"https:\/\/www.comonfort.gob.mx\/sitio\/img\/mejora.png"},{"@type":"BreadcrumbList","@id":"https:\/\/www.comonfort.gob.mx\/sitio\/#breadcrumb","itemListElement":[{"@type":"ListItem","position":1,"name":"Portada","item":"https:\/\/www.comonfort.gob.mx\/sitio\/"},{"@type":"ListItem","position":2,"name":"Presidencia Municipal Comonfort"}]},{"@type":"WebSite","@id":"https:\/\/www.comonfort.gob.mx\/sitio\/#website","url":"https:\/\/www.comonfort.gob.mx\/sitio\/","name":"Presidencia Municipal de Comonfort, Gto.","description":"","publisher":{"@id":"https:\/\/www.comonfort.gob.mx\/sitio\/#organization"},"potentialAction":[{"@type":"SearchAction","target":{"@type":"EntryPoint","urlTemplate":"https:\/\/www.comonfort.gob.mx\/sitio\/?s={search_term_string}"},"query-input":{"@type":"PropertyValueSpecification","valueRequired":true,"valueName":"search_term_string"}}],"inLanguage":"es"},{"@type":"Organization","@id":"https:\/\/www.comonfort.gob.mx\/sitio\/#organization","name":"Presidencia Municipal de Comonfort, Gto.","url":"https:\/\/www.comonfort.gob.mx\/sitio\/","logo":{"@type":"ImageObject","inLanguage":"es","@id":"https:\/\/www.comonfort.gob.mx\/sitio\/#\/schema\/logo\/image\/","url":"https:\/\/www.comonfort.gob.mx\/sitio\/wp-content\/uploads\/2020\/11\/logo-comonfort-c.png","contentUrl":"https:\/\/www.comonfort.gob.mx\/sitio\/wp-content\/uploads\/2020\/11\/logo-comonfort-c.png","width":326,"height":348,"caption":"Presidencia Municipal de Comonfort, Gto."},"image":{"@id":"https:\/\/www.comonfort.gob.mx\/sitio\/#\/schema\/logo\/image\/"},"sameAs":["https:\/\/www.facebook.com\/Gobierno-de-Comonfort-2018-2021-771384679654142\/","https:\/\/x.com\/GobComonfort","https:\/\/www.instagram.com\/gobiernocomonfort_oficial\/","https:\/\/www.linkedin.com\/in\/gobierno-de-comonfort-380b251aa"]}]}},"_links":{"self":[{"href":"https:\/\/www.comonfort.gob.mx\/sitio\/wp-json\/wp\/v2\/pages\/5022"}],"collection":[{"href":"https:\/\/www.comonfort.gob.mx\/sitio\/wp-json\/wp\/v2\/pages"}],"about":[{"href":"https:\/\/www.comonfort.gob.mx\/sitio\/wp-json\/wp\/v2\/types\/page"}],"author":[{"embeddable":true,"href":"https:\/\/www.comonfort.gob.mx\/sitio\/wp-json\/wp\/v2\/users\/1"}],"replies":[{"embeddable":true,"href":"https:\/\/www.comonfort.gob.mx\/sitio\/wp-json\/wp\/v2\/comments?post=5022"}],"version-history":[{"count":860,"href":"https:\/\/www.comonfort.gob.mx\/sitio\/wp-json\/wp\/v2\/pages\/5022\/revisions"}],"predecessor-version":[{"id":25055,"href":"https:\/\/www.comonfort.gob.mx\/sitio\/wp-json\/wp\/v2\/pages\/5022\/revisions\/25055"}],"wp:attachment":[{"href":"https:\/\/www.comonfort.gob.mx\/sitio\/wp-json\/wp\/v2\/media?parent=5022"}],"curies":[{"name":"wp","href":"https:\/\/api.w.org\/{rel}","templated":true}]}}