{"id":4522,"date":"2018-02-08T21:26:12","date_gmt":"2018-02-09T03:26:12","guid":{"rendered":"https:\/\/www.comonfort.gob.mx\/sitio\/?page_id=4522"},"modified":"2025-02-04T11:24:23","modified_gmt":"2025-02-04T17:24:23","slug":"articulo-28-fraccion-ii","status":"publish","type":"page","link":"https:\/\/www.comonfort.gob.mx\/sitio\/transparencia\/articulo-28-fraccion-ii\/","title":{"rendered":"Art\u00edculo 28 Fracci\u00f3n II"},"content":{"rendered":"<div id=\"fb-root\"><\/div>\n<p><!--         A c t u a l i z a c i \u00f3 n :        Trimestral\n\nPer\u00edodo  de   C o n s e r v a c i \u00f3 n :         Vigente y Trimestre anterior conclu\u00eddo\n\n--><font size=3><strong><\/p>\n<span class=\"collapseomatic \" id=\"id69ef8fcdf1f09\"  tabindex=\"0\" alt=\" FRACCI\u00d3N II \" title=\" FRACCI\u00d3N II \"    ><center><font size=6 color=#000000><strong>FRACCI\u00d3N II +<\/center><\/font><\/strong><\/span><span id='swap-id69ef8fcdf1f09'  class='colomat-swap' style='display:none;'><center><font size=6 color=#000000><strong> FRACCI\u00d3N II -<\/center><\/font><\/strong><\/span><div id=\"target-id69ef8fcdf1f09\" class=\"collapseomatic_content \"><!--\n\nA  D  M  I  N  I  S  T  R  A  C  I  \u00d3  N\n\nC  E  N  T  R  A  L  I  Z  A  D  A\n\n--><span class=\"collapseomatic \" id=\"id69ef8fcdf224f\"  tabindex=\"0\" alt=\"ADMINISTRACI\u00d3N CENTRALIZADA\" title=\"ADMINISTRACI\u00d3N CENTRALIZADA\"    ><center><font size=6 color=#000000><strong>ADMINISTRACI\u00d3N CENTRALIZADA +<\/center><\/font><\/strong><\/span><span id='swap-id69ef8fcdf224f'  class='colomat-swap' style='display:none;'><center><font size=6 color=#000000><strong>ADMINISTRACI\u00d3N CENTRALIZADA -<\/center><\/font><\/strong><\/span><div id=\"target-id69ef8fcdf224f\" class=\"collapseomatic_content \"><!--\n\nADMINISTRACI\u00d3N CENTRALIZADA\n\nFORMATOS DE LEY DE TRANSPARENCIA Y ACCESO A LA INFORMACI\u00d3N P\u00daBLICA\n\n--><span class=\"collapseomatic \" id=\"id69ef8fcdf24e5\"  tabindex=\"0\" alt=\"Formatos de LGTAIP\" title=\"Formatos de LGTAIP\"    ><font size=4 color=#000000><strong>Formatos de LGTAIP +<\/font><\/strong><\/span><span id='swap-id69ef8fcdf24e5'  class='colomat-swap' style='display:none;'><font size=4 color=#000000><strong>Formatos de LGTAIP -<\/font><\/strong><\/span><div id=\"target-id69ef8fcdf24e5\" class=\"collapseomatic_content \"><!--\n\nFORMATOS DE LEY DE TRANSPARENCIA Y ACCESO A LA INFORMACI\u00d3N P\u00daBLICA\n\nI N C I S O     A\n\n                 T R I M E S T R A L\n\n--><span class=\"collapseomatic \" id=\"id69ef8fcdf289f\"  tabindex=\"0\" alt=\"a) Resolutivos y Acuerdos Aprobados\" title=\"a) Resolutivos y Acuerdos Aprobados\"    ><font size=4 color=#000000><strong>a) Resolutivos y Acuerdos Aprobados +<\/strong><\/font><\/span><span id='swap-id69ef8fcdf289f'  class='colomat-swap' style='display:none;'><font size=4 color=#000000><strong>a) Resolutivos y Acuerdos Aprobados -<\/strong><\/font><\/span><div id=\"target-id69ef8fcdf289f\" class=\"collapseomatic_content \"><!--\n\n2 0 1 7\n\n--><span class=\"collapseomatic \" id=\"id69ef8fcdf2906\"  tabindex=\"0\" alt=\"2017\" title=\"2017\"    ><font size=4 color=#000000><strong>2017 +<\/strong><\/font><\/span><span id='swap-id69ef8fcdf2906'  class='colomat-swap' style='display:none;'><font size=4 color=#000000><strong>2017 -<\/strong><\/font><\/span><div id=\"target-id69ef8fcdf2906\" class=\"collapseomatic_content \">\n<span class=\"collapseomatic \" id=\"id69ef8fcdf2967\"  tabindex=\"0\" alt=\"3er Trimestre\" title=\"3er Trimestre\"    ><font size=4 color=#000000>3er Trimestre +<\/font><\/span><span id='swap-id69ef8fcdf2967'  class='colomat-swap' style='display:none;'><font size=4 color=#000000>3er Trimestre -<\/font><\/span><div id=\"target-id69ef8fcdf2967\" class=\"collapseomatic_content \">\n<a href=\"http:\/\/www.comonfort.gob.mx\/transparencia\/documentacion\/articulo28\/fraccion02\/Formato%2028%20A%20Tercer%20Trimestre%20Reglamentos.xls\" target=\"_blank\" rel=\"noopener\">Descargar<\/a><br \/>\n<\/div>\n<\/div><!--\n\n2 0 1 8\n\n--><span class=\"collapseomatic \" id=\"id69ef8fcdf29bf\"  tabindex=\"0\" alt=\"2018\" title=\"2018\"    ><font size=4 color=#000000><strong>2018 +<\/strong><\/font><\/span><span id='swap-id69ef8fcdf29bf'  class='colomat-swap' style='display:none;'><font size=4 color=#000000><strong>2018 -<\/strong><\/font><\/span><div id=\"target-id69ef8fcdf29bf\" class=\"collapseomatic_content \">\n<span class=\"collapseomatic \" id=\"id69ef8fcdf29fa\"  tabindex=\"0\" alt=\"1er Trimestre\" title=\"1er Trimestre\"    ><font size=4 color=#000000>1er Trimestre +<\/font><\/span><span id='swap-id69ef8fcdf29fa'  class='colomat-swap' style='display:none;'><font size=4 color=#000000>1er Trimestre -<\/font><\/span><div id=\"target-id69ef8fcdf29fa\" class=\"collapseomatic_content \">\n<a href=\"http:\/\/view.officeapps.live.com\/op\/view.aspx?src=http:\/\/www.comonfort.gob.mx\/transparencia\/documentacion\/articulo28\/fraccion02\/formatos\/2018\/1er-trim\/a28-f02a-18-04-say-com-contenido-de-resolutivos-y-acuerdos-aprobados-por-ayuntamientos.xls\" target=\"_blank\" title=\"Abrir en una nueva pesta\u00f1a\" rel=\"noopener\">Ver Formato<\/a> \u00f3 <strong><a href=\"http:\/\/www.comonfort.gob.mx\/transparencia\/documentacion\/articulo28\/fraccion02\/formatos\/2018\/1er-trim\/a28-f02a-18-04-say-com-contenido-de-resolutivos-y-acuerdos-aprobados-por-ayuntamientos.xls\" title=\"Descargar Formato\">&dArr;<\/a><\/strong><br \/>\n<\/div>\n<\/div>\n<\/div>\n<br \/>\n<span class=\"collapseomatic \" id=\"id69ef8fcdf2a59\"  tabindex=\"0\" alt=\"a) Gaceta Municipal\" title=\"a) Gaceta Municipal\"    ><font size=4 color=#000000><strong>a) Gaceta Municipal +<\/strong><\/font><\/span><span id='swap-id69ef8fcdf2a59'  class='colomat-swap' style='display:none;'><font size=4 color=#000000><strong>a) Gaceta Municipal -<\/strong><\/font><\/span><div id=\"target-id69ef8fcdf2a59\" class=\"collapseomatic_content \"><!--\n\n2 0 1 9\n\n--><span class=\"collapseomatic \" id=\"id69ef8fcdf2b47\"  tabindex=\"0\" alt=\"2019\" title=\"2019\"    ><font size=4 color=#000000><strong>2019 +<\/strong><\/font><\/span><span id='swap-id69ef8fcdf2b47'  class='colomat-swap' style='display:none;'><font size=4 color=#000000><strong>2019 -<\/strong><\/font><\/span><div id=\"target-id69ef8fcdf2b47\" class=\"collapseomatic_content \">\n<span class=\"collapseomatic \" id=\"id69ef8fcdf2ba2\"  tabindex=\"0\" alt=\"2do Trimestre\" title=\"2do Trimestre\"    ><font size=4 color=#000000>2do Trimestre +<\/font><\/span><span id='swap-id69ef8fcdf2ba2'  class='colomat-swap' style='display:none;'><font size=4 color=#000000>2do Trimestre -<\/font><\/span><div id=\"target-id69ef8fcdf2ba2\" class=\"collapseomatic_content \">\n<a href=\"http:\/\/view.officeapps.live.com\/op\/view.aspx?src=http:\/\/www.comonfort.gob.mx\/transparencia\/documentacion\/articulo28\/fraccion02\/formatos\/com\/2019\/2do-trim\/a28-F02-F20_IIA_19-06-contenido-de-las-gacetas-municipales.xlsx\" target=\"_blank\" title=\"Abrir en una nueva pesta\u00f1a\" rel=\"noopener\">Ver F20-IIa &#8211; El contenido de las gacetas municipales<\/a> \u00f3 <strong><a href=\"http:\/\/www.comonfort.gob.mx\/transparencia\/documentacion\/articulo28\/fraccion02\/formatos\/com\/2019\/2do-trim\/a28-F02-F20_IIA_19-06-contenido-de-las-gacetas-municipales.xlsx\" title=\"Descargar Formato\">&dArr;<\/a><\/strong><br \/>\n<br \/><a href=\"http:\/\/view.officeapps.live.com\/op\/view.aspx?src=http:\/\/www.comonfort.gob.mx\/transparencia\/documentacion\/articulo28\/fraccion02\/formatos\/com\/2019\/2do-trim\/a28-F02-F21_IIA_19-06-Hipervinculo-a-las-gacetas-municipales.xlsx\" target=\"_blank\" title=\"Abrir en una nueva pesta\u00f1a\" rel=\"noopener\">Ver F21-IIa &#8211; Hiperv\u00ednculo a las gacetas municipales<\/a> \u00f3 <strong><a href=\"http:\/\/www.comonfort.gob.mx\/transparencia\/documentacion\/articulo28\/fraccion02\/formatos\/com\/2019\/2do-trim\/a28-F02-F21_IIA_19-06-Hipervinculo-a-las-gacetas-municipales.xlsx\" title=\"Descargar Formato\">&dArr;<\/a><\/strong><br \/>\n<\/div>\n<span class=\"collapseomatic \" id=\"id69ef8fcdf2bc3\"  tabindex=\"0\" alt=\"4to Trimestre\" title=\"4to Trimestre\"    ><font size=4 color=#000000>4to Trimestre +<\/font><\/span><span id='swap-id69ef8fcdf2bc3'  class='colomat-swap' style='display:none;'><font size=4 color=#000000>4to Trimestre -<\/font><\/span><div id=\"target-id69ef8fcdf2bc3\" class=\"collapseomatic_content \">\n<a href=\"http:\/\/view.officeapps.live.com\/op\/view.aspx?src=http:\/\/www.comonfort.gob.mx\/transparencia\/documentacion\/articulo28\/fraccion02\/formatos\/com\/2019\/4to-trim\/a28-F02-F20_IIA_19-12-El-contenido-de-las-gacetas-municipales.xlsx\" target=\"_blank\" title=\"Abrir en una nueva pesta\u00f1a\" rel=\"noopener\">Ver F20-IIa &#8211; El contenido de las gacetas municipales<\/a> \u00f3 <strong><a href=\"http:\/\/www.comonfort.gob.mx\/transparencia\/documentacion\/articulo28\/fraccion02\/formatos\/com\/2019\/4to-trim\/a28-F02-F20_IIA_19-12-El-contenido-de-las-gacetas-municipales.xlsx\" title=\"Descargar Formato\">&dArr;<\/a><\/strong><br \/>\n<br \/><a href=\"http:\/\/view.officeapps.live.com\/op\/view.aspx?src=http:\/\/www.comonfort.gob.mx\/transparencia\/documentacion\/articulo28\/fraccion02\/formatos\/com\/2019\/4to-trim\/a28-F02-F21_IIA_19-12-Hipervinculo-a-las-gacetas-municipales.xlsx\" target=\"_blank\" title=\"Abrir en una nueva pesta\u00f1a\" rel=\"noopener\">Ver F21-IIa &#8211; Hiperv\u00ednculo a las gacetas municipales<\/a> \u00f3 <strong><a href=\"http:\/\/www.comonfort.gob.mx\/transparencia\/documentacion\/articulo28\/fraccion02\/formatos\/com\/2019\/4to-trim\/a28-F02-F21_IIA_19-12-Hipervinculo-a-las-gacetas-municipales.xlsx\" title=\"Descargar Formato\">&dArr;<\/a><\/strong><br \/>\n<\/div>\n<\/div><!--\n\n2 0 2 0\n\n--><span class=\"collapseomatic \" id=\"id69ef8fcdf2c07\"  tabindex=\"0\" alt=\"2020\" title=\"2020\"    ><font size=4 color=#000000><strong>2020 +<\/strong><\/font><\/span><span id='swap-id69ef8fcdf2c07'  class='colomat-swap' style='display:none;'><font size=4 color=#000000><strong>2020 -<\/strong><\/font><\/span><div id=\"target-id69ef8fcdf2c07\" class=\"collapseomatic_content \">\n<span class=\"collapseomatic \" id=\"id69ef8fcdf2c72\"  tabindex=\"0\" alt=\"1er Trimestre\" title=\"1er Trimestre\"    ><font size=4 color=#000000>1er Trimestre +<\/font><\/span><span id='swap-id69ef8fcdf2c72'  class='colomat-swap' style='display:none;'><font size=4 color=#000000>1er Trimestre -<\/font><\/span><div id=\"target-id69ef8fcdf2c72\" class=\"collapseomatic_content \">\n<a href=\"http:\/\/view.officeapps.live.com\/op\/view.aspx?src=http:\/\/www.comonfort.gob.mx\/transparencia\/documentacion\/articulo28\/fraccion02\/formatos\/com\/2020\/1er-trim\/a28-F02-F20_IIA_20-03-El-contenido-de-las-gacetas-municipales.xlsx\" target=\"_blank\" title=\"Abrir en una nueva pesta\u00f1a\" rel=\"noopener\">Ver F20-IIa &#8211; El contenido de las gacetas municipales<\/a> \u00f3 <strong><a href=\"http:\/\/www.comonfort.gob.mx\/transparencia\/documentacion\/articulo28\/fraccion02\/formatos\/com\/2020\/1er-trim\/a28-F02-F20_IIA_20-03-El-contenido-de-las-gacetas-municipales.xlsx\" title=\"Descargar Formato\">&dArr;<\/a><\/strong><br \/>\n<br \/><a href=\"http:\/\/view.officeapps.live.com\/op\/view.aspx?src=http:\/\/www.comonfort.gob.mx\/transparencia\/documentacion\/articulo28\/fraccion02\/formatos\/com\/2020\/1er-trim\/a28-F02-F21_IIA_20-03-Hipervinculo-a-las-gacetas-municipales.xlsx\" target=\"_blank\" title=\"Abrir en una nueva pesta\u00f1a\" rel=\"noopener\">Ver F21-IIa &#8211; Hiperv\u00ednculo a las gacetas municipales<\/a> \u00f3 <strong><a href=\"http:\/\/www.comonfort.gob.mx\/transparencia\/documentacion\/articulo28\/fraccion02\/formatos\/com\/2020\/1er-trim\/a28-F02-F21_IIA_20-03-Hipervinculo-a-las-gacetas-municipales.xlsx\" title=\"Descargar Formato\">&dArr;<\/a><\/strong><br \/>\n<\/div>\n<span class=\"collapseomatic \" id=\"id69ef8fcdf2c93\"  tabindex=\"0\" alt=\"2do Trimestre\" title=\"2do Trimestre\"    ><font size=4 color=#000000>2do Trimestre +<\/font><\/span><span id='swap-id69ef8fcdf2c93'  class='colomat-swap' style='display:none;'><font size=4 color=#000000>2do Trimestre -<\/font><\/span><div id=\"target-id69ef8fcdf2c93\" class=\"collapseomatic_content \">\n<a href=\"http:\/\/view.officeapps.live.com\/op\/view.aspx?src=http:\/\/www.comonfort.gob.mx\/transparencia\/documentacion\/articulo28\/fraccion02\/formatos\/com\/2020\/2do-trim\/a28-F02-F20_IIA_20-06-El-contenido-de-las-gacetas-municipales.xlsx\" target=\"_blank\" title=\"Abrir en una nueva pesta\u00f1a\" rel=\"noopener\">Ver F20-IIa &#8211; El contenido de las gacetas municipales<\/a> \u00f3 <strong><a href=\"http:\/\/www.comonfort.gob.mx\/transparencia\/documentacion\/articulo28\/fraccion02\/formatos\/com\/2020\/2do-trim\/a28-F02-F20_IIA_20-06-El-contenido-de-las-gacetas-municipales.xlsx\" title=\"Descargar Formato\">&dArr;<\/a><\/strong><br \/>\n<br \/><a href=\"http:\/\/view.officeapps.live.com\/op\/view.aspx?src=http:\/\/www.comonfort.gob.mx\/transparencia\/documentacion\/articulo28\/fraccion02\/formatos\/com\/2020\/2do-trim\/a28-F02-F21_IIA_20-06-Hipervinculo-a-las-gacetas-municipales.xlsx\" target=\"_blank\" title=\"Abrir en una nueva pesta\u00f1a\" rel=\"noopener\">Ver F21-IIa &#8211; Hiperv\u00ednculo a las gacetas municipales<\/a> \u00f3 <strong><a href=\"http:\/\/www.comonfort.gob.mx\/transparencia\/documentacion\/articulo28\/fraccion02\/formatos\/com\/2020\/2do-trim\/a28-F02-F21_IIA_20-06-Hipervinculo-a-las-gacetas-municipales.xlsx\" title=\"Descargar Formato\">&dArr;<\/a><\/strong><br \/>\n<\/div>\n<span class=\"collapseomatic \" id=\"id69ef8fcdf2cc0\"  tabindex=\"0\" alt=\"3er Trimestre\" title=\"3er Trimestre\"    ><font size=4 color=#000000>3er Trimestre +<\/font><\/span><span id='swap-id69ef8fcdf2cc0'  class='colomat-swap' style='display:none;'><font size=4 color=#000000>3er Trimestre -<\/font><\/span><div id=\"target-id69ef8fcdf2cc0\" class=\"collapseomatic_content \">\n<a href=\"http:\/\/view.officeapps.live.com\/op\/view.aspx?src=http:\/\/www.comonfort.gob.mx\/transparencia\/documentacion\/articulo28\/fraccion02\/formatos\/com\/2020\/3er-trim\/a28-F02-F20_IIA_20-09-El-contenido-de-las-gacetas-municipales.xlsx\" target=\"_blank\" title=\"Abrir en una nueva pesta\u00f1a\" rel=\"noopener\">Ver F20-IIa &#8211; El contenido de las gacetas municipales<\/a> \u00f3 <strong><a href=\"http:\/\/www.comonfort.gob.mx\/transparencia\/documentacion\/articulo28\/fraccion02\/formatos\/com\/2020\/3er-trim\/a28-F02-F20_IIA_20-09-El-contenido-de-las-gacetas-municipales.xlsx\" title=\"Descargar Formato\">&dArr;<\/a><\/strong><br \/>\n<br \/><a href=\"http:\/\/view.officeapps.live.com\/op\/view.aspx?src=http:\/\/www.comonfort.gob.mx\/transparencia\/documentacion\/articulo28\/fraccion02\/formatos\/com\/2020\/3er-trim\/a28-F02-F21_IIA_20-09-Hipervinculo-a-las-gacetas-municipales.xlsx\" target=\"_blank\" title=\"Abrir en una nueva pesta\u00f1a\" rel=\"noopener\">Ver F21-IIa &#8211; Hiperv\u00ednculo a las gacetas municipales<\/a> \u00f3 <strong><a href=\"http:\/\/www.comonfort.gob.mx\/transparencia\/documentacion\/articulo28\/fraccion02\/formatos\/com\/2020\/3er-trim\/a28-F02-F21_IIA_20-09-Hipervinculo-a-las-gacetas-municipales.xlsx\" title=\"Descargar Formato\">&dArr;<\/a><\/strong><br \/>\n<\/div>\n<span class=\"collapseomatic \" id=\"id69ef8fcdf2ced\"  tabindex=\"0\" alt=\"4to Trimestre\" title=\"4to Trimestre\"    ><font size=4 color=#000000>4to Trimestre +<\/font><\/span><span id='swap-id69ef8fcdf2ced'  class='colomat-swap' style='display:none;'><font size=4 color=#000000>4to Trimestre -<\/font><\/span><div id=\"target-id69ef8fcdf2ced\" class=\"collapseomatic_content \">\n<a href=\"http:\/\/view.officeapps.live.com\/op\/view.aspx?src=http:\/\/www.comonfort.gob.mx\/transparencia\/documentacion\/articulo28\/fraccion02\/formatos\/com\/2020\/4to-trim\/a28-F02-F20_IIA_20-12-El-contenido-de-las-gacetas-municipales.xlsx\" target=\"_blank\" title=\"Abrir en una nueva pesta\u00f1a\" rel=\"noopener\">Ver F20-IIa &#8211; El contenido de las gacetas municipales<\/a> \u00f3 <strong><a href=\"http:\/\/www.comonfort.gob.mx\/transparencia\/documentacion\/articulo28\/fraccion02\/formatos\/com\/2020\/4to-trim\/a28-F02-F20_IIA_20-12-El-contenido-de-las-gacetas-municipales.xlsx\" title=\"Descargar Formato\">&dArr;<\/a><\/strong><br \/>\n<br \/><a href=\"http:\/\/view.officeapps.live.com\/op\/view.aspx?src=http:\/\/www.comonfort.gob.mx\/transparencia\/documentacion\/articulo28\/fraccion02\/formatos\/com\/2020\/4to-trim\/a28-F02-F21_IIA_20-12-Hipervinculo-a-las-gacetas-municipales.xlsx\" target=\"_blank\" title=\"Abrir en una nueva pesta\u00f1a\" rel=\"noopener\">Ver F21-IIa &#8211; Hiperv\u00ednculo a las gacetas municipales<\/a> \u00f3 <strong><a href=\"http:\/\/www.comonfort.gob.mx\/transparencia\/documentacion\/articulo28\/fraccion02\/formatos\/com\/2020\/4to-trim\/a28-F02-F21_IIA_20-12-Hipervinculo-a-las-gacetas-municipales.xlsx\" title=\"Descargar Formato\">&dArr;<\/a><\/strong><br \/>\n<\/div>\n<\/div>\n<span class=\"collapseomatic \" id=\"id69ef8fcdf2d4f\"  tabindex=\"0\" alt=\"2021\" title=\"2021\"    ><font size=4 color=#000000><strong>2021 +<\/strong><\/font><\/span><span id='swap-id69ef8fcdf2d4f'  class='colomat-swap' style='display:none;'><font size=4 color=#000000><strong>2021 -<\/strong><\/font><\/span><div id=\"target-id69ef8fcdf2d4f\" class=\"collapseomatic_content \">\n<span class=\"collapseomatic \" id=\"id69ef8fcdf2dd1\"  tabindex=\"0\" alt=\"1er Trimestre\" title=\"1er Trimestre\"    ><font size=4 color=#000000>1er Trimestre +<\/font><\/span><span id='swap-id69ef8fcdf2dd1'  class='colomat-swap' style='display:none;'><font size=4 color=#000000>1er Trimestre -<\/font><\/span><div id=\"target-id69ef8fcdf2dd1\" class=\"collapseomatic_content \">\n<a href=\"http:\/\/view.officeapps.live.com\/op\/view.aspx?src=http:\/\/www.comonfort.gob.mx\/transparencia\/documentacion\/articulo28\/fraccion02\/formatos\/com\/2021\/a28-F02-F20_IIA_21-03-El-contenido-de-las-gacetas-municipales.xlsx\" target=\"_blank\" title=\"Abrir en una nueva pesta\u00f1a\" rel=\"noopener\">Ver F20-IIa &#8211; El contenido de las gacetas municipales<\/a> \u00f3 <strong><a href=\"http:\/\/www.comonfort.gob.mx\/transparencia\/documentacion\/articulo28\/fraccion02\/formatos\/com\/2021\/a28-F02-F20_IIA_21-03-El-contenido-de-las-gacetas-municipales.xlsx\" title=\"Descargar Formato\">&dArr;<\/a><\/strong><br \/>\n<br \/><a href=\"http:\/\/view.officeapps.live.com\/op\/view.aspx?src=http:\/\/www.comonfort.gob.mx\/transparencia\/documentacion\/articulo28\/fraccion02\/formatos\/com\/2021\/a28-F02-F21_IIA_21-03-Hipervinculo-a-las-gacetas-municipales.xlsx\" target=\"_blank\" title=\"Abrir en una nueva pesta\u00f1a\" rel=\"noopener\">Ver F21-IIa &#8211; Hiperv\u00ednculo a las gacetas municipales<\/a> \u00f3 <strong><a href=\"http:\/\/www.comonfort.gob.mx\/transparencia\/documentacion\/articulo28\/fraccion02\/formatos\/com\/2021\/a28-F02-F21_IIA_21-03-Hipervinculo-a-las-gacetas-municipales.xlsx\" title=\"Descargar Formato\">&dArr;<\/a><\/strong><br \/>\n<\/div>\n<span class=\"collapseomatic \" id=\"id69ef8fcdf2df4\"  tabindex=\"0\" alt=\"2do Trimestre\" title=\"2do Trimestre\"    ><font size=4 color=#000000>2do Trimestre +<\/font><\/span><span id='swap-id69ef8fcdf2df4'  class='colomat-swap' style='display:none;'><font size=4 color=#000000>2do Trimestre -<\/font><\/span><div id=\"target-id69ef8fcdf2df4\" class=\"collapseomatic_content \">\n<a href=\"http:\/\/view.officeapps.live.com\/op\/view.aspx?src=http:\/\/www.comonfort.gob.mx\/transparencia\/documentacion\/articulo28\/fraccion02\/formatos\/com\/2021\/2do-trim\/a28-F02-F20_IIA_21-06-El-contenido-de-las-gacetas-municipales.xlsx\" target=\"_blank\" title=\"Abrir en una nueva pesta\u00f1a\" rel=\"noopener\">Ver F20-IIa &#8211; El contenido de las gacetas municipales<\/a> \u00f3 <strong><a href=\"http:\/\/www.comonfort.gob.mx\/transparencia\/documentacion\/articulo28\/fraccion02\/formatos\/com\/2021\/2do-trim\/a28-F02-F20_IIA_21-06-El-contenido-de-las-gacetas-municipales.xlsx\" title=\"Descargar Formato\">&dArr;<\/a><\/strong><br \/>\n<br \/><a href=\"http:\/\/view.officeapps.live.com\/op\/view.aspx?src=http:\/\/www.comonfort.gob.mx\/transparencia\/documentacion\/articulo28\/fraccion02\/formatos\/com\/2021\/2do-trim\/a28-F02-F21_IIA_21-06-Hipervinculo-a-las-gacetas-municipales.xlsx\" target=\"_blank\" title=\"Abrir en una nueva pesta\u00f1a\" rel=\"noopener\">Ver F21-IIa &#8211; Hiperv\u00ednculo a las gacetas municipales<\/a> \u00f3 <strong><a href=\"http:\/\/www.comonfort.gob.mx\/transparencia\/documentacion\/articulo28\/fraccion02\/formatos\/com\/2021\/2do-trim\/a28-F02-F21_IIA_21-06-Hipervinculo-a-las-gacetas-municipales.xlsx\" title=\"Descargar Formato\">&dArr;<\/a><\/strong><br \/>\n<\/div>\n<span class=\"collapseomatic \" id=\"id69ef8fcdf2e14\"  tabindex=\"0\" alt=\"3er Trimestre\" title=\"3er Trimestre\"    ><font size=4 color=#000000>3er Trimestre +<\/font><\/span><span id='swap-id69ef8fcdf2e14'  class='colomat-swap' style='display:none;'><font size=4 color=#000000>3er Trimestre -<\/font><\/span><div id=\"target-id69ef8fcdf2e14\" class=\"collapseomatic_content \">\n<a href=\"http:\/\/view.officeapps.live.com\/op\/view.aspx?src=http:\/\/www.comonfort.gob.mx\/transparencia\/documentacion\/articulo28\/fraccion02\/formatos\/com\/2021\/3er-trim\/a28-F02-F20_IIA_21-09-El-contenido-de-las-gacetas-municipales.xlsx\" target=\"_blank\" title=\"Abrir en una nueva pesta\u00f1a\" rel=\"noopener\">Ver F20-IIa &#8211; El contenido de las gacetas municipales<\/a> \u00f3 <strong><a href=\"http:\/\/www.comonfort.gob.mx\/transparencia\/documentacion\/articulo28\/fraccion02\/formatos\/com\/2021\/3er-trim\/a28-F02-F20_IIA_21-09-El-contenido-de-las-gacetas-municipales.xlsx\" title=\"Descargar Formato\">&dArr;<\/a><\/strong><br \/>\n<br \/><a href=\"http:\/\/view.officeapps.live.com\/op\/view.aspx?src=http:\/\/www.comonfort.gob.mx\/transparencia\/documentacion\/articulo28\/fraccion02\/formatos\/com\/2021\/3er-trim\/a28-F02-F21_IIA_21-09-Hipervinculo-a-las-gacetas-municipales.xlsx\" target=\"_blank\" title=\"Abrir en una nueva pesta\u00f1a\" rel=\"noopener\">Ver F21-IIa &#8211; Hiperv\u00ednculo a las gacetas municipales<\/a> \u00f3 <strong><a href=\"http:\/\/www.comonfort.gob.mx\/transparencia\/documentacion\/articulo28\/fraccion02\/formatos\/com\/2021\/3er-trim\/a28-F02-F21_IIA_21-09-Hipervinculo-a-las-gacetas-municipales.xlsx\" title=\"Descargar Formato\">&dArr;<\/a><\/strong><br \/>\n<\/div>\n<span class=\"collapseomatic \" id=\"id69ef8fcdf2e32\"  tabindex=\"0\" alt=\"4to Trimestre\" title=\"4to Trimestre\"    ><font size=4 color=#000000>4to Trimestre +<\/font><\/span><span id='swap-id69ef8fcdf2e32'  class='colomat-swap' style='display:none;'><font size=4 color=#000000>4to Trimestre -<\/font><\/span><div id=\"target-id69ef8fcdf2e32\" class=\"collapseomatic_content \">\n<a href=\"https:\/\/docs.google.com\/spreadsheets\/d\/1CMP98nSoBOPPLuRS-M1HTWDdKgO1ZJ3f?rtpof=true&#038;authuser=obligacionesdetransparencia%40comonfort.gob.mx&#038;usp=drive_fs\" target=\"_blank\" title=\"Abrir en una nueva pesta\u00f1a\" rel=\"noopener\">Ver F20-IIa &#8211; El contenido de las gacetas municipales<\/a> \u00f3 <strong><a href=\"https:\/\/docs.google.com\/spreadsheets\/d\/1CMP98nSoBOPPLuRS-M1HTWDdKgO1ZJ3f?rtpof=true&#038;authuser=obligacionesdetransparencia%40comonfort.gob.mx&#038;usp=drive_fs\" title=\"Descargar Formato\">&dArr;<\/a><\/strong><br \/>\n<br \/><a href=\"https:\/\/docs.google.com\/spreadsheets\/d\/1CTleJKosq_YCBCJ4C3DyiKcpMFBfioYq?rtpof=true&#038;authuser=obligacionesdetransparencia%40comonfort.gob.mx&#038;usp=drive_fs\" target=\"_blank\" title=\"Abrir en una nueva pesta\u00f1a\" rel=\"noopener\">Ver F21-IIa &#8211; Hiperv\u00ednculo a las gacetas municipales<\/a> \u00f3 <strong><a href=\"https:\/\/docs.google.com\/spreadsheets\/d\/1CTleJKosq_YCBCJ4C3DyiKcpMFBfioYq?rtpof=true&#038;authuser=obligacionesdetransparencia%40comonfort.gob.mx&#038;usp=drive_fs\" title=\"Descargar Formato\">&dArr;<\/a><\/strong><br \/>\n<\/div>\n<\/div>\n<span class=\"collapseomatic \" id=\"id69ef8fcdf2e70\"  tabindex=\"0\" alt=\"2022\" title=\"2022\"    ><font size=4 color=#000000><strong>2022 +<\/strong><\/font><\/span><span id='swap-id69ef8fcdf2e70'  class='colomat-swap' style='display:none;'><font size=4 color=#000000><strong>2022 -<\/strong><\/font><\/span><div id=\"target-id69ef8fcdf2e70\" class=\"collapseomatic_content \">\n<span class=\"collapseomatic \" id=\"id69ef8fcdf2eb4\"  tabindex=\"0\" alt=\"2do Trimestre\" title=\"2do Trimestre\"    ><font size=4 color=#000000>2do Trimestre +<\/font><\/span><span id='swap-id69ef8fcdf2eb4'  class='colomat-swap' style='display:none;'><font size=4 color=#000000>2do Trimestre -<\/font><\/span><div id=\"target-id69ef8fcdf2eb4\" class=\"collapseomatic_content \">\n<a href=\"https:\/\/docs.google.com\/spreadsheets\/d\/1rkWiWrv-7UNBeD8R3-Y7Pe72oAwxbPVF\/edit?usp=sharing&#038;ouid=114424200181983449612&#038;rtpof=true&#038;sd=true\" target=\"_blank\" title=\"Abrir en una nueva pesta\u00f1a\" rel=\"noopener\">Ver F20-IIa &#8211; El contenido de las gacetas municipales<\/a><br \/>\n<br \/><a href=\"https:\/\/docs.google.com\/spreadsheets\/d\/1eNqHis9BhartRJ0f8OlL7NFl-rqQzN9l\/edit?usp=sharing&#038;ouid=114424200181983449612&#038;rtpof=true&#038;sd=true\" target=\"_blank\" title=\"Abrir en una nueva pesta\u00f1a\" rel=\"noopener\">Ver F21-IIa &#8211; Hiperv\u00ednculo a las gacetas municipales<\/a><br \/>\n<\/div>\n<span class=\"collapseomatic \" id=\"id69ef8fcdf2ed2\"  tabindex=\"0\" alt=\"3er Trimestre\" title=\"3er Trimestre\"    ><font size=4 color=#000000>3er Trimestre +<\/font><\/span><span id='swap-id69ef8fcdf2ed2'  class='colomat-swap' style='display:none;'><font size=4 color=#000000>3er Trimestre -<\/font><\/span><div id=\"target-id69ef8fcdf2ed2\" class=\"collapseomatic_content \">\n<a href=\"https:\/\/docs.google.com\/spreadsheets\/d\/1oAp4o_N1UpUQkhzktNimGHiy-dhyCIPx\/edit?usp=sharing&#038;ouid=114424200181983449612&#038;rtpof=true&#038;sd=true\" target=\"_blank\" title=\"Abrir en una nueva pesta\u00f1a\" rel=\"noopener\">Ver F20-IIa &#8211; El contenido de las gacetas municipales<\/a><br \/>\n<br \/><a href=\"https:\/\/docs.google.com\/spreadsheets\/d\/1Oj7nfbszhGda601LMJWfb9qz0XYGA-GB\/edit?usp=sharing&#038;ouid=114424200181983449612&#038;rtpof=true&#038;sd=true\" target=\"_blank\" title=\"Abrir en una nueva pesta\u00f1a\" rel=\"noopener\">Ver F21-IIa &#8211; Hiperv\u00ednculo a las gacetas municipales<\/a><br \/>\n<\/div>\n<span class=\"collapseomatic \" id=\"id69ef8fcdf2eed\"  tabindex=\"0\" alt=\"4to Trimestre\" title=\"4to Trimestre\"    ><font size=4 color=#000000>4to Trimestre +<\/font><\/span><span id='swap-id69ef8fcdf2eed'  class='colomat-swap' style='display:none;'><font size=4 color=#000000>4to Trimestre -<\/font><\/span><div id=\"target-id69ef8fcdf2eed\" class=\"collapseomatic_content \">\n<a href=\"https:\/\/docs.google.com\/spreadsheets\/d\/1KVz1GMmr3ElfMYQyx9lXovBDKUcoe2Fl\/edit?usp=share_link&#038;ouid=114424200181983449612&#038;rtpof=true&#038;sd=true\" target=\"_blank\" title=\"Abrir en una nueva pesta\u00f1a\" rel=\"noopener\">Ver F20-IIa &#8211; El contenido de las gacetas municipales<\/a><br \/>\n<br \/><a href=\"https:\/\/docs.google.com\/spreadsheets\/d\/1yABnjyaS7bP1WFPMkBA6oUtvC_kqDWRP\/edit?usp=share_link&#038;ouid=114424200181983449612&#038;rtpof=true&#038;sd=true\" target=\"_blank\" title=\"Abrir en una nueva pesta\u00f1a\" rel=\"noopener\">Ver F21-IIa &#8211; Hiperv\u00ednculo a las gacetas municipales<\/a><br \/>\n<\/div>\n<\/div>\n<span class=\"collapseomatic \" id=\"id69ef8fcdf2f1c\"  tabindex=\"0\" alt=\"2023\" title=\"2023\"    ><font size=4 color=#000000><strong>2023 +<\/strong><\/font><\/span><span id='swap-id69ef8fcdf2f1c'  class='colomat-swap' style='display:none;'><font size=4 color=#000000><strong>2023 -<\/strong><\/font><\/span><div id=\"target-id69ef8fcdf2f1c\" class=\"collapseomatic_content \">\n<span class=\"collapseomatic \" id=\"id69ef8fcdf2f4f\"  tabindex=\"0\" alt=\"2do Trimestre\" title=\"2do Trimestre\"    ><font size=4 color=#000000>2do Trimestre +<\/font><\/span><span id='swap-id69ef8fcdf2f4f'  class='colomat-swap' style='display:none;'><font size=4 color=#000000>2do Trimestre -<\/font><\/span><div id=\"target-id69ef8fcdf2f4f\" class=\"collapseomatic_content \">\n<a href=\"\" target=\"_blank\" title=\"Abrir en una nueva pesta\u00f1a\" rel=\"noopener\">Ver F20-IIa &#8211; El contenido de las gacetas municipales<\/a><br \/>\n<br \/><a href=\"https:\/\/docs.google.com\/spreadsheets\/d\/1np6OAXiE1_oQjxKI8YkWFjEjUXjnjL2n\/edit?usp=sharing&#038;ouid=114424200181983449612&#038;rtpof=true&#038;sd=true\" target=\"_blank\" title=\"Abrir en una nueva pesta\u00f1a\" rel=\"noopener\">Ver F21-IIa &#8211; Hiperv\u00ednculo a las gacetas municipales<\/a><br \/>\n<\/div>\n<\/div>\n<span class=\"collapseomatic \" id=\"id69ef8fcdf2f87\"  tabindex=\"0\" alt=\"2024\" title=\"2024\"    ><font size=4 color=#000000><strong>2024 +<\/strong><\/font><\/span><span id='swap-id69ef8fcdf2f87'  class='colomat-swap' style='display:none;'><font size=4 color=#000000><strong>2024 -<\/strong><\/font><\/span><div id=\"target-id69ef8fcdf2f87\" class=\"collapseomatic_content \">\n<span class=\"collapseomatic \" id=\"id69ef8fcdf2fc4\"  tabindex=\"0\" alt=\"2do Trimestre\" title=\"2do Trimestre\"    ><font size=4 color=#000000>2do Trimestre +<\/font><\/span><span id='swap-id69ef8fcdf2fc4'  class='colomat-swap' style='display:none;'><font size=4 color=#000000>2do Trimestre -<\/font><\/span><div id=\"target-id69ef8fcdf2fc4\" class=\"collapseomatic_content \">\n<a href=\"https:\/\/docs.google.com\/spreadsheets\/d\/1iN4fjwdJ7G8O-K4rb4kbBnZIJ9rAO8G5\/edit?usp=sharing&#038;ouid=114424200181983449612&#038;rtpof=true&#038;sd=true\" target=\"_blank\" title=\"Abrir en una nueva pesta\u00f1a\" rel=\"noopener\">Ver F20-IIa &#8211; El contenido de las gacetas municipales<\/a><br \/>\n<br \/><a href=\"\" target=\"_blank\" title=\"Abrir en una nueva pesta\u00f1a\" rel=\"noopener\">Ver F21-IIa &#8211; Hiperv\u00ednculo a las gacetas municipales<\/a><br \/>\n<\/div>\n<span class=\"collapseomatic \" id=\"id69ef8fcdf2fe5\"  tabindex=\"0\" alt=\"3er Trimestre\" title=\"3er Trimestre\"    ><font size=4 color=#000000>3er Trimestre +<\/font><\/span><span id='swap-id69ef8fcdf2fe5'  class='colomat-swap' style='display:none;'><font size=4 color=#000000>3er Trimestre -<\/font><\/span><div id=\"target-id69ef8fcdf2fe5\" class=\"collapseomatic_content \">\n<a href=\"https:\/\/docs.google.com\/spreadsheets\/d\/1P7s7zxmqzVENI0toQGgNPa4NpueeP6GT\/edit?usp=drive_link&#038;ouid=114424200181983449612&#038;rtpof=true&#038;sd=true\" target=\"_blank\" title=\"Abrir en una nueva pesta\u00f1a\" rel=\"noopener\">Ver Formato &#8211; Contenido de las gacetas municipales<\/a><br \/>\n<\/div>\n<\/div>\n<\/div><!--\n\nFORMATOS DE LEY DE TRANSPARENCIA Y ACCESO A LA INFORMACI\u00d3N P\u00daBLICA\n\nI N C I S O     B\n\n                 T R I M E S T R A L\n--><br \/>\n<span class=\"collapseomatic \" id=\"id69ef8fcdf3074\"  tabindex=\"0\" alt=\"b) Actas de Sesiones de Cabildo\" title=\"b) Actas de Sesiones de Cabildo\"    ><font size=4 color=#000000><strong>b) Actas de Sesiones de Cabildo +<\/strong><\/font><\/span><span id='swap-id69ef8fcdf3074'  class='colomat-swap' style='display:none;'><font size=4 color=#000000><strong>b) Actas de Sesiones de Cabildo -<\/strong><\/font><\/span><div id=\"target-id69ef8fcdf3074\" class=\"collapseomatic_content \"><!--\n\n2 0 1 7\n\n--><span class=\"collapseomatic \" id=\"id69ef8fcdf3197\"  tabindex=\"0\" alt=\"2017\" title=\"2017\"    ><font size=4 color=#000000><strong>2017 +<\/strong><\/font><\/span><span id='swap-id69ef8fcdf3197'  class='colomat-swap' style='display:none;'><font size=4 color=#000000><strong>2017 -<\/strong><\/font><\/span><div id=\"target-id69ef8fcdf3197\" class=\"collapseomatic_content \">\n<span class=\"collapseomatic \" id=\"id69ef8fcdf31d6\"  tabindex=\"0\" alt=\"1er Trimestre\" title=\"1er Trimestre\"    ><font size=4 color=#000000>1er Trimestre +<\/font><\/span><span id='swap-id69ef8fcdf31d6'  class='colomat-swap' style='display:none;'><font size=4 color=#000000>1er Trimestre -<\/font><\/span><div id=\"target-id69ef8fcdf31d6\" class=\"collapseomatic_content \">\n<a href=\"http:\/\/www.comonfort.gob.mx\/transparencia\/documentacion\/articulo28\/fraccion02\/Formato%2028%20BPrimer%20Trimestre.xls\" target=\"_blank\" rel=\"noopener\">Descargar<\/a><br \/>\n<\/div>\n<span class=\"collapseomatic \" id=\"id69ef8fcdf31f7\"  tabindex=\"0\" alt=\"2do Trimestre\" title=\"2do Trimestre\"    ><font size=4 color=#000000>2do Trimestre +<\/font><\/span><span id='swap-id69ef8fcdf31f7'  class='colomat-swap' style='display:none;'><font size=4 color=#000000>2do Trimestre -<\/font><\/span><div id=\"target-id69ef8fcdf31f7\" class=\"collapseomatic_content \">\n<a href=\"http:\/\/www.comonfort.gob.mx\/transparencia\/documentacion\/articulo28\/fraccion02\/Formato%2028%20BSegundo%20Trimestre.xls\" target=\"_blank\" rel=\"noopener\">Descargar<\/a><br \/>\n<\/div>\n<\/div><!--\n\n2 0 1 8\n\n--><span class=\"collapseomatic \" id=\"id69ef8fcdf3227\"  tabindex=\"0\" alt=\"2018\" title=\"2018\"    ><font size=4 color=#000000><strong>2018 +<\/strong><\/font><\/span><span id='swap-id69ef8fcdf3227'  class='colomat-swap' style='display:none;'><font size=4 color=#000000><strong>2018 -<\/strong><\/font><\/span><div id=\"target-id69ef8fcdf3227\" class=\"collapseomatic_content \">\n<span class=\"collapseomatic \" id=\"id69ef8fcdf327d\"  tabindex=\"0\" alt=\"1er Trimestre\" title=\"1er Trimestre\"    ><font size=4 color=#000000>1er Trimestre +<\/font><\/span><span id='swap-id69ef8fcdf327d'  class='colomat-swap' style='display:none;'><font size=4 color=#000000>1er Trimestre -<\/font><\/span><div id=\"target-id69ef8fcdf327d\" class=\"collapseomatic_content \">\n<a href=\"http:\/\/view.officeapps.live.com\/op\/view.aspx?src=http:\/\/www.comonfort.gob.mx\/transparencia\/documentacion\/articulo28\/fraccion02\/formatos\/2018\/1er-trim\/a28-f02b-18-04-say-com-actas-de-sesiones-y-el-sentido-de-votacion.xls\" target=\"_blank\" title=\"Abrir en una nueva pesta\u00f1a\" rel=\"noopener\">Ver Formato<\/a> \u00f3 <strong><a href=\"http:\/\/www.comonfort.gob.mx\/transparencia\/documentacion\/articulo28\/fraccion02\/formatos\/2018\/1er-trim\/a28-f02b-18-04-say-com-actas-de-sesiones-y-el-sentido-de-votacion.xls\" title=\"Descargar Formato\">&dArr;<\/a><\/strong><br \/>\n<\/div>\n<span class=\"collapseomatic \" id=\"id69ef8fcdf329c\"  tabindex=\"0\" alt=\"2do Trimestre\" title=\"2do Trimestre\"    ><font size=4 color=#000000>2do Trimestre +<\/font><\/span><span id='swap-id69ef8fcdf329c'  class='colomat-swap' style='display:none;'><font size=4 color=#000000>2do Trimestre -<\/font><\/span><div id=\"target-id69ef8fcdf329c\" class=\"collapseomatic_content \">\n<a href=\"http:\/\/view.officeapps.live.com\/op\/view.aspx?src=http:\/\/www.comonfort.gob.mx\/transparencia\/documentacion\/articulo28\/fraccion02\/formatos\/2018\/2do-trim\/Articulo28-f22-IIb-09-07-calendario-sesiones.xlsx\" target=\"_blank\" title=\"Abrir en una nueva pesta\u00f1a\" rel=\"noopener\">Ver F22-IIb &#8211; Calendario de Sesiones<\/a> \u00f3 <strong><a href=\"http:\/\/www.comonfort.gob.mx\/transparencia\/documentacion\/articulo28\/fraccion02\/formatos\/2018\/2do-trim\/Articulo28-f22-IIb-09-07-calendario-sesiones.xlsx\" title=\"Descargar Formato\">&dArr;<\/a><\/strong><br \/>\n<br \/><a href=\"http:\/\/view.officeapps.live.com\/op\/view.aspx?src=http:\/\/www.comonfort.gob.mx\/transparencia\/documentacion\/articulo28\/fraccion02\/formatos\/2018\/2do-trim\/Articulo28-f23-IIb-09-07-sesiones.xlsx\" target=\"_blank\" title=\"Abrir en una nueva pesta\u00f1a\" rel=\"noopener\">Ver F23-IIb &#8211; Sesiones Celebradas<\/a> \u00f3 <strong><a href=\"http:\/\/www.comonfort.gob.mx\/transparencia\/documentacion\/articulo28\/fraccion02\/formatos\/2018\/2do-trim\/Articulo28-f23-IIb-09-07-sesiones.xlsx\" title=\"Descargar Formato\">&dArr;<\/a><\/strong><br \/>\n<\/div>\n<span class=\"collapseomatic \" id=\"id69ef8fcdf32b8\"  tabindex=\"0\" alt=\"4to Trimestre\" title=\"4to Trimestre\"    ><font size=4 color=#000000>4to Trimestre +<\/font><\/span><span id='swap-id69ef8fcdf32b8'  class='colomat-swap' style='display:none;'><font size=4 color=#000000>4to Trimestre -<\/font><\/span><div id=\"target-id69ef8fcdf32b8\" class=\"collapseomatic_content \">\n<a href=\"http:\/\/view.officeapps.live.com\/op\/view.aspx?src=http:\/\/www.comonfort.gob.mx\/transparencia\/documentacion\/articulo28\/fraccion01\/formatos\/com\/2018\/4to-trim\/A28-f22-IIb-18-12-calendario-sesiones.xlsx\" target=\"_blank\" title=\"Abrir en una nueva pesta\u00f1a\" rel=\"noopener\">Ver F22-IIb &#8211; Calendario de Sesiones<\/a> \u00f3 <strong><a href=\"http:\/\/www.comonfort.gob.mx\/transparencia\/documentacion\/articulo28\/fraccion01\/formatos\/com\/2018\/4to-trim\/A28-f22-IIb-18-12-calendario-sesiones.xlsx\" title=\"Descargar Formato\">&dArr;<\/a><\/strong><br \/>\n<br \/><a href=\"http:\/\/view.officeapps.live.com\/op\/view.aspx?src=http:\/\/www.comonfort.gob.mx\/transparencia\/documentacion\/articulo28\/fraccion01\/formatos\/com\/2018\/4to-trim\/A28-f23-IIb-18-12-sesiones-celebradas.xlsx\" target=\"_blank\" title=\"Abrir en una nueva pesta\u00f1a\" rel=\"noopener\">Ver F23-IIb &#8211; Sesiones Celebradas<\/a> \u00f3 <strong><a href=\"http:\/\/www.comonfort.gob.mx\/transparencia\/documentacion\/articulo28\/fraccion01\/formatos\/com\/2018\/4to-trim\/A28-f23-IIb-18-12-sesiones-celebradas.xlsx\" title=\"Descargar Formato\">&dArr;<\/a><\/strong><br \/>\n<\/div>\n<\/div><!--\n\n2 0 1 9\n\n--><span class=\"collapseomatic \" id=\"id69ef8fcdf32eb\"  tabindex=\"0\" alt=\"2019\" title=\"2019\"    ><font size=4 color=#000000><strong>2019 +<\/strong><\/font><\/span><span id='swap-id69ef8fcdf32eb'  class='colomat-swap' style='display:none;'><font size=4 color=#000000><strong>2019 -<\/strong><\/font><\/span><div id=\"target-id69ef8fcdf32eb\" class=\"collapseomatic_content \">\n<span class=\"collapseomatic \" id=\"id69ef8fcdf3363\"  tabindex=\"0\" alt=\"1er Trimestre\" title=\"1er Trimestre\"    ><font size=4 color=#000000>1er Trimestre +<\/font><\/span><span id='swap-id69ef8fcdf3363'  class='colomat-swap' style='display:none;'><font size=4 color=#000000>1er Trimestre -<\/font><\/span><div id=\"target-id69ef8fcdf3363\" class=\"collapseomatic_content \">\n<a href=\"http:\/\/view.officeapps.live.com\/op\/view.aspx?src=http:\/\/www.comonfort.gob.mx\/transparencia\/documentacion\/articulo28\/fraccion02\/formatos\/com\/2019\/1er-trim\/a28-F02-F22_IIB_19-03-Calendario-de-sesiones-del-Cabildo.xlsx\" target=\"_blank\" title=\"Abrir en una nueva pesta\u00f1a\" rel=\"noopener\">Ver F22-IIb &#8211; Calendario de Sesiones<\/a> \u00f3 <strong><a href=\"http:\/\/www.comonfort.gob.mx\/transparencia\/documentacion\/articulo28\/fraccion02\/formatos\/com\/2019\/1er-trim\/a28-F02-F22_IIB_19-03-Calendario-de-sesiones-del-Cabildo.xlsx\" title=\"Descargar Formato\">&dArr;<\/a><\/strong><br \/>\n<br \/><a href=\"http:\/\/view.officeapps.live.com\/op\/view.aspx?src=http:\/\/www.comonfort.gob.mx\/transparencia\/documentacion\/articulo28\/fraccion02\/formatos\/com\/2019\/1er-trim\/a28-F02-F23_IIB_19-03-Sesiones-celebradas-de-Cabildo.xlsx\" target=\"_blank\" title=\"Abrir en una nueva pesta\u00f1a\" rel=\"noopener\">Ver F23-IIb &#8211; Sesiones Celebradas<\/a> \u00f3 <strong><a href=\"http:\/\/www.comonfort.gob.mx\/transparencia\/documentacion\/articulo28\/fraccion02\/formatos\/com\/2019\/1er-trim\/a28-F02-F23_IIB_19-03-Sesiones-celebradas-de-Cabildo.xlsx\" title=\"Descargar Formato\">&dArr;<\/a><\/strong><br \/>\n<\/div>\n<span class=\"collapseomatic \" id=\"id69ef8fcdf3382\"  tabindex=\"0\" alt=\"2do Trimestre\" title=\"2do Trimestre\"    ><font size=4 color=#000000>2do Trimestre +<\/font><\/span><span id='swap-id69ef8fcdf3382'  class='colomat-swap' style='display:none;'><font size=4 color=#000000>2do Trimestre -<\/font><\/span><div id=\"target-id69ef8fcdf3382\" class=\"collapseomatic_content \">\n<a href=\"http:\/\/view.officeapps.live.com\/op\/view.aspx?src=http:\/\/www.comonfort.gob.mx\/transparencia\/documentacion\/articulo28\/fraccion02\/formatos\/com\/2019\/2do-trim\/a28-F02-F22_IIB_19-06-Calendario-de-sesiones-del-Cabildo.xlsx\" target=\"_blank\" title=\"Abrir en una nueva pesta\u00f1a\" rel=\"noopener\">Ver F22-IIb &#8211; Calendario de Sesiones<\/a> \u00f3 <strong><a href=\"http:\/\/www.comonfort.gob.mx\/transparencia\/documentacion\/articulo28\/fraccion02\/formatos\/com\/2019\/2do-trim\/a28-F02-F22_IIB_19-06-Calendario-de-sesiones-del-Cabildo.xlsx\" title=\"Descargar Formato\">&dArr;<\/a><\/strong><br \/>\n<br \/><a href=\"http:\/\/view.officeapps.live.com\/op\/view.aspx?src=http:\/\/www.comonfort.gob.mx\/transparencia\/documentacion\/articulo28\/fraccion02\/formatos\/com\/2019\/2do-trim\/a28-F02-F23_IIB_19-06-Sesiones-celebradas-de-Cabildo.xlsx\" target=\"_blank\" title=\"Abrir en una nueva pesta\u00f1a\" rel=\"noopener\">Ver F23-IIb &#8211; Sesiones Celebradas<\/a> \u00f3 <strong><a href=\"http:\/\/www.comonfort.gob.mx\/transparencia\/documentacion\/articulo28\/fraccion02\/formatos\/com\/2019\/2do-trim\/a28-F02-F23_IIB_19-06-Sesiones-celebradas-de-Cabildo.xlsx\" title=\"Descargar Formato\">&dArr;<\/a><\/strong><br \/>\n<\/div>\n<span class=\"collapseomatic \" id=\"id69ef8fcdf33a3\"  tabindex=\"0\" alt=\"3er Trimestre\" title=\"3er Trimestre\"    ><font size=4 color=#000000>3er Trimestre +<\/font><\/span><span id='swap-id69ef8fcdf33a3'  class='colomat-swap' style='display:none;'><font size=4 color=#000000>3er Trimestre -<\/font><\/span><div id=\"target-id69ef8fcdf33a3\" class=\"collapseomatic_content \">\n<a href=\"http:\/\/view.officeapps.live.com\/op\/view.aspx?src=http:\/\/www.comonfort.gob.mx\/transparencia\/documentacion\/articulo28\/fraccion02\/formatos\/com\/2019\/3er-trim\/a28-F02-F22_IIB_19-09-Calendario-de-sesiones-del-Cabildo.xlsx\" target=\"_blank\" title=\"Abrir en una nueva pesta\u00f1a\" rel=\"noopener\">Ver F22-IIb &#8211; Calendario de Sesiones<\/a> \u00f3 <strong><a href=\"http:\/\/www.comonfort.gob.mx\/transparencia\/documentacion\/articulo28\/fraccion02\/formatos\/com\/2019\/3er-trim\/a28-F02-F22_IIB_19-09-Calendario-de-sesiones-del-Cabildo.xlsx\" title=\"Descargar Formato\">&dArr;<\/a><\/strong><br \/>\n<br \/><a href=\"http:\/\/view.officeapps.live.com\/op\/view.aspx?src=http:\/\/www.comonfort.gob.mx\/transparencia\/documentacion\/articulo28\/fraccion02\/formatos\/com\/2019\/3er-trim\/a28-F02-F23_IIB_19-09-Sesiones-celebradas-de-Cabildo.xlsx\" target=\"_blank\" title=\"Abrir en una nueva pesta\u00f1a\" rel=\"noopener\">Ver F23-IIb &#8211; Sesiones Celebradas<\/a> \u00f3 <strong><a href=\"http:\/\/www.comonfort.gob.mx\/transparencia\/documentacion\/articulo28\/fraccion02\/formatos\/com\/2019\/3er-trim\/a28-F02-F23_IIB_19-09-Sesiones-celebradas-de-Cabildo.xlsx\" title=\"Descargar Formato\">&dArr;<\/a><\/strong><br \/>\n<\/div>\n<span class=\"collapseomatic \" id=\"id69ef8fcdf33c2\"  tabindex=\"0\" alt=\"4to Trimestre\" title=\"4to Trimestre\"    ><font size=4 color=#000000>4to Trimestre +<\/font><\/span><span id='swap-id69ef8fcdf33c2'  class='colomat-swap' style='display:none;'><font size=4 color=#000000>4to Trimestre -<\/font><\/span><div id=\"target-id69ef8fcdf33c2\" class=\"collapseomatic_content \">\n<a href=\"http:\/\/view.officeapps.live.com\/op\/view.aspx?src=http:\/\/www.comonfort.gob.mx\/transparencia\/documentacion\/articulo28\/fraccion02\/formatos\/com\/2019\/4to-trim\/a28-F02-F22_IIB_19-12-Calendario-de-sesiones-del-Cabildo.xlsx\" target=\"_blank\" title=\"Abrir en una nueva pesta\u00f1a\" rel=\"noopener\">Ver F22-IIb &#8211; Calendario de Sesiones<\/a> \u00f3 <strong><a href=\"http:\/\/www.comonfort.gob.mx\/transparencia\/documentacion\/articulo28\/fraccion02\/formatos\/com\/2019\/4to-trim\/a28-F02-F22_IIB_19-12-Calendario-de-sesiones-del-Cabildo.xlsx\" title=\"Descargar Formato\">&dArr;<\/a><\/strong><br \/>\n<br \/><a href=\"http:\/\/view.officeapps.live.com\/op\/view.aspx?src=http:\/\/www.comonfort.gob.mx\/transparencia\/documentacion\/articulo28\/fraccion02\/formatos\/com\/2019\/4to-trim\/a28-F02-F23_IIB_19-12-Sesiones-celebradas-de-Cabildo.xlsx\" target=\"_blank\" title=\"Abrir en una nueva pesta\u00f1a\" rel=\"noopener\">Ver F23-IIb &#8211; Sesiones Celebradas<\/a> \u00f3 <strong><a href=\"http:\/\/www.comonfort.gob.mx\/transparencia\/documentacion\/articulo28\/fraccion02\/formatos\/com\/2019\/4to-trim\/a28-F02-F23_IIB_19-12-Sesiones-celebradas-de-Cabildo.xlsx\" title=\"Descargar Formato\">&dArr;<\/a><\/strong><br \/>\n<\/div>\n<\/div><!--\n\n2 0 2 0\n\n--><span class=\"collapseomatic \" id=\"id69ef8fcdf340f\"  tabindex=\"0\" alt=\"2020\" title=\"2020\"    ><font size=4 color=#000000><strong>2020 +<\/strong><\/font><\/span><span id='swap-id69ef8fcdf340f'  class='colomat-swap' style='display:none;'><font size=4 color=#000000><strong>2020 -<\/strong><\/font><\/span><div id=\"target-id69ef8fcdf340f\" class=\"collapseomatic_content \">\n<span class=\"collapseomatic \" id=\"id69ef8fcdf346d\"  tabindex=\"0\" alt=\"1er Trimestre\" title=\"1er Trimestre\"    ><font size=4 color=#000000>1er Trimestre +<\/font><\/span><span id='swap-id69ef8fcdf346d'  class='colomat-swap' style='display:none;'><font size=4 color=#000000>1er Trimestre -<\/font><\/span><div id=\"target-id69ef8fcdf346d\" class=\"collapseomatic_content \">\n<a href=\"http:\/\/view.officeapps.live.com\/op\/view.aspx?src=http:\/\/www.comonfort.gob.mx\/transparencia\/documentacion\/articulo28\/fraccion02\/formatos\/com\/2020\/1er-trim\/a28-F02-F22_IIB_20-03-Calendario-de-sesiones-del-Cabildo.xlsx\" target=\"_blank\" title=\"Abrir en una nueva pesta\u00f1a\" rel=\"noopener\">Ver F22-IIb &#8211; Calendario de Sesiones<\/a> \u00f3 <strong><a href=\"http:\/\/www.comonfort.gob.mx\/transparencia\/documentacion\/articulo28\/fraccion02\/formatos\/com\/2020\/1er-trim\/a28-F02-F22_IIB_20-03-Calendario-de-sesiones-del-Cabildo.xlsx\" title=\"Descargar Formato\">&dArr;<\/a><\/strong><br \/>\n<br \/><a href=\"http:\/\/view.officeapps.live.com\/op\/view.aspx?src=http:\/\/www.comonfort.gob.mx\/transparencia\/documentacion\/articulo28\/fraccion02\/formatos\/com\/2020\/1er-trim\/a28-F02-F23_IIB_20-03-Sesiones-celebradas-de-Cabildo.xlsx\" target=\"_blank\" title=\"Abrir en una nueva pesta\u00f1a\" rel=\"noopener\">Ver F23-IIb &#8211; Sesiones Celebradas<\/a> \u00f3 <strong><a href=\"http:\/\/www.comonfort.gob.mx\/transparencia\/documentacion\/articulo28\/fraccion02\/formatos\/com\/2020\/1er-trim\/a28-F02-F23_IIB_20-03-Sesiones-celebradas-de-Cabildo.xlsx\" title=\"Descargar Formato\">&dArr;<\/a><\/strong><br \/>\n<\/div>\n<span class=\"collapseomatic \" id=\"id69ef8fcdf3499\"  tabindex=\"0\" alt=\"2do Trimestre\" title=\"2do Trimestre\"    ><font size=4 color=#000000>2do Trimestre +<\/font><\/span><span id='swap-id69ef8fcdf3499'  class='colomat-swap' style='display:none;'><font size=4 color=#000000>2do Trimestre -<\/font><\/span><div id=\"target-id69ef8fcdf3499\" class=\"collapseomatic_content \">\n<a href=\"http:\/\/view.officeapps.live.com\/op\/view.aspx?src=http:\/\/www.comonfort.gob.mx\/transparencia\/documentacion\/articulo28\/fraccion02\/formatos\/com\/2020\/2do-trim\/a28-F02-F22_IIB_20-06-Calendario-de-sesiones-del-Cabildo.xlsx\" target=\"_blank\" title=\"Abrir en una nueva pesta\u00f1a\" rel=\"noopener\">Ver F22-IIb &#8211; Calendario de Sesiones<\/a> \u00f3 <strong><a href=\"http:\/\/www.comonfort.gob.mx\/transparencia\/documentacion\/articulo28\/fraccion02\/formatos\/com\/2020\/2do-trim\/a28-F02-F22_IIB_20-06-Calendario-de-sesiones-del-Cabildo.xlsx\" title=\"Descargar Formato\">&dArr;<\/a><\/strong><br \/>\n<\/div>\n<span class=\"collapseomatic \" id=\"id69ef8fcdf34b5\"  tabindex=\"0\" alt=\"3er Trimestre\" title=\"3er Trimestre\"    ><font size=4 color=#000000>3er Trimestre +<\/font><\/span><span id='swap-id69ef8fcdf34b5'  class='colomat-swap' style='display:none;'><font size=4 color=#000000>3er Trimestre -<\/font><\/span><div id=\"target-id69ef8fcdf34b5\" class=\"collapseomatic_content \">\n<a href=\"http:\/\/view.officeapps.live.com\/op\/view.aspx?src=http:\/\/www.comonfort.gob.mx\/transparencia\/documentacion\/articulo28\/fraccion02\/formatos\/com\/2020\/3er-trim\/a28-F02-F22_IIB_20-09-Calendario-de-sesiones-del-Cabildo.xlsx\" target=\"_blank\" title=\"Abrir en una nueva pesta\u00f1a\" rel=\"noopener\">Ver F22-IIb &#8211; Calendario de Sesiones<\/a> \u00f3 <strong><a href=\"http:\/\/www.comonfort.gob.mx\/transparencia\/documentacion\/articulo28\/fraccion02\/formatos\/com\/2020\/3er-trim\/a28-F02-F22_IIB_20-09-Calendario-de-sesiones-del-Cabildo.xlsx\" title=\"Descargar Formato\">&dArr;<\/a><\/strong><br \/>\n<\/div>\n<span class=\"collapseomatic \" id=\"id69ef8fcdf34d1\"  tabindex=\"0\" alt=\"4to Trimestre\" title=\"4to Trimestre\"    ><font size=4 color=#000000>4to Trimestre +<\/font><\/span><span id='swap-id69ef8fcdf34d1'  class='colomat-swap' style='display:none;'><font size=4 color=#000000>4to Trimestre -<\/font><\/span><div id=\"target-id69ef8fcdf34d1\" class=\"collapseomatic_content \">\n<a href=\"http:\/\/view.officeapps.live.com\/op\/view.aspx?src=http:\/\/www.comonfort.gob.mx\/transparencia\/documentacion\/articulo28\/fraccion02\/formatos\/com\/2020\/4to-trim\/a28-F02-F22_IIB_20-12-Calendario-de-sesiones-del-Cabildo.xlsx\" target=\"_blank\" title=\"Abrir en una nueva pesta\u00f1a\" rel=\"noopener\">Ver F22-IIb &#8211; Calendario de Sesiones<\/a> \u00f3 <strong><a href=\"http:\/\/www.comonfort.gob.mx\/transparencia\/documentacion\/articulo28\/fraccion02\/formatos\/com\/2020\/4to-trim\/a28-F02-F22_IIB_20-12-Calendario-de-sesiones-del-Cabildo.xlsx\" title=\"Descargar Formato\">&dArr;<\/a><\/strong><br \/>\n<\/div>\n<\/div>\n<span class=\"collapseomatic \" id=\"id69ef8fcdf3508\"  tabindex=\"0\" alt=\"2021\" title=\"2021\"    ><font size=4 color=#000000><strong>2021 +<\/strong><\/font><\/span><span id='swap-id69ef8fcdf3508'  class='colomat-swap' style='display:none;'><font size=4 color=#000000><strong>2021 -<\/strong><\/font><\/span><div id=\"target-id69ef8fcdf3508\" class=\"collapseomatic_content \">\n<span class=\"collapseomatic \" id=\"id69ef8fcdf3576\"  tabindex=\"0\" alt=\"1er Trimestre\" title=\"1er Trimestre\"    ><font size=4 color=#000000>1er Trimestre +<\/font><\/span><span id='swap-id69ef8fcdf3576'  class='colomat-swap' style='display:none;'><font size=4 color=#000000>1er Trimestre -<\/font><\/span><div id=\"target-id69ef8fcdf3576\" class=\"collapseomatic_content \">\n<a href=\"http:\/\/view.officeapps.live.com\/op\/view.aspx?src=http:\/\/www.comonfort.gob.mx\/transparencia\/documentacion\/articulo28\/fraccion02\/formatos\/com\/2021\/a28-F02-F22_IIB_21-03-Calendario-de-sesiones-del-Cabildo.xlsx\" target=\"_blank\" title=\"Abrir en una nueva pesta\u00f1a\" rel=\"noopener\">Ver F22-IIb &#8211; Calendario de Sesiones<\/a> \u00f3 <strong><a href=\"http:\/\/www.comonfort.gob.mx\/transparencia\/documentacion\/articulo28\/fraccion02\/formatos\/com\/2021\/a28-F02-F22_IIB_21-03-Calendario-de-sesiones-del-Cabildo.xlsx\" title=\"Descargar Formato\">&dArr;<\/a><\/strong><br \/>\n<\/div>\n<span class=\"collapseomatic \" id=\"id69ef8fcdf3596\"  tabindex=\"0\" alt=\"2do Trimestre\" title=\"2do Trimestre\"    ><font size=4 color=#000000>2do Trimestre +<\/font><\/span><span id='swap-id69ef8fcdf3596'  class='colomat-swap' style='display:none;'><font size=4 color=#000000>2do Trimestre -<\/font><\/span><div id=\"target-id69ef8fcdf3596\" class=\"collapseomatic_content \">\n<a href=\"http:\/\/view.officeapps.live.com\/op\/view.aspx?src=http:\/\/www.comonfort.gob.mx\/transparencia\/documentacion\/articulo28\/fraccion02\/formatos\/com\/2021\/2do-trim\/a28-F02-F22_IIB_21-06-Calendario-de-sesiones-del-Cabildo.xlsx\" target=\"_blank\" title=\"Abrir en una nueva pesta\u00f1a\" rel=\"noopener\">Ver F22-IIb &#8211; Calendario de Sesiones<\/a> \u00f3 <strong><a href=\"http:\/\/www.comonfort.gob.mx\/transparencia\/documentacion\/articulo28\/fraccion02\/formatos\/com\/2021\/2do-trim\/a28-F02-F22_IIB_21-06-Calendario-de-sesiones-del-Cabildo.xlsx\" title=\"Descargar Formato\">&dArr;<\/a><\/strong><br \/>\n<\/div>\n<span class=\"collapseomatic \" id=\"id69ef8fcdf35b2\"  tabindex=\"0\" alt=\"3er Trimestre\" title=\"3er Trimestre\"    ><font size=4 color=#000000>3er Trimestre +<\/font><\/span><span id='swap-id69ef8fcdf35b2'  class='colomat-swap' style='display:none;'><font size=4 color=#000000>3er Trimestre -<\/font><\/span><div id=\"target-id69ef8fcdf35b2\" class=\"collapseomatic_content \">\n<a href=\"http:\/\/view.officeapps.live.com\/op\/view.aspx?src=http:\/\/www.comonfort.gob.mx\/transparencia\/documentacion\/articulo28\/fraccion02\/formatos\/com\/2021\/3er-trim\/a28-F02-F22_IIB_21-09-Calendario-de-sesiones-del-Cabildo.xlsx\" target=\"_blank\" title=\"Abrir en una nueva pesta\u00f1a\" rel=\"noopener\">Ver F22-IIb &#8211; Calendario de Sesiones<\/a> \u00f3 <strong><a href=\"http:\/\/www.comonfort.gob.mx\/transparencia\/documentacion\/articulo28\/fraccion02\/formatos\/com\/2021\/3er-trim\/a28-F02-F22_IIB_21-09-Calendario-de-sesiones-del-Cabildo.xlsx\" title=\"Descargar Formato\">&dArr;<\/a><\/strong><br \/>\n<br \/><a href=\"http:\/\/view.officeapps.live.com\/op\/view.aspx?src=http:\/\/www.comonfort.gob.mx\/transparencia\/documentacion\/articulo28\/fraccion02\/formatos\/com\/2021\/3er-trim\/a28-F02-F23_IIB_21-09-Sesiones-celebradas-de-Cabildo.xlsx\" target=\"_blank\" title=\"Abrir en una nueva pesta\u00f1a\" rel=\"noopener\">Ver F23-IIb &#8211; Sesiones Celebradas<\/a> \u00f3 <strong><a href=\"http:\/\/www.comonfort.gob.mx\/transparencia\/documentacion\/articulo28\/fraccion02\/formatos\/com\/2021\/3er-trim\/a28-F02-F23_IIB_21-09-Sesiones-celebradas-de-Cabildo.xlsx\" title=\"Descargar Formato\">&dArr;<\/a><\/strong><br \/>\n<\/div>\n<span class=\"collapseomatic \" id=\"id69ef8fcdf35cd\"  tabindex=\"0\" alt=\"4to Trimestre\" title=\"4to Trimestre\"    ><font size=4 color=#000000>4to Trimestre +<\/font><\/span><span id='swap-id69ef8fcdf35cd'  class='colomat-swap' style='display:none;'><font size=4 color=#000000>4to Trimestre -<\/font><\/span><div id=\"target-id69ef8fcdf35cd\" class=\"collapseomatic_content \">\n<a href=\"https:\/\/docs.google.com\/spreadsheets\/d\/1CULBnBGwMwQsKhtT2V3hlyklt9obR_Ib?rtpof=true&#038;authuser=obligacionesdetransparencia%40comonfort.gob.mx&#038;usp=drive_fs\" target=\"_blank\" title=\"Abrir en una nueva pesta\u00f1a\" rel=\"noopener\">Ver F22-IIb &#8211; Calendario de Sesiones<\/a><br \/>\n<br \/><a href=\"https:\/\/docs.google.com\/spreadsheets\/d\/1HOzSpv7t-yU9wIzsXZD1AWwNgn6GMdYl?rtpof=true&#038;authuser=obligacionesdetransparencia%40comonfort.gob.mx&#038;usp=drive_fs\" target=\"_blank\" title=\"Abrir en una nueva pesta\u00f1a\" rel=\"noopener\">Ver F23-IIb &#8211; Sesiones Celebradas<\/a><br \/>\n<\/div>\n<\/div>\n<span class=\"collapseomatic \" id=\"id69ef8fcdf3603\"  tabindex=\"0\" alt=\"2022\" title=\"2022\"    ><font size=4 color=#000000><strong>2022 +<\/strong><\/font><\/span><span id='swap-id69ef8fcdf3603'  class='colomat-swap' style='display:none;'><font size=4 color=#000000><strong>2022 -<\/strong><\/font><\/span><div id=\"target-id69ef8fcdf3603\" class=\"collapseomatic_content \">\n<span class=\"collapseomatic \" id=\"id69ef8fcdf3646\"  tabindex=\"0\" alt=\"2do Trimestre\" title=\"2do Trimestre\"    ><font size=4 color=#000000>2do Trimestre +<\/font><\/span><span id='swap-id69ef8fcdf3646'  class='colomat-swap' style='display:none;'><font size=4 color=#000000>2do Trimestre -<\/font><\/span><div id=\"target-id69ef8fcdf3646\" class=\"collapseomatic_content \">\n<a href=\"https:\/\/docs.google.com\/spreadsheets\/d\/1cPnVoyW73aScYcH-XYeKLZmCJUGJ0s6x\/edit?usp=sharing&#038;ouid=114424200181983449612&#038;rtpof=true&#038;sd=true\" target=\"_blank\" title=\"Abrir en una nueva pesta\u00f1a\" rel=\"noopener\">Ver F22-IIb &#8211; Calendario de Sesiones<\/a><br \/>\n<br \/><a href=\"https:\/\/docs.google.com\/spreadsheets\/d\/16vVSE3DdVLHU-da7-NyVjPuW6ZBfj86_\/edit?usp=sharing&#038;ouid=114424200181983449612&#038;rtpof=true&#038;sd=true\" target=\"_blank\" title=\"Abrir en una nueva pesta\u00f1a\" rel=\"noopener\">Ver F23-IIb &#8211; Sesiones Celebradas<\/a><br \/>\n<\/div>\n<span class=\"collapseomatic \" id=\"id69ef8fcdf3663\"  tabindex=\"0\" alt=\"3er Trimestre\" title=\"3er Trimestre\"    ><font size=4 color=#000000>3er Trimestre +<\/font><\/span><span id='swap-id69ef8fcdf3663'  class='colomat-swap' style='display:none;'><font size=4 color=#000000>3er Trimestre -<\/font><\/span><div id=\"target-id69ef8fcdf3663\" class=\"collapseomatic_content \">\n<a href=\"https:\/\/docs.google.com\/spreadsheets\/d\/1KarOCcENF0srGk_o6xmve7ojq3bD4XMF\/edit?usp=sharing&#038;ouid=114424200181983449612&#038;rtpof=true&#038;sd=true\" target=\"_blank\" title=\"Abrir en una nueva pesta\u00f1a\" rel=\"noopener\">Ver F22-IIb &#8211; Calendario de Sesiones<\/a><br \/>\n<br \/><a href=\"https:\/\/docs.google.com\/spreadsheets\/d\/18ggyFj0HXL6NC-9wIFwL1wiOWkdjwqk7\/edit?usp=sharing&#038;ouid=114424200181983449612&#038;rtpof=true&#038;sd=true\" target=\"_blank\" title=\"Abrir en una nueva pesta\u00f1a\" rel=\"noopener\">Ver F23-IIb &#8211; Sesiones Celebradas<\/a><br \/>\n<\/div>\n<span class=\"collapseomatic \" id=\"id69ef8fcdf367f\"  tabindex=\"0\" alt=\"4to Trimestre\" title=\"4to Trimestre\"    ><font size=4 color=#000000>4to Trimestre +<\/font><\/span><span id='swap-id69ef8fcdf367f'  class='colomat-swap' style='display:none;'><font size=4 color=#000000>4to Trimestre -<\/font><\/span><div id=\"target-id69ef8fcdf367f\" class=\"collapseomatic_content \">\n<a href=\"https:\/\/docs.google.com\/spreadsheets\/d\/18boYD4FrVygk3FBpEALea6tFmeSIG7zu\/edit?usp=share_link&#038;ouid=114424200181983449612&#038;rtpof=true&#038;sd=true\" target=\"_blank\" title=\"Abrir en una nueva pesta\u00f1a\" rel=\"noopener\">Ver F22-IIb &#8211; Calendario de Sesiones<\/a><br \/>\n<br \/><a href=\"https:\/\/docs.google.com\/spreadsheets\/d\/1RGiivELP933vo5C1u9eFcIKrRB5uWGrj\/edit?usp=share_link&#038;ouid=114424200181983449612&#038;rtpof=true&#038;sd=true\" target=\"_blank\" title=\"Abrir en una nueva pesta\u00f1a\" rel=\"noopener\">Ver F23-IIb &#8211; Sesiones Celebradas<\/a><br \/>\n<\/div>\n<\/div>\n<span class=\"collapseomatic \" id=\"id69ef8fcdf36ad\"  tabindex=\"0\" alt=\"2023\" title=\"2023\"    ><font size=4 color=#000000><strong>2023 +<\/strong><\/font><\/span><span id='swap-id69ef8fcdf36ad'  class='colomat-swap' style='display:none;'><font size=4 color=#000000><strong>2023 -<\/strong><\/font><\/span><div id=\"target-id69ef8fcdf36ad\" class=\"collapseomatic_content \">\n<span class=\"collapseomatic \" id=\"id69ef8fcdf36e5\"  tabindex=\"0\" alt=\"2do Trimestre\" title=\"2do Trimestre\"    ><font size=4 color=#000000>2do Trimestre +<\/font><\/span><span id='swap-id69ef8fcdf36e5'  class='colomat-swap' style='display:none;'><font size=4 color=#000000>2do Trimestre -<\/font><\/span><div id=\"target-id69ef8fcdf36e5\" class=\"collapseomatic_content \">\n<a href=\"https:\/\/docs.google.com\/spreadsheets\/d\/1k7mscQF5RTCTe3NeWXHYfM3FUyuKqQDi\/edit?usp=sharing&#038;ouid=114424200181983449612&#038;rtpof=true&#038;sd=true\" target=\"_blank\" title=\"Abrir en una nueva pesta\u00f1a\" rel=\"noopener\">Ver F22-IIb &#8211; Calendario de Sesiones<\/a><br \/>\n<br \/><a href=\"https:\/\/docs.google.com\/spreadsheets\/d\/1GrD7bzWqAIvJ9WvhTDSDuudQgJDAJefv\/edit?usp=sharing&#038;ouid=114424200181983449612&#038;rtpof=true&#038;sd=true\" target=\"_blank\" title=\"Abrir en una nueva pesta\u00f1a\" rel=\"noopener\">Ver F23-IIb &#8211; Sesiones Celebradas<\/a><br \/>\n<\/div>\n<\/div>\n<span class=\"collapseomatic \" id=\"id69ef8fcdf3714\"  tabindex=\"0\" alt=\"2024\" title=\"2024\"    ><font size=4 color=#000000><strong>2024 +<\/strong><\/font><\/span><span id='swap-id69ef8fcdf3714'  class='colomat-swap' style='display:none;'><font size=4 color=#000000><strong>2024 -<\/strong><\/font><\/span><div id=\"target-id69ef8fcdf3714\" class=\"collapseomatic_content \">\n<span class=\"collapseomatic \" id=\"id69ef8fcdf3756\"  tabindex=\"0\" alt=\"2do Trimestre\" title=\"2do Trimestre\"    ><font size=4 color=#000000>2do Trimestre +<\/font><\/span><span id='swap-id69ef8fcdf3756'  class='colomat-swap' style='display:none;'><font size=4 color=#000000>2do Trimestre -<\/font><\/span><div id=\"target-id69ef8fcdf3756\" class=\"collapseomatic_content \">\n<a href=\"https:\/\/docs.google.com\/spreadsheets\/d\/131DbDuCo3JkeOVinhWxluNgdYz8FGzr3\/edit?usp=sharing&#038;ouid=114424200181983449612&#038;rtpof=true&#038;sd=true\" target=\"_blank\" title=\"Abrir en una nueva pesta\u00f1a\" rel=\"noopener\">Ver F22-IIb &#8211; Calendario de Sesiones<\/a><br \/>\n<br \/><a href=\"https:\/\/docs.google.com\/spreadsheets\/d\/1h2Ex0OYq5EIGCjwtBQ8TX0spsxggvRuK\/edit?usp=sharing&#038;ouid=114424200181983449612&#038;rtpof=true&#038;sd=true\" target=\"_blank\" title=\"Abrir en una nueva pesta\u00f1a\" rel=\"noopener\">Ver F23-IIb &#8211; Sesiones Celebradas<\/a><br \/>\n<\/div>\n<span class=\"collapseomatic \" id=\"id69ef8fcdf3773\"  tabindex=\"0\" alt=\"3er Trimestre\" title=\"3er Trimestre\"    ><font size=4 color=#000000>3er Trimestre +<\/font><\/span><span id='swap-id69ef8fcdf3773'  class='colomat-swap' style='display:none;'><font size=4 color=#000000>3er Trimestre -<\/font><\/span><div id=\"target-id69ef8fcdf3773\" class=\"collapseomatic_content \">\n<a href=\"https:\/\/docs.google.com\/spreadsheets\/d\/1tawSiNy7s8BwGhwy18H-i2WeMbGS1Rat\/edit?usp=drive_link&#038;ouid=114424200181983449612&#038;rtpof=true&#038;sd=true\" target=\"_blank\" title=\"Abrir en una nueva pesta\u00f1a\" rel=\"noopener\">Ver F22-IIb &#8211; Calendario de Sesiones<\/a><br \/>\n<a href=\"https:\/\/docs.google.com\/spreadsheets\/d\/1bH_t4Z7GJ5-3ZFc0Goeg46Ucw7t6ZeJ9\/edit?usp=drive_link&#038;ouid=114424200181983449612&#038;rtpof=true&#038;sd=true\" target=\"_blank\" title=\"Abrir en una nueva pesta\u00f1a\" rel=\"noopener\">Ver F23-IIb &#8211; Sesiones Celebradas<\/a><br \/>\n<\/div>\n<\/div>\n<\/div>\n<\/div>\n<\/div><!--\n\n\n\nP A R A M U N I C I P A L\n\n\n\n--><span class=\"collapseomatic \" id=\"id69ef8fcdf38bc\"  tabindex=\"0\" alt=\"PARAMUNICIPAL\" title=\"PARAMUNICIPAL\"    ><center><font size=6 color=#000000><strong>PARAMUNICIPAL +<\/center><\/font><\/strong><\/span><span id='swap-id69ef8fcdf38bc'  class='colomat-swap' style='display:none;'><center><font size=6 color=#000000><strong>PARAMUNICIPAL -<\/center><\/font><\/strong><\/span><div id=\"target-id69ef8fcdf38bc\" class=\"collapseomatic_content \"><!--\n\n\n\nJ A P A C\n\n\n\n--><span class=\"collapseomatic \" id=\"id69ef8fcdf3939\"  tabindex=\"0\" alt=\"JAPAC\" title=\"JAPAC\"    ><center><font size=6 color=#000000><strong>JAPAC +<\/center><\/font><\/strong><\/span><span id='swap-id69ef8fcdf3939'  class='colomat-swap' style='display:none;'><center><font size=6 color=#000000><strong>JAPAC -<\/center><\/font><\/strong><\/span><div id=\"target-id69ef8fcdf3939\" class=\"collapseomatic_content \"><!--\n\n\n\nF o r m a t o s   d e    LGTAIP    -------      J A P A C\n\n\n\n--><span class=\"collapseomatic \" id=\"id69ef8fcdf3984\"  tabindex=\"0\" title=\"Formatos de LGTAIP +\"    ><font size=4 color=#000000><strong>Formatos de LGTAIP +<\/font><\/strong><\/span><span id='swap-id69ef8fcdf3984'  class='colomat-swap' style='display:none;'><font size=4 color=#000000><strong>Formatos de LGTAIP -<\/font><\/strong><\/span><div id=\"target-id69ef8fcdf3984\" class=\"collapseomatic_content \"><!--\n\n\nI N C I S O     A  \n\n\nHiperv\u00ednculo al Plan Nacional de Desarrollo\n\n\n\n--><span class=\"collapseomatic \" id=\"id69ef8fcdf39c2\"  tabindex=\"0\" alt=\"a) Hiperv\u00ednculo al Plan Nacional de Desarrollo\" title=\"a) Hiperv\u00ednculo al Plan Nacional de Desarrollo\"    ><font size=4 color=#000000><strong>a) Hiperv\u00ednculo al Plan Nacional de Desarrollo +<\/strong><\/font><\/span><span id='swap-id69ef8fcdf39c2'  class='colomat-swap' style='display:none;'><font size=4 color=#000000><strong>a) Hiperv\u00ednculo al Plan Nacional de Desarrollo -<\/strong><\/font><\/span><div id=\"target-id69ef8fcdf39c2\" class=\"collapseomatic_content \">\n<span class=\"collapseomatic \" id=\"id69ef8fcdf39f8\"  tabindex=\"0\" alt=\"2018\" title=\"2018\"    ><font size=4 color=#000000><strong>2018 +<\/strong><\/font><\/span><span id='swap-id69ef8fcdf39f8'  class='colomat-swap' style='display:none;'><font size=4 color=#000000><strong>2018 -<\/strong><\/font><\/span><div id=\"target-id69ef8fcdf39f8\" class=\"collapseomatic_content \">\n<span class=\"collapseomatic \" id=\"id69ef8fcdf3a34\"  tabindex=\"0\" alt=\"4to Trimestre\" title=\"4to Trimestre\"    ><font size=4 color=#000000>4to Trimestre +<\/font><\/span><span id='swap-id69ef8fcdf3a34'  class='colomat-swap' style='display:none;'><font size=4 color=#000000>4to Trimestre -<\/font><\/span><div id=\"target-id69ef8fcdf3a34\" class=\"collapseomatic_content \">\n<a href=\"http:\/\/view.officeapps.live.com\/op\/view.aspx?src=http:\/\/www.comonfort.gob.mx\/transparencia\/documentacion\/articulo28\/fraccion02\/formatos\/jap\/2018\/4to-trim\/a28-fr2-IA2-18-12-Jap-hipervinculo-plan-de-desarrollo.xlsx\" target=\"_blank\" title=\"Abrir en una nueva pesta\u00f1a\" rel=\"noopener\">Ver Formato<\/a> \u00f3 <strong><a href=\"http:\/\/www.comonfort.gob.mx\/transparencia\/documentacion\/articulo28\/fraccion02\/formatos\/jap\/2018\/4to-trim\/a28-fr2-IA2-18-12-Jap-hipervinculo-plan-de-desarrollo.xlsx\" title=\"Descargar Formato\">&dArr;<\/a><\/strong><br \/>\n<\/div>\n<\/div>\n<\/div>\n<\/div>\n<\/div>\n<\/div>\n<\/div>\n","protected":false},"excerpt":{"rendered":"","protected":false},"author":2,"featured_media":0,"parent":6,"menu_order":0,"comment_status":"closed","ping_status":"closed","template":"","meta":{"saved_in_kubio":false,"_eb_attr":"","footnotes":""},"kubio_ai_page_context":{"short_desc":"","purpose":"general"},"yoast_head":"<!-- This site is optimized with the Yoast SEO plugin v24.3 - https:\/\/yoast.com\/wordpress\/plugins\/seo\/ -->\n<title>Art\u00edculo 28 Fracci\u00f3n II -<\/title>\n<meta name=\"robots\" content=\"index, follow, max-snippet:-1, max-image-preview:large, max-video-preview:-1\" \/>\n<link rel=\"canonical\" href=\"https:\/\/www.comonfort.gob.mx\/sitio\/transparencia\/articulo-28-fraccion-ii\/\" \/>\n<meta property=\"og:locale\" content=\"es_ES\" \/>\n<meta property=\"og:type\" content=\"article\" \/>\n<meta property=\"og:title\" content=\"Art\u00edculo 28 Fracci\u00f3n II -\" \/>\n<meta property=\"og:url\" content=\"https:\/\/www.comonfort.gob.mx\/sitio\/transparencia\/articulo-28-fraccion-ii\/\" \/>\n<meta property=\"article:publisher\" content=\"https:\/\/www.facebook.com\/Gobierno-de-Comonfort-2018-2021-771384679654142\/\" \/>\n<meta property=\"article:modified_time\" content=\"2025-02-04T17:24:23+00:00\" \/>\n<meta name=\"twitter:card\" content=\"summary_large_image\" \/>\n<meta name=\"twitter:site\" content=\"@GobComonfort\" \/>\n<meta name=\"twitter:label1\" content=\"Tiempo de lectura\" \/>\n\t<meta name=\"twitter:data1\" content=\"6 minutos\" \/>\n<script type=\"application\/ld+json\" class=\"yoast-schema-graph\">{\"@context\":\"https:\/\/schema.org\",\"@graph\":[{\"@type\":\"WebPage\",\"@id\":\"https:\/\/www.comonfort.gob.mx\/sitio\/transparencia\/articulo-28-fraccion-ii\/\",\"url\":\"https:\/\/www.comonfort.gob.mx\/sitio\/transparencia\/articulo-28-fraccion-ii\/\",\"name\":\"Art\u00edculo 28 Fracci\u00f3n II -\",\"isPartOf\":{\"@id\":\"https:\/\/www.comonfort.gob.mx\/sitio\/#website\"},\"datePublished\":\"2018-02-09T03:26:12+00:00\",\"dateModified\":\"2025-02-04T17:24:23+00:00\",\"breadcrumb\":{\"@id\":\"https:\/\/www.comonfort.gob.mx\/sitio\/transparencia\/articulo-28-fraccion-ii\/#breadcrumb\"},\"inLanguage\":\"es\",\"potentialAction\":[{\"@type\":\"ReadAction\",\"target\":[\"https:\/\/www.comonfort.gob.mx\/sitio\/transparencia\/articulo-28-fraccion-ii\/\"]}]},{\"@type\":\"BreadcrumbList\",\"@id\":\"https:\/\/www.comonfort.gob.mx\/sitio\/transparencia\/articulo-28-fraccion-ii\/#breadcrumb\",\"itemListElement\":[{\"@type\":\"ListItem\",\"position\":1,\"name\":\"Portada\",\"item\":\"https:\/\/www.comonfort.gob.mx\/sitio\/\"},{\"@type\":\"ListItem\",\"position\":2,\"name\":\"Transparencia\",\"item\":\"https:\/\/www.comonfort.gob.mx\/sitio\/transparencia\/\"},{\"@type\":\"ListItem\",\"position\":3,\"name\":\"Art\u00edculo 28 Fracci\u00f3n II\"}]},{\"@type\":\"WebSite\",\"@id\":\"https:\/\/www.comonfort.gob.mx\/sitio\/#website\",\"url\":\"https:\/\/www.comonfort.gob.mx\/sitio\/\",\"name\":\"Presidencia Municipal de Comonfort, Gto.\",\"description\":\"\",\"publisher\":{\"@id\":\"https:\/\/www.comonfort.gob.mx\/sitio\/#organization\"},\"potentialAction\":[{\"@type\":\"SearchAction\",\"target\":{\"@type\":\"EntryPoint\",\"urlTemplate\":\"https:\/\/www.comonfort.gob.mx\/sitio\/?s={search_term_string}\"},\"query-input\":{\"@type\":\"PropertyValueSpecification\",\"valueRequired\":true,\"valueName\":\"search_term_string\"}}],\"inLanguage\":\"es\"},{\"@type\":\"Organization\",\"@id\":\"https:\/\/www.comonfort.gob.mx\/sitio\/#organization\",\"name\":\"Presidencia Municipal de Comonfort, Gto.\",\"url\":\"https:\/\/www.comonfort.gob.mx\/sitio\/\",\"logo\":{\"@type\":\"ImageObject\",\"inLanguage\":\"es\",\"@id\":\"https:\/\/www.comonfort.gob.mx\/sitio\/#\/schema\/logo\/image\/\",\"url\":\"https:\/\/www.comonfort.gob.mx\/sitio\/wp-content\/uploads\/2020\/11\/logo-comonfort-c.png\",\"contentUrl\":\"https:\/\/www.comonfort.gob.mx\/sitio\/wp-content\/uploads\/2020\/11\/logo-comonfort-c.png\",\"width\":326,\"height\":348,\"caption\":\"Presidencia Municipal de Comonfort, Gto.\"},\"image\":{\"@id\":\"https:\/\/www.comonfort.gob.mx\/sitio\/#\/schema\/logo\/image\/\"},\"sameAs\":[\"https:\/\/www.facebook.com\/Gobierno-de-Comonfort-2018-2021-771384679654142\/\",\"https:\/\/x.com\/GobComonfort\",\"https:\/\/www.instagram.com\/gobiernocomonfort_oficial\/\",\"https:\/\/www.linkedin.com\/in\/gobierno-de-comonfort-380b251aa\"]}]}<\/script>\n<!-- \/ Yoast SEO plugin. -->","yoast_head_json":{"title":"Art\u00edculo 28 Fracci\u00f3n II -","robots":{"index":"index","follow":"follow","max-snippet":"max-snippet:-1","max-image-preview":"max-image-preview:large","max-video-preview":"max-video-preview:-1"},"canonical":"https:\/\/www.comonfort.gob.mx\/sitio\/transparencia\/articulo-28-fraccion-ii\/","og_locale":"es_ES","og_type":"article","og_title":"Art\u00edculo 28 Fracci\u00f3n II -","og_url":"https:\/\/www.comonfort.gob.mx\/sitio\/transparencia\/articulo-28-fraccion-ii\/","article_publisher":"https:\/\/www.facebook.com\/Gobierno-de-Comonfort-2018-2021-771384679654142\/","article_modified_time":"2025-02-04T17:24:23+00:00","twitter_card":"summary_large_image","twitter_site":"@GobComonfort","twitter_misc":{"Tiempo de lectura":"6 minutos"},"schema":{"@context":"https:\/\/schema.org","@graph":[{"@type":"WebPage","@id":"https:\/\/www.comonfort.gob.mx\/sitio\/transparencia\/articulo-28-fraccion-ii\/","url":"https:\/\/www.comonfort.gob.mx\/sitio\/transparencia\/articulo-28-fraccion-ii\/","name":"Art\u00edculo 28 Fracci\u00f3n II -","isPartOf":{"@id":"https:\/\/www.comonfort.gob.mx\/sitio\/#website"},"datePublished":"2018-02-09T03:26:12+00:00","dateModified":"2025-02-04T17:24:23+00:00","breadcrumb":{"@id":"https:\/\/www.comonfort.gob.mx\/sitio\/transparencia\/articulo-28-fraccion-ii\/#breadcrumb"},"inLanguage":"es","potentialAction":[{"@type":"ReadAction","target":["https:\/\/www.comonfort.gob.mx\/sitio\/transparencia\/articulo-28-fraccion-ii\/"]}]},{"@type":"BreadcrumbList","@id":"https:\/\/www.comonfort.gob.mx\/sitio\/transparencia\/articulo-28-fraccion-ii\/#breadcrumb","itemListElement":[{"@type":"ListItem","position":1,"name":"Portada","item":"https:\/\/www.comonfort.gob.mx\/sitio\/"},{"@type":"ListItem","position":2,"name":"Transparencia","item":"https:\/\/www.comonfort.gob.mx\/sitio\/transparencia\/"},{"@type":"ListItem","position":3,"name":"Art\u00edculo 28 Fracci\u00f3n II"}]},{"@type":"WebSite","@id":"https:\/\/www.comonfort.gob.mx\/sitio\/#website","url":"https:\/\/www.comonfort.gob.mx\/sitio\/","name":"Presidencia Municipal de Comonfort, Gto.","description":"","publisher":{"@id":"https:\/\/www.comonfort.gob.mx\/sitio\/#organization"},"potentialAction":[{"@type":"SearchAction","target":{"@type":"EntryPoint","urlTemplate":"https:\/\/www.comonfort.gob.mx\/sitio\/?s={search_term_string}"},"query-input":{"@type":"PropertyValueSpecification","valueRequired":true,"valueName":"search_term_string"}}],"inLanguage":"es"},{"@type":"Organization","@id":"https:\/\/www.comonfort.gob.mx\/sitio\/#organization","name":"Presidencia Municipal de Comonfort, Gto.","url":"https:\/\/www.comonfort.gob.mx\/sitio\/","logo":{"@type":"ImageObject","inLanguage":"es","@id":"https:\/\/www.comonfort.gob.mx\/sitio\/#\/schema\/logo\/image\/","url":"https:\/\/www.comonfort.gob.mx\/sitio\/wp-content\/uploads\/2020\/11\/logo-comonfort-c.png","contentUrl":"https:\/\/www.comonfort.gob.mx\/sitio\/wp-content\/uploads\/2020\/11\/logo-comonfort-c.png","width":326,"height":348,"caption":"Presidencia Municipal de Comonfort, Gto."},"image":{"@id":"https:\/\/www.comonfort.gob.mx\/sitio\/#\/schema\/logo\/image\/"},"sameAs":["https:\/\/www.facebook.com\/Gobierno-de-Comonfort-2018-2021-771384679654142\/","https:\/\/x.com\/GobComonfort","https:\/\/www.instagram.com\/gobiernocomonfort_oficial\/","https:\/\/www.linkedin.com\/in\/gobierno-de-comonfort-380b251aa"]}]}},"_links":{"self":[{"href":"https:\/\/www.comonfort.gob.mx\/sitio\/wp-json\/wp\/v2\/pages\/4522"}],"collection":[{"href":"https:\/\/www.comonfort.gob.mx\/sitio\/wp-json\/wp\/v2\/pages"}],"about":[{"href":"https:\/\/www.comonfort.gob.mx\/sitio\/wp-json\/wp\/v2\/types\/page"}],"author":[{"embeddable":true,"href":"https:\/\/www.comonfort.gob.mx\/sitio\/wp-json\/wp\/v2\/users\/2"}],"replies":[{"embeddable":true,"href":"https:\/\/www.comonfort.gob.mx\/sitio\/wp-json\/wp\/v2\/comments?post=4522"}],"version-history":[{"count":17,"href":"https:\/\/www.comonfort.gob.mx\/sitio\/wp-json\/wp\/v2\/pages\/4522\/revisions"}],"predecessor-version":[{"id":18307,"href":"https:\/\/www.comonfort.gob.mx\/sitio\/wp-json\/wp\/v2\/pages\/4522\/revisions\/18307"}],"up":[{"embeddable":true,"href":"https:\/\/www.comonfort.gob.mx\/sitio\/wp-json\/wp\/v2\/pages\/6"}],"wp:attachment":[{"href":"https:\/\/www.comonfort.gob.mx\/sitio\/wp-json\/wp\/v2\/media?parent=4522"}],"curies":[{"name":"wp","href":"https:\/\/api.w.org\/{rel}","templated":true}]}}