{"id":345,"date":"2015-12-24T09:07:51","date_gmt":"2015-12-24T15:07:51","guid":{"rendered":"http:\/\/www.comonfort.gob.mx\/ppp\/?page_id=345"},"modified":"2025-10-06T11:33:52","modified_gmt":"2025-10-06T17:33:52","slug":"contraloria","status":"publish","type":"page","link":"https:\/\/www.comonfort.gob.mx\/sitio\/contraloria\/","title":{"rendered":"Contralor\u00eda Municipal"},"content":{"rendered":"<div id=\"fb-root\"><\/div>\n\t\t<div data-elementor-type=\"wp-page\" data-elementor-id=\"345\" class=\"elementor elementor-345\">\n\t\t\t\t\t\t<section class=\"elementor-section elementor-top-section elementor-element elementor-element-53c79e8 elementor-section-boxed elementor-section-height-default elementor-section-height-default\" data-id=\"53c79e8\" data-element_type=\"section\">\n\t\t\t\t\t\t<div class=\"elementor-container elementor-column-gap-default\">\n\t\t\t\t\t<div class=\"elementor-column elementor-col-100 elementor-top-column elementor-element elementor-element-fb3b846\" data-id=\"fb3b846\" data-element_type=\"column\">\n\t\t\t<div class=\"elementor-widget-wrap elementor-element-populated\">\n\t\t\t\t\t\t<div class=\"elementor-element elementor-element-87d7f96 elementor-widget elementor-widget-video\" data-id=\"87d7f96\" data-element_type=\"widget\" data-settings=\"{&quot;youtube_url&quot;:&quot;https:\\\/\\\/youtu.be\\\/Dv_2Fhn-r50&quot;,&quot;loop&quot;:&quot;yes&quot;,&quot;video_type&quot;:&quot;youtube&quot;,&quot;controls&quot;:&quot;yes&quot;}\" data-widget_type=\"video.default\">\n\t\t\t\t<div class=\"elementor-widget-container\">\n\t\t\t\t\t\t\t<div class=\"elementor-wrapper elementor-open-inline\">\n\t\t\t<div class=\"elementor-video\"><\/div>\t\t<\/div>\n\t\t\t\t\t\t<\/div>\n\t\t\t\t<\/div>\n\t\t\t\t<div class=\"elementor-element elementor-element-9dc27da elementor-widget-divider--view-line elementor-widget elementor-widget-divider\" data-id=\"9dc27da\" data-element_type=\"widget\" data-widget_type=\"divider.default\">\n\t\t\t\t<div class=\"elementor-widget-container\">\n\t\t\t\t\t\t\t<div class=\"elementor-divider\">\n\t\t\t<span class=\"elementor-divider-separator\">\n\t\t\t\t\t\t<\/span>\n\t\t<\/div>\n\t\t\t\t\t\t<\/div>\n\t\t\t\t<\/div>\n\t\t\t\t\t<\/div>\n\t\t<\/div>\n\t\t\t\t\t<\/div>\n\t\t<\/section>\n\t\t\t\t<section class=\"elementor-section elementor-top-section elementor-element elementor-element-f3a06cf elementor-section-boxed elementor-section-height-default elementor-section-height-default\" data-id=\"f3a06cf\" data-element_type=\"section\">\n\t\t\t\t\t\t<div class=\"elementor-container elementor-column-gap-default\">\n\t\t\t\t\t<div class=\"elementor-column elementor-col-100 elementor-top-column elementor-element elementor-element-c238e14\" data-id=\"c238e14\" data-element_type=\"column\">\n\t\t\t<div class=\"elementor-widget-wrap elementor-element-populated\">\n\t\t\t\t\t\t<div class=\"elementor-element elementor-element-7343227 elementor-widget__width-initial elementor-widget elementor-widget-image\" data-id=\"7343227\" data-element_type=\"widget\" data-widget_type=\"image.default\">\n\t\t\t\t<div class=\"elementor-widget-container\">\n\t\t\t\t\t\t\t\t\t\t\t\t\t\t\t\t<a href=\"https:\/\/www.comonfort.gob.mx\/sitio\/Denuncia%20ciudadana\/\">\n\t\t\t\t\t\t\t<img decoding=\"async\" width=\"150\" height=\"150\" src=\"https:\/\/www.comonfort.gob.mx\/sitio\/wp-content\/uploads\/2019\/07\/contraloria-tys-amarillo-150x150.png\" class=\"elementor-animation-pulse attachment-thumbnail size-thumbnail wp-image-8640\" alt=\"\" srcset=\"https:\/\/www.comonfort.gob.mx\/sitio\/wp-content\/uploads\/2019\/07\/contraloria-tys-amarillo-150x150.png 150w, https:\/\/www.comonfort.gob.mx\/sitio\/wp-content\/uploads\/2019\/07\/contraloria-tys-amarillo-230x230.png 230w, https:\/\/www.comonfort.gob.mx\/sitio\/wp-content\/uploads\/2019\/07\/elementor\/thumbs\/contraloria-tys-amarillo-ob0ke3c7ry2r5empawjbdjcotk09hs1gwqp7coafhk.png 100w, https:\/\/www.comonfort.gob.mx\/sitio\/wp-content\/uploads\/2019\/07\/contraloria-tys-amarillo.png 259w\" sizes=\"(max-width: 150px) 100vw, 150px\" \/>\t\t\t\t\t\t\t\t<\/a>\n\t\t\t\t\t\t\t\t\t\t\t\t\t\t\t<\/div>\n\t\t\t\t<\/div>\n\t\t\t\t<section class=\"elementor-section elementor-inner-section elementor-element elementor-element-d0f0314 elementor-section-boxed elementor-section-height-default elementor-section-height-default\" data-id=\"d0f0314\" data-element_type=\"section\">\n\t\t\t\t\t\t<div class=\"elementor-container elementor-column-gap-default\">\n\t\t\t\t\t<div class=\"elementor-column elementor-col-100 elementor-inner-column elementor-element elementor-element-4085843\" data-id=\"4085843\" data-element_type=\"column\">\n\t\t\t<div class=\"elementor-widget-wrap elementor-element-populated\">\n\t\t\t\t\t\t<div class=\"elementor-element elementor-element-62ec87b elementor-widget__width-initial elementor-widget elementor-widget-heading\" data-id=\"62ec87b\" data-element_type=\"widget\" data-widget_type=\"heading.default\">\n\t\t\t\t<div class=\"elementor-widget-container\">\n\t\t\t\t\t<h2 class=\"elementor-heading-title elementor-size-default\"><a href=\"https:\/\/www.comonfort.gob.mx\/sitio\/Denuncia%20ciudadana\/\">Denuncia Ciudadana <\/a><\/h2>\t\t\t\t<\/div>\n\t\t\t\t<\/div>\n\t\t\t\t\t<\/div>\n\t\t<\/div>\n\t\t\t\t\t<\/div>\n\t\t<\/section>\n\t\t\t\t\t<\/div>\n\t\t<\/div>\n\t\t\t\t\t<\/div>\n\t\t<\/section>\n\t\t\t\t<section class=\"elementor-section elementor-top-section elementor-element elementor-element-c4982ea elementor-section-height-full elementor-section-content-middle elementor-section-boxed elementor-section-height-default elementor-section-items-middle elementor-invisible\" data-id=\"c4982ea\" data-element_type=\"section\" data-settings=\"{&quot;animation&quot;:&quot;fadeInDown&quot;}\">\n\t\t\t\t\t\t\t<div class=\"elementor-background-overlay\"><\/div>\n\t\t\t\t\t\t\t<div class=\"elementor-container elementor-column-gap-wider\">\n\t\t\t\t\t<div class=\"elementor-column elementor-col-100 elementor-top-column elementor-element elementor-element-86e476a\" data-id=\"86e476a\" data-element_type=\"column\">\n\t\t\t<div class=\"elementor-widget-wrap elementor-element-populated\">\n\t\t\t\t\t\t<div class=\"elementor-element elementor-element-80c95cb elementor-widget__width-initial elementor-widget elementor-widget-html\" data-id=\"80c95cb\" data-element_type=\"widget\" data-widget_type=\"html.default\">\n\t\t\t\t<div class=\"elementor-widget-container\">\n\t\t\t\t\t<!DOCTYPE html>\r\n<html lang=\"es\">\r\n<head>\r\n    <meta charset=\"UTF-8\">\r\n    <meta name=\"viewport\" content=\"width=device-width, initial-scale=1.0\">\r\n    <title>Lineamientos - Dise\u00f1o Profesional y Elegante<\/title>\r\n    <style>\r\n        \/* Estilos Generales y Tipograf\u00eda *\/\r\n        body {\r\n            \/* Fondo gris claro y elegante *\/\r\n            font-family: 'Segoe UI', Tahoma, Geneva, Verdana, sans-serif;\r\n            background-color: #e8ecf1; \r\n            color: #333; \/* Color de texto base oscuro *\/\r\n            margin: 0;\r\n            padding: 20px;\r\n        }\r\n\r\n        \/* Contenedor Principal *\/\r\n        .contenedor-moderno {\r\n            max-width: 900px;\r\n            margin: 30px auto;\r\n            background-color: #ffffff;\r\n            border-radius: 10px;\r\n            \/* Sombra sutil para \"levantar\" el contenedor *\/\r\n            box-shadow: 0 6px 15px rgba(0, 0, 0, 0.15); \r\n            overflow: hidden;\r\n            border: 1px solid #ddd; \/* Borde muy sutil para definici\u00f3n *\/\r\n        }\r\n\r\n        \/* Header (Rojo para mantener la identidad) *\/\r\n        .header-moderno {\r\n            background-color: #8b0000; \/* Rojo institucional *\/\r\n            color: white;\r\n            text-align: center;\r\n            padding: 18px 20px;\r\n            font-size: 1.8em; \/* Un poco m\u00e1s grande para sobresalir *\/\r\n            font-weight: 700;\r\n        }\r\n\r\n        \/* Lista de Lineamientos (Usando Flexbox o Grid para las filas) *\/\r\n        .lineamiento-lista {\r\n            display: flex;\r\n            flex-direction: column;\r\n            padding: 0 25px; \/* M\u00e1s padding para airear *\/\r\n        }\r\n\r\n        .lineamiento-item {\r\n            display: flex;\r\n            justify-content: space-between;\r\n            align-items: center;\r\n            padding: 20px 0; \/* M\u00e1s espaciado vertical *\/\r\n            border-bottom: 1px solid #f0f0f0; \/* L\u00ednea separadora muy clara *\/\r\n        }\r\n\r\n        .lineamiento-item:last-child {\r\n            border-bottom: none;\r\n        }\r\n\r\n        \/* Estilo del Enlace Principal (el texto que debe sobresalir) *\/\r\n        .lineamiento-item .titulo-enlace {\r\n            flex-grow: 1;\r\n            margin-right: 20px;\r\n            text-decoration: none;\r\n            color: #1a1a1a; \/* Negro muy oscuro para que la letra \"salte\" *\/\r\n            font-weight: 600; \/* Semi-bold *\/\r\n            font-size: 1.05em; \/* Ligeramente m\u00e1s grande *\/\r\n            line-height: 1.4;\r\n            transition: color 0.2s;\r\n        }\r\n\r\n        .lineamiento-item .titulo-enlace:hover {\r\n            color: #a52a2a; \/* Tonalidad de rojo m\u00e1s c\u00e1lida al pasar el rat\u00f3n *\/\r\n        }\r\n\r\n        \/* Estilo del Bot\u00f3n\/Enlace de Peri\u00f3dico Oficial *\/\r\n        .link-oficial a {\r\n            padding: 10px 18px; \/* M\u00e1s padding para parecer bot\u00f3n *\/\r\n            background-color: #f0f0f0; \/* Fondo gris neutro y limpio *\/\r\n            color: #555; \/* Texto oscuro pero no negro *\/\r\n            text-decoration: none;\r\n            border-radius: 6px;\r\n            font-size: 0.95em;\r\n            font-weight: 500;\r\n            white-space: nowrap;\r\n            transition: background-color 0.2s, color 0.2s;\r\n        }\r\n\r\n        .link-oficial a:hover {\r\n            background-color: #ddd; \/* M\u00e1s oscuro al pasar el rat\u00f3n *\/\r\n            color: #1a1a1a;\r\n        }\r\n        \r\n        \/* Media Query para m\u00f3viles: apila los elementos si la pantalla es estrecha *\/\r\n        @media (max-width: 650px) {\r\n            .lineamiento-item {\r\n                flex-direction: column;\r\n                align-items: flex-start;\r\n                padding: 15px 0;\r\n            }\r\n            .lineamiento-item .titulo-enlace {\r\n                margin-right: 0;\r\n                margin-bottom: 10px;\r\n            }\r\n            .link-oficial {\r\n                width: 100%;\r\n                text-align: right;\r\n            }\r\n        }\r\n    <\/style>\r\n<\/head>\r\n<body>\r\n\r\n<div class=\"contenedor-moderno\">\r\n    <div class=\"header-moderno\">LINEAMIENTOS<\/div>\r\n    <div class=\"lineamiento-lista\">\r\n        \r\n        <div class=\"lineamiento-item\">\r\n            <a href=\"https:\/\/drive.google.com\/file\/d\/14Nqq1rYAlCubIq6_QGMEN07b7lEtQC_L\/view\" class=\"titulo-enlace\" target=\"_blank\" rel=\"noopener noreferrer\">Lineamientos Generales de Control Interno para la Administraci\u00f3n P\u00fablica del Municipio de Comonfort, Gto.<\/a>\r\n            <div class=\"link-oficial\"><a href=\"https:\/\/www.comonfort.gob.mx\/sitio\/CONTRALORIA\/periodicooficial060825.pdf\" target=\"_blank\" rel=\"noopener noreferrer\">Ver en Peri\u00f3dico Oficial<\/a><\/div>\r\n        <\/div>\r\n\r\n        <div class=\"lineamiento-item\">\r\n            <a href=\"https:\/\/drive.google.com\/file\/d\/1UfgtsaHr3Tq1-yR7hddX-HO9vvnPp6hM\/view\" class=\"titulo-enlace\" target=\"_blank\" rel=\"noopener noreferrer\">Lineamientos Generales de Procesos de Auditor\u00eda Gubernamental para la Contralor\u00eda Municipal de Comonfort, Gto.<\/a>\r\n            <div class=\"link-oficial\"><\/div>\r\n        <\/div>\r\n\r\n        <div class=\"lineamiento-item\">\r\n            <a href=\"https:\/\/drive.google.com\/file\/d\/1zglFEnxIBdSAlq3R3ILyE85K7ytGWJZi\/view\" class=\"titulo-enlace\" target=\"_blank\" rel=\"noopener noreferrer\">Lineamientos para la Investigaci\u00f3n de Faltas Administrativas y su Seguimiento<\/a>\r\n            <div class=\"link-oficial\"><\/div>\r\n        <\/div>\r\n\r\n        <div class=\"lineamiento-item\">\r\n            <a href=\"https:\/\/drive.google.com\/file\/d\/1MbhJMTFNCmiPELvYumv22Tk1v6-IZjJk\/view\" class=\"titulo-enlace\" target=\"_blank\" rel=\"noopener noreferrer\">Reglamento Interno de la Contralor\u00eda Municipal de Comonfort, Gto. **(Ago 2024) Vigente**<\/a>\r\n            <div class=\"link-oficial\"><\/div>\r\n        <\/div>\r\n\r\n        <div class=\"lineamiento-item\">\r\n            <a href=\"https:\/\/backperiodico.guanajuato.gob.mx\/api\/Periodico\/DescargarPeriodicoQr\/anio_2024\/PO_184_2_Parte_20240912.pdf#page=29\" class=\"titulo-enlace\" target=\"_blank\" rel=\"noopener noreferrer\">C\u00f3digo de Conducta de la Administraci\u00f3n P\u00fablica Municipal de Comonfort, Gto.<\/a>\r\n            <div class=\"link-oficial\"><\/div>\r\n        <\/div>\r\n\r\n        <div class=\"lineamiento-item\">\r\n            <a href=\"https:\/\/drive.google.com\/file\/d\/1l2RTkQhoiiWrzvrJTqnH40bVaGQW3042\/view\" class=\"titulo-enlace\" target=\"_blank\" rel=\"noopener noreferrer\">Reglamento Org\u00e1nico de la Administraci\u00f3n P\u00fablica Municipal de Comonfort, Gto.<\/a>\r\n            <div class=\"link-oficial\"><\/div>\r\n        <\/div>\r\n\r\n        <div class=\"lineamiento-item\">\r\n            <a href=\"https:\/\/drive.google.com\/file\/d\/13XNTwIYtHeE8HgP9WhPiETLRPeglKPul\/view\" class=\"titulo-enlace\" target=\"_blank\" rel=\"noopener noreferrer\">Lineamientos Generales para la Integraci\u00f3n y Operaci\u00f3n del Comit\u00e9 Municipal de \u00c9tica, de la Administraci\u00f3n P\u00fablica del Municipio de Comonfort, Gto.<\/a>\r\n            <div class=\"link-oficial\"><a href=\"https:\/\/backperiodico.guanajuato.gob.mx\/api\/Periodico\/DescargarPeriodicoQr\/anio_2025\/PO_164_2_Parte_20250818.pdf#page=40\" target=\"_blank\" rel=\"noopener noreferrer\">Ver en Peri\u00f3dico Oficial<\/a><\/div>\r\n        <\/div>\r\n        \r\n        <div class=\"lineamiento-item\">\r\n            <a href=\"https:\/\/backperiodico.guanajuato.gob.mx\/api\/Periodico\/DescargarPeriodicoId\/17492\" class=\"titulo-enlace\" target=\"_blank\" rel=\"noopener noreferrer\">C\u00f3digo de \u00c9tica de la Administraci\u00f3n P\u00fablica Municipal de Comonfort, Gto.<\/a>\r\n            <div class=\"link-oficial\"><\/div>\r\n        <\/div>\r\n\r\n    <\/div>\r\n<\/div>\r\n\r\n<\/body>\r\n<\/html>\t\t\t\t<\/div>\n\t\t\t\t<\/div>\n\t\t\t\t\t<\/div>\n\t\t<\/div>\n\t\t\t\t\t<\/div>\n\t\t<\/section>\n\t\t\t\t<section class=\"elementor-section elementor-top-section elementor-element elementor-element-1effd2f elementor-section-boxed elementor-section-height-default elementor-section-height-default elementor-invisible\" data-id=\"1effd2f\" data-element_type=\"section\" data-settings=\"{&quot;animation&quot;:&quot;bounce&quot;}\">\n\t\t\t\t\t\t<div class=\"elementor-container elementor-column-gap-default\">\n\t\t\t\t\t<div class=\"elementor-column elementor-col-100 elementor-top-column elementor-element elementor-element-2e9ef1b\" data-id=\"2e9ef1b\" data-element_type=\"column\">\n\t\t\t<div class=\"elementor-widget-wrap elementor-element-populated\">\n\t\t\t\t\t\t<div class=\"elementor-element elementor-element-a73efb6 elementor-widget elementor-widget-heading\" data-id=\"a73efb6\" data-element_type=\"widget\" data-widget_type=\"heading.default\">\n\t\t\t\t<div class=\"elementor-widget-container\">\n\t\t\t\t\t<h2 class=\"elementor-heading-title elementor-size-default\">Sitios de Inter\u00e9s<\/h2>\t\t\t\t<\/div>\n\t\t\t\t<\/div>\n\t\t\t\t<section class=\"elementor-section elementor-inner-section elementor-element elementor-element-44acf7e elementor-section-boxed elementor-section-height-default elementor-section-height-default\" data-id=\"44acf7e\" data-element_type=\"section\">\n\t\t\t\t\t\t<div class=\"elementor-container elementor-column-gap-default\">\n\t\t\t\t\t<div class=\"elementor-column elementor-col-50 elementor-inner-column elementor-element elementor-element-a560666\" data-id=\"a560666\" data-element_type=\"column\">\n\t\t\t<div class=\"elementor-widget-wrap elementor-element-populated\">\n\t\t\t\t\t\t<div class=\"elementor-element elementor-element-32849a1 elementor-widget__width-initial elementor-widget elementor-widget-image\" data-id=\"32849a1\" data-element_type=\"widget\" data-widget_type=\"image.default\">\n\t\t\t\t<div class=\"elementor-widget-container\">\n\t\t\t\t\t\t\t\t\t\t\t\t\t\t\t\t<a href=\"https:\/\/sh.guanajuato.gob.mx\/\">\n\t\t\t\t\t\t\t<img fetchpriority=\"high\" decoding=\"async\" width=\"600\" height=\"200\" src=\"https:\/\/www.comonfort.gob.mx\/sitio\/wp-content\/uploads\/2025\/02\/Secretaria-de-la-honestidad.png\" class=\"attachment-medium_large size-medium_large wp-image-18367\" alt=\"\" srcset=\"https:\/\/www.comonfort.gob.mx\/sitio\/wp-content\/uploads\/2025\/02\/Secretaria-de-la-honestidad.png 600w, https:\/\/www.comonfort.gob.mx\/sitio\/wp-content\/uploads\/2025\/02\/Secretaria-de-la-honestidad-300x100.png 300w\" sizes=\"(max-width: 600px) 100vw, 600px\" \/>\t\t\t\t\t\t\t\t<\/a>\n\t\t\t\t\t\t\t\t\t\t\t\t\t\t\t<\/div>\n\t\t\t\t<\/div>\n\t\t\t\t\t<\/div>\n\t\t<\/div>\n\t\t\t\t<div class=\"elementor-column elementor-col-50 elementor-inner-column elementor-element elementor-element-cdd545c\" data-id=\"cdd545c\" data-element_type=\"column\">\n\t\t\t<div class=\"elementor-widget-wrap elementor-element-populated\">\n\t\t\t\t\t\t<div class=\"elementor-element elementor-element-1c09e5d elementor-widget__width-initial elementor-widget elementor-widget-text-editor\" data-id=\"1c09e5d\" data-element_type=\"widget\" data-widget_type=\"text-editor.default\">\n\t\t\t\t<div class=\"elementor-widget-container\">\n\t\t\t\t\t\t\t\t\t<p><a href=\"_wp_link_placeholder\" data-wplink-edit=\"true\">La <em><span style=\"text-decoration: underline;\"><strong>Secretar\u00eda de la Transparencia y Rendici\u00f3n de Cuentas<\/strong><\/span><\/em> nace con el objetivo de cumplir la demanda ciudadana de tener una administraci\u00f3n p\u00fablica eficiente, honesta y confiable, encarg\u00e1ndose de controlar y vigilar el accionar del Gobierno del Estado.<\/a><\/p>\t\t\t\t\t\t\t\t<\/div>\n\t\t\t\t<\/div>\n\t\t\t\t\t<\/div>\n\t\t<\/div>\n\t\t\t\t\t<\/div>\n\t\t<\/section>\n\t\t\t\t<section class=\"elementor-section elementor-inner-section elementor-element elementor-element-e051f34 elementor-section-boxed elementor-section-height-default elementor-section-height-default\" data-id=\"e051f34\" data-element_type=\"section\">\n\t\t\t\t\t\t<div class=\"elementor-container elementor-column-gap-default\">\n\t\t\t\t\t<div class=\"elementor-column elementor-col-50 elementor-inner-column elementor-element elementor-element-5eef6b4\" data-id=\"5eef6b4\" data-element_type=\"column\">\n\t\t\t<div class=\"elementor-widget-wrap elementor-element-populated\">\n\t\t\t\t\t\t<div class=\"elementor-element elementor-element-57289aa elementor-widget__width-initial elementor-widget elementor-widget-image\" data-id=\"57289aa\" data-element_type=\"widget\" data-widget_type=\"image.default\">\n\t\t\t\t<div class=\"elementor-widget-container\">\n\t\t\t\t\t\t\t\t\t\t\t\t\t\t\t\t<a href=\"https:\/\/www.aseg.gob.mx\/\">\n\t\t\t\t\t\t\t<img decoding=\"async\" src=\"https:\/\/www.comonfort.gob.mx\/sitio\/wp-content\/uploads\/2025\/02\/aseg-750x350.webp\" title=\"aseg\" alt=\"aseg\" loading=\"lazy\" \/>\t\t\t\t\t\t\t\t<\/a>\n\t\t\t\t\t\t\t\t\t\t\t\t\t\t\t<\/div>\n\t\t\t\t<\/div>\n\t\t\t\t\t<\/div>\n\t\t<\/div>\n\t\t\t\t<div class=\"elementor-column elementor-col-50 elementor-inner-column elementor-element elementor-element-062b956\" data-id=\"062b956\" data-element_type=\"column\">\n\t\t\t<div class=\"elementor-widget-wrap elementor-element-populated\">\n\t\t\t\t\t\t<div class=\"elementor-element elementor-element-c95716d elementor-widget__width-initial elementor-widget elementor-widget-text-editor\" data-id=\"c95716d\" data-element_type=\"widget\" data-widget_type=\"text-editor.default\">\n\t\t\t\t<div class=\"elementor-widget-container\">\n\t\t\t\t\t\t\t\t\t<p><a href=\"https:\/\/www.aseg.gob.mx\/\">La <span style=\"text-decoration: underline;\"><em><strong>Auditor\u00eda Superior del Estado de Guanajuato<\/strong><\/em><\/span>, es un \u00f3rgano del Congreso del Estado; para el cumplimiento de sus funciones cuenta con autonom\u00eda t\u00e9cnica, de gesti\u00f3n y presupuestaria. Ejerce la funci\u00f3n de fiscalizaci\u00f3n conforme a los principios de objetividad, definitividad, confiabilidad, imparcialidad, independencia, transparencia, legalidad y profesionalismo, reguladas por la Constituci\u00f3n Pol\u00edtica del Estado y por la Ley de Fiscalizaci\u00f3n Superior del Estado de Guanajuato.<\/a><\/p>\t\t\t\t\t\t\t\t<\/div>\n\t\t\t\t<\/div>\n\t\t\t\t\t<\/div>\n\t\t<\/div>\n\t\t\t\t\t<\/div>\n\t\t<\/section>\n\t\t\t\t<section class=\"elementor-section elementor-inner-section elementor-element elementor-element-36c6a83 elementor-section-boxed elementor-section-height-default elementor-section-height-default\" data-id=\"36c6a83\" data-element_type=\"section\">\n\t\t\t\t\t\t<div class=\"elementor-container elementor-column-gap-default\">\n\t\t\t\t\t<div class=\"elementor-column elementor-col-50 elementor-inner-column elementor-element elementor-element-327e684\" data-id=\"327e684\" data-element_type=\"column\">\n\t\t\t<div class=\"elementor-widget-wrap elementor-element-populated\">\n\t\t\t\t\t\t<div class=\"elementor-element elementor-element-5225675 elementor-widget__width-inherit elementor-widget elementor-widget-image\" data-id=\"5225675\" data-element_type=\"widget\" data-widget_type=\"image.default\">\n\t\t\t\t<div class=\"elementor-widget-container\">\n\t\t\t\t\t\t\t\t\t\t\t\t\t\t\t\t<a href=\"https:\/\/www.tjagto.gob.mx\/\">\n\t\t\t\t\t\t\t<img decoding=\"async\" width=\"1024\" height=\"324\" src=\"https:\/\/www.comonfort.gob.mx\/sitio\/wp-content\/uploads\/2025\/02\/tribunal-de-justicia-administrativa-1024x324.png\" class=\"attachment-large size-large wp-image-18369\" alt=\"\" srcset=\"https:\/\/www.comonfort.gob.mx\/sitio\/wp-content\/uploads\/2025\/02\/tribunal-de-justicia-administrativa-1024x324.png 1024w, https:\/\/www.comonfort.gob.mx\/sitio\/wp-content\/uploads\/2025\/02\/tribunal-de-justicia-administrativa-300x95.png 300w, https:\/\/www.comonfort.gob.mx\/sitio\/wp-content\/uploads\/2025\/02\/tribunal-de-justicia-administrativa-1536x487.png 1536w, https:\/\/www.comonfort.gob.mx\/sitio\/wp-content\/uploads\/2025\/02\/tribunal-de-justicia-administrativa.png 1906w\" sizes=\"(max-width: 1024px) 100vw, 1024px\" \/>\t\t\t\t\t\t\t\t<\/a>\n\t\t\t\t\t\t\t\t\t\t\t\t\t\t\t<\/div>\n\t\t\t\t<\/div>\n\t\t\t\t\t<\/div>\n\t\t<\/div>\n\t\t\t\t<div class=\"elementor-column elementor-col-50 elementor-inner-column elementor-element elementor-element-4fe05e7\" data-id=\"4fe05e7\" data-element_type=\"column\">\n\t\t\t<div class=\"elementor-widget-wrap elementor-element-populated\">\n\t\t\t\t\t\t<div class=\"elementor-element elementor-element-fe16653 elementor-widget elementor-widget-text-editor\" data-id=\"fe16653\" data-element_type=\"widget\" data-widget_type=\"text-editor.default\">\n\t\t\t\t<div class=\"elementor-widget-container\">\n\t\t\t\t\t\t\t\t\t<p><a href=\"https:\/\/www.tjagto.gob.mx\/\"><span style=\"font-family: Lato, sans-serif; font-size: 16px; font-style: normal; font-variant-ligatures: normal; font-variant-caps: normal; font-weight: 400;\">El <span style=\"text-decoration: underline;\"><em><strong>T<\/strong><\/em><em><strong>ribunal de Justicia Administrativa del Estado de Guanajuato<\/strong><\/em><\/span> es un \u00f3rgano aut\u00f3nomo, de control de legalidad, dotado de plena jurisdicci\u00f3n e imperio para hacer cumplir sus resoluciones en todo el territorio estatal.<\/span><\/a><\/p>\t\t\t\t\t\t\t\t<\/div>\n\t\t\t\t<\/div>\n\t\t\t\t\t<\/div>\n\t\t<\/div>\n\t\t\t\t\t<\/div>\n\t\t<\/section>\n\t\t\t\t<section class=\"elementor-section elementor-inner-section elementor-element elementor-element-daa7f43 elementor-section-boxed elementor-section-height-default elementor-section-height-default\" data-id=\"daa7f43\" data-element_type=\"section\">\n\t\t\t\t\t\t<div class=\"elementor-container elementor-column-gap-default\">\n\t\t\t\t\t<div class=\"elementor-column elementor-col-50 elementor-inner-column elementor-element elementor-element-04bd1e5\" data-id=\"04bd1e5\" data-element_type=\"column\">\n\t\t\t<div class=\"elementor-widget-wrap elementor-element-populated\">\n\t\t\t\t\t\t<div class=\"elementor-element elementor-element-343a5b1 elementor-widget__width-initial elementor-widget elementor-widget-image\" data-id=\"343a5b1\" data-element_type=\"widget\" data-widget_type=\"image.default\">\n\t\t\t\t<div class=\"elementor-widget-container\">\n\t\t\t\t\t\t\t\t\t\t\t\t\t\t\t\t<a href=\"https:\/\/iacip.org.mx\/\">\n\t\t\t\t\t\t\t<img loading=\"lazy\" decoding=\"async\" width=\"300\" height=\"175\" src=\"https:\/\/www.comonfort.gob.mx\/sitio\/wp-content\/uploads\/2025\/02\/iacip-300x175.png\" class=\"attachment-medium size-medium wp-image-18370\" alt=\"\" srcset=\"https:\/\/www.comonfort.gob.mx\/sitio\/wp-content\/uploads\/2025\/02\/iacip-300x175.png 300w, https:\/\/www.comonfort.gob.mx\/sitio\/wp-content\/uploads\/2025\/02\/iacip.png 1000w\" sizes=\"(max-width: 300px) 100vw, 300px\" \/>\t\t\t\t\t\t\t\t<\/a>\n\t\t\t\t\t\t\t\t\t\t\t\t\t\t\t<\/div>\n\t\t\t\t<\/div>\n\t\t\t\t\t<\/div>\n\t\t<\/div>\n\t\t\t\t<div class=\"elementor-column elementor-col-50 elementor-inner-column elementor-element elementor-element-3bcaa08\" data-id=\"3bcaa08\" data-element_type=\"column\">\n\t\t\t<div class=\"elementor-widget-wrap elementor-element-populated\">\n\t\t\t\t\t\t<div class=\"elementor-element elementor-element-c7feef8 elementor-widget elementor-widget-text-editor\" data-id=\"c7feef8\" data-element_type=\"widget\" data-widget_type=\"text-editor.default\">\n\t\t\t\t<div class=\"elementor-widget-container\">\n\t\t\t\t\t\t\t\t\t<p><a href=\"https:\/\/iacip.org.mx\/\">El <span style=\"text-decoration: underline;\"><em><strong>Instituto de Acceso a la Informaci\u00f3n P\u00fablica para el Estado de Guanajuato<\/strong><\/em><\/span> es el Garante de los Derechos Fundamentales de Acceso a la Informaci\u00f3n P\u00fablica y de Protecci\u00f3n de Datos Personales en el Estado de Guanajuato; tambi\u00e9n es un organismo aut\u00f3nomo, con personalidad jur\u00eddica y patrimonio propio, en los t\u00e9rminos de la Constituci\u00f3n Pol\u00edtica para el Estado de Guanajuato.<\/a><\/p>\t\t\t\t\t\t\t\t<\/div>\n\t\t\t\t<\/div>\n\t\t\t\t\t<\/div>\n\t\t<\/div>\n\t\t\t\t\t<\/div>\n\t\t<\/section>\n\t\t\t\t<section class=\"elementor-section elementor-inner-section elementor-element elementor-element-d694a71 elementor-section-boxed elementor-section-height-default elementor-section-height-default\" data-id=\"d694a71\" data-element_type=\"section\">\n\t\t\t\t\t\t<div class=\"elementor-container elementor-column-gap-default\">\n\t\t\t\t\t<div class=\"elementor-column elementor-col-100 elementor-inner-column elementor-element elementor-element-9b4f23c\" data-id=\"9b4f23c\" data-element_type=\"column\">\n\t\t\t<div class=\"elementor-widget-wrap elementor-element-populated\">\n\t\t\t\t\t\t<section class=\"elementor-section elementor-inner-section elementor-element elementor-element-1eb1378 elementor-section-boxed elementor-section-height-default elementor-section-height-default\" data-id=\"1eb1378\" data-element_type=\"section\">\n\t\t\t\t\t\t<div class=\"elementor-container elementor-column-gap-default\">\n\t\t\t\t\t<div class=\"elementor-column elementor-col-50 elementor-inner-column elementor-element elementor-element-71901df\" data-id=\"71901df\" data-element_type=\"column\">\n\t\t\t<div class=\"elementor-widget-wrap elementor-element-populated\">\n\t\t\t\t\t\t<div class=\"elementor-element elementor-element-22b283c elementor-widget__width-initial elementor-widget elementor-widget-image\" data-id=\"22b283c\" data-element_type=\"widget\" data-widget_type=\"image.default\">\n\t\t\t\t<div class=\"elementor-widget-container\">\n\t\t\t\t\t\t\t\t\t\t\t\t\t\t\t\t<a href=\"https:\/\/sistemaestatalanticorrupcion.guanajuato.gob.mx\/\">\n\t\t\t\t\t\t\t<img loading=\"lazy\" decoding=\"async\" width=\"125\" height=\"150\" src=\"https:\/\/www.comonfort.gob.mx\/sitio\/wp-content\/uploads\/2025\/02\/cropped-cropped-LOGOV3-e1685121639435.png\" class=\"attachment-large size-large wp-image-18371\" alt=\"\" \/>\t\t\t\t\t\t\t\t<\/a>\n\t\t\t\t\t\t\t\t\t\t\t\t\t\t\t<\/div>\n\t\t\t\t<\/div>\n\t\t\t\t\t<\/div>\n\t\t<\/div>\n\t\t\t\t<div class=\"elementor-column elementor-col-50 elementor-inner-column elementor-element elementor-element-1587185\" data-id=\"1587185\" data-element_type=\"column\">\n\t\t\t<div class=\"elementor-widget-wrap elementor-element-populated\">\n\t\t\t\t\t\t<div class=\"elementor-element elementor-element-269e296 elementor-widget__width-initial elementor-widget elementor-widget-text-editor\" data-id=\"269e296\" data-element_type=\"widget\" data-widget_type=\"text-editor.default\">\n\t\t\t\t<div class=\"elementor-widget-container\">\n\t\t\t\t\t\t\t\t\t<p><a href=\"https:\/\/sistemaestatalanticorrupcion.guanajuato.gob.mx\/\">El <span style=\"text-decoration: underline;\"><em><strong>Sistema Estatal Anticorrupci\u00f3n de Guanajuato<\/strong><\/em><\/span> es la Instancia de coordinaci\u00f3n entre las autoridades del orden de gobierno estatal y municipal competentes en la prevenci\u00f3n, detecci\u00f3n y sanci\u00f3n de responsabilidades administrativas y hechos de corrupci\u00f3n, as\u00ed como en la fiscalizaci\u00f3n y control de recursos p\u00fablicos.<\/a><\/p>\t\t\t\t\t\t\t\t<\/div>\n\t\t\t\t<\/div>\n\t\t\t\t\t<\/div>\n\t\t<\/div>\n\t\t\t\t\t<\/div>\n\t\t<\/section>\n\t\t\t\t\t<\/div>\n\t\t<\/div>\n\t\t\t\t\t<\/div>\n\t\t<\/section>\n\t\t\t\t<section class=\"elementor-section elementor-inner-section elementor-element elementor-element-929b377 elementor-section-boxed elementor-section-height-default elementor-section-height-default\" data-id=\"929b377\" data-element_type=\"section\">\n\t\t\t\t\t\t<div class=\"elementor-container elementor-column-gap-default\">\n\t\t\t\t\t<div class=\"elementor-column elementor-col-100 elementor-inner-column elementor-element elementor-element-4e69481\" data-id=\"4e69481\" data-element_type=\"column\">\n\t\t\t<div class=\"elementor-widget-wrap elementor-element-populated\">\n\t\t\t\t\t\t<section class=\"elementor-section elementor-inner-section elementor-element elementor-element-5c89e50 elementor-section-boxed elementor-section-height-default elementor-section-height-default\" data-id=\"5c89e50\" data-element_type=\"section\">\n\t\t\t\t\t\t<div class=\"elementor-container elementor-column-gap-default\">\n\t\t\t\t\t<div class=\"elementor-column elementor-col-50 elementor-inner-column elementor-element elementor-element-9cc0cb1\" data-id=\"9cc0cb1\" data-element_type=\"column\">\n\t\t\t<div class=\"elementor-widget-wrap elementor-element-populated\">\n\t\t\t\t\t\t<div class=\"elementor-element elementor-element-2d368bd elementor-widget__width-initial elementor-widget elementor-widget-image\" data-id=\"2d368bd\" data-element_type=\"widget\" data-widget_type=\"image.default\">\n\t\t\t\t<div class=\"elementor-widget-container\">\n\t\t\t\t\t\t\t\t\t\t\t\t\t\t\t\t<a href=\"https:\/\/plataformadigital.guanajuato.gob.mx\/\">\n\t\t\t\t\t\t\t<img loading=\"lazy\" decoding=\"async\" width=\"1024\" height=\"361\" src=\"https:\/\/www.comonfort.gob.mx\/sitio\/wp-content\/uploads\/2025\/02\/PDE_Log_Color-1024x361.png\" class=\"attachment-large size-large wp-image-18372\" alt=\"\" srcset=\"https:\/\/www.comonfort.gob.mx\/sitio\/wp-content\/uploads\/2025\/02\/PDE_Log_Color-1024x361.png 1024w, https:\/\/www.comonfort.gob.mx\/sitio\/wp-content\/uploads\/2025\/02\/PDE_Log_Color-300x106.png 300w, https:\/\/www.comonfort.gob.mx\/sitio\/wp-content\/uploads\/2025\/02\/PDE_Log_Color-1536x542.png 1536w, https:\/\/www.comonfort.gob.mx\/sitio\/wp-content\/uploads\/2025\/02\/PDE_Log_Color-2048x723.png 2048w\" sizes=\"(max-width: 1024px) 100vw, 1024px\" \/>\t\t\t\t\t\t\t\t<\/a>\n\t\t\t\t\t\t\t\t\t\t\t\t\t\t\t<\/div>\n\t\t\t\t<\/div>\n\t\t\t\t\t<\/div>\n\t\t<\/div>\n\t\t\t\t<div class=\"elementor-column elementor-col-50 elementor-inner-column elementor-element elementor-element-16327f4\" data-id=\"16327f4\" data-element_type=\"column\">\n\t\t\t<div class=\"elementor-widget-wrap elementor-element-populated\">\n\t\t\t\t\t\t<div class=\"elementor-element elementor-element-f52e8ef elementor-widget__width-initial elementor-widget elementor-widget-text-editor\" data-id=\"f52e8ef\" data-element_type=\"widget\" data-widget_type=\"text-editor.default\">\n\t\t\t\t<div class=\"elementor-widget-container\">\n\t\t\t\t\t\t\t\t\t<p><a href=\"https:\/\/plataformadigital.guanajuato.gob.mx\/\">La <span style=\"text-decoration: underline;\"><em><strong>Plataforma Digital Estatal Guanajuato<\/strong><\/em><\/span> es un instrumento de inteligencia institucional del Sistema Estatal Anticorrupci\u00f3n el cual cuenta con 6 sistemas electr\u00f3nicos.<\/a><\/p>\t\t\t\t\t\t\t\t<\/div>\n\t\t\t\t<\/div>\n\t\t\t\t\t<\/div>\n\t\t<\/div>\n\t\t\t\t\t<\/div>\n\t\t<\/section>\n\t\t\t\t\t<\/div>\n\t\t<\/div>\n\t\t\t\t\t<\/div>\n\t\t<\/section>\n\t\t\t\t<section class=\"elementor-section elementor-inner-section elementor-element elementor-element-720220a elementor-section-boxed elementor-section-height-default elementor-section-height-default\" data-id=\"720220a\" data-element_type=\"section\">\n\t\t\t\t\t\t<div class=\"elementor-container elementor-column-gap-default\">\n\t\t\t\t\t<div class=\"elementor-column elementor-col-50 elementor-inner-column elementor-element elementor-element-677fef3\" data-id=\"677fef3\" data-element_type=\"column\">\n\t\t\t<div class=\"elementor-widget-wrap elementor-element-populated\">\n\t\t\t\t\t\t<div class=\"elementor-element elementor-element-5808ed2 elementor-widget__width-initial elementor-widget elementor-widget-image\" data-id=\"5808ed2\" data-element_type=\"widget\" data-widget_type=\"image.default\">\n\t\t\t\t<div class=\"elementor-widget-container\">\n\t\t\t\t\t\t\t\t\t\t\t\t\t\t\t\t<a href=\"https:\/\/alianzacontralores.sh.guanajuato.gob.mx\/\">\n\t\t\t\t\t\t\t<img loading=\"lazy\" decoding=\"async\" width=\"400\" height=\"400\" src=\"https:\/\/www.comonfort.gob.mx\/sitio\/wp-content\/uploads\/2025\/02\/alianza_de_contralores.jpg\" class=\"attachment-large size-large wp-image-18502\" alt=\"\" srcset=\"https:\/\/www.comonfort.gob.mx\/sitio\/wp-content\/uploads\/2025\/02\/alianza_de_contralores.jpg 400w, https:\/\/www.comonfort.gob.mx\/sitio\/wp-content\/uploads\/2025\/02\/alianza_de_contralores-300x300.jpg 300w, https:\/\/www.comonfort.gob.mx\/sitio\/wp-content\/uploads\/2025\/02\/alianza_de_contralores-150x150.jpg 150w, https:\/\/www.comonfort.gob.mx\/sitio\/wp-content\/uploads\/2025\/02\/alianza_de_contralores-270x270.jpg 270w, https:\/\/www.comonfort.gob.mx\/sitio\/wp-content\/uploads\/2025\/02\/alianza_de_contralores-230x230.jpg 230w\" sizes=\"(max-width: 400px) 100vw, 400px\" \/>\t\t\t\t\t\t\t\t<\/a>\n\t\t\t\t\t\t\t\t\t\t\t\t\t\t\t<\/div>\n\t\t\t\t<\/div>\n\t\t\t\t\t<\/div>\n\t\t<\/div>\n\t\t\t\t<div class=\"elementor-column elementor-col-50 elementor-inner-column elementor-element elementor-element-83efed2\" data-id=\"83efed2\" data-element_type=\"column\">\n\t\t\t<div class=\"elementor-widget-wrap elementor-element-populated\">\n\t\t\t\t\t\t<div class=\"elementor-element elementor-element-1fe368c elementor-widget__width-initial elementor-widget elementor-widget-text-editor\" data-id=\"1fe368c\" data-element_type=\"widget\" data-widget_type=\"text-editor.default\">\n\t\t\t\t<div class=\"elementor-widget-container\">\n\t\t\t\t\t\t\t\t\t<p><a href=\"https:\/\/alianzacontralores.sh.guanajuato.gob.mx\/\">La <span style=\"text-decoration: underline;\"><em><strong>Alianza de Contralores<\/strong><\/em><\/span> es un \u00f3rgano colegiado, permanente y profesional integrado por los titulares de las Contralor\u00edas Municipales del Estado de Guanajuato y la Secretar\u00eda, quien fungir\u00e1 como asesor t\u00e9cnico.<\/a><\/p>\t\t\t\t\t\t\t\t<\/div>\n\t\t\t\t<\/div>\n\t\t\t\t\t<\/div>\n\t\t<\/div>\n\t\t\t\t\t<\/div>\n\t\t<\/section>\n\t\t\t\t<section class=\"elementor-section elementor-inner-section elementor-element elementor-element-f428e72 elementor-section-boxed elementor-section-height-default elementor-section-height-default\" data-id=\"f428e72\" data-element_type=\"section\">\n\t\t\t\t\t\t<div class=\"elementor-container elementor-column-gap-default\">\n\t\t\t\t\t<div class=\"elementor-column elementor-col-50 elementor-inner-column elementor-element elementor-element-ad32072\" data-id=\"ad32072\" data-element_type=\"column\">\n\t\t\t<div class=\"elementor-widget-wrap elementor-element-populated\">\n\t\t\t\t\t\t<div class=\"elementor-element elementor-element-a34c891 elementor-widget__width-initial elementor-widget elementor-widget-image\" data-id=\"a34c891\" data-element_type=\"widget\" data-widget_type=\"image.default\">\n\t\t\t\t<div class=\"elementor-widget-container\">\n\t\t\t\t\t\t\t\t\t\t\t\t\t\t\t\t<a href=\"https:\/\/seseaguanajuato.org\/\">\n\t\t\t\t\t\t\t<img loading=\"lazy\" decoding=\"async\" width=\"1024\" height=\"486\" src=\"https:\/\/www.comonfort.gob.mx\/sitio\/wp-content\/uploads\/2025\/02\/seseagto-1024x486.png\" class=\"attachment-large size-large wp-image-18373\" alt=\"\" srcset=\"https:\/\/www.comonfort.gob.mx\/sitio\/wp-content\/uploads\/2025\/02\/seseagto-1024x486.png 1024w, https:\/\/www.comonfort.gob.mx\/sitio\/wp-content\/uploads\/2025\/02\/seseagto-300x142.png 300w, https:\/\/www.comonfort.gob.mx\/sitio\/wp-content\/uploads\/2025\/02\/seseagto-1536x729.png 1536w, https:\/\/www.comonfort.gob.mx\/sitio\/wp-content\/uploads\/2025\/02\/seseagto-2048x972.png 2048w\" sizes=\"(max-width: 1024px) 100vw, 1024px\" \/>\t\t\t\t\t\t\t\t<\/a>\n\t\t\t\t\t\t\t\t\t\t\t\t\t\t\t<\/div>\n\t\t\t\t<\/div>\n\t\t\t\t\t<\/div>\n\t\t<\/div>\n\t\t\t\t<div class=\"elementor-column elementor-col-50 elementor-inner-column elementor-element elementor-element-581715c\" data-id=\"581715c\" data-element_type=\"column\">\n\t\t\t<div class=\"elementor-widget-wrap elementor-element-populated\">\n\t\t\t\t\t\t<div class=\"elementor-element elementor-element-e039f92 elementor-widget elementor-widget-text-editor\" data-id=\"e039f92\" data-element_type=\"widget\" data-widget_type=\"text-editor.default\">\n\t\t\t\t<div class=\"elementor-widget-container\">\n\t\t\t\t\t\t\t\t\t<p style=\"text-align: left;\"><a href=\"https:\/\/seseaguanajuato.org\/\"><span style=\"font-family: Lato, sans-serif; font-size: 16px; font-style: normal; font-variant-ligatures: normal; font-variant-caps: normal; font-weight: 400;\">La <span style=\"text-decoration: underline;\"><em><strong>Secretar\u00eda Ejecutiva del Sistema Estatal Anticorrupci\u00f3n de Guanajuato<\/strong><\/em><\/span> es un organismo descentralizado, no sectorizado, con personalidad jur\u00eddica y patrimonio propio, con autonom\u00eda t\u00e9cnica y de gesti\u00f3n.<\/span><\/a><\/p>\t\t\t\t\t\t\t\t<\/div>\n\t\t\t\t<\/div>\n\t\t\t\t\t<\/div>\n\t\t<\/div>\n\t\t\t\t\t<\/div>\n\t\t<\/section>\n\t\t\t\t\t<\/div>\n\t\t<\/div>\n\t\t\t\t\t<\/div>\n\t\t<\/section>\n\t\t\t\t<section class=\"elementor-section elementor-top-section elementor-element elementor-element-392a9b88 elementor-section-boxed elementor-section-height-default elementor-section-height-default\" data-id=\"392a9b88\" data-element_type=\"section\">\n\t\t\t\t\t\t<div class=\"elementor-container elementor-column-gap-default\">\n\t\t\t\t\t<div class=\"elementor-column elementor-col-100 elementor-top-column elementor-element elementor-element-cd607ad\" data-id=\"cd607ad\" data-element_type=\"column\">\n\t\t\t<div class=\"elementor-widget-wrap elementor-element-populated\">\n\t\t\t\t\t\t<div class=\"elementor-element elementor-element-48456f4e elementor-widget elementor-widget-text-editor\" data-id=\"48456f4e\" data-element_type=\"widget\" data-widget_type=\"text-editor.default\">\n\t\t\t\t<div class=\"elementor-widget-container\">\n\t\t\t\t\t\t\t\t\t\n<p><style>\n.organigrama{\n    border-collapse: collapse;\n    width: 60%;\n    font-family: Helvetica, \"Trebuchet MS\", Arial, sans-serif;\n    font-size:100%;\"\n}\n.organigrama td, .organigrama th {\n    text-align: left;\n    padding: 8px;\n}\n.organigrama tr:nth-child(even){background-color: #f2f2f2}\n.organigrama th {\n    background-color: #881212;\n    color: white;\n}\n\n@media only screen and (min-width: 769px) { .imgorganigrama{ width:20%; height: auto; border-radius: 20px; border:10px solid #D3D3D2; max-width: 100%; } }\n@media (max-width:768px){ .imgorganigrama{ width:50%; height: auto; border-radius: 20px; border:5px solid #D3D3D2; max-width: 100%; } }\n@media (max-width:320px){ .imgorganigrama{ width:80%; height: auto; border-radius: 20px; border:5px solid #D3D3D2; max-width: 100%; } }\n\n<\/style><\/p>\n<div align=\"center\">\n<h2>Contralor\u00eda Municipal<\/h2>\n<table class=\"organigrama\">\n<tbody>\n<tr>\n<th>\u00a0<\/th>\n<th>Datos<\/th>\n<\/tr>\n<tr>\n<td>Titular:<\/td>\n<td>C.P. Sandra V\u00e1zquez Manr\u00edquez<\/td>\n<\/tr>\n<tr>\n<td>Domicilio:<\/td>\n<td><a href=\"https:\/\/maps.app.goo.gl\/QeoD525yidq47CHh7\">Calle Camino Real #4, Barrio del Melgarito<br \/>Comonfort, Gto. C.P.38200<\/a><\/td>\n<\/tr>\n<tr>\n<td>Tel\u00e9fono:<\/td>\n<td><a href=\"tel: +52 412 232 4801\">412 232 4801<\/a> Ext. 155<\/td>\n<\/tr>\n<tr>\n<td>Correo:<\/td>\n<td><a href=\"mailto:contraloria@comonfort.gob.mx\">contraloria@comonfort.gob.mx<\/a><\/td>\n<\/tr>\n<tr>\n<td>Horario:<\/td>\n<td>Lunes &#8211; Viernes de 9:00 A.M. a 4:00 P.M.<\/td>\n<\/tr>\n<\/tbody>\n<\/table>\n<\/div>\n\t\t\t\t\t\t\t\t<\/div>\n\t\t\t\t<\/div>\n\t\t\t\t\t<\/div>\n\t\t<\/div>\n\t\t\t\t\t<\/div>\n\t\t<\/section>\n\t\t\t\t<section class=\"elementor-section elementor-top-section elementor-element elementor-element-9a18325 elementor-section-boxed elementor-section-height-default elementor-section-height-default\" data-id=\"9a18325\" data-element_type=\"section\">\n\t\t\t\t\t\t<div class=\"elementor-container elementor-column-gap-default\">\n\t\t\t\t\t<div class=\"elementor-column elementor-col-100 elementor-top-column elementor-element elementor-element-6ded63f\" data-id=\"6ded63f\" data-element_type=\"column\">\n\t\t\t<div class=\"elementor-widget-wrap elementor-element-populated\">\n\t\t\t\t\t\t<div class=\"elementor-element elementor-element-c30b936 elementor-widget elementor-widget-heading\" data-id=\"c30b936\" data-element_type=\"widget\" data-widget_type=\"heading.default\">\n\t\t\t\t<div class=\"elementor-widget-container\">\n\t\t\t\t\t<h5 class=\"elementor-heading-title elementor-size-default\"><a href=\"https:\/\/www.comonfort.gob.mx\/sitio\/tramites-y-servicios\/tys-contraloria\/\">Tr\u00e1mites y Servicios de la Contralor\u00eda Municipal<\/a><\/h5>\t\t\t\t<\/div>\n\t\t\t\t<\/div>\n\t\t\t\t\t<\/div>\n\t\t<\/div>\n\t\t\t\t\t<\/div>\n\t\t<\/section>\n\t\t\t\t<\/div>\n\t\t","protected":false},"excerpt":{"rendered":"<p>Denuncia Ciudadana Lineamientos &#8211; Dise\u00f1o Profesional y Elegante LINEAMIENTOS Lineamientos Generales de Control Interno para la Administraci\u00f3n P\u00fablica del Municipio de Comonfort, Gto. Ver en Peri\u00f3dico Oficial Lineamientos Generales de Procesos de Auditor\u00eda Gubernamental para la Contralor\u00eda Municipal de Comonfort, Gto. Lineamientos para la Investigaci\u00f3n de Faltas Administrativas y su Seguimiento Reglamento Interno de la [&hellip;]<\/p>\n","protected":false},"author":1,"featured_media":0,"parent":0,"menu_order":0,"comment_status":"closed","ping_status":"closed","template":"","meta":{"saved_in_kubio":false,"_eb_attr":"","footnotes":""},"kubio_ai_page_context":{"short_desc":"","purpose":"general"},"yoast_head":"<!-- This site is optimized with the Yoast SEO plugin v24.3 - https:\/\/yoast.com\/wordpress\/plugins\/seo\/ -->\n<title>Contralor\u00eda Municipal -<\/title>\n<meta name=\"robots\" content=\"index, follow, max-snippet:-1, max-image-preview:large, max-video-preview:-1\" \/>\n<link rel=\"canonical\" href=\"https:\/\/www.comonfort.gob.mx\/sitio\/contraloria\/\" \/>\n<meta property=\"og:locale\" content=\"es_ES\" \/>\n<meta property=\"og:type\" content=\"article\" \/>\n<meta property=\"og:title\" content=\"Contralor\u00eda Municipal -\" \/>\n<meta property=\"og:description\" content=\"Denuncia Ciudadana Lineamientos &#8211; Dise\u00f1o Profesional y Elegante LINEAMIENTOS Lineamientos Generales de Control Interno para la Administraci\u00f3n P\u00fablica del Municipio de Comonfort, Gto. Ver en Peri\u00f3dico Oficial Lineamientos Generales de Procesos de Auditor\u00eda Gubernamental para la Contralor\u00eda Municipal de Comonfort, Gto. Lineamientos para la Investigaci\u00f3n de Faltas Administrativas y su Seguimiento Reglamento Interno de la [&hellip;]\" \/>\n<meta property=\"og:url\" content=\"https:\/\/www.comonfort.gob.mx\/sitio\/contraloria\/\" \/>\n<meta property=\"article:publisher\" content=\"https:\/\/www.facebook.com\/Gobierno-de-Comonfort-2018-2021-771384679654142\/\" \/>\n<meta property=\"article:modified_time\" content=\"2025-10-06T17:33:52+00:00\" \/>\n<meta property=\"og:image\" content=\"https:\/\/www.comonfort.gob.mx\/sitio\/wp-content\/uploads\/2019\/07\/contraloria-tys-amarillo.png\" \/>\n\t<meta property=\"og:image:width\" content=\"259\" \/>\n\t<meta property=\"og:image:height\" content=\"259\" \/>\n\t<meta property=\"og:image:type\" content=\"image\/png\" \/>\n<meta name=\"twitter:card\" content=\"summary_large_image\" \/>\n<meta name=\"twitter:site\" content=\"@GobComonfort\" \/>\n<meta name=\"twitter:label1\" content=\"Tiempo de lectura\" \/>\n\t<meta name=\"twitter:data1\" content=\"5 minutos\" \/>\n<script type=\"application\/ld+json\" class=\"yoast-schema-graph\">{\"@context\":\"https:\/\/schema.org\",\"@graph\":[{\"@type\":\"WebPage\",\"@id\":\"https:\/\/www.comonfort.gob.mx\/sitio\/contraloria\/\",\"url\":\"https:\/\/www.comonfort.gob.mx\/sitio\/contraloria\/\",\"name\":\"Contralor\u00eda Municipal -\",\"isPartOf\":{\"@id\":\"https:\/\/www.comonfort.gob.mx\/sitio\/#website\"},\"primaryImageOfPage\":{\"@id\":\"https:\/\/www.comonfort.gob.mx\/sitio\/contraloria\/#primaryimage\"},\"image\":{\"@id\":\"https:\/\/www.comonfort.gob.mx\/sitio\/contraloria\/#primaryimage\"},\"thumbnailUrl\":\"https:\/\/www.comonfort.gob.mx\/sitio\/wp-content\/uploads\/2019\/07\/contraloria-tys-amarillo-150x150.png\",\"datePublished\":\"2015-12-24T15:07:51+00:00\",\"dateModified\":\"2025-10-06T17:33:52+00:00\",\"breadcrumb\":{\"@id\":\"https:\/\/www.comonfort.gob.mx\/sitio\/contraloria\/#breadcrumb\"},\"inLanguage\":\"es\",\"potentialAction\":[{\"@type\":\"ReadAction\",\"target\":[\"https:\/\/www.comonfort.gob.mx\/sitio\/contraloria\/\"]}]},{\"@type\":\"ImageObject\",\"inLanguage\":\"es\",\"@id\":\"https:\/\/www.comonfort.gob.mx\/sitio\/contraloria\/#primaryimage\",\"url\":\"https:\/\/www.comonfort.gob.mx\/sitio\/wp-content\/uploads\/2019\/07\/contraloria-tys-amarillo.png\",\"contentUrl\":\"https:\/\/www.comonfort.gob.mx\/sitio\/wp-content\/uploads\/2019\/07\/contraloria-tys-amarillo.png\",\"width\":259,\"height\":259},{\"@type\":\"BreadcrumbList\",\"@id\":\"https:\/\/www.comonfort.gob.mx\/sitio\/contraloria\/#breadcrumb\",\"itemListElement\":[{\"@type\":\"ListItem\",\"position\":1,\"name\":\"Portada\",\"item\":\"https:\/\/www.comonfort.gob.mx\/sitio\/\"},{\"@type\":\"ListItem\",\"position\":2,\"name\":\"Contralor\u00eda Municipal\"}]},{\"@type\":\"WebSite\",\"@id\":\"https:\/\/www.comonfort.gob.mx\/sitio\/#website\",\"url\":\"https:\/\/www.comonfort.gob.mx\/sitio\/\",\"name\":\"Presidencia Municipal de Comonfort, Gto.\",\"description\":\"\",\"publisher\":{\"@id\":\"https:\/\/www.comonfort.gob.mx\/sitio\/#organization\"},\"potentialAction\":[{\"@type\":\"SearchAction\",\"target\":{\"@type\":\"EntryPoint\",\"urlTemplate\":\"https:\/\/www.comonfort.gob.mx\/sitio\/?s={search_term_string}\"},\"query-input\":{\"@type\":\"PropertyValueSpecification\",\"valueRequired\":true,\"valueName\":\"search_term_string\"}}],\"inLanguage\":\"es\"},{\"@type\":\"Organization\",\"@id\":\"https:\/\/www.comonfort.gob.mx\/sitio\/#organization\",\"name\":\"Presidencia Municipal de Comonfort, Gto.\",\"url\":\"https:\/\/www.comonfort.gob.mx\/sitio\/\",\"logo\":{\"@type\":\"ImageObject\",\"inLanguage\":\"es\",\"@id\":\"https:\/\/www.comonfort.gob.mx\/sitio\/#\/schema\/logo\/image\/\",\"url\":\"https:\/\/www.comonfort.gob.mx\/sitio\/wp-content\/uploads\/2020\/11\/logo-comonfort-c.png\",\"contentUrl\":\"https:\/\/www.comonfort.gob.mx\/sitio\/wp-content\/uploads\/2020\/11\/logo-comonfort-c.png\",\"width\":326,\"height\":348,\"caption\":\"Presidencia Municipal de Comonfort, Gto.\"},\"image\":{\"@id\":\"https:\/\/www.comonfort.gob.mx\/sitio\/#\/schema\/logo\/image\/\"},\"sameAs\":[\"https:\/\/www.facebook.com\/Gobierno-de-Comonfort-2018-2021-771384679654142\/\",\"https:\/\/x.com\/GobComonfort\",\"https:\/\/www.instagram.com\/gobiernocomonfort_oficial\/\",\"https:\/\/www.linkedin.com\/in\/gobierno-de-comonfort-380b251aa\"]}]}<\/script>\n<!-- \/ Yoast SEO plugin. -->","yoast_head_json":{"title":"Contralor\u00eda Municipal -","robots":{"index":"index","follow":"follow","max-snippet":"max-snippet:-1","max-image-preview":"max-image-preview:large","max-video-preview":"max-video-preview:-1"},"canonical":"https:\/\/www.comonfort.gob.mx\/sitio\/contraloria\/","og_locale":"es_ES","og_type":"article","og_title":"Contralor\u00eda Municipal -","og_description":"Denuncia Ciudadana Lineamientos &#8211; Dise\u00f1o Profesional y Elegante LINEAMIENTOS Lineamientos Generales de Control Interno para la Administraci\u00f3n P\u00fablica del Municipio de Comonfort, Gto. Ver en Peri\u00f3dico Oficial Lineamientos Generales de Procesos de Auditor\u00eda Gubernamental para la Contralor\u00eda Municipal de Comonfort, Gto. Lineamientos para la Investigaci\u00f3n de Faltas Administrativas y su Seguimiento Reglamento Interno de la [&hellip;]","og_url":"https:\/\/www.comonfort.gob.mx\/sitio\/contraloria\/","article_publisher":"https:\/\/www.facebook.com\/Gobierno-de-Comonfort-2018-2021-771384679654142\/","article_modified_time":"2025-10-06T17:33:52+00:00","og_image":[{"width":259,"height":259,"url":"https:\/\/www.comonfort.gob.mx\/sitio\/wp-content\/uploads\/2019\/07\/contraloria-tys-amarillo.png","type":"image\/png"}],"twitter_card":"summary_large_image","twitter_site":"@GobComonfort","twitter_misc":{"Tiempo de lectura":"5 minutos"},"schema":{"@context":"https:\/\/schema.org","@graph":[{"@type":"WebPage","@id":"https:\/\/www.comonfort.gob.mx\/sitio\/contraloria\/","url":"https:\/\/www.comonfort.gob.mx\/sitio\/contraloria\/","name":"Contralor\u00eda Municipal -","isPartOf":{"@id":"https:\/\/www.comonfort.gob.mx\/sitio\/#website"},"primaryImageOfPage":{"@id":"https:\/\/www.comonfort.gob.mx\/sitio\/contraloria\/#primaryimage"},"image":{"@id":"https:\/\/www.comonfort.gob.mx\/sitio\/contraloria\/#primaryimage"},"thumbnailUrl":"https:\/\/www.comonfort.gob.mx\/sitio\/wp-content\/uploads\/2019\/07\/contraloria-tys-amarillo-150x150.png","datePublished":"2015-12-24T15:07:51+00:00","dateModified":"2025-10-06T17:33:52+00:00","breadcrumb":{"@id":"https:\/\/www.comonfort.gob.mx\/sitio\/contraloria\/#breadcrumb"},"inLanguage":"es","potentialAction":[{"@type":"ReadAction","target":["https:\/\/www.comonfort.gob.mx\/sitio\/contraloria\/"]}]},{"@type":"ImageObject","inLanguage":"es","@id":"https:\/\/www.comonfort.gob.mx\/sitio\/contraloria\/#primaryimage","url":"https:\/\/www.comonfort.gob.mx\/sitio\/wp-content\/uploads\/2019\/07\/contraloria-tys-amarillo.png","contentUrl":"https:\/\/www.comonfort.gob.mx\/sitio\/wp-content\/uploads\/2019\/07\/contraloria-tys-amarillo.png","width":259,"height":259},{"@type":"BreadcrumbList","@id":"https:\/\/www.comonfort.gob.mx\/sitio\/contraloria\/#breadcrumb","itemListElement":[{"@type":"ListItem","position":1,"name":"Portada","item":"https:\/\/www.comonfort.gob.mx\/sitio\/"},{"@type":"ListItem","position":2,"name":"Contralor\u00eda Municipal"}]},{"@type":"WebSite","@id":"https:\/\/www.comonfort.gob.mx\/sitio\/#website","url":"https:\/\/www.comonfort.gob.mx\/sitio\/","name":"Presidencia Municipal de Comonfort, Gto.","description":"","publisher":{"@id":"https:\/\/www.comonfort.gob.mx\/sitio\/#organization"},"potentialAction":[{"@type":"SearchAction","target":{"@type":"EntryPoint","urlTemplate":"https:\/\/www.comonfort.gob.mx\/sitio\/?s={search_term_string}"},"query-input":{"@type":"PropertyValueSpecification","valueRequired":true,"valueName":"search_term_string"}}],"inLanguage":"es"},{"@type":"Organization","@id":"https:\/\/www.comonfort.gob.mx\/sitio\/#organization","name":"Presidencia Municipal de Comonfort, Gto.","url":"https:\/\/www.comonfort.gob.mx\/sitio\/","logo":{"@type":"ImageObject","inLanguage":"es","@id":"https:\/\/www.comonfort.gob.mx\/sitio\/#\/schema\/logo\/image\/","url":"https:\/\/www.comonfort.gob.mx\/sitio\/wp-content\/uploads\/2020\/11\/logo-comonfort-c.png","contentUrl":"https:\/\/www.comonfort.gob.mx\/sitio\/wp-content\/uploads\/2020\/11\/logo-comonfort-c.png","width":326,"height":348,"caption":"Presidencia Municipal de Comonfort, Gto."},"image":{"@id":"https:\/\/www.comonfort.gob.mx\/sitio\/#\/schema\/logo\/image\/"},"sameAs":["https:\/\/www.facebook.com\/Gobierno-de-Comonfort-2018-2021-771384679654142\/","https:\/\/x.com\/GobComonfort","https:\/\/www.instagram.com\/gobiernocomonfort_oficial\/","https:\/\/www.linkedin.com\/in\/gobierno-de-comonfort-380b251aa"]}]}},"_links":{"self":[{"href":"https:\/\/www.comonfort.gob.mx\/sitio\/wp-json\/wp\/v2\/pages\/345"}],"collection":[{"href":"https:\/\/www.comonfort.gob.mx\/sitio\/wp-json\/wp\/v2\/pages"}],"about":[{"href":"https:\/\/www.comonfort.gob.mx\/sitio\/wp-json\/wp\/v2\/types\/page"}],"author":[{"embeddable":true,"href":"https:\/\/www.comonfort.gob.mx\/sitio\/wp-json\/wp\/v2\/users\/1"}],"replies":[{"embeddable":true,"href":"https:\/\/www.comonfort.gob.mx\/sitio\/wp-json\/wp\/v2\/comments?post=345"}],"version-history":[{"count":147,"href":"https:\/\/www.comonfort.gob.mx\/sitio\/wp-json\/wp\/v2\/pages\/345\/revisions"}],"predecessor-version":[{"id":21915,"href":"https:\/\/www.comonfort.gob.mx\/sitio\/wp-json\/wp\/v2\/pages\/345\/revisions\/21915"}],"wp:attachment":[{"href":"https:\/\/www.comonfort.gob.mx\/sitio\/wp-json\/wp\/v2\/media?parent=345"}],"curies":[{"name":"wp","href":"https:\/\/api.w.org\/{rel}","templated":true}]}}