{"id":239,"date":"2015-12-22T09:14:36","date_gmt":"2015-12-22T15:14:36","guid":{"rendered":"http:\/\/www.comonfort.gob.mx\/ppp\/?page_id=239"},"modified":"2026-04-10T12:43:28","modified_gmt":"2026-04-10T18:43:28","slug":"obras-publicas","status":"publish","type":"page","link":"https:\/\/www.comonfort.gob.mx\/sitio\/obras-publicas\/","title":{"rendered":"Direcci\u00f3n de Obras P\u00fablicas"},"content":{"rendered":"<div id=\"fb-root\"><\/div>\n\t\t<div data-elementor-type=\"wp-page\" data-elementor-id=\"239\" class=\"elementor elementor-239\">\n\t\t\t\t\t\t<section class=\"elementor-section elementor-top-section elementor-element elementor-element-9e6bd39 animated-slow elementor-section-boxed elementor-section-height-default elementor-section-height-default elementor-invisible\" data-id=\"9e6bd39\" data-element_type=\"section\" data-settings=\"{&quot;animation&quot;:&quot;bounce&quot;}\">\n\t\t\t\t\t\t<div class=\"elementor-container elementor-column-gap-default\">\n\t\t\t\t\t<div class=\"elementor-column elementor-col-100 elementor-top-column elementor-element elementor-element-b5e98f7\" data-id=\"b5e98f7\" data-element_type=\"column\">\n\t\t\t<div class=\"elementor-widget-wrap elementor-element-populated\">\n\t\t\t\t\t\t<div class=\"elementor-element elementor-element-02a95af elementor-widget elementor-widget-html\" data-id=\"02a95af\" data-element_type=\"widget\" data-widget_type=\"html.default\">\n\t\t\t\t<div class=\"elementor-widget-container\">\n\t\t\t\t\t<!DOCTYPE html>\r\n<html lang=\"es\">\r\n<head>\r\n    <meta charset=\"UTF-8\">\r\n    <meta name=\"viewport\" content=\"width=device-width, initial-scale=1.0\">\r\n    <title>Programas de Obra - Dise\u00f1o Profesional y Elegante<\/title>\r\n    <style>\r\n        \/* Estilos Generales y Tipograf\u00eda *\/\r\n        body {\r\n            font-family: 'Segoe UI', Tahoma, Geneva, Verdana, sans-serif;\r\n            background-color: #e8ecf1;\r\n            color: #333;\r\n            margin: 0;\r\n            padding: 20px;\r\n        }\r\n\r\n        \/* Contenedor Principal *\/\r\n        .contenedor-moderno {\r\n            max-width: 900px;\r\n            margin: 30px auto;\r\n            background-color: #ffffff;\r\n            border-radius: 10px;\r\n            box-shadow: 0 6px 15px rgba(0, 0, 0, 0.15);\r\n            overflow: hidden;\r\n            border: 1px solid #ddd;\r\n        }\r\n\r\n        \/* Header (Rojo para mantener la identidad) *\/\r\n        .header-moderno {\r\n            background-color: #6e0e00;\r\n            color: white;\r\n            text-align: center;\r\n            padding: 18px 20px;\r\n            font-size: 1.8em;\r\n            font-weight: 700;\r\n        }\r\n\r\n        \/* Lista de Elementos *\/\r\n        .lineamiento-lista {\r\n            display: flex;\r\n            flex-direction: column;\r\n            padding: 0 25px;\r\n        }\r\n\r\n        .lineamiento-item {\r\n            display: flex;\r\n            justify-content: space-between;\r\n            align-items: center;\r\n            padding: 20px 0;\r\n            border-bottom: 1px solid #f0f0f0;\r\n        }\r\n\r\n        .lineamiento-item:last-child {\r\n            border-bottom: none;\r\n        }\r\n\r\n        \/* Estilo del Enlace Principal (t\u00edtulo del documento) *\/\r\n        .lineamiento-item .titulo-enlace {\r\n            flex-grow: 1;\r\n            margin-right: 20px;\r\n            text-decoration: none;\r\n            color: #1a1a1a;\r\n            font-weight: 600;\r\n            font-size: 1.05em;\r\n            line-height: 1.4;\r\n            transition: color 0.2s;\r\n        }\r\n\r\n        .lineamiento-item .titulo-enlace:hover {\r\n            color: #a52a2a;\r\n        }\r\n\r\n        \/* Estilo del Bot\u00f3n\/Enlace PDF *\/\r\n        .link-oficial {\r\n            white-space: nowrap;\r\n            color: #555;\r\n            font-size: 0.95em;\r\n            font-weight: 500;\r\n            text-align: right;\r\n        }\r\n        .link-oficial a {\r\n            padding: 10px 18px;\r\n            background-color: #f0f0f0;\r\n            color: #555;\r\n            text-decoration: none;\r\n            border-radius: 6px;\r\n            font-size: 0.95em;\r\n            font-weight: 500;\r\n            white-space: nowrap;\r\n            transition: background-color 0.2s, color 0.2s;\r\n        }\r\n\r\n        .link-oficial a:hover {\r\n            background-color: #ddd;\r\n            color: #1a1a1a;\r\n        }\r\n        \r\n        \/* Estilos para el t\u00edtulo de la \"Carpeta\" (A\u00f1o) *\/\r\n        .folder-title {\r\n            padding: 15px 25px 5px;\r\n            color: #8b0000;\r\n            border-top: 1px solid #ddd;\r\n            margin: 0;\r\n            font-size: 1.5em;\r\n            font-weight: 600;\r\n            background-color: #f7f7f7;\r\n        }\r\n        .folder-title:first-of-type {\r\n            border-top: none;\r\n        }\r\n\r\n        \/* Media Query para m\u00f3viles: apila los elementos *\/\r\n        @media (max-width: 650px) {\r\n            .lineamiento-item {\r\n                flex-direction: column;\r\n                align-items: flex-start;\r\n                padding: 15px 0;\r\n            }\r\n            .lineamiento-item .titulo-enlace {\r\n                margin-right: 0;\r\n                margin-bottom: 10px;\r\n            }\r\n            .link-oficial {\r\n                width: 100%;\r\n                text-align: left;\r\n            }\r\n            .link-oficial a {\r\n                display: block;\r\n                text-align: center;\r\n            }\r\n        }\r\n    <\/style>\r\n<\/head>\r\n<body>\r\n\r\n<div class=\"contenedor-moderno\">\r\n    <div class=\"header-moderno\">PROGRAMAS GENERALES DE OBRA<\/div>\r\n    <center>\r\n    <h3 class=\"folder-title\">Programa General de Obra P\u00fablica 2026<\/h3><\/center>\r\n    <div class=\"lineamiento-lista\">\r\n\r\n        <div class=\"lineamiento-item\">\r\n            <a href=\"https:\/\/www.comonfort.gob.mx\/sitio\/Obraspublicas\/1.%20Programa%20General%20de%20Obra%20P%C3%BAblica_Comonfort%202025.pdf\" class=\"titulo-enlace\" target=\"_blank\" rel=\"noopener noreferrer\">1. Programa General de Obra P\u00fablica_Comonfort 2026.pdf<\/a>\r\n            <div class=\"link-oficial\"><a href=\"https:\/\/www.comonfort.gob.mx\/sitio\/Obraspublicas\/ProgramaAnualdeObraP\u00fablica2026.pdf\" target=\"_blank\" rel=\"noopener noreferrer\">Ver PDF<\/a><\/div>\r\n        <\/div>\r\n<center>\r\n    <h3 class=\"folder-title\">Programa General de Obra P\u00fablica 2025<\/h3><\/center>\r\n    <div class=\"lineamiento-lista\">\r\n\r\n        <div class=\"lineamiento-item\">\r\n            <a href=\"https:\/\/www.comonfort.gob.mx\/sitio\/Obraspublicas\/1.%20Programa%20General%20de%20Obra%20P%C3%BAblica_Comonfort%202025.pdf\" class=\"titulo-enlace\" target=\"_blank\" rel=\"noopener noreferrer\">1. Programa General de Obra P\u00fablica_Comonfort 2025.pdf<\/a>\r\n            <div class=\"link-oficial\"><a href=\"https:\/\/www.comonfort.gob.mx\/sitio\/Obraspublicas\/1.%20Programa%20General%20de%20Obra%20P%C3%BAblica_Comonfort%202025.pdf\" target=\"_blank\" rel=\"noopener noreferrer\">Ver PDF<\/a><\/div>\r\n        <\/div>\r\n\r\n        <div class=\"lineamiento-item\">\r\n            <a href=\"https:\/\/www.comonfort.gob.mx\/sitio\/Obraspublicas\/2.%201ra.%20Actualizaci%C3%B3n%20al%20Programa%20General%20de%20Obra%20P%C3%BAblica_Comonfort%202025.pdf\" class=\"titulo-enlace\" target=\"_blank\" rel=\"noopener noreferrer\">2. 1ra. Actualizaci\u00f3n al Programa General de Obra P\u00fablica_Comonfort 2025.pdf<\/a>\r\n            <div class=\"link-oficial\"><a href=\"https:\/\/www.comonfort.gob.mx\/sitio\/Obraspublicas\/2.%201ra.%20Actualizaci%C3%B3n%20al%20Programa%20General%20de%20Obra%20P%C3%BAblica_Comonfort%202025.pdf\" target=\"_blank\" rel=\"noopener noreferrer\">Ver PDF<\/a><\/div>\r\n        <\/div>\r\n\r\n        <div class=\"lineamiento-item\">\r\n            <a href=\"https:\/\/www.comonfort.gob.mx\/sitio\/Obraspublicas\/3.%202da.%20Actualizaci%C3%B3n%20al%20Programa%20General%20de%20Obra%20P%C3%BAblica_Comonfort%202025.pdf\" class=\"titulo-enlace\" target=\"_blank\" rel=\"noopener noreferrer\">3. 2da. Actualizaci\u00f3n al Programa General de Obra P\u00fablica_Comonfort 2025.pdf<\/a>\r\n            <div class=\"link-oficial\"><a href=\"https:\/\/www.comonfort.gob.mx\/sitio\/Obraspublicas\/3.%202da.%20Actualizaci%C3%B3n%20al%20Programa%20General%20de%20Obra%20P%C3%BAblica_Comonfort%202025.pdf\" target=\"_blank\" rel=\"noopener noreferrer\">Ver PDF<\/a><\/div>\r\n        <\/div>\r\n\r\n    <center>\r\n    <h3 class=\"folder-title\">Programa General de Obra P\u00fablica 2024<\/h3><\/center>\r\n    <div class=\"lineamiento-lista\">\r\n        \r\n        <div class=\"lineamiento-item\">\r\n            <a href=\"https:\/\/www.comonfort.gob.mx\/sitio\/Obraspublicas\/1.%20Programa%20General%20de%20Obra%20P%C3%BAblica%202024.pdf\" class=\"titulo-enlace\" target=\"_blank\" rel=\"noopener noreferrer\">1. Programa General de Obra P\u00fablica 2024.pdf<\/a>\r\n            <div class=\"link-oficial\"><a href=\"https:\/\/www.comonfort.gob.mx\/sitio\/Obraspublicas\/1.%20Programa%20General%20de%20Obra%20P%C3%BAblica%202024.pdf\" target=\"_blank\" rel=\"noopener noreferrer\">Ver PDF<\/a><\/div>\r\n        <\/div>\r\n\r\n        <div class=\"lineamiento-item\">\r\n            <a href=\"https:\/\/www.comonfort.gob.mx\/sitio\/Obraspublicas\/2.%201ra.%20Actualizaci%C3%B3n%20PGO_Comonfort%202024.pdf\" class=\"titulo-enlace\" target=\"_blank\" rel=\"noopener noreferrer\">2. 1ra. Actualizaci\u00f3n PGO_Comonfort 2024.pdf<\/a>\r\n            <div class=\"link-oficial\"><a href=\"https:\/\/www.comonfort.gob.mx\/sitio\/Obraspublicas\/2.%201ra.%20Actualizaci%C3%B3n%20PGO_Comonfort%202024.pdf\" target=\"_blank\" rel=\"noopener noreferrer\">Ver PDF<\/a><\/div>\r\n        <\/div>\r\n\r\n        <div class=\"lineamiento-item\">\r\n            <a href=\"https:\/\/www.comonfort.gob.mx\/sitio\/Obraspublicas\/3.%202da.%20Actualizaci%C3%B3n%20PGO_Comonfort%202024.pdf\" class=\"titulo-enlace\" target=\"_blank\" rel=\"noopener noreferrer\">3. 2da. Actualizaci\u00f3n PGO_Comonfort 2024.pdf<\/a>\r\n            <div class=\"link-oficial\"><a href=\"https:\/\/www.comonfort.gob.mx\/sitio\/Obraspublicas\/3.%202da.%20Actualizaci%C3%B3n%20PGO_Comonfort%202024.pdf\" target=\"_blank\" rel=\"noopener noreferrer\">Ver PDF<\/a><\/div>\r\n        <\/div>\r\n\r\n        <div class=\"lineamiento-item\">\r\n            <a href=\"https:\/\/www.comonfort.gob.mx\/sitio\/Obraspublicas\/4.%203ra.%20Actualizaci%C3%B3n%20PGO_Comonfort%202024.pdf\" class=\"titulo-enlace\" target=\"_blank\" rel=\"noopener noreferrer\">4. 3ra. Actualizaci\u00f3n PGO_Comonfort 2024.pdf<\/a>\r\n            <div class=\"link-oficial\"><a href=\"https:\/\/www.comonfort.gob.mx\/sitio\/Obraspublicas\/4.%203ra.%20Actualizaci%C3%B3n%20PGO_Comonfort%202024.pdf\" target=\"_blank\" rel=\"noopener noreferrer\">Ver PDF<\/a><\/div>\r\n        <\/div>\r\n\r\n    <\/div>\r\n    \r\n       \r\n\r\n       \r\n\r\n    <\/div>\r\n<\/div>\r\n\r\n<\/body>\r\n<\/html>\t\t\t\t<\/div>\n\t\t\t\t<\/div>\n\t\t\t\t<div class=\"elementor-element elementor-element-d66bf45 elementor-widget__width-initial elementor-widget elementor-widget-html\" data-id=\"d66bf45\" data-element_type=\"widget\" data-widget_type=\"html.default\">\n\t\t\t\t<div class=\"elementor-widget-container\">\n\t\t\t\t\t<!DOCTYPE html>\r\n<html lang=\"es\">\r\n<head>\r\n    <meta charset=\"UTF-8\">\r\n    <meta name=\"viewport\" content=\"width=device-width, initial-scale=1.0\">\r\n    <title>Direcci\u00f3n de Obras P\u00fablicas<\/title>\r\n    <style>\r\n        body {\r\n            font-family: Arial, sans-serif;\r\n            background-color: #f0f0f0; \/* Fondo gris claro *\/\r\n            margin: 0;\r\n            padding: 20px;\r\n        }\r\n        .container {\r\n            max-width: 700px;\r\n            margin: 0 auto;\r\n            background-color: ; \/* Fondo blanco puro para el panel de datos *\/\r\n            padding: 40px;\r\n            box-shadow: 0 0 10px rgba(0,0,0,0.1);\r\n        }\r\n        h1 {\r\n            text-align: center;\r\n            color: #444;\r\n            font-size: 36px;\r\n            margin-bottom: 30px;\r\n        }\r\n        .datos-header {\r\n            background-color: #6e0e00; \/* Color guinda *\/\r\n            padding: 15px 20px;\r\n            margin: 20px 0 10px 0;\r\n        }\r\n        .datos-header h2 {\r\n            margin: 0;\r\n            font-size: 22px;\r\n            font-weight: normal;\r\n            color: white; \/* Letra de \"Datos\" en blanco *\/\r\n        }\r\n        .dato-row {\r\n            display: flex;\r\n            padding: 8px 0;\r\n            border-bottom: 1px solid #e0e0e0; \/* Separador m\u00e1s claro *\/\r\n        }\r\n        .dato-row:last-of-type {\r\n            border-bottom: none;\r\n        }\r\n        .label {\r\n            width: 150px;\r\n            font-weight: bold;\r\n            color: #444;\r\n        }\r\n        .value {\r\n            flex-grow: 1;\r\n            color: #333;\r\n        }\r\n        a {\r\n            color: #c95104; \/* Color naranja\/\u00e1mbar para los enlaces *\/\r\n            text-decoration: none;\r\n        }\r\n        a:hover {\r\n            text-decoration: underline;\r\n        }\r\n        .link-servicios {\r\n            text-align: center;\r\n            margin-top: 40px;\r\n        }\r\n        .link-servicios a {\r\n            color: #7b0a31;\r\n            font-weight: bold;\r\n            border-bottom: 2px solid #7b0a31;\r\n            padding-bottom: 2px;\r\n            display: inline-block;\r\n        }\r\n    <\/style>\r\n<\/head>\r\n<body>\r\n\r\n<div class=\"container\">\r\n    \r\n\r\n    <div class=\"datos-header\">\r\n        <h2>Datos<\/h2>\r\n    <\/div>\r\n\r\n    <div class=\"dato-row\">\r\n        <span class=\"label\">Titular:<\/span>\r\n        <span class=\"value\">Ing. Jos\u00e9 Ignacio Laguna Mart\u00ednez<\/span>\r\n    <\/div>\r\n\r\n    <div class=\"dato-row\">\r\n        <span class=\"label\">Domicilio:<\/span>\r\n        <span class=\"value\">\r\n            <a href=\"http:\/\/googleusercontent.com\/maps.google.com\/2\" target=\"_blank\">\r\n                Calle Camino Real #4, Barrio del Melgarito, Comonfort, Gto., C.P. 38200\r\n            <\/a>\r\n        <\/span>\r\n    <\/div>\r\n\r\n    <div class=\"dato-row\">\r\n        <span class=\"label\">Tel\u00e9fono:<\/span>\r\n        <span class=\"value\">\r\n            <a href=\"tel:4122324801\">412 232 4801<\/a> Ext. 140\r\n        <\/span>\r\n    <\/div>\r\n\r\n    <div class=\"dato-row\">\r\n        <span class=\"label\">Correo:<\/span>\r\n        <span class=\"value\">\r\n            <a href=\"mailto:obras.publicas@comonfort.gob.mx\">obras.publicas@comonfort.gob.mx<\/a>\r\n        <\/span>\r\n    <\/div>\r\n\r\n    <div class=\"dato-row\">\r\n        <span class=\"label\">Horario:<\/span>\r\n        <span class=\"value\">Lunes \u2013 Viernes de 9:00 A.M. a 4:00 P.M.<\/span>\r\n    <\/div>\r\n\r\n    <div class=\"link-servicios\">\r\n        <a href=\"https:\/\/www.comonfort.gob.mx\/sitio\/tramites-y-servicios-comonfort\/\">\r\n            Tr\u00e1mites y Servicios de Obras P\u00fablicas\r\n        <\/a>\r\n    <\/div>\r\n<\/div>\r\n\r\n<\/body>\r\n<\/html>\t\t\t\t<\/div>\n\t\t\t\t<\/div>\n\t\t\t\t\t<\/div>\n\t\t<\/div>\n\t\t\t\t\t<\/div>\n\t\t<\/section>\n\t\t\t\t<\/div>\n\t\t","protected":false},"excerpt":{"rendered":"<p>Programas de Obra &#8211; Dise\u00f1o Profesional y Elegante PROGRAMAS GENERALES DE OBRA Programa General de Obra P\u00fablica 2026 1. Programa General de Obra P\u00fablica_Comonfort 2026.pdf Ver PDF Programa General de Obra P\u00fablica 2025 1. Programa General de Obra P\u00fablica_Comonfort 2025.pdf Ver PDF 2. 1ra. Actualizaci\u00f3n al Programa General de Obra P\u00fablica_Comonfort 2025.pdf Ver PDF 3. [&hellip;]<\/p>\n","protected":false},"author":1,"featured_media":0,"parent":0,"menu_order":0,"comment_status":"closed","ping_status":"closed","template":"","meta":{"saved_in_kubio":false,"_eb_attr":"","footnotes":""},"kubio_ai_page_context":{"short_desc":"","purpose":"general"},"yoast_head":"<!-- This site is optimized with the Yoast SEO plugin v24.3 - https:\/\/yoast.com\/wordpress\/plugins\/seo\/ -->\n<title>Direcci\u00f3n de Obras P\u00fablicas -<\/title>\n<meta name=\"robots\" content=\"index, follow, max-snippet:-1, max-image-preview:large, max-video-preview:-1\" \/>\n<link rel=\"canonical\" href=\"https:\/\/www.comonfort.gob.mx\/sitio\/obras-publicas\/\" \/>\n<meta property=\"og:locale\" content=\"es_ES\" \/>\n<meta property=\"og:type\" content=\"article\" \/>\n<meta property=\"og:title\" content=\"Direcci\u00f3n de Obras P\u00fablicas -\" \/>\n<meta property=\"og:description\" content=\"Programas de Obra &#8211; Dise\u00f1o Profesional y Elegante PROGRAMAS GENERALES DE OBRA Programa General de Obra P\u00fablica 2026 1. Programa General de Obra P\u00fablica_Comonfort 2026.pdf Ver PDF Programa General de Obra P\u00fablica 2025 1. Programa General de Obra P\u00fablica_Comonfort 2025.pdf Ver PDF 2. 1ra. Actualizaci\u00f3n al Programa General de Obra P\u00fablica_Comonfort 2025.pdf Ver PDF 3. [&hellip;]\" \/>\n<meta property=\"og:url\" content=\"https:\/\/www.comonfort.gob.mx\/sitio\/obras-publicas\/\" \/>\n<meta property=\"article:publisher\" content=\"https:\/\/www.facebook.com\/Gobierno-de-Comonfort-2018-2021-771384679654142\/\" \/>\n<meta property=\"article:modified_time\" content=\"2026-04-10T18:43:28+00:00\" \/>\n<meta name=\"twitter:card\" content=\"summary_large_image\" \/>\n<meta name=\"twitter:site\" content=\"@GobComonfort\" \/>\n<meta name=\"twitter:label1\" content=\"Tiempo de lectura\" \/>\n\t<meta name=\"twitter:data1\" content=\"1 minuto\" \/>\n<script type=\"application\/ld+json\" class=\"yoast-schema-graph\">{\"@context\":\"https:\/\/schema.org\",\"@graph\":[{\"@type\":\"WebPage\",\"@id\":\"https:\/\/www.comonfort.gob.mx\/sitio\/obras-publicas\/\",\"url\":\"https:\/\/www.comonfort.gob.mx\/sitio\/obras-publicas\/\",\"name\":\"Direcci\u00f3n de Obras P\u00fablicas -\",\"isPartOf\":{\"@id\":\"https:\/\/www.comonfort.gob.mx\/sitio\/#website\"},\"datePublished\":\"2015-12-22T15:14:36+00:00\",\"dateModified\":\"2026-04-10T18:43:28+00:00\",\"breadcrumb\":{\"@id\":\"https:\/\/www.comonfort.gob.mx\/sitio\/obras-publicas\/#breadcrumb\"},\"inLanguage\":\"es\",\"potentialAction\":[{\"@type\":\"ReadAction\",\"target\":[\"https:\/\/www.comonfort.gob.mx\/sitio\/obras-publicas\/\"]}]},{\"@type\":\"BreadcrumbList\",\"@id\":\"https:\/\/www.comonfort.gob.mx\/sitio\/obras-publicas\/#breadcrumb\",\"itemListElement\":[{\"@type\":\"ListItem\",\"position\":1,\"name\":\"Portada\",\"item\":\"https:\/\/www.comonfort.gob.mx\/sitio\/\"},{\"@type\":\"ListItem\",\"position\":2,\"name\":\"Direcci\u00f3n de Obras P\u00fablicas\"}]},{\"@type\":\"WebSite\",\"@id\":\"https:\/\/www.comonfort.gob.mx\/sitio\/#website\",\"url\":\"https:\/\/www.comonfort.gob.mx\/sitio\/\",\"name\":\"Presidencia Municipal de Comonfort, Gto.\",\"description\":\"\",\"publisher\":{\"@id\":\"https:\/\/www.comonfort.gob.mx\/sitio\/#organization\"},\"potentialAction\":[{\"@type\":\"SearchAction\",\"target\":{\"@type\":\"EntryPoint\",\"urlTemplate\":\"https:\/\/www.comonfort.gob.mx\/sitio\/?s={search_term_string}\"},\"query-input\":{\"@type\":\"PropertyValueSpecification\",\"valueRequired\":true,\"valueName\":\"search_term_string\"}}],\"inLanguage\":\"es\"},{\"@type\":\"Organization\",\"@id\":\"https:\/\/www.comonfort.gob.mx\/sitio\/#organization\",\"name\":\"Presidencia Municipal de Comonfort, Gto.\",\"url\":\"https:\/\/www.comonfort.gob.mx\/sitio\/\",\"logo\":{\"@type\":\"ImageObject\",\"inLanguage\":\"es\",\"@id\":\"https:\/\/www.comonfort.gob.mx\/sitio\/#\/schema\/logo\/image\/\",\"url\":\"https:\/\/www.comonfort.gob.mx\/sitio\/wp-content\/uploads\/2020\/11\/logo-comonfort-c.png\",\"contentUrl\":\"https:\/\/www.comonfort.gob.mx\/sitio\/wp-content\/uploads\/2020\/11\/logo-comonfort-c.png\",\"width\":326,\"height\":348,\"caption\":\"Presidencia Municipal de Comonfort, Gto.\"},\"image\":{\"@id\":\"https:\/\/www.comonfort.gob.mx\/sitio\/#\/schema\/logo\/image\/\"},\"sameAs\":[\"https:\/\/www.facebook.com\/Gobierno-de-Comonfort-2018-2021-771384679654142\/\",\"https:\/\/x.com\/GobComonfort\",\"https:\/\/www.instagram.com\/gobiernocomonfort_oficial\/\",\"https:\/\/www.linkedin.com\/in\/gobierno-de-comonfort-380b251aa\"]}]}<\/script>\n<!-- \/ Yoast SEO plugin. -->","yoast_head_json":{"title":"Direcci\u00f3n de Obras P\u00fablicas -","robots":{"index":"index","follow":"follow","max-snippet":"max-snippet:-1","max-image-preview":"max-image-preview:large","max-video-preview":"max-video-preview:-1"},"canonical":"https:\/\/www.comonfort.gob.mx\/sitio\/obras-publicas\/","og_locale":"es_ES","og_type":"article","og_title":"Direcci\u00f3n de Obras P\u00fablicas -","og_description":"Programas de Obra &#8211; Dise\u00f1o Profesional y Elegante PROGRAMAS GENERALES DE OBRA Programa General de Obra P\u00fablica 2026 1. Programa General de Obra P\u00fablica_Comonfort 2026.pdf Ver PDF Programa General de Obra P\u00fablica 2025 1. Programa General de Obra P\u00fablica_Comonfort 2025.pdf Ver PDF 2. 1ra. Actualizaci\u00f3n al Programa General de Obra P\u00fablica_Comonfort 2025.pdf Ver PDF 3. [&hellip;]","og_url":"https:\/\/www.comonfort.gob.mx\/sitio\/obras-publicas\/","article_publisher":"https:\/\/www.facebook.com\/Gobierno-de-Comonfort-2018-2021-771384679654142\/","article_modified_time":"2026-04-10T18:43:28+00:00","twitter_card":"summary_large_image","twitter_site":"@GobComonfort","twitter_misc":{"Tiempo de lectura":"1 minuto"},"schema":{"@context":"https:\/\/schema.org","@graph":[{"@type":"WebPage","@id":"https:\/\/www.comonfort.gob.mx\/sitio\/obras-publicas\/","url":"https:\/\/www.comonfort.gob.mx\/sitio\/obras-publicas\/","name":"Direcci\u00f3n de Obras P\u00fablicas -","isPartOf":{"@id":"https:\/\/www.comonfort.gob.mx\/sitio\/#website"},"datePublished":"2015-12-22T15:14:36+00:00","dateModified":"2026-04-10T18:43:28+00:00","breadcrumb":{"@id":"https:\/\/www.comonfort.gob.mx\/sitio\/obras-publicas\/#breadcrumb"},"inLanguage":"es","potentialAction":[{"@type":"ReadAction","target":["https:\/\/www.comonfort.gob.mx\/sitio\/obras-publicas\/"]}]},{"@type":"BreadcrumbList","@id":"https:\/\/www.comonfort.gob.mx\/sitio\/obras-publicas\/#breadcrumb","itemListElement":[{"@type":"ListItem","position":1,"name":"Portada","item":"https:\/\/www.comonfort.gob.mx\/sitio\/"},{"@type":"ListItem","position":2,"name":"Direcci\u00f3n de Obras P\u00fablicas"}]},{"@type":"WebSite","@id":"https:\/\/www.comonfort.gob.mx\/sitio\/#website","url":"https:\/\/www.comonfort.gob.mx\/sitio\/","name":"Presidencia Municipal de Comonfort, Gto.","description":"","publisher":{"@id":"https:\/\/www.comonfort.gob.mx\/sitio\/#organization"},"potentialAction":[{"@type":"SearchAction","target":{"@type":"EntryPoint","urlTemplate":"https:\/\/www.comonfort.gob.mx\/sitio\/?s={search_term_string}"},"query-input":{"@type":"PropertyValueSpecification","valueRequired":true,"valueName":"search_term_string"}}],"inLanguage":"es"},{"@type":"Organization","@id":"https:\/\/www.comonfort.gob.mx\/sitio\/#organization","name":"Presidencia Municipal de Comonfort, Gto.","url":"https:\/\/www.comonfort.gob.mx\/sitio\/","logo":{"@type":"ImageObject","inLanguage":"es","@id":"https:\/\/www.comonfort.gob.mx\/sitio\/#\/schema\/logo\/image\/","url":"https:\/\/www.comonfort.gob.mx\/sitio\/wp-content\/uploads\/2020\/11\/logo-comonfort-c.png","contentUrl":"https:\/\/www.comonfort.gob.mx\/sitio\/wp-content\/uploads\/2020\/11\/logo-comonfort-c.png","width":326,"height":348,"caption":"Presidencia Municipal de Comonfort, Gto."},"image":{"@id":"https:\/\/www.comonfort.gob.mx\/sitio\/#\/schema\/logo\/image\/"},"sameAs":["https:\/\/www.facebook.com\/Gobierno-de-Comonfort-2018-2021-771384679654142\/","https:\/\/x.com\/GobComonfort","https:\/\/www.instagram.com\/gobiernocomonfort_oficial\/","https:\/\/www.linkedin.com\/in\/gobierno-de-comonfort-380b251aa"]}]}},"_links":{"self":[{"href":"https:\/\/www.comonfort.gob.mx\/sitio\/wp-json\/wp\/v2\/pages\/239"}],"collection":[{"href":"https:\/\/www.comonfort.gob.mx\/sitio\/wp-json\/wp\/v2\/pages"}],"about":[{"href":"https:\/\/www.comonfort.gob.mx\/sitio\/wp-json\/wp\/v2\/types\/page"}],"author":[{"embeddable":true,"href":"https:\/\/www.comonfort.gob.mx\/sitio\/wp-json\/wp\/v2\/users\/1"}],"replies":[{"embeddable":true,"href":"https:\/\/www.comonfort.gob.mx\/sitio\/wp-json\/wp\/v2\/comments?post=239"}],"version-history":[{"count":37,"href":"https:\/\/www.comonfort.gob.mx\/sitio\/wp-json\/wp\/v2\/pages\/239\/revisions"}],"predecessor-version":[{"id":24686,"href":"https:\/\/www.comonfort.gob.mx\/sitio\/wp-json\/wp\/v2\/pages\/239\/revisions\/24686"}],"wp:attachment":[{"href":"https:\/\/www.comonfort.gob.mx\/sitio\/wp-json\/wp\/v2\/media?parent=239"}],"curies":[{"name":"wp","href":"https:\/\/api.w.org\/{rel}","templated":true}]}}