{"id":225,"date":"2015-12-21T13:09:46","date_gmt":"2015-12-21T19:09:46","guid":{"rendered":"http:\/\/www.comonfort.gob.mx\/ppp\/?page_id=225"},"modified":"2024-07-25T10:14:55","modified_gmt":"2024-07-25T15:14:55","slug":"comunidades-2","status":"publish","type":"page","link":"https:\/\/www.comonfort.gob.mx\/sitio\/michamacuero\/comunidades-2\/","title":{"rendered":"Comunidades"},"content":{"rendered":"<div id=\"fb-root\"><\/div>\n\t\t<div data-elementor-type=\"wp-page\" data-elementor-id=\"225\" class=\"elementor elementor-225\">\n\t\t\t\t\t\t<section class=\"elementor-section elementor-top-section elementor-element elementor-element-6e06f973 elementor-section-boxed elementor-section-height-default elementor-section-height-default\" data-id=\"6e06f973\" data-element_type=\"section\">\n\t\t\t\t\t\t<div class=\"elementor-container elementor-column-gap-default\">\n\t\t\t\t\t<div class=\"elementor-column elementor-col-100 elementor-top-column elementor-element elementor-element-6107d238\" data-id=\"6107d238\" data-element_type=\"column\">\n\t\t\t<div class=\"elementor-widget-wrap elementor-element-populated\">\n\t\t\t\t\t\t<div class=\"elementor-element elementor-element-1cff3cd1 elementor-widget elementor-widget-text-editor\" data-id=\"1cff3cd1\" data-element_type=\"widget\" data-widget_type=\"text-editor.default\">\n\t\t\t\t<div class=\"elementor-widget-container\">\n\t\t\t\t\t\t\t\t\t<style>\ntbody tr:nth-child(odd) {<br \/>\n  background: #eee;<br \/>\n}<br \/>\nthead tr:first-child th {<br \/>\n  background-color: #BE3024;<br \/>\n}<\/p>\n<p>.tablepress thead th {<br \/>\n    background-color: #D1D1D1;<br \/>\n}<br \/>\n.tablepress tbody:hover tr:hover {<br \/>\n    background-color: #808080;<br \/>\n}<br \/>\n.tablepress th {<br \/>\n \twidth: 20%;<br \/>\n\theight: auto;<br \/>\n}<br \/>\n.tablepress td, .tablepress th {<br \/>\n \twidth: 20%;<br \/>\n\theight: auto;<br \/>\n}<br \/>\n.tablepress td, .tablepress th {<br \/>\n    border-color: #ececec;<br \/>\n    border-left: none;<br \/>\n    border-style: none solid solid none;<br \/>\n    border-top: medium none;<br \/>\n    border-width: medium 1px 1px medium;<br \/>\n    font-size: 13px;<br \/>\n    padding: 10px;<br \/>\n}<br \/>\n<\/style>\n<div align=\"center\">\n<h5><strong style=\"color:#595959\">LISTADO DE LAS COMUNIDADES DE COMONFORT Y SUS DELEGADOS<\/strong><\/h5>\n\n<table id=\"tablepress-4\" class=\"tablepress tablepress-id-4\">\n<thead>\n<tr class=\"row-1\">\n\t<th class=\"column-1\"><strong style=\"color:#FFF;\">Comunidad<\/strong><\/th><th class=\"column-2\"><strong style=\"color:#FFF;\">Delegado<\/strong><\/th><th class=\"column-3\"><strong style=\"color:#FFF;\">Subdelegado<\/strong><\/th>\n<\/tr>\n<\/thead>\n<tbody class=\"row-hover\">\n<tr class=\"row-2\">\n\t<td class=\"column-1\"><a href=\"https:\/\/www.comonfort.gob.mx\/sitio\/tag\/agua-blanca\/\" target=\"_blank\" rel=\"noopener noreferrer\">Agua Blanca<\/a><\/td><td class=\"column-2\">Maria Salud Rosales Palacios<\/td><td class=\"column-3\">Elena Ramirez Aranda<\/td>\n<\/tr>\n<tr class=\"row-3\">\n\t<td class=\"column-1\"><a href=\"https:\/\/www.comonfort.gob.mx\/sitio\/tag\/los-arenales\/\" target=\"_blank\" rel=\"noopener noreferrer\">Los Arenales<\/a><\/td><td class=\"column-2\">Ma. de la Luz Galindo Martinez<\/td><td class=\"column-3\">Raquel Jimenez Hernandez<\/td>\n<\/tr>\n<tr class=\"row-4\">\n\t<td class=\"column-1\"><a href=\"https:\/\/www.comonfort.gob.mx\/sitio\/tag\/arias\/\" target=\"_blank\" rel=\"noopener noreferrer\">Arias<\/a><\/td><td class=\"column-2\">Cecilia Juarez<\/td><td class=\"column-3\">Ma. Auxilio Lopez Laguna<\/td>\n<\/tr>\n<tr class=\"row-5\">\n\t<td class=\"column-1\"><a href=\"https:\/\/www.comonfort.gob.mx\/sitio\/tag\/la-asuncion\/\" target=\"_blank\" rel=\"noopener noreferrer\">La Asuncion<\/a><\/td><td class=\"column-2\">Celso Pe\u00f1aloza Guti\u00e9rres<\/td><td class=\"column-3\">Fernando Andrade Centeno<\/td>\n<\/tr>\n<tr class=\"row-6\">\n\t<td class=\"column-1\"><a href=\"https:\/\/www.comonfort.gob.mx\/sitio\/tag\/barrio-de-montecillo\/\" target=\"_blank\" rel=\"noopener noreferrer\">Barrio de Montecillo<\/a><\/td><td class=\"column-2\">Maria Guadalupe  Molinito Morales<\/td><td class=\"column-3\">Elpidio Mart\u00ednez Galindo<\/td>\n<\/tr>\n<tr class=\"row-7\">\n\t<td class=\"column-1\"><a href=\"https:\/\/www.comonfort.gob.mx\/sitio\/tag\/bocatoma\/\" target=\"_blank\" rel=\"noopener noreferrer\">Bocatoma<\/a><\/td><td class=\"column-2\">Martin Mexicano Jimenez<\/td><td class=\"column-3\">Maria Fernanda Zu\u00f1iga Musico<\/td>\n<\/tr>\n<tr class=\"row-8\">\n\t<td class=\"column-1\"><a href=\"https:\/\/www.comonfort.gob.mx\/sitio\/tag\/bordo-de-la-soledad\/\" target=\"_blank\" rel=\"noopener noreferrer\">Bordo de la Soledad<\/a><\/td><td class=\"column-2\">Jose Martin Noria Santana<\/td><td class=\"column-3\">Ma. Remedios Ram\u00edrez Gonzalez<\/td>\n<\/tr>\n<tr class=\"row-9\">\n\t<td class=\"column-1\"><a href=\"https:\/\/www.comonfort.gob.mx\/sitio\/tag\/borunda\/\" target=\"_blank\" rel=\"noopener noreferrer\">Borunda<\/a><\/td><td class=\"column-2\">Aurora Olalde Aviles<\/td><td class=\"column-3\">Gerardo Olalde Aviles<\/td>\n<\/tr>\n<tr class=\"row-10\">\n\t<td class=\"column-1\"><a href=\"https:\/\/www.comonfort.gob.mx\/sitio\/tag\/camacho\/\" target=\"_blank\" rel=\"noopener noreferrer\">Camacho<\/a><\/td><td class=\"column-2\">Leticia Ju\u00e1rez Delgado<\/td><td class=\"column-3\">Aracel\u00ed S\u00e1nchez Moreno<\/td>\n<\/tr>\n<tr class=\"row-11\">\n\t<td class=\"column-1\"><a href=\"https:\/\/www.comonfort.gob.mx\/sitio\/tag\/la-cantera\/\" target=\"_blank\" rel=\"noopener noreferrer\">La Cantera<\/a><\/td><td class=\"column-2\">Reyna Mesita Alvarado<\/td><td class=\"column-3\">Margarita Alvarado Cervantes<\/td>\n<\/tr>\n<tr class=\"row-12\">\n\t<td class=\"column-1\"><a href=\"https:\/\/www.comonfort.gob.mx\/sitio\/tag\/canada-del-agua\/\" target=\"_blank\" rel=\"noopener noreferrer\">Ca\u00f1ada del Agua<\/a><\/td><td class=\"column-2\">Laura Valdes Hern\u00e1ndez<\/td><td class=\"column-3\">Soledad Hernandez Ramirez<\/td>\n<\/tr>\n<tr class=\"row-13\">\n\t<td class=\"column-1\"><a href=\"https:\/\/www.comonfort.gob.mx\/sitio\/tag\/la-canterita\/\" target=\"_blank\" rel=\"noopener noreferrer\">La Canterita<\/a><\/td><td class=\"column-2\">Maria Elena Aguilar Cortez<\/td><td class=\"column-3\">Antonio Laguna Brice\u00f1o<\/td>\n<\/tr>\n<tr class=\"row-14\">\n\t<td class=\"column-1\"><a href=\"https:\/\/www.comonfort.gob.mx\/sitio\/tag\/canaditas\/\" target=\"_blank\" rel=\"noopener noreferrer\">Ca\u00f1aditas<\/a><\/td><td class=\"column-2\">Luis Morales V\u00e1zquez<\/td><td class=\"column-3\">Mar\u00eda Mendoza Araiza<\/td>\n<\/tr>\n<tr class=\"row-15\">\n\t<td class=\"column-1\"><a href=\"https:\/\/www.comonfort.gob.mx\/sitio\/tag\/las-charcas\/\" target=\"_blank\" rel=\"noopener noreferrer\">Las Charcas<\/a><\/td><td class=\"column-2\">Berenice Guadalupe Labrada Hernandez<\/td><td class=\"column-3\">Juana Alvarado Camacho<\/td>\n<\/tr>\n<tr class=\"row-16\">\n\t<td class=\"column-1\"><a href=\"https:\/\/www.comonfort.gob.mx\/sitio\/tag\/colonia-alvaro-obregon\/\" target=\"_blank\" rel=\"noopener noreferrer\">Colonia Alvaro Obregon<\/a><\/td><td class=\"column-2\">Blanca Lilia Florencio Emiliano<\/td><td class=\"column-3\">Engracia Estrada Emiliano<\/td>\n<\/tr>\n<tr class=\"row-17\">\n\t<td class=\"column-1\"><a href=\"https:\/\/www.comonfort.gob.mx\/sitio\/tag\/el-coralillo\/\" target=\"_blank\" rel=\"noopener noreferrer\">El Coralillo<\/a><\/td><td class=\"column-2\">Ana Mar\u00eda Centeno Crisanto<\/td><td class=\"column-3\">Blanca Elena Andrade Mart\u00ednez<\/td>\n<\/tr>\n<tr class=\"row-18\">\n\t<td class=\"column-1\"><a href=\"https:\/\/www.comonfort.gob.mx\/sitio\/tag\/delgado-de-abajo\/\" target=\"_blank\" rel=\"noopener noreferrer\">Delgado de Abajo<\/a><\/td><td class=\"column-2\">Joaquin Silva Capul\u00edn<\/td><td class=\"column-3\">Ramiro S\u00e1nchez Silva<\/td>\n<\/tr>\n<tr class=\"row-19\">\n\t<td class=\"column-1\"><a href=\"https:\/\/www.comonfort.gob.mx\/sitio\/tag\/delgado-de-arriba\/\" target=\"_blank\" rel=\"noopener noreferrer\">Delgado de Arriba<\/a><\/td><td class=\"column-2\">Soledad Tierrablanca Sanchez<\/td><td class=\"column-3\"><\/td>\n<\/tr>\n<tr class=\"row-20\">\n\t<td class=\"column-1\"><a href=\"https:\/\/www.comonfort.gob.mx\/sitio\/tag\/don-diego\/\" target=\"_blank\" rel=\"noopener noreferrer\">Don Diego<\/a><\/td><td class=\"column-2\"><\/td><td class=\"column-3\"><\/td>\n<\/tr>\n<tr class=\"row-21\">\n\t<td class=\"column-1\"><a href=\"https:\/\/www.comonfort.gob.mx\/sitio\/tag\/empalme-escobedo\/\" target=\"_blank\" rel=\"noopener noreferrer\">Empalme Escobedo <\/a><\/td><td class=\"column-2\">Paulino Silva Galvan<\/td><td class=\"column-3\">Jose Antonio Leon Mesa<\/td>\n<\/tr>\n<tr class=\"row-22\">\n\t<td class=\"column-1\"><a href=\"https:\/\/www.comonfort.gob.mx\/sitio\/tag\/las-gallinas\/\" target=\"_blank\" rel=\"noopener noreferrer\">Las Gallinas<\/a><\/td><td class=\"column-2\"><\/td><td class=\"column-3\"><\/td>\n<\/tr>\n<tr class=\"row-23\">\n\t<td class=\"column-1\"><a href=\"https:\/\/www.comonfort.gob.mx\/sitio\/tag\/guani\/\" target=\"_blank\" rel=\"noopener noreferrer\">Guan\u00ed<\/a><\/td><td class=\"column-2\">Mar\u00eda Guadalupe S\u00e1nchez Y\u00e1\u00f1ez<\/td><td class=\"column-3\">Mar\u00eda del Rosario Garc\u00eda Rubio<\/td>\n<\/tr>\n<tr class=\"row-24\">\n\t<td class=\"column-1\"><a href=\"https:\/\/www.comonfort.gob.mx\/sitio\/tag\/jalpilla\/\" target=\"_blank\" rel=\"noopener noreferrer\">Jalpilla<\/a><\/td><td class=\"column-2\">Jose Evaristo Ram\u00edrez Mu\u00f1oz<\/td><td class=\"column-3\">Jesus Anaya Torres<\/td>\n<\/tr>\n<tr class=\"row-25\">\n\t<td class=\"column-1\"><a href=\"https:\/\/www.comonfort.gob.mx\/sitio\/tag\/landin\/\" target=\"_blank\" rel=\"noopener noreferrer\">Landin<\/a><\/td><td class=\"column-2\">Gabriela Presa Presa<\/td><td class=\"column-3\">Juan Federico P\u00e9rez Olivares<\/td>\n<\/tr>\n<tr class=\"row-26\">\n\t<td class=\"column-1\"><a href=\"https:\/\/www.comonfort.gob.mx\/sitio\/tag\/la-laguna\/\" target=\"_blank\" rel=\"noopener noreferrer\">La Laguna<\/a><\/td><td class=\"column-2\">Vicente S\u00e1nchez Romero<\/td><td class=\"column-3\">Jos\u00e9 Miguel Hern\u00e1ndez Romero<\/td>\n<\/tr>\n<tr class=\"row-27\">\n\t<td class=\"column-1\"><a href=\"https:\/\/www.comonfort.gob.mx\/sitio\/tag\/el-lindero\/\" target=\"_blank\" rel=\"noopener noreferrer\">El Lindero<\/a><\/td><td class=\"column-2\">David Angeles Garcia<\/td><td class=\"column-3\">J Salud Mendoza Gonzalez<\/td>\n<\/tr>\n<tr class=\"row-28\">\n\t<td class=\"column-1\"><a href=\"https:\/\/www.comonfort.gob.mx\/sitio\/tag\/la-merced\/\" target=\"_blank\" rel=\"noopener noreferrer\">La Merced<\/a><\/td><td class=\"column-2\">Miguel L\u00f3pez Ram\u00edrez<\/td><td class=\"column-3\">Roberto Verde God\u00ednez<\/td>\n<\/tr>\n<tr class=\"row-29\">\n\t<td class=\"column-1\"><a href=\"https:\/\/www.comonfort.gob.mx\/sitio\/tag\/la-mezquitada\/\" target=\"_blank\" rel=\"noopener noreferrer\">La Mezquitada<\/a><\/td><td class=\"column-2\">Gerardo Camacho Morales<\/td><td class=\"column-3\">Pedro G\u00f3mez Palacios<\/td>\n<\/tr>\n<tr class=\"row-30\">\n\t<td class=\"column-1\"><a href=\"https:\/\/www.comonfort.gob.mx\/sitio\/tag\/miraflores\/\" target=\"_blank\" rel=\"noopener noreferrer\">Miraflores<\/a><\/td><td class=\"column-2\">Elvira Tepozotlan Ram\u00edrez<\/td><td class=\"column-3\">Norma Dely Colorado Ca\u00f1ada<\/td>\n<\/tr>\n<tr class=\"row-31\">\n\t<td class=\"column-1\"><a href=\"https:\/\/www.comonfort.gob.mx\/sitio\/tag\/morales\/\" target=\"_blank\" rel=\"noopener noreferrer\">Morales<\/a><\/td><td class=\"column-2\">Ma Reynalda Mendoza Lopez<\/td><td class=\"column-3\">Ma. Guadalupe Lopez Lopez<\/td>\n<\/tr>\n<tr class=\"row-32\">\n\t<td class=\"column-1\"><a href=\"https:\/\/www.comonfort.gob.mx\/sitio\/tag\/neutla\/\" target=\"_blank\" rel=\"noopener noreferrer\">Neutla<\/a><\/td><td class=\"column-2\">Hugo Eduardo Gomez Franco<\/td><td class=\"column-3\">Jose Arroyo Cervantes<\/td>\n<\/tr>\n<tr class=\"row-33\">\n\t<td class=\"column-1\"><a href=\"https:\/\/www.comonfort.gob.mx\/sitio\/tag\/la-nopalera\/\" target=\"_blank\" rel=\"noopener noreferrer\">La Nopalera<\/a><\/td><td class=\"column-2\">Lilia Jim\u00e9nez Mendoza<\/td><td class=\"column-3\">Natalia V\u00e1zquez Ordu\u00f1a<\/td>\n<\/tr>\n<tr class=\"row-34\">\n\t<td class=\"column-1\"><a href=\"https:\/\/www.comonfort.gob.mx\/sitio\/tag\/nuevo-soria\/\" target=\"_blank\" rel=\"noopener noreferrer\">Nuevo Soria<\/a><\/td><td class=\"column-2\">Alfonsa Labrada Maldonado<\/td><td class=\"column-3\">Edith Perez Hernandez<\/td>\n<\/tr>\n<tr class=\"row-35\">\n\t<td class=\"column-1\"><a href=\"https:\/\/www.comonfort.gob.mx\/sitio\/tag\/ojo-de-agua-de-garcia\/\" target=\"_blank\" rel=\"noopener noreferrer\">Ojo de Agua de Garc\u00eda<\/a><\/td><td class=\"column-2\">Epifanio Ramirez Medrano<\/td><td class=\"column-3\">Cirilo Rico Ramirez<\/td>\n<\/tr>\n<tr class=\"row-36\">\n\t<td class=\"column-1\"><a href=\"https:\/\/www.comonfort.gob.mx\/sitio\/tag\/ojo-de-agua-del-potrero\/\" target=\"_blank\" rel=\"noopener noreferrer\">Ojo de Agua del Potrero<\/a><\/td><td class=\"column-2\">Roberto Gomez Brise\u00f1o<\/td><td class=\"column-3\">Yazmin Gomez Tierra<\/td>\n<\/tr>\n<tr class=\"row-37\">\n\t<td class=\"column-1\"><a href=\"https:\/\/www.comonfort.gob.mx\/sitio\/tag\/orduna-de-abajo\/\" target=\"_blank\" rel=\"noopener noreferrer\">Ordu\u00f1a de Abajo<\/a><\/td><td class=\"column-2\">Ma. Guadalupe Juarez Hernandez<\/td><td class=\"column-3\"><\/td>\n<\/tr>\n<tr class=\"row-38\">\n\t<td class=\"column-1\"><a href=\"https:\/\/www.comonfort.gob.mx\/sitio\/tag\/orduna-de-arriba\/\" target=\"_blank\" rel=\"noopener noreferrer\">Ordu\u00f1a de Arriba<\/a><\/td><td class=\"column-2\">J. Guadalupe Nieves Martinez<\/td><td class=\"column-3\">Alejandra Galvan Monada<\/td>\n<\/tr>\n<tr class=\"row-39\">\n\t<td class=\"column-1\"><a href=\"https:\/\/www.comonfort.gob.mx\/sitio\/tag\/el-organal\/\" target=\"_blank\" rel=\"noopener noreferrer\">El Organal<\/a><\/td><td class=\"column-2\">Jos\u00e9 Ramiro Olalde S\u00e1nchez<\/td><td class=\"column-3\">Norma Leticia Gonz\u00e1lez Olalde<\/td>\n<\/tr>\n<tr class=\"row-40\">\n\t<td class=\"column-1\"><a href=\"https:\/\/www.comonfort.gob.mx\/sitio\/tag\/la-palma\/\" target=\"_blank\" rel=\"noopener noreferrer\">La Palma<\/a><\/td><td class=\"column-2\">Graciela Hernandez Mexicano<\/td><td class=\"column-3\">Juana Jaralillo<\/td>\n<\/tr>\n<tr class=\"row-41\">\n\t<td class=\"column-1\"><a href=\"https:\/\/www.comonfort.gob.mx\/sitio\/tag\/palmillas-de-san-juan\/\" target=\"_blank\" rel=\"noopener noreferrer\">Palmillas de San Juan<\/a><\/td><td class=\"column-2\">Cecilio Bailon Labrada<\/td><td class=\"column-3\">Benita Rodr\u00edguez Arellano<\/td>\n<\/tr>\n<tr class=\"row-42\">\n\t<td class=\"column-1\"><a href=\"https:\/\/www.comonfort.gob.mx\/sitio\/tag\/palmillas-del-picacho\/\" target=\"_blank\" rel=\"noopener noreferrer\">Palmillas del Picacho<\/a><\/td><td class=\"column-2\">Maribel Garc\u00eda Garc\u00eda<\/td><td class=\"column-3\">Sandra Fabiola Espinosa Aguilar<\/td>\n<\/tr>\n<tr class=\"row-43\">\n\t<td class=\"column-1\"><a href=\"https:\/\/www.comonfort.gob.mx\/sitio\/tag\/pena-colorada\/\" target=\"_blank\" rel=\"noopener noreferrer\">Pe\u00f1a Colorada<\/a><\/td><td class=\"column-2\">Moises Rosales Olalde<\/td><td class=\"column-3\">Ramona Rosales Garcia<\/td>\n<\/tr>\n<tr class=\"row-44\">\n\t<td class=\"column-1\"><a href=\"https:\/\/www.comonfort.gob.mx\/sitio\/tag\/el-picacho\/\" target=\"_blank\" rel=\"noopener noreferrer\">El Picacho<\/a><\/td><td class=\"column-2\">Felipe Aguilar<\/td><td class=\"column-3\">Oscar Mora Barcenas<\/td>\n<\/tr>\n<tr class=\"row-45\">\n\t<td class=\"column-1\"><a href=\"https:\/\/www.comonfort.gob.mx\/sitio\/tag\/las-pomas\/\" target=\"_blank\" rel=\"noopener noreferrer\">Las Pomas<\/a><\/td><td class=\"column-2\">Mar\u00eda Isabel Centeno Ru\u00edz<\/td><td class=\"column-3\">Virginia Centeno Zavala<\/td>\n<\/tr>\n<tr class=\"row-46\">\n\t<td class=\"column-1\"><a href=\"https:\/\/www.comonfort.gob.mx\/sitio\/tag\/la-presita\/\" target=\"_blank\" rel=\"noopener noreferrer\">La Presita<\/a><\/td><td class=\"column-2\">Zenaida Martinez Martinez<\/td><td class=\"column-3\">Maria del Rocio Araiza Vazquez<\/td>\n<\/tr>\n<tr class=\"row-47\">\n\t<td class=\"column-1\"><a href=\"https:\/\/www.comonfort.gob.mx\/sitio\/tag\/pocitos-de-corrales\/\" target=\"_blank\" rel=\"noopener noreferrer\">Pocitos de Corrales<\/a><\/td><td class=\"column-2\">Rogelio Martinez Roque<\/td><td class=\"column-3\">Julia Hernandez Galvan<\/td>\n<\/tr>\n<tr class=\"row-48\">\n\t<td class=\"column-1\"><a href=\"https:\/\/www.comonfort.gob.mx\/sitio\/tag\/el-potrero\/\" target=\"_blank\" rel=\"noopener noreferrer\">El Potrero<\/a><\/td><td class=\"column-2\">Ma. Florida Garc\u00eda Garmilla<\/td><td class=\"column-3\">Ana Martina Gomez Garc\u00eda<\/td>\n<\/tr>\n<tr class=\"row-49\">\n\t<td class=\"column-1\"><a href=\"https:\/\/www.comonfort.gob.mx\/sitio\/tag\/presa-de-los-olalde\/\" target=\"_blank\" rel=\"noopener noreferrer\">Presa de los Olalde<\/a><\/td><td class=\"column-2\">Silvia Angeles Marmolejo<\/td><td class=\"column-3\">Ma. Esperanza Olalde<\/td>\n<\/tr>\n<tr class=\"row-50\">\n\t<td class=\"column-1\"><a href=\"https:\/\/www.comonfort.gob.mx\/sitio\/tag\/presa-mocha\/\" target=\"_blank\" rel=\"noopener noreferrer\">Presa Mocha<\/a><\/td><td class=\"column-2\">Prisciliano Garcia Zarate<\/td><td class=\"column-3\">Federico Luna Landin<\/td>\n<\/tr>\n<tr class=\"row-51\">\n\t<td class=\"column-1\"><a href=\"https:\/\/www.comonfort.gob.mx\/sitio\/tag\/ranchito-de-los-rubio\/\" target=\"_blank\" rel=\"noopener noreferrer\">Ranchito de los Rubio<\/a><\/td><td class=\"column-2\">Ma. Teresita Camacho Meza<\/td><td class=\"column-3\">Liliana Mart\u00cdnez  Garc\u00eda<\/td>\n<\/tr>\n<tr class=\"row-52\">\n\t<td class=\"column-1\"><a href=\"https:\/\/www.comonfort.gob.mx\/sitio\/tag\/ranchito-de-soria\/\" target=\"_blank\" rel=\"noopener noreferrer\">Ranchito de Soria<\/a><\/td><td class=\"column-2\">Juana Arana Centeno<\/td><td class=\"column-3\"><\/td>\n<\/tr>\n<tr class=\"row-53\">\n\t<td class=\"column-1\"><a href=\"https:\/\/www.comonfort.gob.mx\/sitio\/tag\/refugio-de-abajo\/\" target=\"_blank\" rel=\"noopener noreferrer\">Refugio de Abajo<\/a><\/td><td class=\"column-2\">Ma. de los Angeles Loma Leal<\/td><td class=\"column-3\">Rosa Maria Ordu\u00f1a Reyes<\/td>\n<\/tr>\n<tr class=\"row-54\">\n\t<td class=\"column-1\"><a href=\"https:\/\/www.comonfort.gob.mx\/sitio\/tag\/refugio-de-arriba\/\" target=\"_blank\" rel=\"noopener noreferrer\">Refugio de Arriba<\/a><\/td><td class=\"column-2\">Jorge Leal Caballero<\/td><td class=\"column-3\">Serafin Escobedo<\/td>\n<\/tr>\n<tr class=\"row-55\">\n\t<td class=\"column-1\"><a href=\"https:\/\/www.comonfort.gob.mx\/sitio\/tag\/rincon-del-purgatorio\/\" target=\"_blank\" rel=\"noopener noreferrer\">Rinc\u00f3n del Purgatorio<\/a><\/td><td class=\"column-2\">Ma. Paula Aguilar Guerrero<\/td><td class=\"column-3\">Francisco Rivera Granados<\/td>\n<\/tr>\n<tr class=\"row-56\">\n\t<td class=\"column-1\"><a href=\"https:\/\/www.comonfort.gob.mx\/sitio\/tag\/rinconcillo-de-los-remedios\/\" target=\"_blank\" rel=\"noopener noreferrer\">Rinconcillo de los Remedios<\/a><\/td><td class=\"column-2\">Mar\u00eda Yolanda L\u00f3pez Garc\u00eda<\/td><td class=\"column-3\">Lilia L\u00f3pez Hern\u00e1ndez<\/td>\n<\/tr>\n<tr class=\"row-57\">\n\t<td class=\"column-1\"><a href=\"https:\/\/www.comonfort.gob.mx\/sitio\/tag\/los-rosales\/\" target=\"_blank\" rel=\"noopener noreferrer\">Los Rosales<\/a><\/td><td class=\"column-2\">Edith Angeles Gonz\u00e1lez<\/td><td class=\"column-3\">Mart\u00edn Aaron Sierra Ju\u00e1rez<\/td>\n<\/tr>\n<tr class=\"row-58\">\n\t<td class=\"column-1\"><a href=\"https:\/\/www.comonfort.gob.mx\/sitio\/tag\/san-agustin\/\" target=\"_blank\" rel=\"noopener noreferrer\">San Agustin<\/a><\/td><td class=\"column-2\">Enrique Laguna Perales<\/td><td class=\"column-3\"><\/td>\n<\/tr>\n<tr class=\"row-59\">\n\t<td class=\"column-1\"><a href=\"https:\/\/www.comonfort.gob.mx\/sitio\/tag\/san-antonio-de-corrales\/\" target=\"_blank\" rel=\"noopener noreferrer\">San Antonio de Corrales<\/a><\/td><td class=\"column-2\">Angel Ariza Pantoja<\/td><td class=\"column-3\">Priciliano Ariza Colorado<\/td>\n<\/tr>\n<tr class=\"row-60\">\n\t<td class=\"column-1\"><a href=\"https:\/\/www.comonfort.gob.mx\/sitio\/tag\/san-isidro-la-loma\/\" target=\"_blank\" rel=\"noopener noreferrer\">San Isidro la Loma<\/a><\/td><td class=\"column-2\">Rosa Maria Galindo Calero<\/td><td class=\"column-3\">Leticia Morales Galindo<\/td>\n<\/tr>\n<tr class=\"row-61\">\n\t<td class=\"column-1\"><a href=\"https:\/\/www.comonfort.gob.mx\/sitio\/tag\/san-isidro-la-tapona\/\" target=\"_blank\" rel=\"noopener noreferrer\">San Isidro la Tapona<\/a><\/td><td class=\"column-2\">Joel Laguna Mu\u00f1oz<\/td><td class=\"column-3\">Ma. Adriana Socorro Mu\u00f1oz<\/td>\n<\/tr>\n<tr class=\"row-62\">\n\t<td class=\"column-1\"><a href=\"https:\/\/www.comonfort.gob.mx\/sitio\/tag\/san-jeronimo\/\" target=\"_blank\" rel=\"noopener noreferrer\">San Jer\u00f3nimo<\/a><\/td><td class=\"column-2\">Karitina ColoradoPalacios<\/td><td class=\"column-3\">Alba Cano Landin<\/td>\n<\/tr>\n<tr class=\"row-63\">\n\t<td class=\"column-1\"><a href=\"https:\/\/www.comonfort.gob.mx\/sitio\/tag\/san-pablo\/\" target=\"_blank\" rel=\"noopener noreferrer\">San Pablo<\/a><\/td><td class=\"column-2\">Efrain Lopez Soria<\/td><td class=\"column-3\">Imelda Garcia Gonzalez<\/td>\n<\/tr>\n<tr class=\"row-64\">\n\t<td class=\"column-1\"><a href=\"https:\/\/www.comonfort.gob.mx\/sitio\/tag\/san-pedro-sur\/\" target=\"_blank\" rel=\"noopener noreferrer\">San Pedro Sur<\/a><\/td><td class=\"column-2\">Eduardo Parra Moncada<\/td><td class=\"column-3\">Jose Vazquez Arias<\/td>\n<\/tr>\n<tr class=\"row-65\">\n\t<td class=\"column-1\"><a href=\"https:\/\/www.comonfort.gob.mx\/sitio\/tag\/san-pedro-norte\/\" target=\"_blank\" rel=\"noopener noreferrer\">San Pedro Norte<\/a><\/td><td class=\"column-2\">Jorge Rico Colorado<\/td><td class=\"column-3\">Amparo Colorado<\/td>\n<\/tr>\n<tr class=\"row-66\">\n\t<td class=\"column-1\"><a href=\"https:\/\/www.comonfort.gob.mx\/sitio\/tag\/sn-antonio-de-guadalupe\/\" target=\"_blank\" rel=\"noopener noreferrer\">Sn Antonio de Guadalupe<\/a><\/td><td class=\"column-2\">Agustina Mendoza Valencia<\/td><td class=\"column-3\">Mar\u00eda Teresa Prado Carbajal<\/td>\n<\/tr>\n<tr class=\"row-67\">\n\t<td class=\"column-1\"><a href=\"https:\/\/www.comonfort.gob.mx\/sitio\/tag\/soria\/\" target=\"_blank\" rel=\"noopener noreferrer\">Soria<\/a><\/td><td class=\"column-2\">Ignacio Zavala Lopez<\/td><td class=\"column-3\">Filadelfo Olalde Nieto<\/td>\n<\/tr>\n<tr class=\"row-68\">\n\t<td class=\"column-1\"><a href=\"https:\/\/www.comonfort.gob.mx\/sitio\/tag\/el-triangulo\/\" target=\"_blank\" rel=\"noopener noreferrer\">El Triangulo<\/a><\/td><td class=\"column-2\">Ana  Luisa Guerra Nieves<\/td><td class=\"column-3\">Isaac Arroyo Delgado<\/td>\n<\/tr>\n<tr class=\"row-69\">\n\t<td class=\"column-1\"><a href=\"https:\/\/www.comonfort.gob.mx\/sitio\/tag\/las-trojes\/\" target=\"_blank\" rel=\"noopener noreferrer\">Las Trojes<\/a><\/td><td class=\"column-2\">Elisa Mart\u00ednez P\u00e9rez<\/td><td class=\"column-3\">Eva Garcia Florencio<\/td>\n<\/tr>\n<tr class=\"row-70\">\n\t<td class=\"column-1\"><a href=\"https:\/\/www.comonfort.gob.mx\/sitio\/tag\/xoconoxtle\/\" target=\"_blank\" rel=\"noopener noreferrer\">Xoconoxtle<\/a><\/td><td class=\"column-2\">Ana Mar\u00eda \u00c1lvarez God\u00ednez<\/td><td class=\"column-3\">Maria Araceli Palma Hern\u00e1ndez<\/td>\n<\/tr>\n<\/tbody>\n<\/table>\n<!-- #tablepress-4 from cache -->\n\n<\/div>\t\t\t\t\t\t\t\t<\/div>\n\t\t\t\t<\/div>\n\t\t\t\t\t<\/div>\n\t\t<\/div>\n\t\t\t\t\t<\/div>\n\t\t<\/section>\n\t\t\t\t<\/div>\n\t\t","protected":false},"excerpt":{"rendered":"<p>LISTADO DE LAS COMUNIDADES DE COMONFORT Y SUS DELEGADOS<\/p>\n","protected":false},"author":1,"featured_media":0,"parent":30,"menu_order":0,"comment_status":"closed","ping_status":"closed","template":"","meta":{"saved_in_kubio":false,"_eb_attr":"","footnotes":""},"kubio_ai_page_context":{"short_desc":"","purpose":"general"},"yoast_head":"<!-- This site is optimized with the Yoast SEO plugin v24.3 - https:\/\/yoast.com\/wordpress\/plugins\/seo\/ -->\n<title>Comunidades -<\/title>\n<meta name=\"robots\" content=\"index, follow, max-snippet:-1, max-image-preview:large, max-video-preview:-1\" \/>\n<link rel=\"canonical\" href=\"https:\/\/www.comonfort.gob.mx\/sitio\/michamacuero\/comunidades-2\/\" \/>\n<meta property=\"og:locale\" content=\"es_ES\" \/>\n<meta property=\"og:type\" content=\"article\" \/>\n<meta property=\"og:title\" content=\"Comunidades -\" \/>\n<meta property=\"og:description\" content=\"LISTADO DE LAS COMUNIDADES DE COMONFORT Y SUS DELEGADOS\" \/>\n<meta property=\"og:url\" content=\"https:\/\/www.comonfort.gob.mx\/sitio\/michamacuero\/comunidades-2\/\" \/>\n<meta property=\"article:publisher\" content=\"https:\/\/www.facebook.com\/Gobierno-de-Comonfort-2018-2021-771384679654142\/\" \/>\n<meta property=\"article:modified_time\" content=\"2024-07-25T15:14:55+00:00\" \/>\n<meta name=\"twitter:card\" content=\"summary_large_image\" \/>\n<meta name=\"twitter:site\" content=\"@GobComonfort\" \/>\n<meta name=\"twitter:label1\" content=\"Tiempo de lectura\" \/>\n\t<meta name=\"twitter:data1\" content=\"3 minutos\" \/>\n<script type=\"application\/ld+json\" class=\"yoast-schema-graph\">{\"@context\":\"https:\/\/schema.org\",\"@graph\":[{\"@type\":\"WebPage\",\"@id\":\"https:\/\/www.comonfort.gob.mx\/sitio\/michamacuero\/comunidades-2\/\",\"url\":\"https:\/\/www.comonfort.gob.mx\/sitio\/michamacuero\/comunidades-2\/\",\"name\":\"Comunidades -\",\"isPartOf\":{\"@id\":\"https:\/\/www.comonfort.gob.mx\/sitio\/#website\"},\"datePublished\":\"2015-12-21T19:09:46+00:00\",\"dateModified\":\"2024-07-25T15:14:55+00:00\",\"breadcrumb\":{\"@id\":\"https:\/\/www.comonfort.gob.mx\/sitio\/michamacuero\/comunidades-2\/#breadcrumb\"},\"inLanguage\":\"es\",\"potentialAction\":[{\"@type\":\"ReadAction\",\"target\":[\"https:\/\/www.comonfort.gob.mx\/sitio\/michamacuero\/comunidades-2\/\"]}]},{\"@type\":\"BreadcrumbList\",\"@id\":\"https:\/\/www.comonfort.gob.mx\/sitio\/michamacuero\/comunidades-2\/#breadcrumb\",\"itemListElement\":[{\"@type\":\"ListItem\",\"position\":1,\"name\":\"Portada\",\"item\":\"https:\/\/www.comonfort.gob.mx\/sitio\/\"},{\"@type\":\"ListItem\",\"position\":2,\"name\":\"Mi Chamacuero\",\"item\":\"https:\/\/www.comonfort.gob.mx\/sitio\/michamacuero\/\"},{\"@type\":\"ListItem\",\"position\":3,\"name\":\"Comunidades\"}]},{\"@type\":\"WebSite\",\"@id\":\"https:\/\/www.comonfort.gob.mx\/sitio\/#website\",\"url\":\"https:\/\/www.comonfort.gob.mx\/sitio\/\",\"name\":\"Presidencia Municipal de Comonfort, Gto.\",\"description\":\"\",\"publisher\":{\"@id\":\"https:\/\/www.comonfort.gob.mx\/sitio\/#organization\"},\"potentialAction\":[{\"@type\":\"SearchAction\",\"target\":{\"@type\":\"EntryPoint\",\"urlTemplate\":\"https:\/\/www.comonfort.gob.mx\/sitio\/?s={search_term_string}\"},\"query-input\":{\"@type\":\"PropertyValueSpecification\",\"valueRequired\":true,\"valueName\":\"search_term_string\"}}],\"inLanguage\":\"es\"},{\"@type\":\"Organization\",\"@id\":\"https:\/\/www.comonfort.gob.mx\/sitio\/#organization\",\"name\":\"Presidencia Municipal de Comonfort, Gto.\",\"url\":\"https:\/\/www.comonfort.gob.mx\/sitio\/\",\"logo\":{\"@type\":\"ImageObject\",\"inLanguage\":\"es\",\"@id\":\"https:\/\/www.comonfort.gob.mx\/sitio\/#\/schema\/logo\/image\/\",\"url\":\"https:\/\/www.comonfort.gob.mx\/sitio\/wp-content\/uploads\/2020\/11\/logo-comonfort-c.png\",\"contentUrl\":\"https:\/\/www.comonfort.gob.mx\/sitio\/wp-content\/uploads\/2020\/11\/logo-comonfort-c.png\",\"width\":326,\"height\":348,\"caption\":\"Presidencia Municipal de Comonfort, Gto.\"},\"image\":{\"@id\":\"https:\/\/www.comonfort.gob.mx\/sitio\/#\/schema\/logo\/image\/\"},\"sameAs\":[\"https:\/\/www.facebook.com\/Gobierno-de-Comonfort-2018-2021-771384679654142\/\",\"https:\/\/x.com\/GobComonfort\",\"https:\/\/www.instagram.com\/gobiernocomonfort_oficial\/\",\"https:\/\/www.linkedin.com\/in\/gobierno-de-comonfort-380b251aa\"]}]}<\/script>\n<!-- \/ Yoast SEO plugin. -->","yoast_head_json":{"title":"Comunidades -","robots":{"index":"index","follow":"follow","max-snippet":"max-snippet:-1","max-image-preview":"max-image-preview:large","max-video-preview":"max-video-preview:-1"},"canonical":"https:\/\/www.comonfort.gob.mx\/sitio\/michamacuero\/comunidades-2\/","og_locale":"es_ES","og_type":"article","og_title":"Comunidades -","og_description":"LISTADO DE LAS COMUNIDADES DE COMONFORT Y SUS DELEGADOS","og_url":"https:\/\/www.comonfort.gob.mx\/sitio\/michamacuero\/comunidades-2\/","article_publisher":"https:\/\/www.facebook.com\/Gobierno-de-Comonfort-2018-2021-771384679654142\/","article_modified_time":"2024-07-25T15:14:55+00:00","twitter_card":"summary_large_image","twitter_site":"@GobComonfort","twitter_misc":{"Tiempo de lectura":"3 minutos"},"schema":{"@context":"https:\/\/schema.org","@graph":[{"@type":"WebPage","@id":"https:\/\/www.comonfort.gob.mx\/sitio\/michamacuero\/comunidades-2\/","url":"https:\/\/www.comonfort.gob.mx\/sitio\/michamacuero\/comunidades-2\/","name":"Comunidades -","isPartOf":{"@id":"https:\/\/www.comonfort.gob.mx\/sitio\/#website"},"datePublished":"2015-12-21T19:09:46+00:00","dateModified":"2024-07-25T15:14:55+00:00","breadcrumb":{"@id":"https:\/\/www.comonfort.gob.mx\/sitio\/michamacuero\/comunidades-2\/#breadcrumb"},"inLanguage":"es","potentialAction":[{"@type":"ReadAction","target":["https:\/\/www.comonfort.gob.mx\/sitio\/michamacuero\/comunidades-2\/"]}]},{"@type":"BreadcrumbList","@id":"https:\/\/www.comonfort.gob.mx\/sitio\/michamacuero\/comunidades-2\/#breadcrumb","itemListElement":[{"@type":"ListItem","position":1,"name":"Portada","item":"https:\/\/www.comonfort.gob.mx\/sitio\/"},{"@type":"ListItem","position":2,"name":"Mi Chamacuero","item":"https:\/\/www.comonfort.gob.mx\/sitio\/michamacuero\/"},{"@type":"ListItem","position":3,"name":"Comunidades"}]},{"@type":"WebSite","@id":"https:\/\/www.comonfort.gob.mx\/sitio\/#website","url":"https:\/\/www.comonfort.gob.mx\/sitio\/","name":"Presidencia Municipal de Comonfort, Gto.","description":"","publisher":{"@id":"https:\/\/www.comonfort.gob.mx\/sitio\/#organization"},"potentialAction":[{"@type":"SearchAction","target":{"@type":"EntryPoint","urlTemplate":"https:\/\/www.comonfort.gob.mx\/sitio\/?s={search_term_string}"},"query-input":{"@type":"PropertyValueSpecification","valueRequired":true,"valueName":"search_term_string"}}],"inLanguage":"es"},{"@type":"Organization","@id":"https:\/\/www.comonfort.gob.mx\/sitio\/#organization","name":"Presidencia Municipal de Comonfort, Gto.","url":"https:\/\/www.comonfort.gob.mx\/sitio\/","logo":{"@type":"ImageObject","inLanguage":"es","@id":"https:\/\/www.comonfort.gob.mx\/sitio\/#\/schema\/logo\/image\/","url":"https:\/\/www.comonfort.gob.mx\/sitio\/wp-content\/uploads\/2020\/11\/logo-comonfort-c.png","contentUrl":"https:\/\/www.comonfort.gob.mx\/sitio\/wp-content\/uploads\/2020\/11\/logo-comonfort-c.png","width":326,"height":348,"caption":"Presidencia Municipal de Comonfort, Gto."},"image":{"@id":"https:\/\/www.comonfort.gob.mx\/sitio\/#\/schema\/logo\/image\/"},"sameAs":["https:\/\/www.facebook.com\/Gobierno-de-Comonfort-2018-2021-771384679654142\/","https:\/\/x.com\/GobComonfort","https:\/\/www.instagram.com\/gobiernocomonfort_oficial\/","https:\/\/www.linkedin.com\/in\/gobierno-de-comonfort-380b251aa"]}]}},"_links":{"self":[{"href":"https:\/\/www.comonfort.gob.mx\/sitio\/wp-json\/wp\/v2\/pages\/225"}],"collection":[{"href":"https:\/\/www.comonfort.gob.mx\/sitio\/wp-json\/wp\/v2\/pages"}],"about":[{"href":"https:\/\/www.comonfort.gob.mx\/sitio\/wp-json\/wp\/v2\/types\/page"}],"author":[{"embeddable":true,"href":"https:\/\/www.comonfort.gob.mx\/sitio\/wp-json\/wp\/v2\/users\/1"}],"replies":[{"embeddable":true,"href":"https:\/\/www.comonfort.gob.mx\/sitio\/wp-json\/wp\/v2\/comments?post=225"}],"version-history":[{"count":19,"href":"https:\/\/www.comonfort.gob.mx\/sitio\/wp-json\/wp\/v2\/pages\/225\/revisions"}],"predecessor-version":[{"id":17605,"href":"https:\/\/www.comonfort.gob.mx\/sitio\/wp-json\/wp\/v2\/pages\/225\/revisions\/17605"}],"up":[{"embeddable":true,"href":"https:\/\/www.comonfort.gob.mx\/sitio\/wp-json\/wp\/v2\/pages\/30"}],"wp:attachment":[{"href":"https:\/\/www.comonfort.gob.mx\/sitio\/wp-json\/wp\/v2\/media?parent=225"}],"curies":[{"name":"wp","href":"https:\/\/api.w.org\/{rel}","templated":true}]}}