{"id":223,"date":"2015-12-21T13:09:25","date_gmt":"2015-12-21T19:09:25","guid":{"rendered":"http:\/\/www.comonfort.gob.mx\/ppp\/?page_id=223"},"modified":"2019-06-14T13:31:58","modified_gmt":"2019-06-14T19:31:58","slug":"fiestas-tradiciones","status":"publish","type":"page","link":"https:\/\/www.comonfort.gob.mx\/sitio\/michamacuero\/fiestas-tradiciones\/","title":{"rendered":"Fiestas y Tradiciones"},"content":{"rendered":"<div id=\"fb-root\"><\/div>\n<p><center><strong><\/p>\n<h1><font color=#518dbb>Tradiciones de Comonfort<\/h1>\n<p><\/center><\/strong><br \/>\n<center><\/p>\n<div style=\"border : solid 3px #ec4462;\n             background : #f2f2f2;\n            color : #595959;\n            width : 1100px;\n            height : 100%;\n            overflow : auto;  \"><\/p>\n<p><center><strong><\/p>\n<h4><font color=\"#518dbb\">MOLCAJETES<\/h4>\n<p><\/center><\/strong><br \/>\n<center><\/center><\/p>\n<p STYLE=\"margin-left:5%; margin-right:5%;\" align=\"justify\">\n<font color=\"#595959\" size=3><strong><br \/>\nLas fiestas o tradiciones mostradas a continuaci\u00f3n, son celebraciones patronales o fiestas muy arraigadas que tienen una gran tradici\u00f3n en el municipio.<br \/>\nDesde luego, se tienen otras celebraciones muy especiales, pero que son celebradas a nivel Nacional o Internacional, por lo cual no son consideradas regionales y, aunque son importantes, no haremos menci\u00f3n de ellas dada su obviedad.<br \/>\n<\/font><\/p>\n<p><\/p>\n<p><center><strong><\/p>\n<h4><font color=\"#518dbb\">FIESTA DE LA CANDELARIA<\/h4>\n<p><\/center><\/strong><\/p>\n<p STYLE=\"margin-left:5%; margin-right:5%;\" align=\"justify\">\n<font color=\"#595959\" size=3><strong><br \/>\n2 de Febrero<br \/>\nEsta se realiza, precisamente, en el Barrio de la Candelaria, en el cual se encuentra un templo dedicado a la Virgen Mar\u00eda.<br \/>\n<br \/><\/font><\/p>\n<p><center><strong><\/p>\n<h4><font color=\"#518dbb\">FIESTA DEL RINC\u00d3N DEL PURGATORIO<\/h4>\n<p><\/center><\/strong><\/p>\n<p STYLE=\"margin-left:5%; margin-right:5%;\" align=\"justify\">\n<font color=\"#595959\" size=3><strong><br \/>\nEsta festividad, dedicada al Se\u00f1or de la Salud, se realiza en el mes de febrero en la comunidad del Rinc\u00f3n del Purgatorio.<br \/>\n<br \/><\/font><\/p>\n<p><center><strong><\/p>\n<h4><font color=\"#518dbb\">FIESTA DE MAR\u00cdA AUXILIADORA<\/h4>\n<p><\/center><\/strong><\/p>\n<p STYLE=\"margin-left:5%; margin-right:5%;\" align=\"justify\">\n<font color=\"#595959\" size=3><strong><br \/>\n24 de Mayo<br \/>\nCelebrada en la localidad de Empalme Escobedo de donde es la patrona y cuya parroquia lleva el nombre de la misma.<br \/>\nComo parte de las festividades, desde hace varios a\u00f1os, se realizan, en Empalme Escobedo, unas peculiares carreras de Burros en el campo de f\u00fatbol, donde tras varias eliminatorias se obtiene a un ganador.<br \/>\n<br \/><\/font><\/p>\n<p><center><strong><\/p>\n<h4><font color=\"#518dbb\">FIESTA DE LOS GREMIOS (CORPUS) Y MOJIGANGAS<\/h4>\n<p><\/center><\/strong><\/p>\n<p STYLE=\"margin-left:5%; margin-right:5%;\" align=\"justify\">\n<font color=\"#595959\" size=3><strong><br \/>\nEl d\u00eda de Corpus es el inicio de un novenario que culmina el viernes de la semana posterior. Durante estos d\u00edas se celebra \u201cLa fiesta de los Gremios\u201d; cada d\u00eda de fiesta corresponde a cada uno de los gremios de la comunidad, seg\u00fan el siguiente orden<br \/>\n\u2022\tD\u00eda 1.- Gremio de Comerciantes<br \/>\n\u2022\tD\u00eda 2.- Gremio de Carpinteros<br \/>\n\u2022\tD\u00eda 3.- Gremio de Filarm\u00f3nicos y Profesores<br \/>\n\u2022\tD\u00eda 4.- Gremio de Campesinos<br \/>\n\u2022\tD\u00eda 5.- Gremio de Servidores P\u00fablicos<br \/>\n\u2022\tD\u00eda 6.- Gremio de Carniceros y Tablajeros<br \/>\n\u2022\tD\u00eda 7.- Gremio de Panaderos y Asociados<br \/>\n\u2022\tD\u00eda 8.- Gremio de Alba\u00f1iles y Ladrilleros<br \/>\n\u2022\tD\u00eda 9.- Gremio de Choferes<br \/>\nDurante las fiestas, se realizan tradicionales bailes con Mojigangas.<br \/>\n<br \/><\/font><\/p>\n<p><center><strong><\/p>\n<h4><font color=\"#518dbb\">FIESTA DE SAN ANTONIO<\/h4>\n<p><\/center><\/strong><\/p>\n<p STYLE=\"margin-left:5%; margin-right:5%;\" align=\"justify\">\n<font color=\"#595959\" size=3><strong><br \/>\n13 de Junio<br \/>\nLlevada a cabo en el templo de San Antonio, con su respectivo novenario desde el d\u00eda 4, en honor a Se\u00f1or San Antonio, santo que es sumamente venerado en esta regi\u00f3n.<br \/>\nComo parte de la tradici\u00f3n, al momento de dar limosna, a cambio se recibe un \u201cPan de San Antonio\u201d.<br \/>\n<br \/><\/font><\/p>\n<p><center><strong><\/p>\n<h4><font color=\"#518dbb\">FIESTA DE SANTIAGO AP\u00d3STOL<\/h4>\n<p><\/center><\/strong><\/p>\n<p STYLE=\"margin-left:5%; margin-right:5%;\" align=\"justify\">\n<font color=\"#595959\" size=3><strong><br \/>\n24 de Julio<br \/>\nSe realiza en la comunidad de Neutla. A esta celebraci\u00f3n le antecede un novenario, en los cuales hay peregrinaciones por las calles del pueblo de las diferentes comunidades que pertenecen a la parroquia de Neutla.<br \/>\nComo parte de la tradici\u00f3n, muchos hombres y ni\u00f1os se visten de Santiago Ap\u00f3stol.<br \/>\n<br \/><\/font><\/p>\n<p><center><strong><\/p>\n<h4><font color=\"#518dbb\">FERIA DE LOS REMEDIOS<\/h4>\n<p><\/center><\/strong><\/p>\n<p STYLE=\"margin-left:5%; margin-right:5%;\" align=\"justify\">\n<font color=\"#595959\" size=3><strong><br \/>\n\u00daltima semana de Noviembre<br \/>\nEsta fiesta est\u00e1 dedicada a Nuestra Se\u00f1ora de los Remedios en el templo del mismo nombre, el cual se encuentra ubicado en el Cerro que igualmente se denomina \u201cde los Remedios\u201d. Existe una primera fiesta sobre esta misma celebraci\u00f3n el 1ro de Septiembre, sin embargo, es esta de Noviembre la que se considera como la fiesta mayor y desde luego la de m\u00e1s tradici\u00f3n.<br \/>\n<br \/><\/font><\/p>\n<p><center><strong><\/p>\n<h4><font color=\"#518dbb\">FIESTA DE SAN FRANCISCO<\/h4>\n<p><\/center><\/strong><\/p>\n<p STYLE=\"margin-left:5%; margin-right:5%;\" align=\"justify\">\n<font color=\"#595959\" size=3><strong><br \/>\nEl 4 de octubre es el d\u00eda de la fiesta del Santo Patrono de Comonfort. Como en la mayor\u00eda de las fiestas patronales, en esta tambi\u00e9n se realiza un novenario en honor a San Francisco.<br \/>\n<br \/><\/font><\/p>\n<p><center><strong><\/p>\n<h4><font color=\"#518dbb\">TAPETES CEREMONIALES<\/h4>\n<p><\/center><\/strong><\/p>\n<p STYLE=\"margin-left:5%; margin-right:5%;\" align=\"justify\">\n<font color=\"#595959\" size=3><strong><br \/>\n31 de Diciembre<br \/>\nEl \u00faltimo d\u00eda del a\u00f1o se realiza una procesi\u00f3n que recorre las calles de Comonfort. La procesi\u00f3n tiene su inicio y fin en la Parroquia. La parte artesanal de esta fiesta son los, tan meticulosamente elaborados, tapetes de aserr\u00edn que cubren con sus diversas figuras las calles del recorrido.<br \/>\n<br \/><\/font><\/p>\n<p><center><strong><\/p>\n<h4><font color=\"#518dbb\">FIESTA DE SAN AGUST\u00cdN <\/h4>\n<p><\/center><\/strong><\/p>\n<p STYLE=\"margin-left:5%; margin-right:5%;\" align=\"justify\">\n<font color=\"#595959\" size=3><strong><br \/>\n28 de Agosto<br \/>\nEste d\u00eda se festeja al patr\u00f3n San Agust\u00edn en el templo de la comunidad con el mismo nombre, existe la participaci\u00f3n de danzas y grupos de m\u00fasica.<br \/>\n<br \/><\/font><\/p>\n<p><center><strong><\/p>\n<h4><font color=\"#518dbb\">FIESTA DE GUADALUPE<\/h4>\n<p><\/center><\/strong><\/p>\n<p STYLE=\"margin-left:5%; margin-right:5%;\" align=\"justify\">\n<font color=\"#595959\" size=3><strong><br \/>\n12 de Diciembre<br \/>\nEn honor a la Virgen de Guadalupe es llevada a cabo una celebraci\u00f3n en el templo con el mismo nombre, durante el festejo se puede apreciar de algunos grupos de danzas o m\u00fasica, para finalmente culminar con la quema del castillo.<br \/>\n<br \/><\/font><\/p>\n<\/div>\n<p><\/center><\/p>\n","protected":false},"excerpt":{"rendered":"<p>Tradiciones de Comonfort MOLCAJETES Las fiestas o tradiciones mostradas a continuaci\u00f3n, son celebraciones patronales o fiestas muy arraigadas que tienen una gran tradici\u00f3n en el municipio. Desde luego, se tienen otras celebraciones muy especiales, pero que son celebradas a nivel Nacional o Internacional, por lo cual no son consideradas regionales y, aunque son importantes, no [&hellip;]<\/p>\n","protected":false},"author":1,"featured_media":0,"parent":30,"menu_order":0,"comment_status":"closed","ping_status":"closed","template":"","meta":{"saved_in_kubio":false,"_eb_attr":"","footnotes":""},"kubio_ai_page_context":{"short_desc":"","purpose":"general"},"yoast_head":"<!-- This site is optimized with the Yoast SEO plugin v24.3 - https:\/\/yoast.com\/wordpress\/plugins\/seo\/ -->\n<title>Fiestas y Tradiciones -<\/title>\n<meta name=\"robots\" content=\"index, follow, max-snippet:-1, max-image-preview:large, max-video-preview:-1\" \/>\n<link rel=\"canonical\" href=\"https:\/\/www.comonfort.gob.mx\/sitio\/michamacuero\/fiestas-tradiciones\/\" \/>\n<meta property=\"og:locale\" content=\"es_ES\" \/>\n<meta property=\"og:type\" content=\"article\" \/>\n<meta property=\"og:title\" content=\"Fiestas y Tradiciones -\" \/>\n<meta property=\"og:description\" content=\"Tradiciones de Comonfort MOLCAJETES Las fiestas o tradiciones mostradas a continuaci\u00f3n, son celebraciones patronales o fiestas muy arraigadas que tienen una gran tradici\u00f3n en el municipio. Desde luego, se tienen otras celebraciones muy especiales, pero que son celebradas a nivel Nacional o Internacional, por lo cual no son consideradas regionales y, aunque son importantes, no [&hellip;]\" \/>\n<meta property=\"og:url\" content=\"https:\/\/www.comonfort.gob.mx\/sitio\/michamacuero\/fiestas-tradiciones\/\" \/>\n<meta property=\"article:publisher\" content=\"https:\/\/www.facebook.com\/Gobierno-de-Comonfort-2018-2021-771384679654142\/\" \/>\n<meta property=\"article:modified_time\" content=\"2019-06-14T19:31:58+00:00\" \/>\n<meta name=\"twitter:card\" content=\"summary_large_image\" \/>\n<meta name=\"twitter:site\" content=\"@GobComonfort\" \/>\n<meta name=\"twitter:label1\" content=\"Tiempo de lectura\" \/>\n\t<meta name=\"twitter:data1\" content=\"4 minutos\" \/>\n<script type=\"application\/ld+json\" class=\"yoast-schema-graph\">{\"@context\":\"https:\/\/schema.org\",\"@graph\":[{\"@type\":\"WebPage\",\"@id\":\"https:\/\/www.comonfort.gob.mx\/sitio\/michamacuero\/fiestas-tradiciones\/\",\"url\":\"https:\/\/www.comonfort.gob.mx\/sitio\/michamacuero\/fiestas-tradiciones\/\",\"name\":\"Fiestas y Tradiciones -\",\"isPartOf\":{\"@id\":\"https:\/\/www.comonfort.gob.mx\/sitio\/#website\"},\"datePublished\":\"2015-12-21T19:09:25+00:00\",\"dateModified\":\"2019-06-14T19:31:58+00:00\",\"breadcrumb\":{\"@id\":\"https:\/\/www.comonfort.gob.mx\/sitio\/michamacuero\/fiestas-tradiciones\/#breadcrumb\"},\"inLanguage\":\"es\",\"potentialAction\":[{\"@type\":\"ReadAction\",\"target\":[\"https:\/\/www.comonfort.gob.mx\/sitio\/michamacuero\/fiestas-tradiciones\/\"]}]},{\"@type\":\"BreadcrumbList\",\"@id\":\"https:\/\/www.comonfort.gob.mx\/sitio\/michamacuero\/fiestas-tradiciones\/#breadcrumb\",\"itemListElement\":[{\"@type\":\"ListItem\",\"position\":1,\"name\":\"Portada\",\"item\":\"https:\/\/www.comonfort.gob.mx\/sitio\/\"},{\"@type\":\"ListItem\",\"position\":2,\"name\":\"Mi Chamacuero\",\"item\":\"https:\/\/www.comonfort.gob.mx\/sitio\/michamacuero\/\"},{\"@type\":\"ListItem\",\"position\":3,\"name\":\"Fiestas y Tradiciones\"}]},{\"@type\":\"WebSite\",\"@id\":\"https:\/\/www.comonfort.gob.mx\/sitio\/#website\",\"url\":\"https:\/\/www.comonfort.gob.mx\/sitio\/\",\"name\":\"Presidencia Municipal de Comonfort, Gto.\",\"description\":\"\",\"publisher\":{\"@id\":\"https:\/\/www.comonfort.gob.mx\/sitio\/#organization\"},\"potentialAction\":[{\"@type\":\"SearchAction\",\"target\":{\"@type\":\"EntryPoint\",\"urlTemplate\":\"https:\/\/www.comonfort.gob.mx\/sitio\/?s={search_term_string}\"},\"query-input\":{\"@type\":\"PropertyValueSpecification\",\"valueRequired\":true,\"valueName\":\"search_term_string\"}}],\"inLanguage\":\"es\"},{\"@type\":\"Organization\",\"@id\":\"https:\/\/www.comonfort.gob.mx\/sitio\/#organization\",\"name\":\"Presidencia Municipal de Comonfort, Gto.\",\"url\":\"https:\/\/www.comonfort.gob.mx\/sitio\/\",\"logo\":{\"@type\":\"ImageObject\",\"inLanguage\":\"es\",\"@id\":\"https:\/\/www.comonfort.gob.mx\/sitio\/#\/schema\/logo\/image\/\",\"url\":\"https:\/\/www.comonfort.gob.mx\/sitio\/wp-content\/uploads\/2020\/11\/logo-comonfort-c.png\",\"contentUrl\":\"https:\/\/www.comonfort.gob.mx\/sitio\/wp-content\/uploads\/2020\/11\/logo-comonfort-c.png\",\"width\":326,\"height\":348,\"caption\":\"Presidencia Municipal de Comonfort, Gto.\"},\"image\":{\"@id\":\"https:\/\/www.comonfort.gob.mx\/sitio\/#\/schema\/logo\/image\/\"},\"sameAs\":[\"https:\/\/www.facebook.com\/Gobierno-de-Comonfort-2018-2021-771384679654142\/\",\"https:\/\/x.com\/GobComonfort\",\"https:\/\/www.instagram.com\/gobiernocomonfort_oficial\/\",\"https:\/\/www.linkedin.com\/in\/gobierno-de-comonfort-380b251aa\"]}]}<\/script>\n<!-- \/ Yoast SEO plugin. -->","yoast_head_json":{"title":"Fiestas y Tradiciones -","robots":{"index":"index","follow":"follow","max-snippet":"max-snippet:-1","max-image-preview":"max-image-preview:large","max-video-preview":"max-video-preview:-1"},"canonical":"https:\/\/www.comonfort.gob.mx\/sitio\/michamacuero\/fiestas-tradiciones\/","og_locale":"es_ES","og_type":"article","og_title":"Fiestas y Tradiciones -","og_description":"Tradiciones de Comonfort MOLCAJETES Las fiestas o tradiciones mostradas a continuaci\u00f3n, son celebraciones patronales o fiestas muy arraigadas que tienen una gran tradici\u00f3n en el municipio. Desde luego, se tienen otras celebraciones muy especiales, pero que son celebradas a nivel Nacional o Internacional, por lo cual no son consideradas regionales y, aunque son importantes, no [&hellip;]","og_url":"https:\/\/www.comonfort.gob.mx\/sitio\/michamacuero\/fiestas-tradiciones\/","article_publisher":"https:\/\/www.facebook.com\/Gobierno-de-Comonfort-2018-2021-771384679654142\/","article_modified_time":"2019-06-14T19:31:58+00:00","twitter_card":"summary_large_image","twitter_site":"@GobComonfort","twitter_misc":{"Tiempo de lectura":"4 minutos"},"schema":{"@context":"https:\/\/schema.org","@graph":[{"@type":"WebPage","@id":"https:\/\/www.comonfort.gob.mx\/sitio\/michamacuero\/fiestas-tradiciones\/","url":"https:\/\/www.comonfort.gob.mx\/sitio\/michamacuero\/fiestas-tradiciones\/","name":"Fiestas y Tradiciones -","isPartOf":{"@id":"https:\/\/www.comonfort.gob.mx\/sitio\/#website"},"datePublished":"2015-12-21T19:09:25+00:00","dateModified":"2019-06-14T19:31:58+00:00","breadcrumb":{"@id":"https:\/\/www.comonfort.gob.mx\/sitio\/michamacuero\/fiestas-tradiciones\/#breadcrumb"},"inLanguage":"es","potentialAction":[{"@type":"ReadAction","target":["https:\/\/www.comonfort.gob.mx\/sitio\/michamacuero\/fiestas-tradiciones\/"]}]},{"@type":"BreadcrumbList","@id":"https:\/\/www.comonfort.gob.mx\/sitio\/michamacuero\/fiestas-tradiciones\/#breadcrumb","itemListElement":[{"@type":"ListItem","position":1,"name":"Portada","item":"https:\/\/www.comonfort.gob.mx\/sitio\/"},{"@type":"ListItem","position":2,"name":"Mi Chamacuero","item":"https:\/\/www.comonfort.gob.mx\/sitio\/michamacuero\/"},{"@type":"ListItem","position":3,"name":"Fiestas y Tradiciones"}]},{"@type":"WebSite","@id":"https:\/\/www.comonfort.gob.mx\/sitio\/#website","url":"https:\/\/www.comonfort.gob.mx\/sitio\/","name":"Presidencia Municipal de Comonfort, Gto.","description":"","publisher":{"@id":"https:\/\/www.comonfort.gob.mx\/sitio\/#organization"},"potentialAction":[{"@type":"SearchAction","target":{"@type":"EntryPoint","urlTemplate":"https:\/\/www.comonfort.gob.mx\/sitio\/?s={search_term_string}"},"query-input":{"@type":"PropertyValueSpecification","valueRequired":true,"valueName":"search_term_string"}}],"inLanguage":"es"},{"@type":"Organization","@id":"https:\/\/www.comonfort.gob.mx\/sitio\/#organization","name":"Presidencia Municipal de Comonfort, Gto.","url":"https:\/\/www.comonfort.gob.mx\/sitio\/","logo":{"@type":"ImageObject","inLanguage":"es","@id":"https:\/\/www.comonfort.gob.mx\/sitio\/#\/schema\/logo\/image\/","url":"https:\/\/www.comonfort.gob.mx\/sitio\/wp-content\/uploads\/2020\/11\/logo-comonfort-c.png","contentUrl":"https:\/\/www.comonfort.gob.mx\/sitio\/wp-content\/uploads\/2020\/11\/logo-comonfort-c.png","width":326,"height":348,"caption":"Presidencia Municipal de Comonfort, Gto."},"image":{"@id":"https:\/\/www.comonfort.gob.mx\/sitio\/#\/schema\/logo\/image\/"},"sameAs":["https:\/\/www.facebook.com\/Gobierno-de-Comonfort-2018-2021-771384679654142\/","https:\/\/x.com\/GobComonfort","https:\/\/www.instagram.com\/gobiernocomonfort_oficial\/","https:\/\/www.linkedin.com\/in\/gobierno-de-comonfort-380b251aa"]}]}},"_links":{"self":[{"href":"https:\/\/www.comonfort.gob.mx\/sitio\/wp-json\/wp\/v2\/pages\/223"}],"collection":[{"href":"https:\/\/www.comonfort.gob.mx\/sitio\/wp-json\/wp\/v2\/pages"}],"about":[{"href":"https:\/\/www.comonfort.gob.mx\/sitio\/wp-json\/wp\/v2\/types\/page"}],"author":[{"embeddable":true,"href":"https:\/\/www.comonfort.gob.mx\/sitio\/wp-json\/wp\/v2\/users\/1"}],"replies":[{"embeddable":true,"href":"https:\/\/www.comonfort.gob.mx\/sitio\/wp-json\/wp\/v2\/comments?post=223"}],"version-history":[{"count":21,"href":"https:\/\/www.comonfort.gob.mx\/sitio\/wp-json\/wp\/v2\/pages\/223\/revisions"}],"predecessor-version":[{"id":8403,"href":"https:\/\/www.comonfort.gob.mx\/sitio\/wp-json\/wp\/v2\/pages\/223\/revisions\/8403"}],"up":[{"embeddable":true,"href":"https:\/\/www.comonfort.gob.mx\/sitio\/wp-json\/wp\/v2\/pages\/30"}],"wp:attachment":[{"href":"https:\/\/www.comonfort.gob.mx\/sitio\/wp-json\/wp\/v2\/media?parent=223"}],"curies":[{"name":"wp","href":"https:\/\/api.w.org\/{rel}","templated":true}]}}